{"id":3201,"date":"2019-11-08T19:54:30","date_gmt":"2019-11-08T18:54:30","guid":{"rendered":"https:\/\/www.sabbafrisca.com\/la-storia-del-parco-museo\/"},"modified":"2024-01-15T13:02:43","modified_gmt":"2024-01-15T12:02:43","slug":"la-storia-del-parco-museo","status":"publish","type":"page","link":"https:\/\/www.sabbafrisca.com\/cs\/la-storia-del-parco-museo\/","title":{"rendered":"Historie Skanzenu"},"content":{"rendered":"\n<div class=\"wp-block-columns alignfull is-layout-flex wp-container-core-columns-is-layout-9d6595d7 wp-block-columns-is-layout-flex\">\n<div class=\"wp-block-column txt is-layout-flow wp-block-column-is-layout-flow\">\n<h2 class=\"wp-block-heading\"><strong>Historie Skanzenu<\/strong><\/h2>\n\n\n\n<p>Skanzen S&#8217;Abba Frisca se nach\u00e1z\u00ed v Dorgali na statku, kter\u00fd se d\u011bd\u00ed z generace na generaci a je, ji\u017e v\u00edce ne\u017e dv\u011b st\u011b let, nep\u0159etr\u017eit\u011b aktivn\u00ed a produktivn\u00ed.<\/p>\n\n\n\n<p>Portolu Secci, majitel, tr\u00e1vil v d\u011btstv\u00ed \u010d\u00e1st l\u00e9ta na farm\u011b S&#8217;Abba Frisca, pojmenovan\u00e9 jeho d\u011bde\u010dkem Antoniem podle vydatn\u00fdch pramen\u016f, aby ji odli\u0161il od ostatn\u00edch sousedn\u00edch farem, kter\u00e9 vlastnil.<\/p>\n\n\n\n<p>Tehdy se nau\u010dil oce\u0148ovat v\u0161e, co jeho d\u011bde\u010dek vytvo\u0159il: zdi z nasucho kladen\u00fdch kamen\u016f podp\u00edraj\u00edc\u00ed terasy, na nich\u017e se vy\u017e\u00edval ve vytv\u00e1\u0159en\u00ed dekorativn\u00edch efekt\u016f ze zeleniny, ovocn\u00fdch rostlin a kv\u011btin v\u0161ech ro\u010dn\u00edch obdob\u00ed.<\/p>\n\n\n\n<p>P\u0159echod od farmy ke skanzenu nastal, kdy\u017e se m\u00edsta ujal Portolu. Roz\u0161\u00ed\u0159il jej, zhodnotil a v posledn\u00edch \u010dty\u0159iceti letech se moud\u0159e a pe\u010dliv\u011b sna\u017eil obnovit historickou pam\u011b\u0165 v\u00fdznamn\u00fdmi stavebn\u00edmi z\u00e1sahy do m\u00edstnost\u00ed a zachov\u00e1n\u00edm st\u00e1vaj\u00edc\u00edch p\u0159edm\u011bt\u016f, kter\u00e9 byly ve stavu zanedbanosti a kter\u00e9 se \u010dasem rozmno\u017eily d\u00edky \u010detn\u00fdm dar\u016fm.<\/p>\n<\/div>\n\n\n\n<div class=\"wp-block-column is-layout-flow wp-block-column-is-layout-flow\">\n<figure class=\"wp-block-image size-large\"><img loading=\"lazy\" decoding=\"async\" width=\"960\" height=\"800\" src=\"https:\/\/www.sabbafrisca.com\/wp-content\/uploads\/2020\/03\/01-chi-siamo-NG.jpg\" alt=\"Mietitura del grano a S'Abba Frisca, foto pubblicata nel National Geographic nel 1916 in un articolo riguardante la Sardegna\" class=\"wp-image-787\" srcset=\"https:\/\/www.sabbafrisca.com\/wp-content\/uploads\/2020\/03\/01-chi-siamo-NG.jpg 960w, https:\/\/www.sabbafrisca.com\/wp-content\/uploads\/2020\/03\/01-chi-siamo-NG-768x640.jpg 768w, https:\/\/www.sabbafrisca.com\/wp-content\/uploads\/2020\/03\/01-chi-siamo-NG-167x139.jpg 167w, https:\/\/www.sabbafrisca.com\/wp-content\/uploads\/2020\/03\/01-chi-siamo-NG-250x208.jpg 250w, https:\/\/www.sabbafrisca.com\/wp-content\/uploads\/2020\/03\/01-chi-siamo-NG-332x277.jpg 332w, https:\/\/www.sabbafrisca.com\/wp-content\/uploads\/2020\/03\/01-chi-siamo-NG-400x333.jpg 400w, https:\/\/www.sabbafrisca.com\/wp-content\/uploads\/2020\/03\/01-chi-siamo-NG-533x444.jpg 533w, https:\/\/www.sabbafrisca.com\/wp-content\/uploads\/2020\/03\/01-chi-siamo-NG-666x555.jpg 666w, https:\/\/www.sabbafrisca.com\/wp-content\/uploads\/2020\/03\/01-chi-siamo-NG-749x624.jpg 749w, https:\/\/www.sabbafrisca.com\/wp-content\/uploads\/2020\/03\/01-chi-siamo-NG-832x693.jpg 832w, https:\/\/www.sabbafrisca.com\/wp-content\/uploads\/2020\/03\/01-chi-siamo-NG-334x278.jpg 334w, https:\/\/www.sabbafrisca.com\/wp-content\/uploads\/2020\/03\/01-chi-siamo-NG-499x416.jpg 499w, https:\/\/www.sabbafrisca.com\/wp-content\/uploads\/2020\/03\/01-chi-siamo-NG-665x554.jpg 665w, https:\/\/www.sabbafrisca.com\/wp-content\/uploads\/2020\/03\/01-chi-siamo-NG-799x666.jpg 799w\" sizes=\"auto, (max-width: 960px) 100vw, 960px\" \/><figcaption class=\"wp-element-caption\">Pietro Andrea a Vincenzo Secci v S&#8217;Abba Frisca,<br>National Geographic, 1916. Fotografie: Charles Will Wright.<\/figcaption><\/figure>\n<\/div>\n<\/div>\n\n\n\n<hr class=\"wp-block-separator has-css-opacity\"\/>\n\n\n\n<div class=\"wp-block-columns alignfull is-layout-flex wp-container-core-columns-is-layout-9d6595d7 wp-block-columns-is-layout-flex\">\n<div class=\"wp-block-column is-layout-flow wp-block-column-is-layout-flow\">\n<figure class=\"wp-block-image size-large\"><img loading=\"lazy\" decoding=\"async\" width=\"960\" height=\"640\" src=\"https:\/\/www.sabbafrisca.com\/wp-content\/uploads\/2020\/03\/02-chi-siamo-piante.jpg\" alt=\"Erbe officinali all'interno del museo\" class=\"wp-image-788\" srcset=\"https:\/\/www.sabbafrisca.com\/wp-content\/uploads\/2020\/03\/02-chi-siamo-piante.jpg 960w, https:\/\/www.sabbafrisca.com\/wp-content\/uploads\/2020\/03\/02-chi-siamo-piante-768x512.jpg 768w, https:\/\/www.sabbafrisca.com\/wp-content\/uploads\/2020\/03\/02-chi-siamo-piante-209x139.jpg 209w, https:\/\/www.sabbafrisca.com\/wp-content\/uploads\/2020\/03\/02-chi-siamo-piante-312x208.jpg 312w, https:\/\/www.sabbafrisca.com\/wp-content\/uploads\/2020\/03\/02-chi-siamo-piante-416x277.jpg 416w, https:\/\/www.sabbafrisca.com\/wp-content\/uploads\/2020\/03\/02-chi-siamo-piante-500x333.jpg 500w, https:\/\/www.sabbafrisca.com\/wp-content\/uploads\/2020\/03\/02-chi-siamo-piante-666x444.jpg 666w, https:\/\/www.sabbafrisca.com\/wp-content\/uploads\/2020\/03\/02-chi-siamo-piante-833x555.jpg 833w, https:\/\/www.sabbafrisca.com\/wp-content\/uploads\/2020\/03\/02-chi-siamo-piante-936x624.jpg 936w, https:\/\/www.sabbafrisca.com\/wp-content\/uploads\/2020\/03\/02-chi-siamo-piante-417x278.jpg 417w, https:\/\/www.sabbafrisca.com\/wp-content\/uploads\/2020\/03\/02-chi-siamo-piante-624x416.jpg 624w, https:\/\/www.sabbafrisca.com\/wp-content\/uploads\/2020\/03\/02-chi-siamo-piante-831x554.jpg 831w\" sizes=\"auto, (max-width: 960px) 100vw, 960px\" \/><\/figure>\n\n\n\n<figure class=\"wp-block-image size-large\"><img loading=\"lazy\" decoding=\"async\" width=\"960\" height=\"640\" src=\"https:\/\/www.sabbafrisca.com\/wp-content\/uploads\/2020\/03\/03-chi-siamo-portolu.jpg\" alt=\"Portolu Secci, fondatore del Parco Museo S'Abba Frisca \" class=\"wp-image-789\" srcset=\"https:\/\/www.sabbafrisca.com\/wp-content\/uploads\/2020\/03\/03-chi-siamo-portolu.jpg 960w, https:\/\/www.sabbafrisca.com\/wp-content\/uploads\/2020\/03\/03-chi-siamo-portolu-768x512.jpg 768w, https:\/\/www.sabbafrisca.com\/wp-content\/uploads\/2020\/03\/03-chi-siamo-portolu-209x139.jpg 209w, https:\/\/www.sabbafrisca.com\/wp-content\/uploads\/2020\/03\/03-chi-siamo-portolu-312x208.jpg 312w, https:\/\/www.sabbafrisca.com\/wp-content\/uploads\/2020\/03\/03-chi-siamo-portolu-416x277.jpg 416w, https:\/\/www.sabbafrisca.com\/wp-content\/uploads\/2020\/03\/03-chi-siamo-portolu-500x333.jpg 500w, https:\/\/www.sabbafrisca.com\/wp-content\/uploads\/2020\/03\/03-chi-siamo-portolu-666x444.jpg 666w, https:\/\/www.sabbafrisca.com\/wp-content\/uploads\/2020\/03\/03-chi-siamo-portolu-833x555.jpg 833w, https:\/\/www.sabbafrisca.com\/wp-content\/uploads\/2020\/03\/03-chi-siamo-portolu-936x624.jpg 936w, https:\/\/www.sabbafrisca.com\/wp-content\/uploads\/2020\/03\/03-chi-siamo-portolu-417x278.jpg 417w, https:\/\/www.sabbafrisca.com\/wp-content\/uploads\/2020\/03\/03-chi-siamo-portolu-624x416.jpg 624w, https:\/\/www.sabbafrisca.com\/wp-content\/uploads\/2020\/03\/03-chi-siamo-portolu-831x554.jpg 831w\" sizes=\"auto, (max-width: 960px) 100vw, 960px\" \/><\/figure>\n<\/div>\n\n\n\n<div class=\"wp-block-column txt is-layout-flow wp-block-column-is-layout-flow\">\n<p><strong>Skanzen na Sardinii<\/strong><\/p>\n\n\n\n<p>V pr\u016fb\u011bhu let se ve spolupr\u00e1ci s man\u017eelkou Laurou a syny Gianlucou, Marcellem a Pierandreou stal jedine\u010dn\u00fdm ubytovac\u00edm za\u0159\u00edzen\u00edm v It\u00e1lii, kter\u00e9 p\u0159i zachov\u00e1n\u00ed p\u016fvodn\u00edch charakteristik farmy dnes p\u0159edstavuje jednu z nejv\u00fdznamn\u011bj\u0161\u00edch turistick\u00fdch nab\u00eddek na Sardinii.<\/p>\n\n\n\n<p>V roce 2018 tak byla S&#8217;Abba Frisca uzn\u00e1na sardinsk\u00fdm regionem za nejkomplexn\u011bj\u0161\u00ed etnografick\u00e9 a p\u0159\u00edrodov\u011bdn\u00e9 muzeum na ostrov\u011b. Jedn\u00e1 se prvn\u00ed soukrom\u00e9 muzeum, kter\u00e9 bylo pln\u011b za\u0159azeno do Region\u00e1ln\u00edho registru \u00fastav\u016f a kulturn\u00edch m\u00edst.<\/p>\n\n\n\n<p>Historie skanzenu S&#8217;Abba Frisca pokra\u010duje rok za rokem. Rodina pracuje na jeho roz\u0161i\u0159ov\u00e1n\u00ed, pe\u010duje o n\u011bj; studuje a p\u0159ed\u00e1v\u00e1 historii a kulturu Sardinie.<\/p>\n<\/div>\n<\/div>\n\n\n\n\n\n<a href=\"https:\/\/www.sabbafrisca.com\/wp-content\/uploads\/2021\/08\/Statuto-Regolamento-Atto-istitutivo.pdf\" download=\"\">Scarica lo statuto del Parco Museo S&#8217;Abba Frisca<\/a>\n\n\n\n<br><a href=\"https:\/\/www.sabbafrisca.com\/wp-content\/uploads\/2021\/08\/Carta-della-qualita-dei-Servizi-1.pdf\" download>Scarica la Carta della qualit\u00e0 dei servizi<\/a><\/div>\n","protected":false},"excerpt":{"rendered":"<p>Historie Skanzenu Skanzen S&#8217;Abba Frisca se nach\u00e1z\u00ed v Dorgali na statku, kter\u00fd se d\u011bd\u00ed z generace na generaci a je, ji\u017e v\u00edce ne\u017e dv\u011b st\u011b let, nep\u0159etr\u017eit\u011b aktivn\u00ed a produktivn\u00ed&#8230;.<\/p>\n","protected":false},"author":1,"featured_media":2679,"parent":0,"menu_order":0,"comment_status":"closed","ping_status":"closed","template":"page.php","meta":{"_acf_changed":false,"footnotes":""},"class_list":["post-3201","page","type-page","status-publish","has-post-thumbnail","hentry"],"acf":[],"yoast_head":"<!-- This site is optimized with the Yoast SEO plugin v25.9 - https:\/\/yoast.com\/wordpress\/plugins\/seo\/ -->\n<title>La storia del Parco Museo - Il museo etnografico pi\u00f9 grande in Sardegna<\/title>\n<meta name=\"description\" content=\"La storia del Parco Museo S&#039;Abba Frisca, la vecchia azienda agricola di famiglia diventa oggi il museo etnografico pi\u00f9 grande in Sardegna\" \/>\n<meta name=\"robots\" content=\"index, follow, max-snippet:-1, max-image-preview:large, max-video-preview:-1\" \/>\n<link rel=\"canonical\" href=\"https:\/\/www.sabbafrisca.com\/cs\/la-storia-del-parco-museo\/\" \/>\n<meta property=\"og:locale\" content=\"cs_CZ\" \/>\n<meta property=\"og:type\" content=\"article\" \/>\n<meta property=\"og:title\" content=\"La storia del Parco Museo - Il museo etnografico pi\u00f9 grande in Sardegna\" \/>\n<meta property=\"og:description\" content=\"La storia del Parco Museo S&#039;Abba Frisca, la vecchia azienda agricola di famiglia diventa oggi il museo etnografico pi\u00f9 grande in Sardegna\" \/>\n<meta property=\"og:url\" content=\"https:\/\/www.sabbafrisca.com\/cs\/la-storia-del-parco-museo\/\" \/>\n<meta property=\"og:site_name\" content=\"S&#039;Abba Frisca Parco Museo\" \/>\n<meta property=\"article:publisher\" content=\"https:\/\/www.facebook.com\/sabbafrisca\" \/>\n<meta property=\"article:modified_time\" content=\"2024-01-15T12:02:43+00:00\" \/>\n<meta property=\"og:image\" content=\"https:\/\/www.sabbafrisca.com\/wp-content\/uploads\/2019\/12\/chi_siamo-scaled.jpg\" \/>\n\t<meta property=\"og:image:width\" content=\"2560\" \/>\n\t<meta property=\"og:image:height\" content=\"1120\" \/>\n\t<meta property=\"og:image:type\" content=\"image\/jpeg\" \/>\n<meta name=\"twitter:card\" content=\"summary_large_image\" \/>\n<meta name=\"twitter:site\" content=\"@sabbafrisca\" \/>\n<meta name=\"twitter:label1\" content=\"Odhadovan\u00e1 doba \u010dten\u00ed\" \/>\n\t<meta name=\"twitter:data1\" content=\"3 minuty\" \/>\n<script type=\"application\/ld+json\" class=\"yoast-schema-graph\">{\"@context\":\"https:\/\/schema.org\",\"@graph\":[{\"@type\":\"WebPage\",\"@id\":\"https:\/\/www.sabbafrisca.com\/cs\/la-storia-del-parco-museo\/\",\"url\":\"https:\/\/www.sabbafrisca.com\/cs\/la-storia-del-parco-museo\/\",\"name\":\"La storia del Parco Museo - Il museo etnografico pi\u00f9 grande in Sardegna\",\"isPartOf\":{\"@id\":\"https:\/\/www.sabbafrisca.com\/cs\/#website\"},\"primaryImageOfPage\":{\"@id\":\"https:\/\/www.sabbafrisca.com\/cs\/la-storia-del-parco-museo\/#primaryimage\"},\"image\":{\"@id\":\"https:\/\/www.sabbafrisca.com\/cs\/la-storia-del-parco-museo\/#primaryimage\"},\"thumbnailUrl\":\"https:\/\/www.sabbafrisca.com\/wp-content\/uploads\/2019\/12\/chi_siamo-scaled.jpg\",\"datePublished\":\"2019-11-08T18:54:30+00:00\",\"dateModified\":\"2024-01-15T12:02:43+00:00\",\"description\":\"La storia del Parco Museo S'Abba Frisca, la vecchia azienda agricola di famiglia diventa oggi il museo etnografico pi\u00f9 grande in Sardegna\",\"breadcrumb\":{\"@id\":\"https:\/\/www.sabbafrisca.com\/cs\/la-storia-del-parco-museo\/#breadcrumb\"},\"inLanguage\":\"cs\",\"potentialAction\":[{\"@type\":\"ReadAction\",\"target\":[\"https:\/\/www.sabbafrisca.com\/cs\/la-storia-del-parco-museo\/\"]}]},{\"@type\":\"ImageObject\",\"inLanguage\":\"cs\",\"@id\":\"https:\/\/www.sabbafrisca.com\/cs\/la-storia-del-parco-museo\/#primaryimage\",\"url\":\"https:\/\/www.sabbafrisca.com\/wp-content\/uploads\/2019\/12\/chi_siamo-scaled.jpg\",\"contentUrl\":\"https:\/\/www.sabbafrisca.com\/wp-content\/uploads\/2019\/12\/chi_siamo-scaled.jpg\",\"width\":2560,\"height\":1120},{\"@type\":\"BreadcrumbList\",\"@id\":\"https:\/\/www.sabbafrisca.com\/cs\/la-storia-del-parco-museo\/#breadcrumb\",\"itemListElement\":[{\"@type\":\"ListItem\",\"position\":1,\"name\":\"Home\",\"item\":\"https:\/\/www.sabbafrisca.com\/cs\/\"},{\"@type\":\"ListItem\",\"position\":2,\"name\":\"Historie Skanzenu\"}]},{\"@type\":\"WebSite\",\"@id\":\"https:\/\/www.sabbafrisca.com\/cs\/#website\",\"url\":\"https:\/\/www.sabbafrisca.com\/cs\/\",\"name\":\"S&#039;Abba Frisca Parco Museo\",\"description\":\"A Dorgali, il Parco Museo della Sardegna\",\"publisher\":{\"@id\":\"https:\/\/www.sabbafrisca.com\/cs\/#organization\"},\"potentialAction\":[{\"@type\":\"SearchAction\",\"target\":{\"@type\":\"EntryPoint\",\"urlTemplate\":\"https:\/\/www.sabbafrisca.com\/cs\/?s={search_term_string}\"},\"query-input\":{\"@type\":\"PropertyValueSpecification\",\"valueRequired\":true,\"valueName\":\"search_term_string\"}}],\"inLanguage\":\"cs\"},{\"@type\":\"Organization\",\"@id\":\"https:\/\/www.sabbafrisca.com\/cs\/#organization\",\"name\":\"Parco Museo S'Abba Frisca\",\"url\":\"https:\/\/www.sabbafrisca.com\/cs\/\",\"logo\":{\"@type\":\"ImageObject\",\"inLanguage\":\"cs\",\"@id\":\"https:\/\/www.sabbafrisca.com\/cs\/#\/schema\/logo\/image\/\",\"url\":\"https:\/\/www.sabbafrisca.com\/wp-content\/uploads\/2022\/01\/Marchio-a-colori.png\",\"contentUrl\":\"https:\/\/www.sabbafrisca.com\/wp-content\/uploads\/2022\/01\/Marchio-a-colori.png\",\"width\":1500,\"height\":1572,\"caption\":\"Parco Museo S'Abba Frisca\"},\"image\":{\"@id\":\"https:\/\/www.sabbafrisca.com\/cs\/#\/schema\/logo\/image\/\"},\"sameAs\":[\"https:\/\/www.facebook.com\/sabbafrisca\",\"https:\/\/x.com\/sabbafrisca\",\"https:\/\/www.instagram.com\/sabbafrisca\/\",\"https:\/\/twitter.com\/sabbafrisca\"]}]}<\/script>\n<!-- \/ Yoast SEO plugin. -->","yoast_head_json":{"title":"La storia del Parco Museo - Il museo etnografico pi\u00f9 grande in Sardegna","description":"La storia del Parco Museo S'Abba Frisca, la vecchia azienda agricola di famiglia diventa oggi il museo etnografico pi\u00f9 grande in Sardegna","robots":{"index":"index","follow":"follow","max-snippet":"max-snippet:-1","max-image-preview":"max-image-preview:large","max-video-preview":"max-video-preview:-1"},"canonical":"https:\/\/www.sabbafrisca.com\/cs\/la-storia-del-parco-museo\/","og_locale":"cs_CZ","og_type":"article","og_title":"La storia del Parco Museo - Il museo etnografico pi\u00f9 grande in Sardegna","og_description":"La storia del Parco Museo S'Abba Frisca, la vecchia azienda agricola di famiglia diventa oggi il museo etnografico pi\u00f9 grande in Sardegna","og_url":"https:\/\/www.sabbafrisca.com\/cs\/la-storia-del-parco-museo\/","og_site_name":"S&#039;Abba Frisca Parco Museo","article_publisher":"https:\/\/www.facebook.com\/sabbafrisca","article_modified_time":"2024-01-15T12:02:43+00:00","og_image":[{"width":2560,"height":1120,"url":"https:\/\/www.sabbafrisca.com\/wp-content\/uploads\/2019\/12\/chi_siamo-scaled.jpg","type":"image\/jpeg"}],"twitter_card":"summary_large_image","twitter_site":"@sabbafrisca","twitter_misc":{"Odhadovan\u00e1 doba \u010dten\u00ed":"3 minuty"},"schema":{"@context":"https:\/\/schema.org","@graph":[{"@type":"WebPage","@id":"https:\/\/www.sabbafrisca.com\/cs\/la-storia-del-parco-museo\/","url":"https:\/\/www.sabbafrisca.com\/cs\/la-storia-del-parco-museo\/","name":"La storia del Parco Museo - Il museo etnografico pi\u00f9 grande in Sardegna","isPartOf":{"@id":"https:\/\/www.sabbafrisca.com\/cs\/#website"},"primaryImageOfPage":{"@id":"https:\/\/www.sabbafrisca.com\/cs\/la-storia-del-parco-museo\/#primaryimage"},"image":{"@id":"https:\/\/www.sabbafrisca.com\/cs\/la-storia-del-parco-museo\/#primaryimage"},"thumbnailUrl":"https:\/\/www.sabbafrisca.com\/wp-content\/uploads\/2019\/12\/chi_siamo-scaled.jpg","datePublished":"2019-11-08T18:54:30+00:00","dateModified":"2024-01-15T12:02:43+00:00","description":"La storia del Parco Museo S'Abba Frisca, la vecchia azienda agricola di famiglia diventa oggi il museo etnografico pi\u00f9 grande in Sardegna","breadcrumb":{"@id":"https:\/\/www.sabbafrisca.com\/cs\/la-storia-del-parco-museo\/#breadcrumb"},"inLanguage":"cs","potentialAction":[{"@type":"ReadAction","target":["https:\/\/www.sabbafrisca.com\/cs\/la-storia-del-parco-museo\/"]}]},{"@type":"ImageObject","inLanguage":"cs","@id":"https:\/\/www.sabbafrisca.com\/cs\/la-storia-del-parco-museo\/#primaryimage","url":"https:\/\/www.sabbafrisca.com\/wp-content\/uploads\/2019\/12\/chi_siamo-scaled.jpg","contentUrl":"https:\/\/www.sabbafrisca.com\/wp-content\/uploads\/2019\/12\/chi_siamo-scaled.jpg","width":2560,"height":1120},{"@type":"BreadcrumbList","@id":"https:\/\/www.sabbafrisca.com\/cs\/la-storia-del-parco-museo\/#breadcrumb","itemListElement":[{"@type":"ListItem","position":1,"name":"Home","item":"https:\/\/www.sabbafrisca.com\/cs\/"},{"@type":"ListItem","position":2,"name":"Historie Skanzenu"}]},{"@type":"WebSite","@id":"https:\/\/www.sabbafrisca.com\/cs\/#website","url":"https:\/\/www.sabbafrisca.com\/cs\/","name":"S&#039;Abba Frisca Parco Museo","description":"A Dorgali, il Parco Museo della Sardegna","publisher":{"@id":"https:\/\/www.sabbafrisca.com\/cs\/#organization"},"potentialAction":[{"@type":"SearchAction","target":{"@type":"EntryPoint","urlTemplate":"https:\/\/www.sabbafrisca.com\/cs\/?s={search_term_string}"},"query-input":{"@type":"PropertyValueSpecification","valueRequired":true,"valueName":"search_term_string"}}],"inLanguage":"cs"},{"@type":"Organization","@id":"https:\/\/www.sabbafrisca.com\/cs\/#organization","name":"Parco Museo S'Abba Frisca","url":"https:\/\/www.sabbafrisca.com\/cs\/","logo":{"@type":"ImageObject","inLanguage":"cs","@id":"https:\/\/www.sabbafrisca.com\/cs\/#\/schema\/logo\/image\/","url":"https:\/\/www.sabbafrisca.com\/wp-content\/uploads\/2022\/01\/Marchio-a-colori.png","contentUrl":"https:\/\/www.sabbafrisca.com\/wp-content\/uploads\/2022\/01\/Marchio-a-colori.png","width":1500,"height":1572,"caption":"Parco Museo S'Abba Frisca"},"image":{"@id":"https:\/\/www.sabbafrisca.com\/cs\/#\/schema\/logo\/image\/"},"sameAs":["https:\/\/www.facebook.com\/sabbafrisca","https:\/\/x.com\/sabbafrisca","https:\/\/www.instagram.com\/sabbafrisca\/","https:\/\/twitter.com\/sabbafrisca"]}]}},"_links":{"self":[{"href":"https:\/\/www.sabbafrisca.com\/cs\/wp-json\/wp\/v2\/pages\/3201","targetHints":{"allow":["GET"]}}],"collection":[{"href":"https:\/\/www.sabbafrisca.com\/cs\/wp-json\/wp\/v2\/pages"}],"about":[{"href":"https:\/\/www.sabbafrisca.com\/cs\/wp-json\/wp\/v2\/types\/page"}],"author":[{"embeddable":true,"href":"https:\/\/www.sabbafrisca.com\/cs\/wp-json\/wp\/v2\/users\/1"}],"replies":[{"embeddable":true,"href":"https:\/\/www.sabbafrisca.com\/cs\/wp-json\/wp\/v2\/comments?post=3201"}],"version-history":[{"count":3,"href":"https:\/\/www.sabbafrisca.com\/cs\/wp-json\/wp\/v2\/pages\/3201\/revisions"}],"predecessor-version":[{"id":3208,"href":"https:\/\/www.sabbafrisca.com\/cs\/wp-json\/wp\/v2\/pages\/3201\/revisions\/3208"}],"wp:featuredmedia":[{"embeddable":true,"href":"https:\/\/www.sabbafrisca.com\/cs\/wp-json\/wp\/v2\/media\/2679"}],"wp:attachment":[{"href":"https:\/\/www.sabbafrisca.com\/cs\/wp-json\/wp\/v2\/media?parent=3201"}],"curies":[{"name":"wp","href":"https:\/\/api.w.org\/{rel}","templated":true}]}}