{"id":1320,"date":"2019-11-08T19:54:30","date_gmt":"2019-11-08T18:54:30","guid":{"rendered":"https:\/\/www.sabbafrisca.com\/ueber-uns\/la-storia\/"},"modified":"2020-09-30T18:00:14","modified_gmt":"2020-09-30T16:00:14","slug":"die-geschichte","status":"publish","type":"page","link":"https:\/\/www.sabbafrisca.com\/de\/ueber-uns\/die-geschichte\/","title":{"rendered":"Die Geschichte"},"content":{"rendered":"\n<div class=\"wp-block-columns alignfull is-layout-flex wp-container-core-columns-is-layout-9d6595d7 wp-block-columns-is-layout-flex\">\n<div class=\"wp-block-column txt is-layout-flow wp-block-column-is-layout-flow\">\n<h2 class=\"wp-block-heading\">Die Geschichte<\/h2>\n\n\n\n<p>Der Park Museum S&#8217;Abba Frisca liegt auf einem landwirtschaftlichen Betrieb, der von Generation zu Generation weitergereicht wird und seit \u00fcber 200 Jahren ununterbrochen aktiv und produktiv ist.<br>Porcolu Secci, der Inhaber, verbrachte als Kind den Sommer in S&#8217;Abba Frisca. Gro\u00dfvater Antonio benannte es S\u2019Abba Frisca (Frischwasser) wegen den zahlreichen Quellen, und um es von den anderen Landg\u00fctern zu unterscheiden.<\/p>\n\n\n\n<p>W\u00e4hrend dieser Zeit lernte er alles zu sch\u00e4tzen, was sein Opa machte: Trockenmauern zur Befestigung von Terrassen, auf denen er mit Gem\u00fcse, Obstpflanzen und Blumen in jeder Saison dekorative Effekte erreichte.<\/p>\n\n\n\n<p>Der \u00dcbergang vom Landgut zum Park Museum erfolgte, als Herr Portolu den Besitz des Landgutes \u00fcbernahm. Er erweiterte es, brach es zur Geltung und arbeitete in den letzten vierzig Jahren mit Sorgfalt daran, das historische Ged\u00e4chtnis durch bedeutende strukturelle Eingriffe und durch den Schutz der vorhandenen Objekte, die sich im Verlaufe der Zeit aufgrund der zahlreichen Spenden vermehrten, zu erhalten.<\/p>\n<\/div>\n\n\n\n<div class=\"wp-block-column is-layout-flow wp-block-column-is-layout-flow\">\n<figure class=\"wp-block-image size-large\"><img loading=\"lazy\" decoding=\"async\" width=\"960\" height=\"800\" src=\"https:\/\/www.sabbafrisca.com\/wp-content\/uploads\/2020\/03\/01-chi-siamo-NG.jpg\" alt=\"\" class=\"wp-image-787\" srcset=\"https:\/\/www.sabbafrisca.com\/wp-content\/uploads\/2020\/03\/01-chi-siamo-NG.jpg 960w, https:\/\/www.sabbafrisca.com\/wp-content\/uploads\/2020\/03\/01-chi-siamo-NG-768x640.jpg 768w, https:\/\/www.sabbafrisca.com\/wp-content\/uploads\/2020\/03\/01-chi-siamo-NG-167x139.jpg 167w, https:\/\/www.sabbafrisca.com\/wp-content\/uploads\/2020\/03\/01-chi-siamo-NG-250x208.jpg 250w, https:\/\/www.sabbafrisca.com\/wp-content\/uploads\/2020\/03\/01-chi-siamo-NG-332x277.jpg 332w, https:\/\/www.sabbafrisca.com\/wp-content\/uploads\/2020\/03\/01-chi-siamo-NG-400x333.jpg 400w, https:\/\/www.sabbafrisca.com\/wp-content\/uploads\/2020\/03\/01-chi-siamo-NG-533x444.jpg 533w, https:\/\/www.sabbafrisca.com\/wp-content\/uploads\/2020\/03\/01-chi-siamo-NG-666x555.jpg 666w, https:\/\/www.sabbafrisca.com\/wp-content\/uploads\/2020\/03\/01-chi-siamo-NG-749x624.jpg 749w, https:\/\/www.sabbafrisca.com\/wp-content\/uploads\/2020\/03\/01-chi-siamo-NG-832x693.jpg 832w, https:\/\/www.sabbafrisca.com\/wp-content\/uploads\/2020\/03\/01-chi-siamo-NG-334x278.jpg 334w, https:\/\/www.sabbafrisca.com\/wp-content\/uploads\/2020\/03\/01-chi-siamo-NG-499x416.jpg 499w, https:\/\/www.sabbafrisca.com\/wp-content\/uploads\/2020\/03\/01-chi-siamo-NG-665x554.jpg 665w, https:\/\/www.sabbafrisca.com\/wp-content\/uploads\/2020\/03\/01-chi-siamo-NG-799x666.jpg 799w\" sizes=\"auto, (max-width: 960px) 100vw, 960px\" \/><figcaption>Pietro Andrea und Vincenzo Secci in S\u2019Abba Frisca,<br>National Geographic, 1916. Foto von Charles Will Wright.<\/figcaption><\/figure>\n<\/div>\n<\/div>\n\n\n\n<hr class=\"wp-block-separator\"\/>\n\n\n\n<div class=\"wp-block-columns alignfull is-layout-flex wp-container-core-columns-is-layout-9d6595d7 wp-block-columns-is-layout-flex\">\n<div class=\"wp-block-column is-layout-flow wp-block-column-is-layout-flow\">\n<figure class=\"wp-block-image size-large\"><img loading=\"lazy\" decoding=\"async\" width=\"960\" height=\"640\" src=\"https:\/\/www.sabbafrisca.com\/wp-content\/uploads\/2020\/03\/02-chi-siamo-piante.jpg\" alt=\"\" class=\"wp-image-788\" srcset=\"https:\/\/www.sabbafrisca.com\/wp-content\/uploads\/2020\/03\/02-chi-siamo-piante.jpg 960w, https:\/\/www.sabbafrisca.com\/wp-content\/uploads\/2020\/03\/02-chi-siamo-piante-768x512.jpg 768w, https:\/\/www.sabbafrisca.com\/wp-content\/uploads\/2020\/03\/02-chi-siamo-piante-209x139.jpg 209w, https:\/\/www.sabbafrisca.com\/wp-content\/uploads\/2020\/03\/02-chi-siamo-piante-312x208.jpg 312w, https:\/\/www.sabbafrisca.com\/wp-content\/uploads\/2020\/03\/02-chi-siamo-piante-416x277.jpg 416w, https:\/\/www.sabbafrisca.com\/wp-content\/uploads\/2020\/03\/02-chi-siamo-piante-500x333.jpg 500w, https:\/\/www.sabbafrisca.com\/wp-content\/uploads\/2020\/03\/02-chi-siamo-piante-666x444.jpg 666w, https:\/\/www.sabbafrisca.com\/wp-content\/uploads\/2020\/03\/02-chi-siamo-piante-833x555.jpg 833w, https:\/\/www.sabbafrisca.com\/wp-content\/uploads\/2020\/03\/02-chi-siamo-piante-936x624.jpg 936w, https:\/\/www.sabbafrisca.com\/wp-content\/uploads\/2020\/03\/02-chi-siamo-piante-417x278.jpg 417w, https:\/\/www.sabbafrisca.com\/wp-content\/uploads\/2020\/03\/02-chi-siamo-piante-624x416.jpg 624w, https:\/\/www.sabbafrisca.com\/wp-content\/uploads\/2020\/03\/02-chi-siamo-piante-831x554.jpg 831w\" sizes=\"auto, (max-width: 960px) 100vw, 960px\" \/><\/figure>\n\n\n\n<figure class=\"wp-block-image size-large\"><img loading=\"lazy\" decoding=\"async\" width=\"960\" height=\"640\" src=\"https:\/\/www.sabbafrisca.com\/wp-content\/uploads\/2020\/03\/03-chi-siamo-portolu.jpg\" alt=\"\" class=\"wp-image-789\" srcset=\"https:\/\/www.sabbafrisca.com\/wp-content\/uploads\/2020\/03\/03-chi-siamo-portolu.jpg 960w, https:\/\/www.sabbafrisca.com\/wp-content\/uploads\/2020\/03\/03-chi-siamo-portolu-768x512.jpg 768w, https:\/\/www.sabbafrisca.com\/wp-content\/uploads\/2020\/03\/03-chi-siamo-portolu-209x139.jpg 209w, https:\/\/www.sabbafrisca.com\/wp-content\/uploads\/2020\/03\/03-chi-siamo-portolu-312x208.jpg 312w, https:\/\/www.sabbafrisca.com\/wp-content\/uploads\/2020\/03\/03-chi-siamo-portolu-416x277.jpg 416w, https:\/\/www.sabbafrisca.com\/wp-content\/uploads\/2020\/03\/03-chi-siamo-portolu-500x333.jpg 500w, https:\/\/www.sabbafrisca.com\/wp-content\/uploads\/2020\/03\/03-chi-siamo-portolu-666x444.jpg 666w, https:\/\/www.sabbafrisca.com\/wp-content\/uploads\/2020\/03\/03-chi-siamo-portolu-833x555.jpg 833w, https:\/\/www.sabbafrisca.com\/wp-content\/uploads\/2020\/03\/03-chi-siamo-portolu-936x624.jpg 936w, https:\/\/www.sabbafrisca.com\/wp-content\/uploads\/2020\/03\/03-chi-siamo-portolu-417x278.jpg 417w, https:\/\/www.sabbafrisca.com\/wp-content\/uploads\/2020\/03\/03-chi-siamo-portolu-624x416.jpg 624w, https:\/\/www.sabbafrisca.com\/wp-content\/uploads\/2020\/03\/03-chi-siamo-portolu-831x554.jpg 831w\" sizes=\"auto, (max-width: 960px) 100vw, 960px\" \/><\/figure>\n<\/div>\n\n\n\n<div class=\"wp-block-column txt is-layout-flow wp-block-column-is-layout-flow\">\n<p>Die gleiche Leidenschaft bewegte Herr Portolu, diesen Ort den ihn sehr lieb war wieder zum Leben bringen. Die alte Wein M\u00fchle und die Steinm\u00fchle f\u00fcr die Oliven, hatten hier schon immer eine zentrale Rolle gespielt. Er hat F\u00e4rbepflanzen, Gew\u00fcrzkr\u00e4uter und Heilkr\u00e4uter, die in der Vergangenheit von Gro\u00dfmutter Zizza und seine Mutter Maria Antonia verwendet wurden, erst gesammelt und studiert und dann im Park eingepflanzt.<\/p>\n\n\n\n<p>Sp\u00e4ter konnte er mit seinem Erdbewegungsunternehmen einen echten Naturpark errichten, der dank der dort vorhandenen alten Quellen mit eindrucksvolle Winkeln angereichert ist, wo das Wasser heute das dominierende Element ist.<\/p>\n\n\n\n<p>Sp\u00e4ter wurde es in Zusammenarbeit mit seiner Frau Laura und seinen S\u00f6hnen Gianluca, Marcello und Pierandrea zu einem einzigartigen Beherbergungsbetrieb in Italien, der zwar die urspr\u00fcnglichen Merkmale eines landwirtschaftlichen Betriebs beibeh\u00e4lt, aber heute eines der wichtigsten touristischen Angebote in diesem Gebiet darstellt.<\/p>\n\n\n\n<p>So wurde S&#8217;Abba Frisca im Jahr 2018 von der Region Sardinien als das umfassendste ethnographisches und naturkundliches Museum der Insel anerkannt. Das erste Privatmuseum, das vollst\u00e4ndig in das regionale Verzeichnis der Kulturinstitute und-Orte aufgenommen wurde.<\/p>\n<\/div>\n<\/div>\n","protected":false},"excerpt":{"rendered":"<p>Die Geschichte Der Park Museum S&#8217;Abba Frisca liegt auf einem landwirtschaftlichen Betrieb, der von Generation zu Generation weitergereicht wird und seit \u00fcber 200 Jahren ununterbrochen aktiv und produktiv ist.Porcolu Secci,&#8230;<\/p>\n","protected":false},"author":1,"featured_media":1321,"parent":1315,"menu_order":0,"comment_status":"closed","ping_status":"closed","template":"page.php","meta":{"_acf_changed":false,"footnotes":""},"class_list":["post-1320","page","type-page","status-publish","has-post-thumbnail","hentry"],"acf":[],"yoast_head":"<!-- This site is optimized with the Yoast SEO plugin v25.9 - https:\/\/yoast.com\/wordpress\/plugins\/seo\/ -->\n<title>Die Geschichte - S&#039;Abba Frisca Parco Museo<\/title>\n<meta name=\"robots\" content=\"index, follow, max-snippet:-1, max-image-preview:large, max-video-preview:-1\" \/>\n<link rel=\"canonical\" href=\"https:\/\/www.sabbafrisca.com\/de\/ueber-uns\/die-geschichte\/\" \/>\n<meta property=\"og:locale\" content=\"de_DE\" \/>\n<meta property=\"og:type\" content=\"article\" \/>\n<meta property=\"og:title\" content=\"Die Geschichte - S&#039;Abba Frisca Parco Museo\" \/>\n<meta property=\"og:description\" content=\"Die Geschichte Der Park Museum S&#8217;Abba Frisca liegt auf einem landwirtschaftlichen Betrieb, der von Generation zu Generation weitergereicht wird und seit \u00fcber 200 Jahren ununterbrochen aktiv und produktiv ist.Porcolu Secci,...\" \/>\n<meta property=\"og:url\" content=\"https:\/\/www.sabbafrisca.com\/de\/ueber-uns\/die-geschichte\/\" \/>\n<meta property=\"og:site_name\" content=\"S&#039;Abba Frisca Parco Museo\" \/>\n<meta property=\"article:publisher\" content=\"https:\/\/www.facebook.com\/sabbafrisca\" \/>\n<meta property=\"article:modified_time\" content=\"2020-09-30T16:00:14+00:00\" \/>\n<meta property=\"og:image\" content=\"https:\/\/www.sabbafrisca.com\/wp-content\/uploads\/2019\/12\/chi_siamo-scaled.jpg\" \/>\n\t<meta property=\"og:image:width\" content=\"2560\" \/>\n\t<meta property=\"og:image:height\" content=\"1120\" \/>\n\t<meta property=\"og:image:type\" content=\"image\/jpeg\" \/>\n<meta name=\"twitter:card\" content=\"summary_large_image\" \/>\n<meta name=\"twitter:site\" content=\"@sabbafrisca\" \/>\n<meta name=\"twitter:label1\" content=\"Gesch\u00e4tzte Lesezeit\" \/>\n\t<meta name=\"twitter:data1\" content=\"2\u00a0Minuten\" \/>\n<script type=\"application\/ld+json\" class=\"yoast-schema-graph\">{\"@context\":\"https:\/\/schema.org\",\"@graph\":[{\"@type\":\"WebPage\",\"@id\":\"https:\/\/www.sabbafrisca.com\/de\/ueber-uns\/die-geschichte\/\",\"url\":\"https:\/\/www.sabbafrisca.com\/de\/ueber-uns\/die-geschichte\/\",\"name\":\"Die Geschichte - S&#039;Abba Frisca Parco Museo\",\"isPartOf\":{\"@id\":\"https:\/\/www.sabbafrisca.com\/de\/#website\"},\"primaryImageOfPage\":{\"@id\":\"https:\/\/www.sabbafrisca.com\/de\/ueber-uns\/die-geschichte\/#primaryimage\"},\"image\":{\"@id\":\"https:\/\/www.sabbafrisca.com\/de\/ueber-uns\/die-geschichte\/#primaryimage\"},\"thumbnailUrl\":\"https:\/\/www.sabbafrisca.com\/wp-content\/uploads\/2019\/12\/chi_siamo-scaled.jpg\",\"datePublished\":\"2019-11-08T18:54:30+00:00\",\"dateModified\":\"2020-09-30T16:00:14+00:00\",\"breadcrumb\":{\"@id\":\"https:\/\/www.sabbafrisca.com\/de\/ueber-uns\/die-geschichte\/#breadcrumb\"},\"inLanguage\":\"de\",\"potentialAction\":[{\"@type\":\"ReadAction\",\"target\":[\"https:\/\/www.sabbafrisca.com\/de\/ueber-uns\/die-geschichte\/\"]}]},{\"@type\":\"ImageObject\",\"inLanguage\":\"de\",\"@id\":\"https:\/\/www.sabbafrisca.com\/de\/ueber-uns\/die-geschichte\/#primaryimage\",\"url\":\"https:\/\/www.sabbafrisca.com\/wp-content\/uploads\/2019\/12\/chi_siamo-scaled.jpg\",\"contentUrl\":\"https:\/\/www.sabbafrisca.com\/wp-content\/uploads\/2019\/12\/chi_siamo-scaled.jpg\",\"width\":2560,\"height\":1120},{\"@type\":\"BreadcrumbList\",\"@id\":\"https:\/\/www.sabbafrisca.com\/de\/ueber-uns\/die-geschichte\/#breadcrumb\",\"itemListElement\":[{\"@type\":\"ListItem\",\"position\":1,\"name\":\"Home\",\"item\":\"https:\/\/www.sabbafrisca.com\/de\/\"},{\"@type\":\"ListItem\",\"position\":2,\"name\":\"\u00dcber uns\",\"item\":\"https:\/\/www.sabbafrisca.com\/de\/ueber-uns\/\"},{\"@type\":\"ListItem\",\"position\":3,\"name\":\"Die Geschichte\"}]},{\"@type\":\"WebSite\",\"@id\":\"https:\/\/www.sabbafrisca.com\/de\/#website\",\"url\":\"https:\/\/www.sabbafrisca.com\/de\/\",\"name\":\"S&#039;Abba Frisca Parco Museo\",\"description\":\"A Dorgali, il Parco Museo della Sardegna\",\"publisher\":{\"@id\":\"https:\/\/www.sabbafrisca.com\/de\/#organization\"},\"potentialAction\":[{\"@type\":\"SearchAction\",\"target\":{\"@type\":\"EntryPoint\",\"urlTemplate\":\"https:\/\/www.sabbafrisca.com\/de\/?s={search_term_string}\"},\"query-input\":{\"@type\":\"PropertyValueSpecification\",\"valueRequired\":true,\"valueName\":\"search_term_string\"}}],\"inLanguage\":\"de\"},{\"@type\":\"Organization\",\"@id\":\"https:\/\/www.sabbafrisca.com\/de\/#organization\",\"name\":\"Parco Museo S'Abba Frisca\",\"url\":\"https:\/\/www.sabbafrisca.com\/de\/\",\"logo\":{\"@type\":\"ImageObject\",\"inLanguage\":\"de\",\"@id\":\"https:\/\/www.sabbafrisca.com\/de\/#\/schema\/logo\/image\/\",\"url\":\"https:\/\/www.sabbafrisca.com\/wp-content\/uploads\/2022\/01\/Marchio-a-colori.png\",\"contentUrl\":\"https:\/\/www.sabbafrisca.com\/wp-content\/uploads\/2022\/01\/Marchio-a-colori.png\",\"width\":1500,\"height\":1572,\"caption\":\"Parco Museo S'Abba Frisca\"},\"image\":{\"@id\":\"https:\/\/www.sabbafrisca.com\/de\/#\/schema\/logo\/image\/\"},\"sameAs\":[\"https:\/\/www.facebook.com\/sabbafrisca\",\"https:\/\/x.com\/sabbafrisca\",\"https:\/\/www.instagram.com\/sabbafrisca\/\",\"https:\/\/twitter.com\/sabbafrisca\"]}]}<\/script>\n<!-- \/ Yoast SEO plugin. -->","yoast_head_json":{"title":"Die Geschichte - S&#039;Abba Frisca Parco Museo","robots":{"index":"index","follow":"follow","max-snippet":"max-snippet:-1","max-image-preview":"max-image-preview:large","max-video-preview":"max-video-preview:-1"},"canonical":"https:\/\/www.sabbafrisca.com\/de\/ueber-uns\/die-geschichte\/","og_locale":"de_DE","og_type":"article","og_title":"Die Geschichte - S&#039;Abba Frisca Parco Museo","og_description":"Die Geschichte Der Park Museum S&#8217;Abba Frisca liegt auf einem landwirtschaftlichen Betrieb, der von Generation zu Generation weitergereicht wird und seit \u00fcber 200 Jahren ununterbrochen aktiv und produktiv ist.Porcolu Secci,...","og_url":"https:\/\/www.sabbafrisca.com\/de\/ueber-uns\/die-geschichte\/","og_site_name":"S&#039;Abba Frisca Parco Museo","article_publisher":"https:\/\/www.facebook.com\/sabbafrisca","article_modified_time":"2020-09-30T16:00:14+00:00","og_image":[{"width":2560,"height":1120,"url":"https:\/\/www.sabbafrisca.com\/wp-content\/uploads\/2019\/12\/chi_siamo-scaled.jpg","type":"image\/jpeg"}],"twitter_card":"summary_large_image","twitter_site":"@sabbafrisca","twitter_misc":{"Gesch\u00e4tzte Lesezeit":"2\u00a0Minuten"},"schema":{"@context":"https:\/\/schema.org","@graph":[{"@type":"WebPage","@id":"https:\/\/www.sabbafrisca.com\/de\/ueber-uns\/die-geschichte\/","url":"https:\/\/www.sabbafrisca.com\/de\/ueber-uns\/die-geschichte\/","name":"Die Geschichte - S&#039;Abba Frisca Parco Museo","isPartOf":{"@id":"https:\/\/www.sabbafrisca.com\/de\/#website"},"primaryImageOfPage":{"@id":"https:\/\/www.sabbafrisca.com\/de\/ueber-uns\/die-geschichte\/#primaryimage"},"image":{"@id":"https:\/\/www.sabbafrisca.com\/de\/ueber-uns\/die-geschichte\/#primaryimage"},"thumbnailUrl":"https:\/\/www.sabbafrisca.com\/wp-content\/uploads\/2019\/12\/chi_siamo-scaled.jpg","datePublished":"2019-11-08T18:54:30+00:00","dateModified":"2020-09-30T16:00:14+00:00","breadcrumb":{"@id":"https:\/\/www.sabbafrisca.com\/de\/ueber-uns\/die-geschichte\/#breadcrumb"},"inLanguage":"de","potentialAction":[{"@type":"ReadAction","target":["https:\/\/www.sabbafrisca.com\/de\/ueber-uns\/die-geschichte\/"]}]},{"@type":"ImageObject","inLanguage":"de","@id":"https:\/\/www.sabbafrisca.com\/de\/ueber-uns\/die-geschichte\/#primaryimage","url":"https:\/\/www.sabbafrisca.com\/wp-content\/uploads\/2019\/12\/chi_siamo-scaled.jpg","contentUrl":"https:\/\/www.sabbafrisca.com\/wp-content\/uploads\/2019\/12\/chi_siamo-scaled.jpg","width":2560,"height":1120},{"@type":"BreadcrumbList","@id":"https:\/\/www.sabbafrisca.com\/de\/ueber-uns\/die-geschichte\/#breadcrumb","itemListElement":[{"@type":"ListItem","position":1,"name":"Home","item":"https:\/\/www.sabbafrisca.com\/de\/"},{"@type":"ListItem","position":2,"name":"\u00dcber uns","item":"https:\/\/www.sabbafrisca.com\/de\/ueber-uns\/"},{"@type":"ListItem","position":3,"name":"Die Geschichte"}]},{"@type":"WebSite","@id":"https:\/\/www.sabbafrisca.com\/de\/#website","url":"https:\/\/www.sabbafrisca.com\/de\/","name":"S&#039;Abba Frisca Parco Museo","description":"A Dorgali, il Parco Museo della Sardegna","publisher":{"@id":"https:\/\/www.sabbafrisca.com\/de\/#organization"},"potentialAction":[{"@type":"SearchAction","target":{"@type":"EntryPoint","urlTemplate":"https:\/\/www.sabbafrisca.com\/de\/?s={search_term_string}"},"query-input":{"@type":"PropertyValueSpecification","valueRequired":true,"valueName":"search_term_string"}}],"inLanguage":"de"},{"@type":"Organization","@id":"https:\/\/www.sabbafrisca.com\/de\/#organization","name":"Parco Museo S'Abba Frisca","url":"https:\/\/www.sabbafrisca.com\/de\/","logo":{"@type":"ImageObject","inLanguage":"de","@id":"https:\/\/www.sabbafrisca.com\/de\/#\/schema\/logo\/image\/","url":"https:\/\/www.sabbafrisca.com\/wp-content\/uploads\/2022\/01\/Marchio-a-colori.png","contentUrl":"https:\/\/www.sabbafrisca.com\/wp-content\/uploads\/2022\/01\/Marchio-a-colori.png","width":1500,"height":1572,"caption":"Parco Museo S'Abba Frisca"},"image":{"@id":"https:\/\/www.sabbafrisca.com\/de\/#\/schema\/logo\/image\/"},"sameAs":["https:\/\/www.facebook.com\/sabbafrisca","https:\/\/x.com\/sabbafrisca","https:\/\/www.instagram.com\/sabbafrisca\/","https:\/\/twitter.com\/sabbafrisca"]}]}},"_links":{"self":[{"href":"https:\/\/www.sabbafrisca.com\/de\/wp-json\/wp\/v2\/pages\/1320","targetHints":{"allow":["GET"]}}],"collection":[{"href":"https:\/\/www.sabbafrisca.com\/de\/wp-json\/wp\/v2\/pages"}],"about":[{"href":"https:\/\/www.sabbafrisca.com\/de\/wp-json\/wp\/v2\/types\/page"}],"author":[{"embeddable":true,"href":"https:\/\/www.sabbafrisca.com\/de\/wp-json\/wp\/v2\/users\/1"}],"replies":[{"embeddable":true,"href":"https:\/\/www.sabbafrisca.com\/de\/wp-json\/wp\/v2\/comments?post=1320"}],"version-history":[{"count":5,"href":"https:\/\/www.sabbafrisca.com\/de\/wp-json\/wp\/v2\/pages\/1320\/revisions"}],"predecessor-version":[{"id":1329,"href":"https:\/\/www.sabbafrisca.com\/de\/wp-json\/wp\/v2\/pages\/1320\/revisions\/1329"}],"up":[{"embeddable":true,"href":"https:\/\/www.sabbafrisca.com\/de\/wp-json\/wp\/v2\/pages\/1315"}],"wp:featuredmedia":[{"embeddable":true,"href":"https:\/\/www.sabbafrisca.com\/de\/wp-json\/wp\/v2\/media\/1321"}],"wp:attachment":[{"href":"https:\/\/www.sabbafrisca.com\/de\/wp-json\/wp\/v2\/media?parent=1320"}],"curies":[{"name":"wp","href":"https:\/\/api.w.org\/{rel}","templated":true}]}}