{"id":1333,"date":"2019-11-05T11:04:21","date_gmt":"2019-11-05T10:04:21","guid":{"rendered":"https:\/\/www.sabbafrisca.com\/home-italiano\/"},"modified":"2023-08-07T12:22:58","modified_gmt":"2023-08-07T10:22:58","slug":"home-tedesco","status":"publish","type":"page","link":"https:\/\/www.sabbafrisca.com\/de\/","title":{"rendered":"Home Tedesco"},"content":{"rendered":"<section class=\"slider_home\">\n    <div class=\"slider_home_images\">\n        <picture><img loading=\"lazy\" decoding=\"async\" width=\"1920\" height=\"1280\" src=\"https:\/\/www.sabbafrisca.com\/wp-content\/uploads\/2022\/08\/museoIMG_2746rid-1920x1280.jpg\" class=\"attachment-large size-large\" alt=\"Sardiniens Freilichtmuseum\" srcset=\"https:\/\/www.sabbafrisca.com\/wp-content\/uploads\/2022\/08\/museoIMG_2746rid-1920x1280.jpg 1920w, https:\/\/www.sabbafrisca.com\/wp-content\/uploads\/2022\/08\/museoIMG_2746rid-1024x683.jpg 1024w, https:\/\/www.sabbafrisca.com\/wp-content\/uploads\/2022\/08\/museoIMG_2746rid-768x512.jpg 768w, https:\/\/www.sabbafrisca.com\/wp-content\/uploads\/2022\/08\/museoIMG_2746rid-1536x1024.jpg 1536w, https:\/\/www.sabbafrisca.com\/wp-content\/uploads\/2022\/08\/museoIMG_2746rid-2048x1366.jpg 2048w, https:\/\/www.sabbafrisca.com\/wp-content\/uploads\/2022\/08\/museoIMG_2746rid-208x139.jpg 208w, https:\/\/www.sabbafrisca.com\/wp-content\/uploads\/2022\/08\/museoIMG_2746rid-312x208.jpg 312w, https:\/\/www.sabbafrisca.com\/wp-content\/uploads\/2022\/08\/museoIMG_2746rid-415x277.jpg 415w, https:\/\/www.sabbafrisca.com\/wp-content\/uploads\/2022\/08\/museoIMG_2746rid-499x333.jpg 499w, https:\/\/www.sabbafrisca.com\/wp-content\/uploads\/2022\/08\/museoIMG_2746rid-666x444.jpg 666w, https:\/\/www.sabbafrisca.com\/wp-content\/uploads\/2022\/08\/museoIMG_2746rid-832x555.jpg 832w, https:\/\/www.sabbafrisca.com\/wp-content\/uploads\/2022\/08\/museoIMG_2746rid-936x624.jpg 936w, https:\/\/www.sabbafrisca.com\/wp-content\/uploads\/2022\/08\/museoIMG_2746rid-1039x693.jpg 1039w, https:\/\/www.sabbafrisca.com\/wp-content\/uploads\/2022\/08\/museoIMG_2746rid-1248x832.jpg 1248w, https:\/\/www.sabbafrisca.com\/wp-content\/uploads\/2022\/08\/museoIMG_2746rid-417x278.jpg 417w, https:\/\/www.sabbafrisca.com\/wp-content\/uploads\/2022\/08\/museoIMG_2746rid-624x416.jpg 624w, https:\/\/www.sabbafrisca.com\/wp-content\/uploads\/2022\/08\/museoIMG_2746rid-831x554.jpg 831w, https:\/\/www.sabbafrisca.com\/wp-content\/uploads\/2022\/08\/museoIMG_2746rid-999x666.jpg 999w, https:\/\/www.sabbafrisca.com\/wp-content\/uploads\/2022\/08\/museoIMG_2746rid-1332x888.jpg 1332w, https:\/\/www.sabbafrisca.com\/wp-content\/uploads\/2022\/08\/museoIMG_2746rid-1665x1110.jpg 1665w, https:\/\/www.sabbafrisca.com\/wp-content\/uploads\/2022\/08\/museoIMG_2746rid-1872x1248.jpg 1872w\" sizes=\"auto, (max-width: 1920px) 100vw, 1920px\" \/><\/picture>\n        <picture><img loading=\"lazy\" decoding=\"async\" width=\"1920\" height=\"878\" src=\"https:\/\/www.sabbafrisca.com\/wp-content\/uploads\/2022\/08\/asini-camillaIMG_2744rid-e1681632115113-1920x878.jpg\" class=\"attachment-large size-large\" alt=\"Im Freilichtmuseum gibt es viele Tiere\" srcset=\"https:\/\/www.sabbafrisca.com\/wp-content\/uploads\/2022\/08\/asini-camillaIMG_2744rid-e1681632115113-1920x878.jpg 1920w, https:\/\/www.sabbafrisca.com\/wp-content\/uploads\/2022\/08\/asini-camillaIMG_2744rid-e1681632115113-1024x468.jpg 1024w, https:\/\/www.sabbafrisca.com\/wp-content\/uploads\/2022\/08\/asini-camillaIMG_2744rid-e1681632115113-768x351.jpg 768w, https:\/\/www.sabbafrisca.com\/wp-content\/uploads\/2022\/08\/asini-camillaIMG_2744rid-e1681632115113-1536x702.jpg 1536w, https:\/\/www.sabbafrisca.com\/wp-content\/uploads\/2022\/08\/asini-camillaIMG_2744rid-e1681632115113-2048x936.jpg 2048w, https:\/\/www.sabbafrisca.com\/wp-content\/uploads\/2022\/08\/asini-camillaIMG_2744rid-e1681632115113-304x139.jpg 304w, https:\/\/www.sabbafrisca.com\/wp-content\/uploads\/2022\/08\/asini-camillaIMG_2744rid-e1681632115113-455x208.jpg 455w, https:\/\/www.sabbafrisca.com\/wp-content\/uploads\/2022\/08\/asini-camillaIMG_2744rid-e1681632115113-606x277.jpg 606w, https:\/\/www.sabbafrisca.com\/wp-content\/uploads\/2022\/08\/asini-camillaIMG_2744rid-e1681632115113-728x333.jpg 728w, https:\/\/www.sabbafrisca.com\/wp-content\/uploads\/2022\/08\/asini-camillaIMG_2744rid-e1681632115113-971x444.jpg 971w, https:\/\/www.sabbafrisca.com\/wp-content\/uploads\/2022\/08\/asini-camillaIMG_2744rid-e1681632115113-1214x555.jpg 1214w, https:\/\/www.sabbafrisca.com\/wp-content\/uploads\/2022\/08\/asini-camillaIMG_2744rid-e1681632115113-1365x624.jpg 1365w, https:\/\/www.sabbafrisca.com\/wp-content\/uploads\/2022\/08\/asini-camillaIMG_2744rid-e1681632115113-1516x693.jpg 1516w, https:\/\/www.sabbafrisca.com\/wp-content\/uploads\/2022\/08\/asini-camillaIMG_2744rid-e1681632115113-1820x832.jpg 1820w, https:\/\/www.sabbafrisca.com\/wp-content\/uploads\/2022\/08\/asini-camillaIMG_2744rid-e1681632115113-608x278.jpg 608w, https:\/\/www.sabbafrisca.com\/wp-content\/uploads\/2022\/08\/asini-camillaIMG_2744rid-e1681632115113-910x416.jpg 910w, https:\/\/www.sabbafrisca.com\/wp-content\/uploads\/2022\/08\/asini-camillaIMG_2744rid-e1681632115113-1212x554.jpg 1212w, https:\/\/www.sabbafrisca.com\/wp-content\/uploads\/2022\/08\/asini-camillaIMG_2744rid-e1681632115113-1457x666.jpg 1457w, https:\/\/www.sabbafrisca.com\/wp-content\/uploads\/2022\/08\/asini-camillaIMG_2744rid-e1681632115113-1942x888.jpg 1942w\" sizes=\"auto, (max-width: 1920px) 100vw, 1920px\" \/><\/picture>\n        <picture><img loading=\"lazy\" decoding=\"async\" width=\"1920\" height=\"1280\" src=\"https:\/\/www.sabbafrisca.com\/wp-content\/uploads\/2022\/08\/laghettoIMG_3140rid-1920x1280.jpg\" class=\"attachment-large size-large\" alt=\"Wasserf\u00e4lle in Dorgali\" srcset=\"https:\/\/www.sabbafrisca.com\/wp-content\/uploads\/2022\/08\/laghettoIMG_3140rid-1920x1280.jpg 1920w, https:\/\/www.sabbafrisca.com\/wp-content\/uploads\/2022\/08\/laghettoIMG_3140rid-1024x683.jpg 1024w, https:\/\/www.sabbafrisca.com\/wp-content\/uploads\/2022\/08\/laghettoIMG_3140rid-768x512.jpg 768w, https:\/\/www.sabbafrisca.com\/wp-content\/uploads\/2022\/08\/laghettoIMG_3140rid-1536x1024.jpg 1536w, https:\/\/www.sabbafrisca.com\/wp-content\/uploads\/2022\/08\/laghettoIMG_3140rid-2048x1366.jpg 2048w, https:\/\/www.sabbafrisca.com\/wp-content\/uploads\/2022\/08\/laghettoIMG_3140rid-208x139.jpg 208w, https:\/\/www.sabbafrisca.com\/wp-content\/uploads\/2022\/08\/laghettoIMG_3140rid-312x208.jpg 312w, https:\/\/www.sabbafrisca.com\/wp-content\/uploads\/2022\/08\/laghettoIMG_3140rid-415x277.jpg 415w, https:\/\/www.sabbafrisca.com\/wp-content\/uploads\/2022\/08\/laghettoIMG_3140rid-499x333.jpg 499w, https:\/\/www.sabbafrisca.com\/wp-content\/uploads\/2022\/08\/laghettoIMG_3140rid-666x444.jpg 666w, https:\/\/www.sabbafrisca.com\/wp-content\/uploads\/2022\/08\/laghettoIMG_3140rid-832x555.jpg 832w, https:\/\/www.sabbafrisca.com\/wp-content\/uploads\/2022\/08\/laghettoIMG_3140rid-936x624.jpg 936w, https:\/\/www.sabbafrisca.com\/wp-content\/uploads\/2022\/08\/laghettoIMG_3140rid-1039x693.jpg 1039w, https:\/\/www.sabbafrisca.com\/wp-content\/uploads\/2022\/08\/laghettoIMG_3140rid-1248x832.jpg 1248w, https:\/\/www.sabbafrisca.com\/wp-content\/uploads\/2022\/08\/laghettoIMG_3140rid-417x278.jpg 417w, https:\/\/www.sabbafrisca.com\/wp-content\/uploads\/2022\/08\/laghettoIMG_3140rid-624x416.jpg 624w, https:\/\/www.sabbafrisca.com\/wp-content\/uploads\/2022\/08\/laghettoIMG_3140rid-831x554.jpg 831w, https:\/\/www.sabbafrisca.com\/wp-content\/uploads\/2022\/08\/laghettoIMG_3140rid-999x666.jpg 999w, https:\/\/www.sabbafrisca.com\/wp-content\/uploads\/2022\/08\/laghettoIMG_3140rid-1332x888.jpg 1332w, https:\/\/www.sabbafrisca.com\/wp-content\/uploads\/2022\/08\/laghettoIMG_3140rid-1665x1110.jpg 1665w, https:\/\/www.sabbafrisca.com\/wp-content\/uploads\/2022\/08\/laghettoIMG_3140rid-1872x1248.jpg 1872w\" sizes=\"auto, (max-width: 1920px) 100vw, 1920px\" \/><\/picture>\n        <picture><img loading=\"lazy\" decoding=\"async\" width=\"1920\" height=\"830\" src=\"https:\/\/www.sabbafrisca.com\/wp-content\/uploads\/2020\/03\/Slider-A-1920x830.jpg\" class=\"attachment-large size-large\" alt=\"Parco Museo S&#039;Abba Frisca Freilichtmuseum\" srcset=\"https:\/\/www.sabbafrisca.com\/wp-content\/uploads\/2020\/03\/Slider-A-1920x830.jpg 1920w, https:\/\/www.sabbafrisca.com\/wp-content\/uploads\/2020\/03\/Slider-A-1024x444.jpg 1024w, https:\/\/www.sabbafrisca.com\/wp-content\/uploads\/2020\/03\/Slider-A-768x333.jpg 768w, https:\/\/www.sabbafrisca.com\/wp-content\/uploads\/2020\/03\/Slider-A-1536x664.jpg 1536w, https:\/\/www.sabbafrisca.com\/wp-content\/uploads\/2020\/03\/Slider-A-2048x885.jpg 2048w, https:\/\/www.sabbafrisca.com\/wp-content\/uploads\/2020\/03\/Slider-A-320x139.jpg 320w, https:\/\/www.sabbafrisca.com\/wp-content\/uploads\/2020\/03\/Slider-A-480x208.jpg 480w, https:\/\/www.sabbafrisca.com\/wp-content\/uploads\/2020\/03\/Slider-A-640x278.jpg 640w, https:\/\/www.sabbafrisca.com\/wp-content\/uploads\/2020\/03\/Slider-A-1280x554.jpg 1280w, https:\/\/www.sabbafrisca.com\/wp-content\/uploads\/2020\/03\/Slider-A-1440x624.jpg 1440w, https:\/\/www.sabbafrisca.com\/wp-content\/uploads\/2020\/03\/Slider-A-1600x693.jpg 1600w, https:\/\/www.sabbafrisca.com\/wp-content\/uploads\/2020\/03\/Slider-A-960x416.jpg 960w\" sizes=\"auto, (max-width: 1920px) 100vw, 1920px\" \/><\/picture>\n                <div class=\"arrow_left\"><a title=\"\" onclick=\"sliderHomePrev()\"><svg xmlns=\"http:\/\/www.w3.org\/2000\/svg\" viewBox=\"0 0 14.44 26.04\"><defs><style>.svg_slider_home_arrow {fill: none;stroke: #fff;stroke-linecap: round;stroke-miterlimit: 10;stroke-width: 2px;}<\/style><\/defs><polyline class=\"svg_slider_home_arrow\" points=\"13.44 25.04 1.41 13.02 13.44 1\" \/><\/svg><\/a><\/div>\n        <div class=\"arrow_right\"><a title=\"\" onclick=\"sliderHomeNext()\"><svg xmlns=\"http:\/\/www.w3.org\/2000\/svg\" viewBox=\"0 0 14.44 26.04\"><defs><style>.svg_slider_home_arrow {fill: none;stroke: #fff;stroke-linecap: round;stroke-miterlimit: 10;stroke-width: 2px;}<\/style><\/defs><polyline class=\"svg_slider_home_arrow\" points=\"13.44 25.04 1.41 13.02 13.44 1\" \/><\/svg><\/a><\/div>\n    <\/div>\n    <div class=\"slider_home_text\">\n        <div class=\"title\"><h1>Sardiniens Freilichtmuseum<\/h1><\/div>\n    <\/div>\n<\/section>\n<section class=\"slider_home_info\">\n        <div class=\"item\">\n        <div class=\"value\">4500<\/div>\n    <\/div>\n        <div class=\"item\">\n        <div class=\"value\">15<\/div>\n    <\/div>\n        <div class=\"item\">\n        <div class=\"value\">400<\/div>\n    <\/div>\n        <div class=\"item\">\n        <div class=\"value\">3<\/div>\n    <\/div>\n        <div class=\"item\">\n        <div class=\"label\">Ausstellungsst\u00fccke<\/div>\n    <\/div>\n        <div class=\"item\">\n        <div class=\"label\">R\u00e4ume<\/div>\n    <\/div>\n        <div class=\"item\">\n        <div class=\"label\">Pflanzenarten des Mittelmeerraums<\/div>\n    <\/div>\n        <div class=\"item\">\n        <div class=\"label\">Hektar Park<\/div>\n    <\/div>\n    <\/section>\n\n\n<section class=\"slider_news_home\">\n    <div class=\"news\">\n        <div class=\"image\">\n                        <picture id=\"news_3718\">\n                <img loading=\"lazy\" decoding=\"async\" width=\"1024\" height=\"576\" src=\"https:\/\/www.sabbafrisca.com\/wp-content\/uploads\/2024\/04\/cottura-del-pane-carasau-a-Dorgali.jpg\" class=\"attachment-large size-large wp-post-image\" alt=\"cottura del pane carasau\" srcset=\"https:\/\/www.sabbafrisca.com\/wp-content\/uploads\/2024\/04\/cottura-del-pane-carasau-a-Dorgali.jpg 1024w, https:\/\/www.sabbafrisca.com\/wp-content\/uploads\/2024\/04\/cottura-del-pane-carasau-a-Dorgali-768x432.jpg 768w, https:\/\/www.sabbafrisca.com\/wp-content\/uploads\/2024\/04\/cottura-del-pane-carasau-a-Dorgali-247x139.jpg 247w, https:\/\/www.sabbafrisca.com\/wp-content\/uploads\/2024\/04\/cottura-del-pane-carasau-a-Dorgali-370x208.jpg 370w, https:\/\/www.sabbafrisca.com\/wp-content\/uploads\/2024\/04\/cottura-del-pane-carasau-a-Dorgali-492x277.jpg 492w, https:\/\/www.sabbafrisca.com\/wp-content\/uploads\/2024\/04\/cottura-del-pane-carasau-a-Dorgali-592x333.jpg 592w, https:\/\/www.sabbafrisca.com\/wp-content\/uploads\/2024\/04\/cottura-del-pane-carasau-a-Dorgali-789x444.jpg 789w, https:\/\/www.sabbafrisca.com\/wp-content\/uploads\/2024\/04\/cottura-del-pane-carasau-a-Dorgali-987x555.jpg 987w, https:\/\/www.sabbafrisca.com\/wp-content\/uploads\/2024\/04\/cottura-del-pane-carasau-a-Dorgali-494x278.jpg 494w, https:\/\/www.sabbafrisca.com\/wp-content\/uploads\/2024\/04\/cottura-del-pane-carasau-a-Dorgali-740x416.jpg 740w, https:\/\/www.sabbafrisca.com\/wp-content\/uploads\/2024\/04\/cottura-del-pane-carasau-a-Dorgali-985x554.jpg 985w\" sizes=\"auto, (max-width: 1024px) 100vw, 1024px\" \/>            <\/picture>\n                        <picture id=\"news_1416\">\n                <img loading=\"lazy\" decoding=\"async\" width=\"640\" height=\"480\" src=\"https:\/\/www.sabbafrisca.com\/wp-content\/uploads\/2020\/03\/02-Animali-B-3.jpg\" class=\"attachment-large size-large wp-post-image\" alt=\"\" srcset=\"https:\/\/www.sabbafrisca.com\/wp-content\/uploads\/2020\/03\/02-Animali-B-3.jpg 640w, https:\/\/www.sabbafrisca.com\/wp-content\/uploads\/2020\/03\/02-Animali-B-3-185x139.jpg 185w, https:\/\/www.sabbafrisca.com\/wp-content\/uploads\/2020\/03\/02-Animali-B-3-277x208.jpg 277w, https:\/\/www.sabbafrisca.com\/wp-content\/uploads\/2020\/03\/02-Animali-B-3-369x277.jpg 369w, https:\/\/www.sabbafrisca.com\/wp-content\/uploads\/2020\/03\/02-Animali-B-3-444x333.jpg 444w, https:\/\/www.sabbafrisca.com\/wp-content\/uploads\/2020\/03\/02-Animali-B-3-592x444.jpg 592w, https:\/\/www.sabbafrisca.com\/wp-content\/uploads\/2020\/03\/02-Animali-B-3-371x278.jpg 371w, https:\/\/www.sabbafrisca.com\/wp-content\/uploads\/2020\/03\/02-Animali-B-3-555x416.jpg 555w\" sizes=\"auto, (max-width: 640px) 100vw, 640px\" \/>            <\/picture>\n                        <picture id=\"news_1420\">\n                <img loading=\"lazy\" decoding=\"async\" width=\"1920\" height=\"1280\" src=\"https:\/\/www.sabbafrisca.com\/wp-content\/uploads\/2020\/07\/MG_8470-1920x1280.jpg\" class=\"attachment-large size-large wp-post-image\" alt=\"\" srcset=\"https:\/\/www.sabbafrisca.com\/wp-content\/uploads\/2020\/07\/MG_8470-1920x1280.jpg 1920w, https:\/\/www.sabbafrisca.com\/wp-content\/uploads\/2020\/07\/MG_8470-1024x683.jpg 1024w, https:\/\/www.sabbafrisca.com\/wp-content\/uploads\/2020\/07\/MG_8470-768x512.jpg 768w, https:\/\/www.sabbafrisca.com\/wp-content\/uploads\/2020\/07\/MG_8470-1536x1024.jpg 1536w, https:\/\/www.sabbafrisca.com\/wp-content\/uploads\/2020\/07\/MG_8470-2048x1365.jpg 2048w, https:\/\/www.sabbafrisca.com\/wp-content\/uploads\/2020\/07\/MG_8470-209x139.jpg 209w, https:\/\/www.sabbafrisca.com\/wp-content\/uploads\/2020\/07\/MG_8470-312x208.jpg 312w, https:\/\/www.sabbafrisca.com\/wp-content\/uploads\/2020\/07\/MG_8470-416x277.jpg 416w, https:\/\/www.sabbafrisca.com\/wp-content\/uploads\/2020\/07\/MG_8470-500x333.jpg 500w, https:\/\/www.sabbafrisca.com\/wp-content\/uploads\/2020\/07\/MG_8470-666x444.jpg 666w, https:\/\/www.sabbafrisca.com\/wp-content\/uploads\/2020\/07\/MG_8470-833x555.jpg 833w, https:\/\/www.sabbafrisca.com\/wp-content\/uploads\/2020\/07\/MG_8470-936x624.jpg 936w, https:\/\/www.sabbafrisca.com\/wp-content\/uploads\/2020\/07\/MG_8470-1040x693.jpg 1040w, https:\/\/www.sabbafrisca.com\/wp-content\/uploads\/2020\/07\/MG_8470-1248x832.jpg 1248w, https:\/\/www.sabbafrisca.com\/wp-content\/uploads\/2020\/07\/MG_8470-417x278.jpg 417w, https:\/\/www.sabbafrisca.com\/wp-content\/uploads\/2020\/07\/MG_8470-624x416.jpg 624w, https:\/\/www.sabbafrisca.com\/wp-content\/uploads\/2020\/07\/MG_8470-831x554.jpg 831w, https:\/\/www.sabbafrisca.com\/wp-content\/uploads\/2020\/07\/MG_8470-999x666.jpg 999w, https:\/\/www.sabbafrisca.com\/wp-content\/uploads\/2020\/07\/MG_8470-1332x888.jpg 1332w, https:\/\/www.sabbafrisca.com\/wp-content\/uploads\/2020\/07\/MG_8470-1665x1110.jpg 1665w, https:\/\/www.sabbafrisca.com\/wp-content\/uploads\/2020\/07\/MG_8470-1872x1248.jpg 1872w\" sizes=\"auto, (max-width: 1920px) 100vw, 1920px\" \/>            <\/picture>\n                        <picture id=\"news_1425\">\n                <img loading=\"lazy\" decoding=\"async\" width=\"959\" height=\"1280\" src=\"https:\/\/www.sabbafrisca.com\/wp-content\/uploads\/2020\/07\/photo_2020-07-12_22-47-15.jpg\" class=\"attachment-large size-large wp-post-image\" alt=\"\" srcset=\"https:\/\/www.sabbafrisca.com\/wp-content\/uploads\/2020\/07\/photo_2020-07-12_22-47-15.jpg 959w, https:\/\/www.sabbafrisca.com\/wp-content\/uploads\/2020\/07\/photo_2020-07-12_22-47-15-767x1024.jpg 767w, https:\/\/www.sabbafrisca.com\/wp-content\/uploads\/2020\/07\/photo_2020-07-12_22-47-15-768x1025.jpg 768w, https:\/\/www.sabbafrisca.com\/wp-content\/uploads\/2020\/07\/photo_2020-07-12_22-47-15-104x139.jpg 104w, https:\/\/www.sabbafrisca.com\/wp-content\/uploads\/2020\/07\/photo_2020-07-12_22-47-15-156x208.jpg 156w, https:\/\/www.sabbafrisca.com\/wp-content\/uploads\/2020\/07\/photo_2020-07-12_22-47-15-208x278.jpg 208w, https:\/\/www.sabbafrisca.com\/wp-content\/uploads\/2020\/07\/photo_2020-07-12_22-47-15-249x333.jpg 249w, https:\/\/www.sabbafrisca.com\/wp-content\/uploads\/2020\/07\/photo_2020-07-12_22-47-15-333x444.jpg 333w, https:\/\/www.sabbafrisca.com\/wp-content\/uploads\/2020\/07\/photo_2020-07-12_22-47-15-416x555.jpg 416w, https:\/\/www.sabbafrisca.com\/wp-content\/uploads\/2020\/07\/photo_2020-07-12_22-47-15-468x624.jpg 468w, https:\/\/www.sabbafrisca.com\/wp-content\/uploads\/2020\/07\/photo_2020-07-12_22-47-15-519x693.jpg 519w, https:\/\/www.sabbafrisca.com\/wp-content\/uploads\/2020\/07\/photo_2020-07-12_22-47-15-623x832.jpg 623w, https:\/\/www.sabbafrisca.com\/wp-content\/uploads\/2020\/07\/photo_2020-07-12_22-47-15-312x416.jpg 312w, https:\/\/www.sabbafrisca.com\/wp-content\/uploads\/2020\/07\/photo_2020-07-12_22-47-15-415x554.jpg 415w, https:\/\/www.sabbafrisca.com\/wp-content\/uploads\/2020\/07\/photo_2020-07-12_22-47-15-499x666.jpg 499w, https:\/\/www.sabbafrisca.com\/wp-content\/uploads\/2020\/07\/photo_2020-07-12_22-47-15-665x888.jpg 665w, https:\/\/www.sabbafrisca.com\/wp-content\/uploads\/2020\/07\/photo_2020-07-12_22-47-15-832x1110.jpg 832w, https:\/\/www.sabbafrisca.com\/wp-content\/uploads\/2020\/07\/photo_2020-07-12_22-47-15-935x1248.jpg 935w\" sizes=\"auto, (max-width: 959px) 100vw, 959px\" \/>            <\/picture>\n                    <\/div>\n        <div class=\"content\">\n            <div class=\"list\">\n                                <div class=\"item\">\n                    <div class=\"date\">05-10-2025<\/div>\n                    <div class=\"title\">Sonderveranstaltung im Parkmuseum S\u2019Abba Frisca \u2014 5. Oktober 2025<\/div>\n                    <div class=\"excerpt\">\n                        <p>&#8211;<\/p>\n                        <p>Am 5. Oktober 2025 k\u00f6nnen Besucher, die das Parkmuseum S\u2019Abba Frisca zwischen 10:00 und 11:00 Uhr betreten, ein besonderes Erlebnis genie\u00dfen: das Live-Backen des traditionellen pane carasau mit Kostproben in den einzelnen Phasen sowie die Vorf\u00fchrung einer Noria aus dem 19. Jahrhundert, einer tiergetriebenen Wasserhebemaschine.<\/p>\n                    <\/div>\n                <\/div>\n                                <div class=\"item\">\n                    <div class=\"date\">15-08-2020<\/div>\n                    <div class=\"title\">Ferragosto a S&#8217;Abba Frisca<\/div>\n                    <div class=\"excerpt\">\n                        <p>&#8211;<\/p>\n                        <p>Il Parco Museo S&#8217;Abba Frisca di Dorgali \u00e8 aperto per ferragosto dalle 10 alle 18. <\/p>\n                    <\/div>\n                <\/div>\n                                <div class=\"item\">\n                    <div class=\"date\">30-07-2020<\/div>\n                    <div class=\"title\">Orari di apertura per il mese di Agosto<\/div>\n                    <div class=\"excerpt\">\n                        <p>&#8211;<\/p>\n                        <p>Dal primo agosto al Parco Museo riprende l&#8217;orario continuato dalle 10:00 alle 18:00<\/p>\n                    <\/div>\n                <\/div>\n                                <div class=\"item\">\n                    <div class=\"date\">12-07-2020<\/div>\n                    <div class=\"title\">Una nuova arrivata!<\/div>\n                    <div class=\"excerpt\">\n                        <p>&#8211;<\/p>\n                        <p>E&#8216; nata una nuova asinella, si chiama Camilla e adora stare in compagnia dei bambini<\/p>\n                    <\/div>\n                <\/div>\n                            <\/div>\n            <div class=\"buttons\">\n                <div>\n                    <a href=\"\/de\/archivio\/veranstaltungen\/\" title=\"Events entdecken\">\n                        <span>Events entdecken<\/span>\n                    <\/a>\n                <\/div>\n                <div>\n                    <a href=\"\/de\/archivio\/nachrichten\/\" title=\"News lesen\">\n                        <span>News lesen<\/span>\n                    <\/a>\n                <\/div>\n            <\/div>\n        <\/div>\n    <\/div>\n    <div class=\"offers\">\n        <div class=\"list\">\n                        <div class=\"item\">\n                <div class=\"title\">Januar<\/div>\n                <div class=\"text\">\n                    <p>T\u00e4glich auf Reservierung ge\u00f6ffnet <\/p>\n                    <p>ERWACHSENE 14,00 \u20ac &#8211; KINDER 7,00 \u20ac<\/p>\n                    <p>Besuch Dauer: <\/p>\n                <\/div>\n                <div class=\"button\">\n                    <a href=\"\/de\/nuetzliche-hinweise\/#contatti\" title=\" Erfahren Sie mehr\"> Erfahren Sie mehr<\/a>\n                <\/div>\n                <div class=\"subtext\">\n                    <p>F\u00fchrungen auf Italienisch, Englisch und Franz\u00f6sisch.<\/p>\n<p>Der Zugang zum Park ist auf die Dauer der F\u00fchrungen beschr\u00e4nkt<\/p>\n<p>Erm\u00e4\u00dfigter Preis f\u00fcr Kinder von 3 bis einschlie\u00dflich 11 Jahren<\/p>\n                <\/div>\n            <\/div>\n                        <div class=\"item\">\n                <div class=\"title\">Februar<\/div>\n                <div class=\"text\">\n                    <p>T\u00e4glich auf Reservierung ge\u00f6ffnet<\/p>\n                    <p>ERWACHSENE 14,00 \u20ac &#8211; KINDER 7,00 \u20ac<\/p>\n                    <p>Besuch Dauer: <\/p>\n                <\/div>\n                <div class=\"button\">\n                    <a href=\"\/de\/nuetzliche-hinweise\/#contatti\" title=\" Erfahren Sie mehr\"> Erfahren Sie mehr<\/a>\n                <\/div>\n                <div class=\"subtext\">\n                    <p>F\u00fchrungen auf Italienisch, Englisch und Franz\u00f6sisch.<\/p>\n<p>Der Zugang zum Park ist auf die Dauer der F\u00fchrungen beschr\u00e4nkt<\/p>\n<p>Erm\u00e4\u00dfigter Preis f\u00fcr Kinder von 3 bis einschlie\u00dflich 11 Jahren<\/p>\n                <\/div>\n            <\/div>\n                        <div class=\"item\">\n                <div class=\"title\">M\u00e4rz<\/div>\n                <div class=\"text\">\n                    <p>T\u00e4glich auf Reservierung ge\u00f6ffnet <\/p>\n                    <p>ERWACHSENE 14,00 \u20ac &#8211; KINDER 7,00 \u20ac<\/p>\n                    <p>Besuch Dauer: <\/p>\n                <\/div>\n                <div class=\"button\">\n                    <a href=\"\/de\/nuetzliche-hinweise\/#contatti\" title=\" Erfahren Sie mehr\"> Erfahren Sie mehr<\/a>\n                <\/div>\n                <div class=\"subtext\">\n                    <p>F\u00fchrungen auf Italienisch, Englisch und Franz\u00f6sisch.<\/p>\n<p>Der Zugang zum Park ist auf die Dauer der F\u00fchrungen beschr\u00e4nkt<\/p>\n<p>Erm\u00e4\u00dfigter Preis f\u00fcr Kinder von 3 bis einschlie\u00dflich 11 Jahren<\/p>\n                <\/div>\n            <\/div>\n                        <div class=\"item\">\n                <div class=\"title\">April<\/div>\n                <div class=\"text\">\n                    <p>T\u00e4glich ge\u00f6ffnet von 11:00 bis 16:00 Uhr<\/p>\n                    <p>ERWACHSENE 14,00 \u20ac &#8211; KINDER 7,00 \u20ac<\/p>\n                    <p>Besuch Dauer: <\/p>\n                <\/div>\n                <div class=\"button\">\n                    <a href=\"\/de\/nuetzliche-hinweise\/#contatti\" title=\" Erfahren Sie mehr\"> Erfahren Sie mehr<\/a>\n                <\/div>\n                <div class=\"subtext\">\n                    <p>F\u00fchrungen auf Italienisch, Englisch und Franz\u00f6sisch.<\/p>\n<p>Der Zugang zum Park ist auf die Dauer der F\u00fchrungen beschr\u00e4nkt<\/p>\n<p>Erm\u00e4\u00dfigter Preis f\u00fcr Kinder von 3 bis einschlie\u00dflich 11 Jahren<\/p>\n                <\/div>\n            <\/div>\n                        <div class=\"item\">\n                <div class=\"title\">Mai<\/div>\n                <div class=\"text\">\n                    <p>T\u00e4glich ge\u00f6ffnet von 11:00 bis 16:00 Uhr<\/p>\n                    <p>ERWACHSENE 14,00 \u20ac &#8211; KINDER 7,00 \u20ac<\/p>\n                    <p>Besuch Dauer: <\/p>\n                <\/div>\n                <div class=\"button\">\n                    <a href=\"\/de\/nuetzliche-hinweise\/#contatti\" title=\" Erfahren Sie mehr\"> Erfahren Sie mehr<\/a>\n                <\/div>\n                <div class=\"subtext\">\n                    <p>F\u00fchrungen auf Italienisch, Englisch und Franz\u00f6sisch.<\/p>\n<p>Der Zugang zum Park ist auf die Dauer der F\u00fchrungen beschr\u00e4nkt<\/p>\n<p>Erm\u00e4\u00dfigter Preis f\u00fcr Kinder von 3 bis einschlie\u00dflich 11 Jahren<\/p>\n                <\/div>\n            <\/div>\n                        <div class=\"item\">\n                <div class=\"title\">Juni<\/div>\n                <div class=\"text\">\n                    <p>T\u00e4glich ge\u00f6ffnet von 10:00 bis 18:00 Uhr<\/p>\n                    <p>ERWACHSENE 14,00 \u20ac &#8211; KINDER 7,00 \u20ac<\/p>\n                    <p>Besuch Dauer: <\/p>\n                <\/div>\n                <div class=\"button\">\n                    <a href=\"\/de\/nuetzliche-hinweise\/#contatti\" title=\" Erfahren Sie mehr\"> Erfahren Sie mehr<\/a>\n                <\/div>\n                <div class=\"subtext\">\n                    <p>F\u00fchrungen auf Italienisch, Englisch und Franz\u00f6sisch.<\/p>\n<p>Der Zugang zum Park ist auf die Dauer der F\u00fchrungen beschr\u00e4nkt<\/p>\n<p>Erm\u00e4\u00dfigter Preis f\u00fcr Kinder von 3 bis einschlie\u00dflich 11 Jahren<\/p>\n                <\/div>\n            <\/div>\n                        <div class=\"item\">\n                <div class=\"title\">Juli<\/div>\n                <div class=\"text\">\n                    <p>T\u00e4glich ge\u00f6ffnet von 10:00 bis 18:00 Uhr<\/p>\n                    <p>ERWACHSENE 14,00 \u20ac &#8211; KINDER 7,00 \u20ac<\/p>\n                    <p>Besuch Dauer: <\/p>\n                <\/div>\n                <div class=\"button\">\n                    <a href=\"\/de\/nuetzliche-hinweise\/#contatti\" title=\" Erfahren Sie mehr\"> Erfahren Sie mehr<\/a>\n                <\/div>\n                <div class=\"subtext\">\n                    <p>F\u00fchrungen auf Italienisch, Englisch und Franz\u00f6sisch.<\/p>\n<p>Der Zugang zum Park ist auf die Dauer der F\u00fchrungen beschr\u00e4nkt<\/p>\n<p>Erm\u00e4\u00dfigter Preis f\u00fcr Kinder von 3 bis einschlie\u00dflich 11 Jahren<\/p>\n                <\/div>\n            <\/div>\n                        <div class=\"item\">\n                <div class=\"title\">August<\/div>\n                <div class=\"text\">\n                    <p>T\u00e4glich ge\u00f6ffnet von 10:00 bis 18:00 Uhr<\/p>\n                    <p>ERWACHSENE 14,00 \u20ac &#8211; KINDER 7,00 \u20ac<\/p>\n                    <p>Besuch Dauer: <\/p>\n                <\/div>\n                <div class=\"button\">\n                    <a href=\"\/de\/nuetzliche-hinweise\/#contatti\" title=\" Erfahren Sie mehr\"> Erfahren Sie mehr<\/a>\n                <\/div>\n                <div class=\"subtext\">\n                    <p>F\u00fchrungen auf Italienisch, Englisch und Franz\u00f6sisch.<\/p>\n<p>Der Zugang zum Park ist auf die Dauer der F\u00fchrungen beschr\u00e4nkt<\/p>\n<p>Erm\u00e4\u00dfigter Preis f\u00fcr Kinder von 3 bis einschlie\u00dflich 11 Jahren<\/p>\n                <\/div>\n            <\/div>\n                        <div class=\"item\">\n                <div class=\"title\">September<\/div>\n                <div class=\"text\">\n                    <p>T\u00e4glich ge\u00f6ffnet von 10:00 bis 18:00 Uhr<\/p>\n                    <p>ERWACHSENE 14,00 \u20ac &#8211; KINDER 7,00 \u20ac<\/p>\n                    <p>Besuch Dauer: <\/p>\n                <\/div>\n                <div class=\"button\">\n                    <a href=\"\/de\/nuetzliche-hinweise\/#contatti\" title=\" Erfahren Sie mehr\"> Erfahren Sie mehr<\/a>\n                <\/div>\n                <div class=\"subtext\">\n                    <p>F\u00fchrungen auf Italienisch, Englisch und Franz\u00f6sisch.<\/p>\n<p>Der Zugang zum Park ist auf die Dauer der F\u00fchrungen beschr\u00e4nkt<\/p>\n<p>Erm\u00e4\u00dfigter Preis f\u00fcr Kinder von 3 bis einschlie\u00dflich 11 Jahren<\/p>\n                <\/div>\n            <\/div>\n                        <div class=\"item\">\n                <div class=\"title\">Oktober<\/div>\n                <div class=\"text\">\n                    <p>T\u00e4glich ge\u00f6ffnet von 11:00 bis 16:00 Uhr<\/p>\n                    <p>ERWACHSENE 14,00 \u20ac &#8211; KINDER 7,00 \u20ac<\/p>\n                    <p>Besuch Dauer: <\/p>\n                <\/div>\n                <div class=\"button\">\n                    <a href=\"\/de\/nuetzliche-hinweise\/#contatti\" title=\" Erfahren Sie mehr\"> Erfahren Sie mehr<\/a>\n                <\/div>\n                <div class=\"subtext\">\n                    <p>F\u00fchrungen auf Italienisch, Englisch und Franz\u00f6sisch.<\/p>\n<p>Der Zugang zum Park ist auf die Dauer der F\u00fchrungen beschr\u00e4nkt<\/p>\n<p>Erm\u00e4\u00dfigter Preis f\u00fcr Kinder von 3 bis einschlie\u00dflich 11 Jahren<\/p>\n                <\/div>\n            <\/div>\n                        <div class=\"item\">\n                <div class=\"title\">November<\/div>\n                <div class=\"text\">\n                    <p>T\u00e4glich auf Reservierung ge\u00f6ffnet (mindestens 6 Personen)<\/p>\n                    <p>ERWACHSENE 14,00 \u20ac &#8211; KINDER 7,00 \u20ac<\/p>\n                    <p>Besuch Dauer: <\/p>\n                <\/div>\n                <div class=\"button\">\n                    <a href=\"\/de\/nuetzliche-hinweise\/#contatti\" title=\" Erfahren Sie mehr\"> Erfahren Sie mehr<\/a>\n                <\/div>\n                <div class=\"subtext\">\n                    <p>F\u00fchrungen auf Italienisch, Englisch und Franz\u00f6sisch.<\/p>\n<p>Der Zugang zum Park ist auf die Dauer der F\u00fchrungen beschr\u00e4nkt<\/p>\n<p>Erm\u00e4\u00dfigter Preis f\u00fcr Kinder von 3 bis einschlie\u00dflich 11 Jahren<\/p>\n                <\/div>\n            <\/div>\n                        <div class=\"item\">\n                <div class=\"title\">Dezember<\/div>\n                <div class=\"text\">\n                    <p>T\u00e4glich auf Reservierung ge\u00f6ffnet (mindestens 6 Personen)<\/p>\n                    <p>ERWACHSENE 14,00 \u20ac &#8211; KINDER 7,00 \u20ac<\/p>\n                    <p>Besuch Dauer: <\/p>\n                <\/div>\n                <div class=\"button\">\n                    <a href=\"\/de\/nuetzliche-hinweise\/#contatti\" title=\" Erfahren Sie mehr\"> Erfahren Sie mehr<\/a>\n                <\/div>\n                <div class=\"subtext\">\n                    <p>F\u00fchrungen auf Italienisch, Englisch und Franz\u00f6sisch.<\/p>\n<p>Der Zugang zum Park ist auf die Dauer der F\u00fchrungen beschr\u00e4nkt<\/p>\n<p>Erm\u00e4\u00dfigter Preis f\u00fcr Kinder von 3 bis einschlie\u00dflich 11 Jahren<\/p>\n                <\/div>\n            <\/div>\n                    <\/div>\n    <\/div>\n<\/section>\n\n\n\n<figure class=\"wp-block-video alignfull video_home hide_mobile\"><video autoplay loop muted src=\"https:\/\/www.sabbafrisca.com\/wp-content\/uploads\/2020\/03\/VideoAbbaFrisca_DEF.mp4\"><\/video><\/figure>\n\n\n\n<div class=\"wp-block-columns alignfull home_buttons_focus hide_mobile is-layout-flex wp-container-core-columns-is-layout-9d6595d7 wp-block-columns-is-layout-flex\">\n<div class=\"wp-block-column is-vertically-aligned-center is-layout-flow wp-block-column-is-layout-flow\">\n<div class=\"wp-block-button aligncenter is-style-fill\"><a class=\"wp-block-button__link has-background wp-element-button\" href=\"https:\/\/www.sabbafrisca.com\/parco-museo\/\" style=\"background-color:#65baaf\"><strong>Freilichtmuseum<\/strong><\/a><\/div>\n<\/div>\n\n\n\n<div class=\"wp-block-column is-layout-flow wp-block-column-is-layout-flow\">\n<div class=\"wp-block-button aligncenter\"><a class=\"wp-block-button__link has-background wp-element-button\" href=\"https:\/\/www.sabbafrisca.com\/museo-vivente\/\" style=\"background-color:#65baaf\"><strong>Das lebendige Museum<\/strong><\/a><\/div>\n<\/div>\n\n\n\n<div class=\"wp-block-column is-layout-flow wp-block-column-is-layout-flow\">\n<div class=\"wp-block-button aligncenter\"><a class=\"wp-block-button__link has-background wp-element-button\" href=\"https:\/\/www.sabbafrisca.com\/museo-vivente\/#fattoria\" style=\"background-color:#65baaf\"><strong>Kinderbauernhof<\/strong><\/a><\/div>\n<\/div>\n<\/div>\n\n\n<section class=\"alternate_blocks_home\">\n        <div class=\"item\">\n        <div class=\"text\">\n            <div>\n                <div class=\"title\">\n                    <span class=\"content\" style=\"background-color: #61a60e; color: #FFFFFF\">\n                        1. Lage                        <span style=\"background-color: #61a60e\"><\/span>\n                    <\/span>\n                <\/div>\n                <div class=\"description\">\n                    <p>Im Littu-Tal im Gebiet von Dorgali, das von den Kalksteinen Ruiu und Irveri dominiert wird, befindet sich das <span class=\"il\">Freilichtmuseum <\/span>S\u2019Abba Frisca (Frischwasser). Er verdankt seinen Namen der reichhaltigen Karstquelle im Park, der die Brunnen, den Weiher und die eindrucksvollen Wasserf\u00e4lle, die von den majest\u00e4tischen wei\u00dfen Pappeln umgeben sind, versorgt.<\/p>\n<p>Nur zwei Kilometer vom Golf von Orosei entfernt, der als eines der sch\u00f6nsten K\u00fcstenszenarien der Welt betrachtet wird, befindet sich S\u2019Abba Frisca in einer m\u00e4rchenhafte Umgebung, zwischen megalithischen Wanderwegen, einem dichten Steineichenwald, Zitrusplantagen und jahrhundertealten B\u00e4umen, die auch an den w\u00e4rmsten Tagen Schatten und k\u00fchle Luft schenken.<\/p>\n                <\/div>\n            <\/div>\n        <\/div>\n        <div class=\"image\"><img loading=\"lazy\" decoding=\"async\" width=\"800\" height=\"960\" src=\"https:\/\/www.sabbafrisca.com\/wp-content\/uploads\/2020\/03\/01-Home-dove-siamo.jpg\" class=\"attachment-large size-large\" alt=\"Le montagne che circondano il Parco Museo a Dorgali\" srcset=\"https:\/\/www.sabbafrisca.com\/wp-content\/uploads\/2020\/03\/01-Home-dove-siamo.jpg 800w, https:\/\/www.sabbafrisca.com\/wp-content\/uploads\/2020\/03\/01-Home-dove-siamo-768x922.jpg 768w, https:\/\/www.sabbafrisca.com\/wp-content\/uploads\/2020\/03\/01-Home-dove-siamo-116x139.jpg 116w, https:\/\/www.sabbafrisca.com\/wp-content\/uploads\/2020\/03\/01-Home-dove-siamo-173x208.jpg 173w, https:\/\/www.sabbafrisca.com\/wp-content\/uploads\/2020\/03\/01-Home-dove-siamo-231x277.jpg 231w, https:\/\/www.sabbafrisca.com\/wp-content\/uploads\/2020\/03\/01-Home-dove-siamo-278x333.jpg 278w, https:\/\/www.sabbafrisca.com\/wp-content\/uploads\/2020\/03\/01-Home-dove-siamo-370x444.jpg 370w, https:\/\/www.sabbafrisca.com\/wp-content\/uploads\/2020\/03\/01-Home-dove-siamo-463x555.jpg 463w, https:\/\/www.sabbafrisca.com\/wp-content\/uploads\/2020\/03\/01-Home-dove-siamo-520x624.jpg 520w, https:\/\/www.sabbafrisca.com\/wp-content\/uploads\/2020\/03\/01-Home-dove-siamo-578x693.jpg 578w, https:\/\/www.sabbafrisca.com\/wp-content\/uploads\/2020\/03\/01-Home-dove-siamo-693x832.jpg 693w, https:\/\/www.sabbafrisca.com\/wp-content\/uploads\/2020\/03\/01-Home-dove-siamo-232x278.jpg 232w, https:\/\/www.sabbafrisca.com\/wp-content\/uploads\/2020\/03\/01-Home-dove-siamo-347x416.jpg 347w, https:\/\/www.sabbafrisca.com\/wp-content\/uploads\/2020\/03\/01-Home-dove-siamo-462x554.jpg 462w, https:\/\/www.sabbafrisca.com\/wp-content\/uploads\/2020\/03\/01-Home-dove-siamo-555x666.jpg 555w, https:\/\/www.sabbafrisca.com\/wp-content\/uploads\/2020\/03\/01-Home-dove-siamo-740x888.jpg 740w\" sizes=\"auto, (max-width: 800px) 100vw, 800px\" \/><\/div>\n    <\/div>\n        <div class=\"item\">\n        <div class=\"text\">\n            <div>\n                <div class=\"title\">\n                    <span class=\"content\" style=\"background-color: #b55b99; color: #FFFFFF\">\n                        2. Pflanzen                        <span style=\"background-color: #b55b99\"><\/span>\n                    <\/span>\n                <\/div>\n                <div class=\"description\">\n                    <p>Nach dem massiven Eingang aus Basalt werden Sie in eine 350 Metern Strecke mehr als 400 Pflanzenarten des Mittelmeerraums bewundern. Sie werden die Eigenschaften, Nutzungen und Ausk\u00fcnften der F\u00e4rbepflanzen, Gew\u00fcrzkr\u00e4uter und Heilkr\u00e4uter entdecken.<\/p>\n                <\/div>\n            <\/div>\n        <\/div>\n        <div class=\"image\"><img loading=\"lazy\" decoding=\"async\" width=\"800\" height=\"960\" src=\"https:\/\/www.sabbafrisca.com\/wp-content\/uploads\/2020\/03\/02-Home-flora.jpg\" class=\"attachment-large size-large\" alt=\"La flora del Parco\" srcset=\"https:\/\/www.sabbafrisca.com\/wp-content\/uploads\/2020\/03\/02-Home-flora.jpg 800w, https:\/\/www.sabbafrisca.com\/wp-content\/uploads\/2020\/03\/02-Home-flora-768x922.jpg 768w, https:\/\/www.sabbafrisca.com\/wp-content\/uploads\/2020\/03\/02-Home-flora-116x139.jpg 116w, https:\/\/www.sabbafrisca.com\/wp-content\/uploads\/2020\/03\/02-Home-flora-173x208.jpg 173w, https:\/\/www.sabbafrisca.com\/wp-content\/uploads\/2020\/03\/02-Home-flora-231x277.jpg 231w, https:\/\/www.sabbafrisca.com\/wp-content\/uploads\/2020\/03\/02-Home-flora-278x333.jpg 278w, https:\/\/www.sabbafrisca.com\/wp-content\/uploads\/2020\/03\/02-Home-flora-370x444.jpg 370w, https:\/\/www.sabbafrisca.com\/wp-content\/uploads\/2020\/03\/02-Home-flora-463x555.jpg 463w, https:\/\/www.sabbafrisca.com\/wp-content\/uploads\/2020\/03\/02-Home-flora-520x624.jpg 520w, https:\/\/www.sabbafrisca.com\/wp-content\/uploads\/2020\/03\/02-Home-flora-578x693.jpg 578w, https:\/\/www.sabbafrisca.com\/wp-content\/uploads\/2020\/03\/02-Home-flora-693x832.jpg 693w, https:\/\/www.sabbafrisca.com\/wp-content\/uploads\/2020\/03\/02-Home-flora-232x278.jpg 232w, https:\/\/www.sabbafrisca.com\/wp-content\/uploads\/2020\/03\/02-Home-flora-347x416.jpg 347w, https:\/\/www.sabbafrisca.com\/wp-content\/uploads\/2020\/03\/02-Home-flora-462x554.jpg 462w, https:\/\/www.sabbafrisca.com\/wp-content\/uploads\/2020\/03\/02-Home-flora-555x666.jpg 555w, https:\/\/www.sabbafrisca.com\/wp-content\/uploads\/2020\/03\/02-Home-flora-740x888.jpg 740w\" sizes=\"auto, (max-width: 800px) 100vw, 800px\" \/><\/div>\n    <\/div>\n        <div class=\"item\">\n        <div class=\"text\">\n            <div>\n                <div class=\"title\">\n                    <span class=\"content\" style=\"background-color: #487629; color: #FFFFFF\">\n                        3. Tiere                        <span style=\"background-color: #487629\"><\/span>\n                    <\/span>\n                <\/div>\n                <div class=\"description\">\n                    <p>Sie werden verschiedene Tiere treffen, die den Park bev\u00f6lkern: Esel (einschlie\u00dflich die wei\u00dfen von Asinara), Maulesel (seltene Kreuzung aus Pferdehengst und Eselstute), Ziegen und Pferde, und die Tierarten, die den Teich bewohnen: Stockenten, Teichh\u00fchner, Schildkr\u00f6ten, Enten und viele andere.<\/p>\n                <\/div>\n            <\/div>\n        <\/div>\n        <div class=\"image\"><img loading=\"lazy\" decoding=\"async\" width=\"800\" height=\"960\" src=\"https:\/\/www.sabbafrisca.com\/wp-content\/uploads\/2020\/03\/03-Home-fauna.jpg\" class=\"attachment-large size-large\" alt=\"Gli animali e la Fattoria didattica\" srcset=\"https:\/\/www.sabbafrisca.com\/wp-content\/uploads\/2020\/03\/03-Home-fauna.jpg 800w, https:\/\/www.sabbafrisca.com\/wp-content\/uploads\/2020\/03\/03-Home-fauna-768x922.jpg 768w, https:\/\/www.sabbafrisca.com\/wp-content\/uploads\/2020\/03\/03-Home-fauna-116x139.jpg 116w, https:\/\/www.sabbafrisca.com\/wp-content\/uploads\/2020\/03\/03-Home-fauna-173x208.jpg 173w, https:\/\/www.sabbafrisca.com\/wp-content\/uploads\/2020\/03\/03-Home-fauna-231x277.jpg 231w, https:\/\/www.sabbafrisca.com\/wp-content\/uploads\/2020\/03\/03-Home-fauna-278x333.jpg 278w, https:\/\/www.sabbafrisca.com\/wp-content\/uploads\/2020\/03\/03-Home-fauna-370x444.jpg 370w, https:\/\/www.sabbafrisca.com\/wp-content\/uploads\/2020\/03\/03-Home-fauna-463x555.jpg 463w, https:\/\/www.sabbafrisca.com\/wp-content\/uploads\/2020\/03\/03-Home-fauna-520x624.jpg 520w, https:\/\/www.sabbafrisca.com\/wp-content\/uploads\/2020\/03\/03-Home-fauna-578x693.jpg 578w, https:\/\/www.sabbafrisca.com\/wp-content\/uploads\/2020\/03\/03-Home-fauna-693x832.jpg 693w, https:\/\/www.sabbafrisca.com\/wp-content\/uploads\/2020\/03\/03-Home-fauna-232x278.jpg 232w, https:\/\/www.sabbafrisca.com\/wp-content\/uploads\/2020\/03\/03-Home-fauna-347x416.jpg 347w, https:\/\/www.sabbafrisca.com\/wp-content\/uploads\/2020\/03\/03-Home-fauna-462x554.jpg 462w, https:\/\/www.sabbafrisca.com\/wp-content\/uploads\/2020\/03\/03-Home-fauna-555x666.jpg 555w, https:\/\/www.sabbafrisca.com\/wp-content\/uploads\/2020\/03\/03-Home-fauna-740x888.jpg 740w\" sizes=\"auto, (max-width: 800px) 100vw, 800px\" \/><\/div>\n    <\/div>\n        <div class=\"item\">\n        <div class=\"text\">\n            <div>\n                <div class=\"title\">\n                    <span class=\"content\" style=\"background-color: #f6be00; color: #FFFFFF\">\n                        4. Ethnografie                        <span style=\"background-color: #f6be00\"><\/span>\n                    <\/span>\n                <\/div>\n                <div class=\"description\">\n                    <p>Der ethnographische Weg, der sich mit dem Naturweg verbindet, fast als Ausdruck des untrennbaren Zusammenhangs zwischen Mensch und Natur, ist eine lange Reise in die Geschichte Sardiniens durch Objekte und Berufe : ein realistisches Bild der Kultur der Barbagia Region von den 17. Jahrhundert bis zu den ersten Jahrzehnten des 19. Jahrhunderts, berichtet mit 4500 Ausstellungsst\u00fccke in 15 R\u00e4ume.<\/p>\n                <\/div>\n            <\/div>\n        <\/div>\n        <div class=\"image\"><img loading=\"lazy\" decoding=\"async\" width=\"800\" height=\"960\" src=\"https:\/\/www.sabbafrisca.com\/wp-content\/uploads\/2020\/03\/04-Home-etno.jpg\" class=\"attachment-large size-large\" alt=\"Il museo etnografico pi\u00f9 grande in Sardegna\" srcset=\"https:\/\/www.sabbafrisca.com\/wp-content\/uploads\/2020\/03\/04-Home-etno.jpg 800w, https:\/\/www.sabbafrisca.com\/wp-content\/uploads\/2020\/03\/04-Home-etno-768x922.jpg 768w, https:\/\/www.sabbafrisca.com\/wp-content\/uploads\/2020\/03\/04-Home-etno-116x139.jpg 116w, https:\/\/www.sabbafrisca.com\/wp-content\/uploads\/2020\/03\/04-Home-etno-173x208.jpg 173w, https:\/\/www.sabbafrisca.com\/wp-content\/uploads\/2020\/03\/04-Home-etno-231x277.jpg 231w, https:\/\/www.sabbafrisca.com\/wp-content\/uploads\/2020\/03\/04-Home-etno-278x333.jpg 278w, https:\/\/www.sabbafrisca.com\/wp-content\/uploads\/2020\/03\/04-Home-etno-370x444.jpg 370w, https:\/\/www.sabbafrisca.com\/wp-content\/uploads\/2020\/03\/04-Home-etno-463x555.jpg 463w, https:\/\/www.sabbafrisca.com\/wp-content\/uploads\/2020\/03\/04-Home-etno-520x624.jpg 520w, https:\/\/www.sabbafrisca.com\/wp-content\/uploads\/2020\/03\/04-Home-etno-578x693.jpg 578w, https:\/\/www.sabbafrisca.com\/wp-content\/uploads\/2020\/03\/04-Home-etno-693x832.jpg 693w, https:\/\/www.sabbafrisca.com\/wp-content\/uploads\/2020\/03\/04-Home-etno-232x278.jpg 232w, https:\/\/www.sabbafrisca.com\/wp-content\/uploads\/2020\/03\/04-Home-etno-347x416.jpg 347w, https:\/\/www.sabbafrisca.com\/wp-content\/uploads\/2020\/03\/04-Home-etno-462x554.jpg 462w, https:\/\/www.sabbafrisca.com\/wp-content\/uploads\/2020\/03\/04-Home-etno-555x666.jpg 555w, https:\/\/www.sabbafrisca.com\/wp-content\/uploads\/2020\/03\/04-Home-etno-740x888.jpg 740w\" sizes=\"auto, (max-width: 800px) 100vw, 800px\" \/><\/div>\n    <\/div>\n        <div class=\"item\">\n        <div class=\"text\">\n            <div>\n                <div class=\"title\">\n                    <span class=\"content\" style=\"background-color: #6f625a; color: #FFFFFF\">\n                        5. Food experience                        <span style=\"background-color: #6f625a\"><\/span>\n                    <\/span>\n                <\/div>\n                <div class=\"description\">\n                    <p>Nachdem Sie die Natur, das Wissen, die Sitten und Gebr\u00e4uche Sardiniens kennen gelernt haben, werden Sie auch die authentischsten Geschmacksrichtungen entdecken. Die Erfahrung im Park Museum wird durch die Verkostung typischer Produkte wie Wurst, K\u00e4se, Oliven, Wein und Carasau Brot aus dem landwirtschaftlichen Betrieb S\u2019Abba Frisca und aus anderen in der Umgebung vollendet.<\/p>\n                <\/div>\n            <\/div>\n        <\/div>\n        <div class=\"image\"><img loading=\"lazy\" decoding=\"async\" width=\"800\" height=\"960\" src=\"https:\/\/www.sabbafrisca.com\/wp-content\/uploads\/2020\/03\/05-Home-food.jpg\" class=\"attachment-large size-large\" alt=\"Prodotti tipici Sardi\" srcset=\"https:\/\/www.sabbafrisca.com\/wp-content\/uploads\/2020\/03\/05-Home-food.jpg 800w, https:\/\/www.sabbafrisca.com\/wp-content\/uploads\/2020\/03\/05-Home-food-768x922.jpg 768w, https:\/\/www.sabbafrisca.com\/wp-content\/uploads\/2020\/03\/05-Home-food-116x139.jpg 116w, https:\/\/www.sabbafrisca.com\/wp-content\/uploads\/2020\/03\/05-Home-food-173x208.jpg 173w, https:\/\/www.sabbafrisca.com\/wp-content\/uploads\/2020\/03\/05-Home-food-231x277.jpg 231w, https:\/\/www.sabbafrisca.com\/wp-content\/uploads\/2020\/03\/05-Home-food-278x333.jpg 278w, https:\/\/www.sabbafrisca.com\/wp-content\/uploads\/2020\/03\/05-Home-food-370x444.jpg 370w, https:\/\/www.sabbafrisca.com\/wp-content\/uploads\/2020\/03\/05-Home-food-463x555.jpg 463w, https:\/\/www.sabbafrisca.com\/wp-content\/uploads\/2020\/03\/05-Home-food-520x624.jpg 520w, https:\/\/www.sabbafrisca.com\/wp-content\/uploads\/2020\/03\/05-Home-food-578x693.jpg 578w, https:\/\/www.sabbafrisca.com\/wp-content\/uploads\/2020\/03\/05-Home-food-693x832.jpg 693w, https:\/\/www.sabbafrisca.com\/wp-content\/uploads\/2020\/03\/05-Home-food-232x278.jpg 232w, https:\/\/www.sabbafrisca.com\/wp-content\/uploads\/2020\/03\/05-Home-food-347x416.jpg 347w, https:\/\/www.sabbafrisca.com\/wp-content\/uploads\/2020\/03\/05-Home-food-462x554.jpg 462w, https:\/\/www.sabbafrisca.com\/wp-content\/uploads\/2020\/03\/05-Home-food-555x666.jpg 555w, https:\/\/www.sabbafrisca.com\/wp-content\/uploads\/2020\/03\/05-Home-food-740x888.jpg 740w\" sizes=\"auto, (max-width: 800px) 100vw, 800px\" \/><\/div>\n    <\/div>\n        <div class=\"item\">\n        <div class=\"text\">\n            <div>\n                <div class=\"title\">\n                    <span class=\"content\" style=\"background-color: #65BAAF; color: #FFFFFF\">\n                        6. Urlaub in S&#8217;Abba Frisca                         <span style=\"background-color: #65BAAF\"><\/span>\n                    <\/span>\n                <\/div>\n                <div class=\"description\">\n                    <p>Am Vor- und Nachmittag k\u00f6nnen die G\u00e4ste der <a href=\"https:\/\/www.villacapelvenere.it\/de\/\">Villa Capelvenere<\/a> zu vereinbarten Uhrzeiten den Bauernhof aufsuchen, um Gem\u00fcse zu ernten, Eier aus dem H\u00fchnerstall zu entnehmen oder einfach die Tiere zu streicheln.<\/p>\n                <\/div>\n            <\/div>\n        <\/div>\n        <div class=\"image\"><img loading=\"lazy\" decoding=\"async\" width=\"1920\" height=\"1280\" src=\"https:\/\/www.sabbafrisca.com\/wp-content\/uploads\/2023\/08\/villa-capelvere-ginepro-esterni-1920x1280.jpg\" class=\"attachment-large size-large\" alt=\"Ville del Parco Museo\" srcset=\"https:\/\/www.sabbafrisca.com\/wp-content\/uploads\/2023\/08\/villa-capelvere-ginepro-esterni-1920x1280.jpg 1920w, https:\/\/www.sabbafrisca.com\/wp-content\/uploads\/2023\/08\/villa-capelvere-ginepro-esterni-1024x683.jpg 1024w, https:\/\/www.sabbafrisca.com\/wp-content\/uploads\/2023\/08\/villa-capelvere-ginepro-esterni-768x512.jpg 768w, https:\/\/www.sabbafrisca.com\/wp-content\/uploads\/2023\/08\/villa-capelvere-ginepro-esterni-1536x1024.jpg 1536w, https:\/\/www.sabbafrisca.com\/wp-content\/uploads\/2023\/08\/villa-capelvere-ginepro-esterni-2048x1365.jpg 2048w, https:\/\/www.sabbafrisca.com\/wp-content\/uploads\/2023\/08\/villa-capelvere-ginepro-esterni-209x139.jpg 209w, https:\/\/www.sabbafrisca.com\/wp-content\/uploads\/2023\/08\/villa-capelvere-ginepro-esterni-312x208.jpg 312w, https:\/\/www.sabbafrisca.com\/wp-content\/uploads\/2023\/08\/villa-capelvere-ginepro-esterni-416x277.jpg 416w, https:\/\/www.sabbafrisca.com\/wp-content\/uploads\/2023\/08\/villa-capelvere-ginepro-esterni-500x333.jpg 500w, https:\/\/www.sabbafrisca.com\/wp-content\/uploads\/2023\/08\/villa-capelvere-ginepro-esterni-666x444.jpg 666w, https:\/\/www.sabbafrisca.com\/wp-content\/uploads\/2023\/08\/villa-capelvere-ginepro-esterni-833x555.jpg 833w, https:\/\/www.sabbafrisca.com\/wp-content\/uploads\/2023\/08\/villa-capelvere-ginepro-esterni-936x624.jpg 936w, https:\/\/www.sabbafrisca.com\/wp-content\/uploads\/2023\/08\/villa-capelvere-ginepro-esterni-1040x693.jpg 1040w, https:\/\/www.sabbafrisca.com\/wp-content\/uploads\/2023\/08\/villa-capelvere-ginepro-esterni-1248x832.jpg 1248w, https:\/\/www.sabbafrisca.com\/wp-content\/uploads\/2023\/08\/villa-capelvere-ginepro-esterni-417x278.jpg 417w, https:\/\/www.sabbafrisca.com\/wp-content\/uploads\/2023\/08\/villa-capelvere-ginepro-esterni-624x416.jpg 624w, https:\/\/www.sabbafrisca.com\/wp-content\/uploads\/2023\/08\/villa-capelvere-ginepro-esterni-831x554.jpg 831w, https:\/\/www.sabbafrisca.com\/wp-content\/uploads\/2023\/08\/villa-capelvere-ginepro-esterni-999x666.jpg 999w, https:\/\/www.sabbafrisca.com\/wp-content\/uploads\/2023\/08\/villa-capelvere-ginepro-esterni-1332x888.jpg 1332w, https:\/\/www.sabbafrisca.com\/wp-content\/uploads\/2023\/08\/villa-capelvere-ginepro-esterni-1665x1110.jpg 1665w, https:\/\/www.sabbafrisca.com\/wp-content\/uploads\/2023\/08\/villa-capelvere-ginepro-esterni-1872x1248.jpg 1872w\" sizes=\"auto, (max-width: 1920px) 100vw, 1920px\" \/><\/div>\n    <\/div>\n    <\/section>\n\n\n\n<figure class=\"wp-block-image alignfull size-large home_map\"><img loading=\"lazy\" decoding=\"async\" width=\"1920\" height=\"855\" src=\"https:\/\/www.sabbafrisca.com\/wp-content\/uploads\/2019\/11\/home_mappa-1920x855.jpg\" alt=\"\" class=\"wp-image-204\" srcset=\"https:\/\/www.sabbafrisca.com\/wp-content\/uploads\/2019\/11\/home_mappa-1920x855.jpg 1920w, https:\/\/www.sabbafrisca.com\/wp-content\/uploads\/2019\/11\/home_mappa-1024x456.jpg 1024w, https:\/\/www.sabbafrisca.com\/wp-content\/uploads\/2019\/11\/home_mappa-768x342.jpg 768w, https:\/\/www.sabbafrisca.com\/wp-content\/uploads\/2019\/11\/home_mappa-312x139.jpg 312w, https:\/\/www.sabbafrisca.com\/wp-content\/uploads\/2019\/11\/home_mappa-467x208.jpg 467w, https:\/\/www.sabbafrisca.com\/wp-content\/uploads\/2019\/11\/home_mappa-622x277.jpg 622w, https:\/\/www.sabbafrisca.com\/wp-content\/uploads\/2019\/11\/home_mappa-748x333.jpg 748w, https:\/\/www.sabbafrisca.com\/wp-content\/uploads\/2019\/11\/home_mappa-997x444.jpg 997w, https:\/\/www.sabbafrisca.com\/wp-content\/uploads\/2019\/11\/home_mappa-1246x555.jpg 1246w, https:\/\/www.sabbafrisca.com\/wp-content\/uploads\/2019\/11\/home_mappa-1401x624.jpg 1401w, https:\/\/www.sabbafrisca.com\/wp-content\/uploads\/2019\/11\/home_mappa-1556x693.jpg 1556w, https:\/\/www.sabbafrisca.com\/wp-content\/uploads\/2019\/11\/home_mappa-1868x832.jpg 1868w, https:\/\/www.sabbafrisca.com\/wp-content\/uploads\/2019\/11\/home_mappa-624x278.jpg 624w, https:\/\/www.sabbafrisca.com\/wp-content\/uploads\/2019\/11\/home_mappa-934x416.jpg 934w, https:\/\/www.sabbafrisca.com\/wp-content\/uploads\/2019\/11\/home_mappa-1244x554.jpg 1244w, https:\/\/www.sabbafrisca.com\/wp-content\/uploads\/2019\/11\/home_mappa-1496x666.jpg 1496w, https:\/\/www.sabbafrisca.com\/wp-content\/uploads\/2019\/11\/home_mappa-1994x888.jpg 1994w\" sizes=\"auto, (max-width: 1920px) 100vw, 1920px\" \/><\/figure>\n\n\n\n<figure class=\"wp-block-image alignfull size-large home_map_mobile\"><img loading=\"lazy\" decoding=\"async\" width=\"1920\" height=\"1440\" src=\"https:\/\/www.sabbafrisca.com\/wp-content\/uploads\/2020\/03\/home_mappa_mobile-1920x1440.jpg\" alt=\"\" class=\"wp-image-821\" srcset=\"https:\/\/www.sabbafrisca.com\/wp-content\/uploads\/2020\/03\/home_mappa_mobile-1920x1440.jpg 1920w, https:\/\/www.sabbafrisca.com\/wp-content\/uploads\/2020\/03\/home_mappa_mobile-1024x768.jpg 1024w, https:\/\/www.sabbafrisca.com\/wp-content\/uploads\/2020\/03\/home_mappa_mobile-768x576.jpg 768w, https:\/\/www.sabbafrisca.com\/wp-content\/uploads\/2020\/03\/home_mappa_mobile-1536x1152.jpg 1536w, https:\/\/www.sabbafrisca.com\/wp-content\/uploads\/2020\/03\/home_mappa_mobile-2048x1536.jpg 2048w, https:\/\/www.sabbafrisca.com\/wp-content\/uploads\/2020\/03\/home_mappa_mobile-185x139.jpg 185w, https:\/\/www.sabbafrisca.com\/wp-content\/uploads\/2020\/03\/home_mappa_mobile-277x208.jpg 277w, https:\/\/www.sabbafrisca.com\/wp-content\/uploads\/2020\/03\/home_mappa_mobile-369x277.jpg 369w, https:\/\/www.sabbafrisca.com\/wp-content\/uploads\/2020\/03\/home_mappa_mobile-444x333.jpg 444w, https:\/\/www.sabbafrisca.com\/wp-content\/uploads\/2020\/03\/home_mappa_mobile-592x444.jpg 592w, https:\/\/www.sabbafrisca.com\/wp-content\/uploads\/2020\/03\/home_mappa_mobile-740x555.jpg 740w, https:\/\/www.sabbafrisca.com\/wp-content\/uploads\/2020\/03\/home_mappa_mobile-832x624.jpg 832w, https:\/\/www.sabbafrisca.com\/wp-content\/uploads\/2020\/03\/home_mappa_mobile-924x693.jpg 924w, https:\/\/www.sabbafrisca.com\/wp-content\/uploads\/2020\/03\/home_mappa_mobile-1109x832.jpg 1109w, https:\/\/www.sabbafrisca.com\/wp-content\/uploads\/2020\/03\/home_mappa_mobile-371x278.jpg 371w, https:\/\/www.sabbafrisca.com\/wp-content\/uploads\/2020\/03\/home_mappa_mobile-555x416.jpg 555w, https:\/\/www.sabbafrisca.com\/wp-content\/uploads\/2020\/03\/home_mappa_mobile-739x554.jpg 739w, https:\/\/www.sabbafrisca.com\/wp-content\/uploads\/2020\/03\/home_mappa_mobile-888x666.jpg 888w, https:\/\/www.sabbafrisca.com\/wp-content\/uploads\/2020\/03\/home_mappa_mobile-1184x888.jpg 1184w, https:\/\/www.sabbafrisca.com\/wp-content\/uploads\/2020\/03\/home_mappa_mobile-1480x1110.jpg 1480w, https:\/\/www.sabbafrisca.com\/wp-content\/uploads\/2020\/03\/home_mappa_mobile-1664x1248.jpg 1664w, https:\/\/www.sabbafrisca.com\/wp-content\/uploads\/2020\/03\/home_mappa_mobile-1848x1386.jpg 1848w\" sizes=\"auto, (max-width: 1920px) 100vw, 1920px\" \/><\/figure>\n\n\n\n<div class=\"wp-block-button home_map_button\"><a class=\"wp-block-button__link has-background wp-element-button\" href=\"https:\/\/www.sabbafrisca.com\/territorio\/dorgali\/\" style=\"background-color:#65baaf\"><strong>Entdecken Sie das Gebiet<\/strong><\/a><\/div>\n\n\n\n<p class=\"home_map_paragraph\">Wir befinden uns in der Provinz Nuoro im Gebiet von Dorgali, 5 km von Wohngebiet und 4 km von Cala Gonone, die Grotte Ispinigoli und dem Strand von Cala Cartoe entfernt.<\/p>\n\n\n\n<div class=\"wp-block-button home_map_link\"><a class=\"wp-block-button__link has-text-color has-background wp-element-button\" href=\"https:\/\/www.sabbafrisca.com\/informazioni\/#raggiungi\" style=\"color:#65baaf;background-color:#ffffff\">Anreise<\/a><\/div>\n\n\n\n<p><\/p>\n","protected":false},"excerpt":{"rendered":"<p>Wir befinden uns in der Provinz Nuoro im Gebiet von Dorgali, 5 km von Wohngebiet und 4 km von Cala Gonone, die Grotte Ispinigoli und dem Strand von Cala Cartoe&#8230;<\/p>\n","protected":false},"author":1,"featured_media":1335,"parent":0,"menu_order":0,"comment_status":"closed","ping_status":"closed","template":"index.php","meta":{"_acf_changed":false,"footnotes":""},"class_list":["post-1333","page","type-page","status-publish","has-post-thumbnail","hentry"],"acf":[],"yoast_head":"<!-- This site is optimized with the Yoast SEO plugin v25.9 - https:\/\/yoast.com\/wordpress\/plugins\/seo\/ -->\n<title>Home Tedesco - S&#039;Abba Frisca Parco Museo<\/title>\n<meta name=\"description\" content=\"Sardiniens Freilichtmuseum - Ein einzigartiges Erlebnis f\u00fcr die ganze Familie, wenn man mehr \u00fcber sardische Traditionen erfahren will.\" \/>\n<meta name=\"robots\" content=\"index, follow, max-snippet:-1, max-image-preview:large, max-video-preview:-1\" \/>\n<link rel=\"canonical\" href=\"https:\/\/www.sabbafrisca.com\/de\/\" \/>\n<meta property=\"og:locale\" content=\"de_DE\" \/>\n<meta property=\"og:type\" content=\"article\" \/>\n<meta property=\"og:title\" content=\"Home Tedesco - S&#039;Abba Frisca Parco Museo\" \/>\n<meta property=\"og:description\" content=\"Sardiniens Freilichtmuseum - Ein einzigartiges Erlebnis f\u00fcr die ganze Familie, wenn man mehr \u00fcber sardische Traditionen erfahren will.\" \/>\n<meta property=\"og:url\" content=\"https:\/\/www.sabbafrisca.com\/de\/\" \/>\n<meta property=\"og:site_name\" content=\"S&#039;Abba Frisca Parco Museo\" \/>\n<meta property=\"article:publisher\" content=\"https:\/\/www.facebook.com\/sabbafrisca\" \/>\n<meta property=\"article:modified_time\" content=\"2023-08-07T10:22:58+00:00\" \/>\n<meta property=\"og:image\" content=\"https:\/\/www.sabbafrisca.com\/wp-content\/uploads\/2020\/02\/abba_frisca_vista_aerea-scaled.jpg\" \/>\n\t<meta property=\"og:image:width\" content=\"2560\" \/>\n\t<meta property=\"og:image:height\" content=\"1440\" \/>\n\t<meta property=\"og:image:type\" content=\"image\/jpeg\" \/>\n<meta name=\"twitter:card\" content=\"summary_large_image\" \/>\n<meta name=\"twitter:site\" content=\"@sabbafrisca\" \/>\n<meta name=\"twitter:label1\" content=\"Gesch\u00e4tzte Lesezeit\" \/>\n\t<meta name=\"twitter:data1\" content=\"1\u00a0Minute\" \/>\n<script type=\"application\/ld+json\" class=\"yoast-schema-graph\">{\"@context\":\"https:\/\/schema.org\",\"@graph\":[{\"@type\":\"WebPage\",\"@id\":\"https:\/\/www.sabbafrisca.com\/de\/\",\"url\":\"https:\/\/www.sabbafrisca.com\/de\/\",\"name\":\"Home Tedesco - S&#039;Abba Frisca Parco Museo\",\"isPartOf\":{\"@id\":\"https:\/\/www.sabbafrisca.com\/de\/#website\"},\"primaryImageOfPage\":{\"@id\":\"https:\/\/www.sabbafrisca.com\/de\/#primaryimage\"},\"image\":{\"@id\":\"https:\/\/www.sabbafrisca.com\/de\/#primaryimage\"},\"thumbnailUrl\":\"https:\/\/www.sabbafrisca.com\/wp-content\/uploads\/2020\/02\/abba_frisca_vista_aerea-scaled.jpg\",\"datePublished\":\"2019-11-05T10:04:21+00:00\",\"dateModified\":\"2023-08-07T10:22:58+00:00\",\"description\":\"Sardiniens Freilichtmuseum - Ein einzigartiges Erlebnis f\u00fcr die ganze Familie, wenn man mehr \u00fcber sardische Traditionen erfahren will.\",\"breadcrumb\":{\"@id\":\"https:\/\/www.sabbafrisca.com\/de\/#breadcrumb\"},\"inLanguage\":\"de\",\"potentialAction\":[{\"@type\":\"ReadAction\",\"target\":[\"https:\/\/www.sabbafrisca.com\/de\/\"]}]},{\"@type\":\"ImageObject\",\"inLanguage\":\"de\",\"@id\":\"https:\/\/www.sabbafrisca.com\/de\/#primaryimage\",\"url\":\"https:\/\/www.sabbafrisca.com\/wp-content\/uploads\/2020\/02\/abba_frisca_vista_aerea-scaled.jpg\",\"contentUrl\":\"https:\/\/www.sabbafrisca.com\/wp-content\/uploads\/2020\/02\/abba_frisca_vista_aerea-scaled.jpg\",\"width\":2560,\"height\":1440,\"caption\":\"DCIM100MEDIA\"},{\"@type\":\"BreadcrumbList\",\"@id\":\"https:\/\/www.sabbafrisca.com\/de\/#breadcrumb\",\"itemListElement\":[{\"@type\":\"ListItem\",\"position\":1,\"name\":\"Home\",\"item\":\"https:\/\/www.sabbafrisca.com\/de\/\"},{\"@type\":\"ListItem\",\"position\":2,\"name\":\"Home Tedesco\"}]},{\"@type\":\"WebSite\",\"@id\":\"https:\/\/www.sabbafrisca.com\/de\/#website\",\"url\":\"https:\/\/www.sabbafrisca.com\/de\/\",\"name\":\"S&#039;Abba Frisca Parco Museo\",\"description\":\"A Dorgali, il Parco Museo della Sardegna\",\"publisher\":{\"@id\":\"https:\/\/www.sabbafrisca.com\/de\/#organization\"},\"potentialAction\":[{\"@type\":\"SearchAction\",\"target\":{\"@type\":\"EntryPoint\",\"urlTemplate\":\"https:\/\/www.sabbafrisca.com\/de\/?s={search_term_string}\"},\"query-input\":{\"@type\":\"PropertyValueSpecification\",\"valueRequired\":true,\"valueName\":\"search_term_string\"}}],\"inLanguage\":\"de\"},{\"@type\":\"Organization\",\"@id\":\"https:\/\/www.sabbafrisca.com\/de\/#organization\",\"name\":\"Parco Museo S'Abba Frisca\",\"url\":\"https:\/\/www.sabbafrisca.com\/de\/\",\"logo\":{\"@type\":\"ImageObject\",\"inLanguage\":\"de\",\"@id\":\"https:\/\/www.sabbafrisca.com\/de\/#\/schema\/logo\/image\/\",\"url\":\"https:\/\/www.sabbafrisca.com\/wp-content\/uploads\/2022\/01\/Marchio-a-colori.png\",\"contentUrl\":\"https:\/\/www.sabbafrisca.com\/wp-content\/uploads\/2022\/01\/Marchio-a-colori.png\",\"width\":1500,\"height\":1572,\"caption\":\"Parco Museo S'Abba Frisca\"},\"image\":{\"@id\":\"https:\/\/www.sabbafrisca.com\/de\/#\/schema\/logo\/image\/\"},\"sameAs\":[\"https:\/\/www.facebook.com\/sabbafrisca\",\"https:\/\/x.com\/sabbafrisca\",\"https:\/\/www.instagram.com\/sabbafrisca\/\",\"https:\/\/twitter.com\/sabbafrisca\"]}]}<\/script>\n<!-- \/ Yoast SEO plugin. -->","yoast_head_json":{"title":"Home Tedesco - S&#039;Abba Frisca Parco Museo","description":"Sardiniens Freilichtmuseum - Ein einzigartiges Erlebnis f\u00fcr die ganze Familie, wenn man mehr \u00fcber sardische Traditionen erfahren will.","robots":{"index":"index","follow":"follow","max-snippet":"max-snippet:-1","max-image-preview":"max-image-preview:large","max-video-preview":"max-video-preview:-1"},"canonical":"https:\/\/www.sabbafrisca.com\/de\/","og_locale":"de_DE","og_type":"article","og_title":"Home Tedesco - S&#039;Abba Frisca Parco Museo","og_description":"Sardiniens Freilichtmuseum - Ein einzigartiges Erlebnis f\u00fcr die ganze Familie, wenn man mehr \u00fcber sardische Traditionen erfahren will.","og_url":"https:\/\/www.sabbafrisca.com\/de\/","og_site_name":"S&#039;Abba Frisca Parco Museo","article_publisher":"https:\/\/www.facebook.com\/sabbafrisca","article_modified_time":"2023-08-07T10:22:58+00:00","og_image":[{"width":2560,"height":1440,"url":"https:\/\/www.sabbafrisca.com\/wp-content\/uploads\/2020\/02\/abba_frisca_vista_aerea-scaled.jpg","type":"image\/jpeg"}],"twitter_card":"summary_large_image","twitter_site":"@sabbafrisca","twitter_misc":{"Gesch\u00e4tzte Lesezeit":"1\u00a0Minute"},"schema":{"@context":"https:\/\/schema.org","@graph":[{"@type":"WebPage","@id":"https:\/\/www.sabbafrisca.com\/de\/","url":"https:\/\/www.sabbafrisca.com\/de\/","name":"Home Tedesco - S&#039;Abba Frisca Parco Museo","isPartOf":{"@id":"https:\/\/www.sabbafrisca.com\/de\/#website"},"primaryImageOfPage":{"@id":"https:\/\/www.sabbafrisca.com\/de\/#primaryimage"},"image":{"@id":"https:\/\/www.sabbafrisca.com\/de\/#primaryimage"},"thumbnailUrl":"https:\/\/www.sabbafrisca.com\/wp-content\/uploads\/2020\/02\/abba_frisca_vista_aerea-scaled.jpg","datePublished":"2019-11-05T10:04:21+00:00","dateModified":"2023-08-07T10:22:58+00:00","description":"Sardiniens Freilichtmuseum - Ein einzigartiges Erlebnis f\u00fcr die ganze Familie, wenn man mehr \u00fcber sardische Traditionen erfahren will.","breadcrumb":{"@id":"https:\/\/www.sabbafrisca.com\/de\/#breadcrumb"},"inLanguage":"de","potentialAction":[{"@type":"ReadAction","target":["https:\/\/www.sabbafrisca.com\/de\/"]}]},{"@type":"ImageObject","inLanguage":"de","@id":"https:\/\/www.sabbafrisca.com\/de\/#primaryimage","url":"https:\/\/www.sabbafrisca.com\/wp-content\/uploads\/2020\/02\/abba_frisca_vista_aerea-scaled.jpg","contentUrl":"https:\/\/www.sabbafrisca.com\/wp-content\/uploads\/2020\/02\/abba_frisca_vista_aerea-scaled.jpg","width":2560,"height":1440,"caption":"DCIM100MEDIA"},{"@type":"BreadcrumbList","@id":"https:\/\/www.sabbafrisca.com\/de\/#breadcrumb","itemListElement":[{"@type":"ListItem","position":1,"name":"Home","item":"https:\/\/www.sabbafrisca.com\/de\/"},{"@type":"ListItem","position":2,"name":"Home Tedesco"}]},{"@type":"WebSite","@id":"https:\/\/www.sabbafrisca.com\/de\/#website","url":"https:\/\/www.sabbafrisca.com\/de\/","name":"S&#039;Abba Frisca Parco Museo","description":"A Dorgali, il Parco Museo della Sardegna","publisher":{"@id":"https:\/\/www.sabbafrisca.com\/de\/#organization"},"potentialAction":[{"@type":"SearchAction","target":{"@type":"EntryPoint","urlTemplate":"https:\/\/www.sabbafrisca.com\/de\/?s={search_term_string}"},"query-input":{"@type":"PropertyValueSpecification","valueRequired":true,"valueName":"search_term_string"}}],"inLanguage":"de"},{"@type":"Organization","@id":"https:\/\/www.sabbafrisca.com\/de\/#organization","name":"Parco Museo S'Abba Frisca","url":"https:\/\/www.sabbafrisca.com\/de\/","logo":{"@type":"ImageObject","inLanguage":"de","@id":"https:\/\/www.sabbafrisca.com\/de\/#\/schema\/logo\/image\/","url":"https:\/\/www.sabbafrisca.com\/wp-content\/uploads\/2022\/01\/Marchio-a-colori.png","contentUrl":"https:\/\/www.sabbafrisca.com\/wp-content\/uploads\/2022\/01\/Marchio-a-colori.png","width":1500,"height":1572,"caption":"Parco Museo S'Abba Frisca"},"image":{"@id":"https:\/\/www.sabbafrisca.com\/de\/#\/schema\/logo\/image\/"},"sameAs":["https:\/\/www.facebook.com\/sabbafrisca","https:\/\/x.com\/sabbafrisca","https:\/\/www.instagram.com\/sabbafrisca\/","https:\/\/twitter.com\/sabbafrisca"]}]}},"_links":{"self":[{"href":"https:\/\/www.sabbafrisca.com\/de\/wp-json\/wp\/v2\/pages\/1333","targetHints":{"allow":["GET"]}}],"collection":[{"href":"https:\/\/www.sabbafrisca.com\/de\/wp-json\/wp\/v2\/pages"}],"about":[{"href":"https:\/\/www.sabbafrisca.com\/de\/wp-json\/wp\/v2\/types\/page"}],"author":[{"embeddable":true,"href":"https:\/\/www.sabbafrisca.com\/de\/wp-json\/wp\/v2\/users\/1"}],"replies":[{"embeddable":true,"href":"https:\/\/www.sabbafrisca.com\/de\/wp-json\/wp\/v2\/comments?post=1333"}],"version-history":[{"count":27,"href":"https:\/\/www.sabbafrisca.com\/de\/wp-json\/wp\/v2\/pages\/1333\/revisions"}],"predecessor-version":[{"id":2622,"href":"https:\/\/www.sabbafrisca.com\/de\/wp-json\/wp\/v2\/pages\/1333\/revisions\/2622"}],"wp:featuredmedia":[{"embeddable":true,"href":"https:\/\/www.sabbafrisca.com\/de\/wp-json\/wp\/v2\/media\/1335"}],"wp:attachment":[{"href":"https:\/\/www.sabbafrisca.com\/de\/wp-json\/wp\/v2\/media?parent=1333"}],"curies":[{"name":"wp","href":"https:\/\/api.w.org\/{rel}","templated":true}]}}