{"id":3978,"date":"2025-10-06T13:06:26","date_gmt":"2025-10-06T11:06:26","guid":{"rendered":"https:\/\/www.sabbafrisca.com\/faq\/"},"modified":"2026-02-13T10:40:59","modified_gmt":"2026-02-13T09:40:59","slug":"faq","status":"publish","type":"page","link":"https:\/\/www.sabbafrisca.com\/de\/faq\/","title":{"rendered":"F.A.Q."},"content":{"rendered":"\n<div class=\"wp-block-group boxed-1024\"><div class=\"wp-block-group__inner-container is-layout-constrained wp-block-group-is-layout-constrained\">\n<div style=\"height:36px\" aria-hidden=\"true\" class=\"wp-block-spacer\"><\/div>\n\n\n\n<div class=\"wp-block-group faq-elenco is-nowrap is-layout-flex wp-container-core-group-is-layout-64989fb1 wp-block-group-is-layout-flex\">\n<figure class=\"wp-block-image size-full is-resized\"><img loading=\"lazy\" decoding=\"async\" width=\"179\" height=\"230\" src=\"https:\/\/www.sabbafrisca.com\/wp-content\/uploads\/2025\/11\/faq-fiore.png\" alt=\"\" class=\"wp-image-3913\" style=\"width:36px;height:auto\" srcset=\"https:\/\/www.sabbafrisca.com\/wp-content\/uploads\/2025\/11\/faq-fiore.png 179w, https:\/\/www.sabbafrisca.com\/wp-content\/uploads\/2025\/11\/faq-fiore-108x139.png 108w, https:\/\/www.sabbafrisca.com\/wp-content\/uploads\/2025\/11\/faq-fiore-162x208.png 162w\" sizes=\"auto, (max-width: 179px) 100vw, 179px\" \/><\/figure>\n\n\n\n<p><strong>Ist eine Reservierung f\u00fcr den Besuch des Parkmuseums erforderlich?<\/strong><br>Vom <strong>1. April bis zum 2. November<\/strong> ist keine Reservierung erforderlich. In der \u00fcbrigen Zeit ist eine Terminvereinbarung notwendig.<\/p>\n<\/div>\n\n\n\n<div style=\"height:2em\" aria-hidden=\"true\" class=\"wp-block-spacer\"><\/div>\n\n\n\n<div class=\"wp-block-group faq-elenco is-nowrap is-layout-flex wp-container-core-group-is-layout-64989fb1 wp-block-group-is-layout-flex\">\n<figure class=\"wp-block-image size-full is-resized\"><img loading=\"lazy\" decoding=\"async\" width=\"179\" height=\"230\" src=\"https:\/\/www.sabbafrisca.com\/wp-content\/uploads\/2025\/11\/faq-fiore.png\" alt=\"\" class=\"wp-image-3913\" style=\"width:36px;height:auto\" srcset=\"https:\/\/www.sabbafrisca.com\/wp-content\/uploads\/2025\/11\/faq-fiore.png 179w, https:\/\/www.sabbafrisca.com\/wp-content\/uploads\/2025\/11\/faq-fiore-108x139.png 108w, https:\/\/www.sabbafrisca.com\/wp-content\/uploads\/2025\/11\/faq-fiore-162x208.png 162w\" sizes=\"auto, (max-width: 179px) 100vw, 179px\" \/><\/figure>\n\n\n\n<p><strong>Kann man S\u2019Abba Frisca selbstst\u00e4ndig besichtigen?<\/strong><br>Der erste Teil des Besuchs erfolgt mit einer <strong>F\u00fchrung<\/strong>, die die Geschichte des Museums erkl\u00e4rt und die R\u00e4ume eines traditionellen Bauernhofs zeigt. Der zweite Teil, der dem <strong>Park und den Tieren<\/strong> gewidmet ist, kann <strong>selbstst\u00e4ndig<\/strong> besucht werden.<\/p>\n<\/div>\n\n\n\n<div style=\"height:2em\" aria-hidden=\"true\" class=\"wp-block-spacer\"><\/div>\n\n\n\n<div class=\"wp-block-group faq-elenco is-nowrap is-layout-flex wp-container-core-group-is-layout-64989fb1 wp-block-group-is-layout-flex\">\n<figure class=\"wp-block-image size-full is-resized\"><img loading=\"lazy\" decoding=\"async\" width=\"179\" height=\"230\" src=\"https:\/\/www.sabbafrisca.com\/wp-content\/uploads\/2025\/11\/faq-fiore.png\" alt=\"\" class=\"wp-image-3913\" style=\"width:36px;height:auto\" srcset=\"https:\/\/www.sabbafrisca.com\/wp-content\/uploads\/2025\/11\/faq-fiore.png 179w, https:\/\/www.sabbafrisca.com\/wp-content\/uploads\/2025\/11\/faq-fiore-108x139.png 108w, https:\/\/www.sabbafrisca.com\/wp-content\/uploads\/2025\/11\/faq-fiore-162x208.png 162w\" sizes=\"auto, (max-width: 179px) 100vw, 179px\" \/><\/figure>\n\n\n\n<p><strong>Wie lange dauert der Besuch?<\/strong><br>Die F\u00fchrung dauert etwa <strong>45\u201350 Minuten<\/strong>, der selbstst\u00e4ndige Teil etwa <strong>20\u201330 Minuten<\/strong>.<\/p>\n<\/div>\n\n\n\n<div style=\"height:2em\" aria-hidden=\"true\" class=\"wp-block-spacer\"><\/div>\n\n\n\n<div class=\"wp-block-group faq-elenco is-nowrap is-layout-flex wp-container-core-group-is-layout-64989fb1 wp-block-group-is-layout-flex\">\n<figure class=\"wp-block-image size-full is-resized\"><img loading=\"lazy\" decoding=\"async\" width=\"179\" height=\"230\" src=\"https:\/\/www.sabbafrisca.com\/wp-content\/uploads\/2025\/11\/faq-fiore.png\" alt=\"\" class=\"wp-image-3913\" style=\"width:36px;height:auto\" srcset=\"https:\/\/www.sabbafrisca.com\/wp-content\/uploads\/2025\/11\/faq-fiore.png 179w, https:\/\/www.sabbafrisca.com\/wp-content\/uploads\/2025\/11\/faq-fiore-108x139.png 108w, https:\/\/www.sabbafrisca.com\/wp-content\/uploads\/2025\/11\/faq-fiore-162x208.png 162w\" sizes=\"auto, (max-width: 179px) 100vw, 179px\" \/><\/figure>\n\n\n\n<p><strong>Wie k\u00f6nnen Tickets gekauft werden?<\/strong><br>Tickets k\u00f6nnen <strong>direkt vor Ort<\/strong> gekauft werden. Alle Zahlungsarten werden akzeptiert.<\/p>\n<\/div>\n\n\n\n<div style=\"height:2em\" aria-hidden=\"true\" class=\"wp-block-spacer\"><\/div>\n\n\n\n<div class=\"wp-block-group faq-elenco is-nowrap is-layout-flex wp-container-core-group-is-layout-64989fb1 wp-block-group-is-layout-flex\">\n<figure class=\"wp-block-image size-full is-resized\"><img loading=\"lazy\" decoding=\"async\" width=\"179\" height=\"230\" src=\"https:\/\/www.sabbafrisca.com\/wp-content\/uploads\/2025\/11\/faq-fiore.png\" alt=\"\" class=\"wp-image-3913\" style=\"width:36px;height:auto\" srcset=\"https:\/\/www.sabbafrisca.com\/wp-content\/uploads\/2025\/11\/faq-fiore.png 179w, https:\/\/www.sabbafrisca.com\/wp-content\/uploads\/2025\/11\/faq-fiore-108x139.png 108w, https:\/\/www.sabbafrisca.com\/wp-content\/uploads\/2025\/11\/faq-fiore-162x208.png 162w\" sizes=\"auto, (max-width: 179px) 100vw, 179px\" \/><\/figure>\n\n\n\n<p><strong>Kann ich das Parkmuseum mit meinem Hund besuchen?<\/strong><br>Hunde sind im Park <strong>an der Leine<\/strong> willkommen. In den Innenr\u00e4umen des Museums sind nur <strong>kleine Hunde<\/strong> erlaubt, wenn sie auf dem Arm getragen werden; gr\u00f6\u00dfere Hunde m\u00fcssen drau\u00dfen bleiben.<\/p>\n<\/div>\n\n\n\n<div style=\"height:2em\" aria-hidden=\"true\" class=\"wp-block-spacer\"><\/div>\n\n\n\n<div class=\"wp-block-group faq-elenco is-nowrap is-layout-flex wp-container-core-group-is-layout-64989fb1 wp-block-group-is-layout-flex\">\n<figure class=\"wp-block-image size-full is-resized\"><img loading=\"lazy\" decoding=\"async\" width=\"179\" height=\"230\" src=\"https:\/\/www.sabbafrisca.com\/wp-content\/uploads\/2025\/11\/faq-fiore.png\" alt=\"\" class=\"wp-image-3913\" style=\"width:36px;height:auto\" srcset=\"https:\/\/www.sabbafrisca.com\/wp-content\/uploads\/2025\/11\/faq-fiore.png 179w, https:\/\/www.sabbafrisca.com\/wp-content\/uploads\/2025\/11\/faq-fiore-108x139.png 108w, https:\/\/www.sabbafrisca.com\/wp-content\/uploads\/2025\/11\/faq-fiore-162x208.png 162w\" sizes=\"auto, (max-width: 179px) 100vw, 179px\" \/><\/figure>\n\n\n\n<p><strong>Gibt es einen Gastronomiebereich im Park?<\/strong><br>Im Park gibt es eine <strong>Snack-Bar<\/strong> mit lokalen Wurst- und K\u00e4seplatten, <em>casadinas<\/em>, kleinen Pizzen, Getr\u00e4nken und Eis. Der Bereich ist <strong>auch ohne Eintrittskarte zug\u00e4nglich<\/strong>.<\/p>\n<\/div>\n\n\n\n<div style=\"height:2em\" aria-hidden=\"true\" class=\"wp-block-spacer\"><\/div>\n\n\n\n<div class=\"wp-block-group faq-elenco is-nowrap is-layout-flex wp-container-core-group-is-layout-64989fb1 wp-block-group-is-layout-flex\">\n<figure class=\"wp-block-image size-full is-resized\"><img loading=\"lazy\" decoding=\"async\" width=\"179\" height=\"230\" src=\"https:\/\/www.sabbafrisca.com\/wp-content\/uploads\/2025\/11\/faq-fiore.png\" alt=\"\" class=\"wp-image-3913\" style=\"width:36px;height:auto\" srcset=\"https:\/\/www.sabbafrisca.com\/wp-content\/uploads\/2025\/11\/faq-fiore.png 179w, https:\/\/www.sabbafrisca.com\/wp-content\/uploads\/2025\/11\/faq-fiore-108x139.png 108w, https:\/\/www.sabbafrisca.com\/wp-content\/uploads\/2025\/11\/faq-fiore-162x208.png 162w\" sizes=\"auto, (max-width: 179px) 100vw, 179px\" \/><\/figure>\n\n\n\n<p><strong>Gibt es einen Shop?<\/strong><br>Der Shop befindet sich in der N\u00e4he der Kasse und bietet Museumsartikel und lokales Kunsthandwerk. Er ist <strong>auch ohne Eintrittskarte zug\u00e4nglich<\/strong>.<\/p>\n<\/div>\n\n\n\n<div style=\"height:2em\" aria-hidden=\"true\" class=\"wp-block-spacer\"><\/div>\n\n\n\n<div class=\"wp-block-group faq-elenco is-nowrap is-layout-flex wp-container-core-group-is-layout-64989fb1 wp-block-group-is-layout-flex\">\n<figure class=\"wp-block-image size-full is-resized\"><img loading=\"lazy\" decoding=\"async\" width=\"179\" height=\"230\" src=\"https:\/\/www.sabbafrisca.com\/wp-content\/uploads\/2025\/11\/faq-fiore.png\" alt=\"\" class=\"wp-image-3913\" style=\"width:36px;height:auto\" srcset=\"https:\/\/www.sabbafrisca.com\/wp-content\/uploads\/2025\/11\/faq-fiore.png 179w, https:\/\/www.sabbafrisca.com\/wp-content\/uploads\/2025\/11\/faq-fiore-108x139.png 108w, https:\/\/www.sabbafrisca.com\/wp-content\/uploads\/2025\/11\/faq-fiore-162x208.png 162w\" sizes=\"auto, (max-width: 179px) 100vw, 179px\" \/><\/figure>\n\n\n\n<p><strong>Ist das Parkmuseum mit Bus oder Wohnmobil erreichbar?<\/strong><br>Das Parkmuseum ist mit Bus oder Wohnmobil <strong>ausschlie\u00dflich \u00fcber die SS 125<\/strong> erreichbar, Ausfahrt Parkmuseum und <strong>Grotte di Ispinigoli<\/strong> bei km <strong>209.400<\/strong>.<\/p>\n<\/div>\n\n\n\n<div style=\"height:2em\" aria-hidden=\"true\" class=\"wp-block-spacer\"><\/div>\n\n\n\n<div class=\"wp-block-group faq-elenco is-nowrap is-layout-flex wp-container-core-group-is-layout-64989fb1 wp-block-group-is-layout-flex\">\n<figure class=\"wp-block-image size-full is-resized\"><img loading=\"lazy\" decoding=\"async\" width=\"179\" height=\"230\" src=\"https:\/\/www.sabbafrisca.com\/wp-content\/uploads\/2025\/11\/faq-fiore.png\" alt=\"\" class=\"wp-image-3913\" style=\"width:36px;height:auto\" srcset=\"https:\/\/www.sabbafrisca.com\/wp-content\/uploads\/2025\/11\/faq-fiore.png 179w, https:\/\/www.sabbafrisca.com\/wp-content\/uploads\/2025\/11\/faq-fiore-108x139.png 108w, https:\/\/www.sabbafrisca.com\/wp-content\/uploads\/2025\/11\/faq-fiore-162x208.png 162w\" sizes=\"auto, (max-width: 179px) 100vw, 179px\" \/><\/figure>\n\n\n\n<p><strong>Sind Fotos und Videos im Museum erlaubt?<\/strong><br>Ja, Fotos und Videos sind erlaubt. Die Nutzung ist gestattet, au\u00dfer f\u00fcr <strong>professionelle Zwecke<\/strong>, f\u00fcr die eine Genehmigung erforderlich ist.<\/p>\n<\/div>\n\n\n\n<div style=\"height:2em\" aria-hidden=\"true\" class=\"wp-block-spacer\"><\/div>\n\n\n\n<div class=\"wp-block-group faq-elenco is-nowrap is-layout-flex wp-container-core-group-is-layout-64989fb1 wp-block-group-is-layout-flex\">\n<figure class=\"wp-block-image size-full is-resized\"><img loading=\"lazy\" decoding=\"async\" width=\"179\" height=\"230\" src=\"https:\/\/www.sabbafrisca.com\/wp-content\/uploads\/2025\/11\/faq-fiore.png\" alt=\"\" class=\"wp-image-3913\" style=\"width:36px;height:auto\" srcset=\"https:\/\/www.sabbafrisca.com\/wp-content\/uploads\/2025\/11\/faq-fiore.png 179w, https:\/\/www.sabbafrisca.com\/wp-content\/uploads\/2025\/11\/faq-fiore-108x139.png 108w, https:\/\/www.sabbafrisca.com\/wp-content\/uploads\/2025\/11\/faq-fiore-162x208.png 162w\" sizes=\"auto, (max-width: 179px) 100vw, 179px\" \/><\/figure>\n\n\n\n<p><strong>Wie weit ist das Parkmuseum von Dorgali entfernt?<\/strong><br>Das Parkmuseum S\u2019Abba Frisca liegt <strong>5 km<\/strong> von Dorgali entfernt.<\/p>\n<\/div>\n\n\n\n<div style=\"height:2em\" aria-hidden=\"true\" class=\"wp-block-spacer\"><\/div>\n\n\n\n<div class=\"wp-block-group faq-elenco is-nowrap is-layout-flex wp-container-core-group-is-layout-64989fb1 wp-block-group-is-layout-flex\">\n<figure class=\"wp-block-image size-full is-resized\"><img loading=\"lazy\" decoding=\"async\" width=\"179\" height=\"230\" src=\"https:\/\/www.sabbafrisca.com\/wp-content\/uploads\/2025\/11\/faq-fiore.png\" alt=\"\" class=\"wp-image-3913\" style=\"width:36px;height:auto\" srcset=\"https:\/\/www.sabbafrisca.com\/wp-content\/uploads\/2025\/11\/faq-fiore.png 179w, https:\/\/www.sabbafrisca.com\/wp-content\/uploads\/2025\/11\/faq-fiore-108x139.png 108w, https:\/\/www.sabbafrisca.com\/wp-content\/uploads\/2025\/11\/faq-fiore-162x208.png 162w\" sizes=\"auto, (max-width: 179px) 100vw, 179px\" \/><\/figure>\n\n\n\n<p><strong>Wie weit ist das Parkmuseum von Cala Gonone entfernt?<\/strong><br>Das Parkmuseum S\u2019Abba Frisca liegt <strong>4,5 km<\/strong> von Cala Gonone entfernt.<\/p>\n<\/div>\n\n\n\n<div style=\"height:2em\" aria-hidden=\"true\" class=\"wp-block-spacer\"><\/div>\n\n\n\n<div class=\"wp-block-group faq-elenco is-nowrap is-layout-flex wp-container-core-group-is-layout-64989fb1 wp-block-group-is-layout-flex\">\n<figure class=\"wp-block-image size-full is-resized\"><img loading=\"lazy\" decoding=\"async\" width=\"179\" height=\"230\" src=\"https:\/\/www.sabbafrisca.com\/wp-content\/uploads\/2025\/11\/faq-fiore.png\" alt=\"\" class=\"wp-image-3913\" style=\"width:36px;height:auto\" srcset=\"https:\/\/www.sabbafrisca.com\/wp-content\/uploads\/2025\/11\/faq-fiore.png 179w, https:\/\/www.sabbafrisca.com\/wp-content\/uploads\/2025\/11\/faq-fiore-108x139.png 108w, https:\/\/www.sabbafrisca.com\/wp-content\/uploads\/2025\/11\/faq-fiore-162x208.png 162w\" sizes=\"auto, (max-width: 179px) 100vw, 179px\" \/><\/figure>\n\n\n\n<p><strong>Wie weit ist das Parkmuseum von Orosei entfernt?<\/strong><br>Das Parkmuseum S\u2019Abba Frisca liegt <strong>19 km<\/strong> von Orosei entfernt.<\/p>\n<\/div>\n\n\n\n<div style=\"height:2em\" aria-hidden=\"true\" class=\"wp-block-spacer\"><\/div>\n\n\n\n<div class=\"wp-block-group faq-elenco is-nowrap is-layout-flex wp-container-core-group-is-layout-64989fb1 wp-block-group-is-layout-flex\">\n<figure class=\"wp-block-image size-full is-resized\"><img loading=\"lazy\" decoding=\"async\" width=\"179\" height=\"230\" src=\"https:\/\/www.sabbafrisca.com\/wp-content\/uploads\/2025\/11\/faq-fiore.png\" alt=\"\" class=\"wp-image-3913\" style=\"width:36px;height:auto\" srcset=\"https:\/\/www.sabbafrisca.com\/wp-content\/uploads\/2025\/11\/faq-fiore.png 179w, https:\/\/www.sabbafrisca.com\/wp-content\/uploads\/2025\/11\/faq-fiore-108x139.png 108w, https:\/\/www.sabbafrisca.com\/wp-content\/uploads\/2025\/11\/faq-fiore-162x208.png 162w\" sizes=\"auto, (max-width: 179px) 100vw, 179px\" \/><\/figure>\n\n\n\n<p><strong>Ist ein Besuch an windigen Tagen empfehlenswert?<\/strong><br>Das Parkmuseum liegt in einem <strong>gut gesch\u00fctzten Tal<\/strong>. Wenn an der K\u00fcste starker Wind weht, werden die B\u00f6en im Park durch die umliegenden Berge abgeschw\u00e4cht. Es ist eine der <strong>besten Aktivit\u00e4ten in Sardinien bei Wind<\/strong>.<\/p>\n<\/div>\n\n\n\n<div style=\"height:2em\" aria-hidden=\"true\" class=\"wp-block-spacer\"><\/div>\n\n\n\n<div class=\"wp-block-group faq-elenco is-nowrap is-layout-flex wp-container-core-group-is-layout-64989fb1 wp-block-group-is-layout-flex\">\n<figure class=\"wp-block-image size-full is-resized\"><img loading=\"lazy\" decoding=\"async\" width=\"179\" height=\"230\" src=\"https:\/\/www.sabbafrisca.com\/wp-content\/uploads\/2025\/11\/faq-fiore.png\" alt=\"\" class=\"wp-image-3913\" style=\"width:36px;height:auto\" srcset=\"https:\/\/www.sabbafrisca.com\/wp-content\/uploads\/2025\/11\/faq-fiore.png 179w, https:\/\/www.sabbafrisca.com\/wp-content\/uploads\/2025\/11\/faq-fiore-108x139.png 108w, https:\/\/www.sabbafrisca.com\/wp-content\/uploads\/2025\/11\/faq-fiore-162x208.png 162w\" sizes=\"auto, (max-width: 179px) 100vw, 179px\" \/><\/figure>\n\n\n\n<p><strong>Ist ein Besuch an Regentagen empfehlenswert?<\/strong><br>Der Rundgang kombiniert <strong>Innen- und Au\u00dfenbereiche<\/strong>. Das Parkmuseum ist daher eine gute Aktivit\u00e4t in Sardinien bei Regen. Mit einem Regenschirm kann der Besuch problemlos durchgef\u00fchrt werden.<\/p>\n<\/div>\n\n\n\n<div style=\"height:2em\" aria-hidden=\"true\" class=\"wp-block-spacer\"><\/div>\n\n\n\n<div class=\"wp-block-group faq-elenco is-nowrap is-layout-flex wp-container-core-group-is-layout-64989fb1 wp-block-group-is-layout-flex\">\n<figure class=\"wp-block-image size-full is-resized\"><img loading=\"lazy\" decoding=\"async\" width=\"179\" height=\"230\" src=\"https:\/\/www.sabbafrisca.com\/wp-content\/uploads\/2025\/11\/faq-fiore.png\" alt=\"\" class=\"wp-image-3913\" style=\"width:36px;height:auto\" srcset=\"https:\/\/www.sabbafrisca.com\/wp-content\/uploads\/2025\/11\/faq-fiore.png 179w, https:\/\/www.sabbafrisca.com\/wp-content\/uploads\/2025\/11\/faq-fiore-108x139.png 108w, https:\/\/www.sabbafrisca.com\/wp-content\/uploads\/2025\/11\/faq-fiore-162x208.png 162w\" sizes=\"auto, (max-width: 179px) 100vw, 179px\" \/><\/figure>\n\n\n\n<p><strong>Wie viel kostet das Eintrittsticket?<\/strong><br>Der Eintrittspreis betr\u00e4gt <strong>14,00 \u20ac f\u00fcr Erwachsene<\/strong> und <strong>7,00 \u20ac f\u00fcr Kinder<\/strong>.<\/p>\n<\/div>\n\n\n\n<div style=\"height:2em\" aria-hidden=\"true\" class=\"wp-block-spacer\"><\/div>\n<\/div><\/div>\n\n\n\n<div class=\"wp-block-columns is-layout-flex wp-container-core-columns-is-layout-9d6595d7 wp-block-columns-is-layout-flex\">\n<div class=\"wp-block-column has-small-font-size is-layout-flow wp-block-column-is-layout-flow\" style=\"flex-basis:66%\">\n<p>Sezione cofinanziata con:<br>INCENTIVO Decreto Direttoriale n. 385 del 19\/10\/2022<br>PROT. PROGETTO TOCC0002372<br>PNRR \u2013 Next Generation EU<br>COR 15910959<br>CUP C77J23000830008<\/p>\n<\/div>\n<\/div>\n\n\n\n<figure class=\"wp-block-image size-full\"><img loading=\"lazy\" decoding=\"async\" width=\"985\" height=\"60\" src=\"https:\/\/www.sabbafrisca.com\/wp-content\/uploads\/2026\/02\/Loghi-CULTURA_CRESCE-3.png\" alt=\"\" class=\"wp-image-4080\" srcset=\"https:\/\/www.sabbafrisca.com\/wp-content\/uploads\/2026\/02\/Loghi-CULTURA_CRESCE-3.png 985w, https:\/\/www.sabbafrisca.com\/wp-content\/uploads\/2026\/02\/Loghi-CULTURA_CRESCE-3-768x47.png 768w, https:\/\/www.sabbafrisca.com\/wp-content\/uploads\/2026\/02\/Loghi-CULTURA_CRESCE-3-320x19.png 320w, https:\/\/www.sabbafrisca.com\/wp-content\/uploads\/2026\/02\/Loghi-CULTURA_CRESCE-3-480x29.png 480w, https:\/\/www.sabbafrisca.com\/wp-content\/uploads\/2026\/02\/Loghi-CULTURA_CRESCE-3-640x39.png 640w, https:\/\/www.sabbafrisca.com\/wp-content\/uploads\/2026\/02\/Loghi-CULTURA_CRESCE-3-960x58.png 960w\" sizes=\"auto, (max-width: 985px) 100vw, 985px\" \/><\/figure>\n\n\n\n<figure class=\"wp-block-embed is-type-video is-provider-youtube wp-block-embed-youtube wp-embed-aspect-16-9 wp-has-aspect-ratio\"><div class=\"wp-block-embed__wrapper\">\n<iframe loading=\"lazy\" title=\"Virtual Tour al Parco Museo S&#039;Abba Frisca\" width=\"500\" height=\"281\" src=\"https:\/\/www.youtube.com\/embed\/gODBCNUHCf8?feature=oembed\" frameborder=\"0\" allow=\"accelerometer; autoplay; clipboard-write; encrypted-media; gyroscope; picture-in-picture; web-share\" referrerpolicy=\"strict-origin-when-cross-origin\" allowfullscreen><\/iframe>\n<\/div><\/figure>\n\n\n\n<figure class=\"wp-block-image size-large\"><a href=\"https:\/\/www.sabbafrisca.com\/wp-content\/uploads\/2025\/11\/mappa-claudia-piras-bilingue-scaled.png\" target=\"_blank\" rel=\" noreferrer noopener\"><img loading=\"lazy\" decoding=\"async\" width=\"1639\" height=\"1920\" src=\"https:\/\/www.sabbafrisca.com\/wp-content\/uploads\/2025\/11\/mappa-claudia-piras-bilingue-1639x1920.png\" alt=\"\" class=\"wp-image-3905\" srcset=\"https:\/\/www.sabbafrisca.com\/wp-content\/uploads\/2025\/11\/mappa-claudia-piras-bilingue-1639x1920.png 1639w, https:\/\/www.sabbafrisca.com\/wp-content\/uploads\/2025\/11\/mappa-claudia-piras-bilingue-874x1024.png 874w, https:\/\/www.sabbafrisca.com\/wp-content\/uploads\/2025\/11\/mappa-claudia-piras-bilingue-768x900.png 768w, https:\/\/www.sabbafrisca.com\/wp-content\/uploads\/2025\/11\/mappa-claudia-piras-bilingue-1311x1536.png 1311w, https:\/\/www.sabbafrisca.com\/wp-content\/uploads\/2025\/11\/mappa-claudia-piras-bilingue-1748x2048.png 1748w, https:\/\/www.sabbafrisca.com\/wp-content\/uploads\/2025\/11\/mappa-claudia-piras-bilingue-119x139.png 119w, https:\/\/www.sabbafrisca.com\/wp-content\/uploads\/2025\/11\/mappa-claudia-piras-bilingue-178x208.png 178w, https:\/\/www.sabbafrisca.com\/wp-content\/uploads\/2025\/11\/mappa-claudia-piras-bilingue-236x277.png 236w, https:\/\/www.sabbafrisca.com\/wp-content\/uploads\/2025\/11\/mappa-claudia-piras-bilingue-284x333.png 284w, https:\/\/www.sabbafrisca.com\/wp-content\/uploads\/2025\/11\/mappa-claudia-piras-bilingue-379x444.png 379w, https:\/\/www.sabbafrisca.com\/wp-content\/uploads\/2025\/11\/mappa-claudia-piras-bilingue-474x555.png 474w, https:\/\/www.sabbafrisca.com\/wp-content\/uploads\/2025\/11\/mappa-claudia-piras-bilingue-533x624.png 533w, https:\/\/www.sabbafrisca.com\/wp-content\/uploads\/2025\/11\/mappa-claudia-piras-bilingue-592x693.png 592w, https:\/\/www.sabbafrisca.com\/wp-content\/uploads\/2025\/11\/mappa-claudia-piras-bilingue-710x832.png 710w, https:\/\/www.sabbafrisca.com\/wp-content\/uploads\/2025\/11\/mappa-claudia-piras-bilingue-237x278.png 237w, https:\/\/www.sabbafrisca.com\/wp-content\/uploads\/2025\/11\/mappa-claudia-piras-bilingue-355x416.png 355w, https:\/\/www.sabbafrisca.com\/wp-content\/uploads\/2025\/11\/mappa-claudia-piras-bilingue-473x554.png 473w, https:\/\/www.sabbafrisca.com\/wp-content\/uploads\/2025\/11\/mappa-claudia-piras-bilingue-569x666.png 569w, https:\/\/www.sabbafrisca.com\/wp-content\/uploads\/2025\/11\/mappa-claudia-piras-bilingue-758x888.png 758w, https:\/\/www.sabbafrisca.com\/wp-content\/uploads\/2025\/11\/mappa-claudia-piras-bilingue-948x1110.png 948w, https:\/\/www.sabbafrisca.com\/wp-content\/uploads\/2025\/11\/mappa-claudia-piras-bilingue-1065x1248.png 1065w, https:\/\/www.sabbafrisca.com\/wp-content\/uploads\/2025\/11\/mappa-claudia-piras-bilingue-1183x1386.png 1183w, https:\/\/www.sabbafrisca.com\/wp-content\/uploads\/2025\/11\/mappa-claudia-piras-bilingue-1421x1664.png 1421w\" sizes=\"auto, (max-width: 1639px) 100vw, 1639px\" \/><\/a><\/figure>\n","protected":false},"excerpt":{"rendered":"<p>Ist eine Reservierung f\u00fcr den Besuch des Parkmuseums erforderlich?Vom 1. April bis zum 2. November ist keine Reservierung erforderlich. In der \u00fcbrigen Zeit ist eine Terminvereinbarung notwendig. Kann man S\u2019Abba&#8230;<\/p>\n","protected":false},"author":1,"featured_media":3819,"parent":0,"menu_order":0,"comment_status":"closed","ping_status":"closed","template":"page.php","meta":{"_acf_changed":false,"footnotes":""},"class_list":["post-3978","page","type-page","status-publish","has-post-thumbnail","hentry"],"acf":[],"yoast_head":"<!-- This site is optimized with the Yoast SEO plugin v25.9 - https:\/\/yoast.com\/wordpress\/plugins\/seo\/ -->\n<title>F.A.Q. - S&#039;Abba Frisca Parco Museo<\/title>\n<meta name=\"robots\" content=\"index, follow, max-snippet:-1, max-image-preview:large, max-video-preview:-1\" \/>\n<link rel=\"canonical\" href=\"https:\/\/www.sabbafrisca.com\/de\/faq\/\" \/>\n<meta property=\"og:locale\" content=\"de_DE\" \/>\n<meta property=\"og:type\" content=\"article\" \/>\n<meta property=\"og:title\" content=\"F.A.Q. - S&#039;Abba Frisca Parco Museo\" \/>\n<meta property=\"og:description\" content=\"Ist eine Reservierung f\u00fcr den Besuch des Parkmuseums erforderlich?Vom 1. April bis zum 2. November ist keine Reservierung erforderlich. In der \u00fcbrigen Zeit ist eine Terminvereinbarung notwendig. Kann man S\u2019Abba...\" \/>\n<meta property=\"og:url\" content=\"https:\/\/www.sabbafrisca.com\/de\/faq\/\" \/>\n<meta property=\"og:site_name\" content=\"S&#039;Abba Frisca Parco Museo\" \/>\n<meta property=\"article:publisher\" content=\"https:\/\/www.facebook.com\/sabbafrisca\" \/>\n<meta property=\"article:modified_time\" content=\"2026-02-13T09:40:59+00:00\" \/>\n<meta property=\"og:image\" content=\"https:\/\/www.sabbafrisca.com\/wp-content\/uploads\/2025\/10\/carru-museo-dorgali.jpg\" \/>\n\t<meta property=\"og:image:width\" content=\"1280\" \/>\n\t<meta property=\"og:image:height\" content=\"853\" \/>\n\t<meta property=\"og:image:type\" content=\"image\/jpeg\" \/>\n<meta name=\"twitter:card\" content=\"summary_large_image\" \/>\n<meta name=\"twitter:site\" content=\"@sabbafrisca\" \/>\n<meta name=\"twitter:label1\" content=\"Gesch\u00e4tzte Lesezeit\" \/>\n\t<meta name=\"twitter:data1\" content=\"6\u00a0Minuten\" \/>\n<script type=\"application\/ld+json\" class=\"yoast-schema-graph\">{\"@context\":\"https:\/\/schema.org\",\"@graph\":[{\"@type\":\"WebPage\",\"@id\":\"https:\/\/www.sabbafrisca.com\/de\/faq\/\",\"url\":\"https:\/\/www.sabbafrisca.com\/de\/faq\/\",\"name\":\"F.A.Q. - S&#039;Abba Frisca Parco Museo\",\"isPartOf\":{\"@id\":\"https:\/\/www.sabbafrisca.com\/de\/#website\"},\"primaryImageOfPage\":{\"@id\":\"https:\/\/www.sabbafrisca.com\/de\/faq\/#primaryimage\"},\"image\":{\"@id\":\"https:\/\/www.sabbafrisca.com\/de\/faq\/#primaryimage\"},\"thumbnailUrl\":\"https:\/\/www.sabbafrisca.com\/wp-content\/uploads\/2025\/10\/carru-museo-dorgali.jpg\",\"datePublished\":\"2025-10-06T11:06:26+00:00\",\"dateModified\":\"2026-02-13T09:40:59+00:00\",\"breadcrumb\":{\"@id\":\"https:\/\/www.sabbafrisca.com\/de\/faq\/#breadcrumb\"},\"inLanguage\":\"de\",\"potentialAction\":[{\"@type\":\"ReadAction\",\"target\":[\"https:\/\/www.sabbafrisca.com\/de\/faq\/\"]}]},{\"@type\":\"ImageObject\",\"inLanguage\":\"de\",\"@id\":\"https:\/\/www.sabbafrisca.com\/de\/faq\/#primaryimage\",\"url\":\"https:\/\/www.sabbafrisca.com\/wp-content\/uploads\/2025\/10\/carru-museo-dorgali.jpg\",\"contentUrl\":\"https:\/\/www.sabbafrisca.com\/wp-content\/uploads\/2025\/10\/carru-museo-dorgali.jpg\",\"width\":1280,\"height\":853},{\"@type\":\"BreadcrumbList\",\"@id\":\"https:\/\/www.sabbafrisca.com\/de\/faq\/#breadcrumb\",\"itemListElement\":[{\"@type\":\"ListItem\",\"position\":1,\"name\":\"Home\",\"item\":\"https:\/\/www.sabbafrisca.com\/de\/\"},{\"@type\":\"ListItem\",\"position\":2,\"name\":\"F.A.Q.\"}]},{\"@type\":\"WebSite\",\"@id\":\"https:\/\/www.sabbafrisca.com\/de\/#website\",\"url\":\"https:\/\/www.sabbafrisca.com\/de\/\",\"name\":\"S&#039;Abba Frisca Parco Museo\",\"description\":\"A Dorgali, il Parco Museo della Sardegna\",\"publisher\":{\"@id\":\"https:\/\/www.sabbafrisca.com\/de\/#organization\"},\"potentialAction\":[{\"@type\":\"SearchAction\",\"target\":{\"@type\":\"EntryPoint\",\"urlTemplate\":\"https:\/\/www.sabbafrisca.com\/de\/?s={search_term_string}\"},\"query-input\":{\"@type\":\"PropertyValueSpecification\",\"valueRequired\":true,\"valueName\":\"search_term_string\"}}],\"inLanguage\":\"de\"},{\"@type\":\"Organization\",\"@id\":\"https:\/\/www.sabbafrisca.com\/de\/#organization\",\"name\":\"Parco Museo S'Abba Frisca\",\"url\":\"https:\/\/www.sabbafrisca.com\/de\/\",\"logo\":{\"@type\":\"ImageObject\",\"inLanguage\":\"de\",\"@id\":\"https:\/\/www.sabbafrisca.com\/de\/#\/schema\/logo\/image\/\",\"url\":\"https:\/\/www.sabbafrisca.com\/wp-content\/uploads\/2022\/01\/Marchio-a-colori.png\",\"contentUrl\":\"https:\/\/www.sabbafrisca.com\/wp-content\/uploads\/2022\/01\/Marchio-a-colori.png\",\"width\":1500,\"height\":1572,\"caption\":\"Parco Museo S'Abba Frisca\"},\"image\":{\"@id\":\"https:\/\/www.sabbafrisca.com\/de\/#\/schema\/logo\/image\/\"},\"sameAs\":[\"https:\/\/www.facebook.com\/sabbafrisca\",\"https:\/\/x.com\/sabbafrisca\",\"https:\/\/www.instagram.com\/sabbafrisca\/\",\"https:\/\/twitter.com\/sabbafrisca\"]}]}<\/script>\n<!-- \/ Yoast SEO plugin. -->","yoast_head_json":{"title":"F.A.Q. - S&#039;Abba Frisca Parco Museo","robots":{"index":"index","follow":"follow","max-snippet":"max-snippet:-1","max-image-preview":"max-image-preview:large","max-video-preview":"max-video-preview:-1"},"canonical":"https:\/\/www.sabbafrisca.com\/de\/faq\/","og_locale":"de_DE","og_type":"article","og_title":"F.A.Q. - S&#039;Abba Frisca Parco Museo","og_description":"Ist eine Reservierung f\u00fcr den Besuch des Parkmuseums erforderlich?Vom 1. April bis zum 2. November ist keine Reservierung erforderlich. In der \u00fcbrigen Zeit ist eine Terminvereinbarung notwendig. Kann man S\u2019Abba...","og_url":"https:\/\/www.sabbafrisca.com\/de\/faq\/","og_site_name":"S&#039;Abba Frisca Parco Museo","article_publisher":"https:\/\/www.facebook.com\/sabbafrisca","article_modified_time":"2026-02-13T09:40:59+00:00","og_image":[{"width":1280,"height":853,"url":"https:\/\/www.sabbafrisca.com\/wp-content\/uploads\/2025\/10\/carru-museo-dorgali.jpg","type":"image\/jpeg"}],"twitter_card":"summary_large_image","twitter_site":"@sabbafrisca","twitter_misc":{"Gesch\u00e4tzte Lesezeit":"6\u00a0Minuten"},"schema":{"@context":"https:\/\/schema.org","@graph":[{"@type":"WebPage","@id":"https:\/\/www.sabbafrisca.com\/de\/faq\/","url":"https:\/\/www.sabbafrisca.com\/de\/faq\/","name":"F.A.Q. - S&#039;Abba Frisca Parco Museo","isPartOf":{"@id":"https:\/\/www.sabbafrisca.com\/de\/#website"},"primaryImageOfPage":{"@id":"https:\/\/www.sabbafrisca.com\/de\/faq\/#primaryimage"},"image":{"@id":"https:\/\/www.sabbafrisca.com\/de\/faq\/#primaryimage"},"thumbnailUrl":"https:\/\/www.sabbafrisca.com\/wp-content\/uploads\/2025\/10\/carru-museo-dorgali.jpg","datePublished":"2025-10-06T11:06:26+00:00","dateModified":"2026-02-13T09:40:59+00:00","breadcrumb":{"@id":"https:\/\/www.sabbafrisca.com\/de\/faq\/#breadcrumb"},"inLanguage":"de","potentialAction":[{"@type":"ReadAction","target":["https:\/\/www.sabbafrisca.com\/de\/faq\/"]}]},{"@type":"ImageObject","inLanguage":"de","@id":"https:\/\/www.sabbafrisca.com\/de\/faq\/#primaryimage","url":"https:\/\/www.sabbafrisca.com\/wp-content\/uploads\/2025\/10\/carru-museo-dorgali.jpg","contentUrl":"https:\/\/www.sabbafrisca.com\/wp-content\/uploads\/2025\/10\/carru-museo-dorgali.jpg","width":1280,"height":853},{"@type":"BreadcrumbList","@id":"https:\/\/www.sabbafrisca.com\/de\/faq\/#breadcrumb","itemListElement":[{"@type":"ListItem","position":1,"name":"Home","item":"https:\/\/www.sabbafrisca.com\/de\/"},{"@type":"ListItem","position":2,"name":"F.A.Q."}]},{"@type":"WebSite","@id":"https:\/\/www.sabbafrisca.com\/de\/#website","url":"https:\/\/www.sabbafrisca.com\/de\/","name":"S&#039;Abba Frisca Parco Museo","description":"A Dorgali, il Parco Museo della Sardegna","publisher":{"@id":"https:\/\/www.sabbafrisca.com\/de\/#organization"},"potentialAction":[{"@type":"SearchAction","target":{"@type":"EntryPoint","urlTemplate":"https:\/\/www.sabbafrisca.com\/de\/?s={search_term_string}"},"query-input":{"@type":"PropertyValueSpecification","valueRequired":true,"valueName":"search_term_string"}}],"inLanguage":"de"},{"@type":"Organization","@id":"https:\/\/www.sabbafrisca.com\/de\/#organization","name":"Parco Museo S'Abba Frisca","url":"https:\/\/www.sabbafrisca.com\/de\/","logo":{"@type":"ImageObject","inLanguage":"de","@id":"https:\/\/www.sabbafrisca.com\/de\/#\/schema\/logo\/image\/","url":"https:\/\/www.sabbafrisca.com\/wp-content\/uploads\/2022\/01\/Marchio-a-colori.png","contentUrl":"https:\/\/www.sabbafrisca.com\/wp-content\/uploads\/2022\/01\/Marchio-a-colori.png","width":1500,"height":1572,"caption":"Parco Museo S'Abba Frisca"},"image":{"@id":"https:\/\/www.sabbafrisca.com\/de\/#\/schema\/logo\/image\/"},"sameAs":["https:\/\/www.facebook.com\/sabbafrisca","https:\/\/x.com\/sabbafrisca","https:\/\/www.instagram.com\/sabbafrisca\/","https:\/\/twitter.com\/sabbafrisca"]}]}},"_links":{"self":[{"href":"https:\/\/www.sabbafrisca.com\/de\/wp-json\/wp\/v2\/pages\/3978","targetHints":{"allow":["GET"]}}],"collection":[{"href":"https:\/\/www.sabbafrisca.com\/de\/wp-json\/wp\/v2\/pages"}],"about":[{"href":"https:\/\/www.sabbafrisca.com\/de\/wp-json\/wp\/v2\/types\/page"}],"author":[{"embeddable":true,"href":"https:\/\/www.sabbafrisca.com\/de\/wp-json\/wp\/v2\/users\/1"}],"replies":[{"embeddable":true,"href":"https:\/\/www.sabbafrisca.com\/de\/wp-json\/wp\/v2\/comments?post=3978"}],"version-history":[{"count":4,"href":"https:\/\/www.sabbafrisca.com\/de\/wp-json\/wp\/v2\/pages\/3978\/revisions"}],"predecessor-version":[{"id":4088,"href":"https:\/\/www.sabbafrisca.com\/de\/wp-json\/wp\/v2\/pages\/3978\/revisions\/4088"}],"wp:featuredmedia":[{"embeddable":true,"href":"https:\/\/www.sabbafrisca.com\/de\/wp-json\/wp\/v2\/media\/3819"}],"wp:attachment":[{"href":"https:\/\/www.sabbafrisca.com\/de\/wp-json\/wp\/v2\/media?parent=3978"}],"curies":[{"name":"wp","href":"https:\/\/api.w.org\/{rel}","templated":true}]}}