{"id":3994,"date":"2025-05-05T17:50:23","date_gmt":"2025-05-05T15:50:23","guid":{"rendered":"https:\/\/www.sabbafrisca.com\/collezioni\/"},"modified":"2026-02-13T10:45:22","modified_gmt":"2026-02-13T09:45:22","slug":"collezioni","status":"publish","type":"page","link":"https:\/\/www.sabbafrisca.com\/de\/collezioni\/","title":{"rendered":"Die Sammlungen"},"content":{"rendered":"\n<div style=\"height:2em\" aria-hidden=\"true\" class=\"wp-block-spacer\"><\/div>\n\n\n\n<p class=\"testim-intro\">Mit \u00fcber 4.500 Ausstellungsst\u00fccken, die das Leben auf Sardinien zwischen 1650 und 1940 erz\u00e4hlen, ist S\u2019Abba Frisca das gr\u00f6\u00dfte ethnographische Museum der Insel. \u00dcber 500 dieser St\u00fccke sind bereits katalogisiert, was S\u2018Abba Frisco zum Museum mit der gr\u00f6\u00dften Anzahl an digitalisierten Best\u00e4nden der Insel macht, die im Gesamtkatalog der Kulturg\u00fcter konsultiert werden k\u00f6nnen. Das Museum ist ein fester Bestandteil der Erforschung der sardischen Alltagsgeschichte \u00fcber drei Jahrhunderte und stellt der Forschungsgemeinschaft und den B\u00fcrgern einen Bestand von Katalogkarten zur Verf\u00fcgung, die bisher nur einen Teil der riesigen Sammlung von S\u2018Abba Frisca erz\u00e4hlen. Der kostbarste Teil des ethnographischen Bestands des Museums ist wohl die Sammlung an Stich- und Feuerwaffen, 2017 vom Kulturministerium als Gut von kulturellem Interesse eingestuft.<\/p>\n\n\n\n<p class=\"testim-intro\"><\/p>\n\n\n\n<div class=\"wp-block-columns alignfull is-layout-flex wp-container-core-columns-is-layout-9d6595d7 wp-block-columns-is-layout-flex\">\n<div class=\"wp-block-column txt is-layout-flow wp-block-column-is-layout-flow\">\n<h2 class=\"wp-block-heading\">Arkebuse mit Feuerstein-Z\u00fcndsystem &#8211; Cannetta<\/h2>\n\n\n\n<p>Gegen Ende des 18. Jahrhunderts fertigte Antonio Angelo Barbuti verschiedene Gewehre an, die heute in \u00f6ffentlichen und privaten Sammlungen gezeigt werden, vom Museum in Liverpool bis hin zu bedeutenden italienischen Antiquaren. In diesem Fall erscheint sein K\u00fcrzel auf zwei Arkebusen des Mail\u00e4nder Museums Poldi Pezzoli sowie auf einer Feuerwaffe aus den Sammlungen des Nationalmuseums G. A. Sanna in Sassari. Auch die k\u00f6niglichen Sammlungen der Savoier enthalten einige Exemplare von besonderem Wert (Turin, K\u00f6nigliche Waffenkammer). Die Familie Barbusi stammt urspr\u00fcnglich aus Lancusi (Salerno) und lie\u00df sich in Tempio Pausania nieder. In ihrem salernitanischen Geburtsort ist seit 1763 eine B\u00fcchsenmacherei, die Reale Manifattura dei Piastrinari, bezeugt, die von einem Verwalter der Streitkr\u00e4fte des Artillerieabteilung betrieben wurde. Die Herkunft aus der Region Kampanien, die sich dank der Bourbonen ab dem 18. Jahrhundert einer eigenst\u00e4ndigen und reputierlichen Waffenherstellung mit zahlreichen B\u00fcchsenmachereien r\u00fchmen konnte, erkl\u00e4rt auch, weshalb der \u201esardische\u201c Silex nichts anderes ist als eine Variante des \u201eneapolitanischen\u201c, von dem er sich nur durch die Form von Schloss und Hahn unterscheidet. Die Anz\u00fcndmechanismen durchliefen n\u00e4mlich im Laufe der Zeit eine Reihe von Verbesserungen, die manchmal freilich nur technischer Natur waren. Auch die Schl\u00f6sser ver\u00e4nderten den Moden folgend Form, Einstellung und Ma\u00dfe und ihren Anz\u00fcndmechanismus. Die oft aus Brescianer Produktion stammenden L\u00e4ufe wurden mit den Fortschritten in der Metallfilierung immer weiter perfektioniert, wobei die Ver\u00e4nderungen viel langsamer waren als in anderen Industrien.<br>Die B\u00fcchsenmacher des sardischen Zweiges der Familie Barbuti wurden zuerst vom Mail\u00e4nder Arch\u00e4ologen Carlo Albizzati erw\u00e4hnt, der in einem kurzen Artikel 1928 in der Zeitschrift \u201eMediterranea\u201c die delikate Arbeit der Verkleidung dieser Handfeuerwaffen beschrieb, bei der Stanzen, Punzen und Ziselierungen zur Anwendung kamen. Die Zentren f\u00fcr die Waffenherstellung auf Sardinien waren: Dorgali, Fonni, Gavoi und nat\u00fcrlich Tempio, wo sich die Barbuti niedergelassen hatten. Albizzati beklagte in seinem Artikel, dass viele dieser Waffen die Insel als \u201eReisesouvenirs\u201c verlie\u00dfen. Aus diesem Grund, so Albizzati weiter, sind die auf Sardinien verbliebenen Exemplare umso wertvoller.<\/p>\n\n\n\n<p><a href=\"https:\/\/catalogo.beniculturali.it\/detail\/HistoricOrArtisticProperty\/2000246819\" target=\"_blank\" rel=\"noreferrer noopener\">https:\/\/catalogo.beniculturali.it\/detail\/HistoricOrArtisticProperty\/2000246819<\/a><\/p>\n\n\n\n<p><\/p>\n<\/div>\n\n\n\n<div class=\"wp-block-column is-layout-flow wp-block-column-is-layout-flow\">\n<figure class=\"wp-block-image size-full\"><img loading=\"lazy\" decoding=\"async\" width=\"1100\" height=\"262\" src=\"https:\/\/www.sabbafrisca.com\/wp-content\/uploads\/2025\/10\/fucile-barbuti-museo-dorgali-1.jpg\" alt=\"\" class=\"wp-image-3787\" srcset=\"https:\/\/www.sabbafrisca.com\/wp-content\/uploads\/2025\/10\/fucile-barbuti-museo-dorgali-1.jpg 1100w, https:\/\/www.sabbafrisca.com\/wp-content\/uploads\/2025\/10\/fucile-barbuti-museo-dorgali-1-1024x244.jpg 1024w, https:\/\/www.sabbafrisca.com\/wp-content\/uploads\/2025\/10\/fucile-barbuti-museo-dorgali-1-768x183.jpg 768w, https:\/\/www.sabbafrisca.com\/wp-content\/uploads\/2025\/10\/fucile-barbuti-museo-dorgali-1-320x76.jpg 320w, https:\/\/www.sabbafrisca.com\/wp-content\/uploads\/2025\/10\/fucile-barbuti-museo-dorgali-1-480x114.jpg 480w, https:\/\/www.sabbafrisca.com\/wp-content\/uploads\/2025\/10\/fucile-barbuti-museo-dorgali-1-640x152.jpg 640w, https:\/\/www.sabbafrisca.com\/wp-content\/uploads\/2025\/10\/fucile-barbuti-museo-dorgali-1-960x229.jpg 960w\" sizes=\"auto, (max-width: 1100px) 100vw, 1100px\" \/><\/figure>\n<\/div>\n<\/div>\n\n\n\n<div class=\"wp-block-columns alignfull is-layout-flex wp-container-core-columns-is-layout-9d6595d7 wp-block-columns-is-layout-flex\">\n<div class=\"wp-block-column is-layout-flow wp-block-column-is-layout-flow\">\n<figure class=\"wp-block-image size-full\"><img loading=\"lazy\" decoding=\"async\" width=\"2560\" height=\"436\" src=\"https:\/\/www.sabbafrisca.com\/wp-content\/uploads\/2025\/10\/leppa-de-chittu-dorgali-scaled.jpg\" alt=\"\" class=\"wp-image-3793\" srcset=\"https:\/\/www.sabbafrisca.com\/wp-content\/uploads\/2025\/10\/leppa-de-chittu-dorgali-scaled.jpg 2560w, https:\/\/www.sabbafrisca.com\/wp-content\/uploads\/2025\/10\/leppa-de-chittu-dorgali-1024x174.jpg 1024w, https:\/\/www.sabbafrisca.com\/wp-content\/uploads\/2025\/10\/leppa-de-chittu-dorgali-1920x327.jpg 1920w, https:\/\/www.sabbafrisca.com\/wp-content\/uploads\/2025\/10\/leppa-de-chittu-dorgali-768x131.jpg 768w, https:\/\/www.sabbafrisca.com\/wp-content\/uploads\/2025\/10\/leppa-de-chittu-dorgali-1536x262.jpg 1536w, https:\/\/www.sabbafrisca.com\/wp-content\/uploads\/2025\/10\/leppa-de-chittu-dorgali-2048x349.jpg 2048w, https:\/\/www.sabbafrisca.com\/wp-content\/uploads\/2025\/10\/leppa-de-chittu-dorgali-320x55.jpg 320w, https:\/\/www.sabbafrisca.com\/wp-content\/uploads\/2025\/10\/leppa-de-chittu-dorgali-480x82.jpg 480w, https:\/\/www.sabbafrisca.com\/wp-content\/uploads\/2025\/10\/leppa-de-chittu-dorgali-640x109.jpg 640w, https:\/\/www.sabbafrisca.com\/wp-content\/uploads\/2025\/10\/leppa-de-chittu-dorgali-1280x218.jpg 1280w, https:\/\/www.sabbafrisca.com\/wp-content\/uploads\/2025\/10\/leppa-de-chittu-dorgali-1440x245.jpg 1440w, https:\/\/www.sabbafrisca.com\/wp-content\/uploads\/2025\/10\/leppa-de-chittu-dorgali-1600x273.jpg 1600w, https:\/\/www.sabbafrisca.com\/wp-content\/uploads\/2025\/10\/leppa-de-chittu-dorgali-960x164.jpg 960w\" sizes=\"auto, (max-width: 2560px) 100vw, 2560px\" \/><figcaption class=\"wp-element-caption\">Didascalia<\/figcaption><\/figure>\n<\/div>\n\n\n\n<div class=\"wp-block-column txt is-layout-flow wp-block-column-is-layout-flow\">\n<h2 class=\"wp-block-heading\">Leppa de Chittu &#8211; S\u00e4bel<\/h2>\n\n\n\n<p>Gekr\u00fcmmte Klinge, an der konvexen Seite gesch\u00e4ft, mit dreieckigem Querschnitt und konkaven Seiten. Am Griffansatz ist die Klinge deutlich verdickt. Auf dem ersten Drittel in N\u00e4he des Schafts ist auf beiden Vorderprofilen der Klinge eine gepunzte Figur in Form eines<br>stilisierten Halbmonds eingelassen. Auf der linken Seite sind unter und \u00fcber dem Halbmond jeweils zwei Sterne eingelassen. Auf der rechten Seite sind unter und \u00fcber dem Halbmond jeweils zwei bzw. drei Sterne eingelassen. Holzgriff in Form eines Raubkatzenkopfs, Beschichtung aus fein gepunztem Messingblech mit geometrischen Mustern, Ranken und Blumenmotiven. Die rechte Seite des Griffs erscheint detailreicher: Auf dieser sind die drei Nietn\u00e4gel mit einer Silberplattierung versehen, der der Klinge am n\u00e4chsten liegende ist in Muschelform, die beiden anderen in Blumenfasson verziert. Verbunden werden die Nieten durch eine Dekoration aus B\u00e4ndern, die sich mit dem Kopf der Raubkatze am Griffende vereinen. Auch das Auge der Raubkatze ist silberplattiert. Im unteren Teil des Griffs sind die Buchstaben MLBD und das Datum 1872 eingraviert.<\/p>\n\n\n\n<p><a href=\"https:\/\/catalogo.beniculturali.it\/detail\/HistoricOrArtisticProperty\/2000246826\">https:\/\/catalogo.beniculturali.it\/detail\/HistoricOrArtisticProperty\/2000246826<\/a><\/p>\n<\/div>\n<\/div>\n\n\n\n<div class=\"wp-block-columns alignfull is-layout-flex wp-container-core-columns-is-layout-9d6595d7 wp-block-columns-is-layout-flex\">\n<div class=\"wp-block-column txt is-layout-flow wp-block-column-is-layout-flow\">\n<h2 class=\"wp-block-heading\">Garriera &#8211; Gurt zur Bef\u00f6rderung von B\u00fcchsenpulver<\/h2>\n\n\n\n<p>G\u00fcrtel zur Bef\u00f6rderung von Schwarzpulver, in Dorgali und Umgebung als \u201eGarriera\u201c bekannt. Konnte die n\u00f6tige Menge B\u00fcchsenpulver f\u00fcr das Laden von Vorderladern, B\u00fcchsen mit Piston- oder Steinschloss-Z\u00fcndung transportieren. Konnte bis zu 26 Blechbeh\u00e4lter namens \u201eAttessos\u201c aufnehmen, die bei Bedarf durch Aufdr\u00f6seln der Schnur am oberen Teil des G\u00fcrtels herausgezogen wurden. Der vordere Teil des Gurtes ist mit einer feinen Stickerei aus Seidenf\u00e4den verziert, wobei im mittleren Teil geometrische Muster, am Endst\u00fcck Blumenmotive eingelassen sind. Die rechteckige Messingschnalle mit eingravierten Blumenmotiven an den Ecken, die auf beiden Seiten durch Flechtwerk verbunden werden, wurde in der Werkstatt der Gebr\u00fcder Bacchitta angefertigt, die auf die Herstellung von S\u00e4belgriffen spezialisiert war. Sch\u00f6pfer des G\u00fcrtels ist der Gerber und Keramiker Giovanni Cucca, der von 1890 bis 1963 in Dorgali wirkte.<\/p>\n\n\n\n<p><a href=\"https:\/\/catalogo.beniculturali.it\/detail\/DemoEthnoAnthropologicalHeritage\/2000246820\">https:\/\/catalogo.beniculturali.it\/detail\/DemoEthnoAnthropologicalHeritage\/2000246820<\/a><\/p>\n<\/div>\n\n\n\n<div class=\"wp-block-column is-layout-flow wp-block-column-is-layout-flow\">\n<figure class=\"wp-block-image size-large\"><img loading=\"lazy\" decoding=\"async\" width=\"1920\" height=\"1254\" src=\"https:\/\/www.sabbafrisca.com\/wp-content\/uploads\/2025\/10\/Garriera-museo-Dorgali-1920x1254.jpg\" alt=\"\" class=\"wp-image-3775\" srcset=\"https:\/\/www.sabbafrisca.com\/wp-content\/uploads\/2025\/10\/Garriera-museo-Dorgali-1920x1254.jpg 1920w, https:\/\/www.sabbafrisca.com\/wp-content\/uploads\/2025\/10\/Garriera-museo-Dorgali-1024x669.jpg 1024w, https:\/\/www.sabbafrisca.com\/wp-content\/uploads\/2025\/10\/Garriera-museo-Dorgali-768x502.jpg 768w, https:\/\/www.sabbafrisca.com\/wp-content\/uploads\/2025\/10\/Garriera-museo-Dorgali-1536x1003.jpg 1536w, https:\/\/www.sabbafrisca.com\/wp-content\/uploads\/2025\/10\/Garriera-museo-Dorgali-2048x1338.jpg 2048w, https:\/\/www.sabbafrisca.com\/wp-content\/uploads\/2025\/10\/Garriera-museo-Dorgali-213x139.jpg 213w, https:\/\/www.sabbafrisca.com\/wp-content\/uploads\/2025\/10\/Garriera-museo-Dorgali-318x208.jpg 318w, https:\/\/www.sabbafrisca.com\/wp-content\/uploads\/2025\/10\/Garriera-museo-Dorgali-424x277.jpg 424w, https:\/\/www.sabbafrisca.com\/wp-content\/uploads\/2025\/10\/Garriera-museo-Dorgali-510x333.jpg 510w, https:\/\/www.sabbafrisca.com\/wp-content\/uploads\/2025\/10\/Garriera-museo-Dorgali-680x444.jpg 680w, https:\/\/www.sabbafrisca.com\/wp-content\/uploads\/2025\/10\/Garriera-museo-Dorgali-850x555.jpg 850w, https:\/\/www.sabbafrisca.com\/wp-content\/uploads\/2025\/10\/Garriera-museo-Dorgali-955x624.jpg 955w, https:\/\/www.sabbafrisca.com\/wp-content\/uploads\/2025\/10\/Garriera-museo-Dorgali-1061x693.jpg 1061w, https:\/\/www.sabbafrisca.com\/wp-content\/uploads\/2025\/10\/Garriera-museo-Dorgali-1274x832.jpg 1274w, https:\/\/www.sabbafrisca.com\/wp-content\/uploads\/2025\/10\/Garriera-museo-Dorgali-426x278.jpg 426w, https:\/\/www.sabbafrisca.com\/wp-content\/uploads\/2025\/10\/Garriera-museo-Dorgali-637x416.jpg 637w, https:\/\/www.sabbafrisca.com\/wp-content\/uploads\/2025\/10\/Garriera-museo-Dorgali-848x554.jpg 848w, https:\/\/www.sabbafrisca.com\/wp-content\/uploads\/2025\/10\/Garriera-museo-Dorgali-1020x666.jpg 1020w, https:\/\/www.sabbafrisca.com\/wp-content\/uploads\/2025\/10\/Garriera-museo-Dorgali-1360x888.jpg 1360w, https:\/\/www.sabbafrisca.com\/wp-content\/uploads\/2025\/10\/Garriera-museo-Dorgali-1699x1110.jpg 1699w, https:\/\/www.sabbafrisca.com\/wp-content\/uploads\/2025\/10\/Garriera-museo-Dorgali-1911x1248.jpg 1911w\" sizes=\"auto, (max-width: 1920px) 100vw, 1920px\" \/><figcaption class=\"wp-element-caption\">Didascalia<\/figcaption><\/figure>\n<\/div>\n<\/div>\n\n\n\n<div class=\"wp-block-columns alignfull is-layout-flex wp-container-core-columns-is-layout-9d6595d7 wp-block-columns-is-layout-flex\">\n<div class=\"wp-block-column is-layout-flow wp-block-column-is-layout-flow\">\n<figure class=\"wp-block-image size-full\"><img loading=\"lazy\" decoding=\"async\" width=\"1280\" height=\"872\" src=\"https:\/\/www.sabbafrisca.com\/wp-content\/uploads\/2025\/10\/trappula-museo-dorgali.jpg\" alt=\"\" class=\"wp-image-3801\" srcset=\"https:\/\/www.sabbafrisca.com\/wp-content\/uploads\/2025\/10\/trappula-museo-dorgali.jpg 1280w, https:\/\/www.sabbafrisca.com\/wp-content\/uploads\/2025\/10\/trappula-museo-dorgali-1024x698.jpg 1024w, https:\/\/www.sabbafrisca.com\/wp-content\/uploads\/2025\/10\/trappula-museo-dorgali-768x523.jpg 768w, https:\/\/www.sabbafrisca.com\/wp-content\/uploads\/2025\/10\/trappula-museo-dorgali-204x139.jpg 204w, https:\/\/www.sabbafrisca.com\/wp-content\/uploads\/2025\/10\/trappula-museo-dorgali-305x208.jpg 305w, https:\/\/www.sabbafrisca.com\/wp-content\/uploads\/2025\/10\/trappula-museo-dorgali-407x277.jpg 407w, https:\/\/www.sabbafrisca.com\/wp-content\/uploads\/2025\/10\/trappula-museo-dorgali-489x333.jpg 489w, https:\/\/www.sabbafrisca.com\/wp-content\/uploads\/2025\/10\/trappula-museo-dorgali-652x444.jpg 652w, https:\/\/www.sabbafrisca.com\/wp-content\/uploads\/2025\/10\/trappula-museo-dorgali-815x555.jpg 815w, https:\/\/www.sabbafrisca.com\/wp-content\/uploads\/2025\/10\/trappula-museo-dorgali-916x624.jpg 916w, https:\/\/www.sabbafrisca.com\/wp-content\/uploads\/2025\/10\/trappula-museo-dorgali-1017x693.jpg 1017w, https:\/\/www.sabbafrisca.com\/wp-content\/uploads\/2025\/10\/trappula-museo-dorgali-1221x832.jpg 1221w, https:\/\/www.sabbafrisca.com\/wp-content\/uploads\/2025\/10\/trappula-museo-dorgali-408x278.jpg 408w, https:\/\/www.sabbafrisca.com\/wp-content\/uploads\/2025\/10\/trappula-museo-dorgali-611x416.jpg 611w, https:\/\/www.sabbafrisca.com\/wp-content\/uploads\/2025\/10\/trappula-museo-dorgali-813x554.jpg 813w, https:\/\/www.sabbafrisca.com\/wp-content\/uploads\/2025\/10\/trappula-museo-dorgali-978x666.jpg 978w\" sizes=\"auto, (max-width: 1280px) 100vw, 1280px\" \/><figcaption class=\"wp-element-caption\">Didascalia<\/figcaption><\/figure>\n<\/div>\n\n\n\n<div class=\"wp-block-column txt is-layout-flow wp-block-column-is-layout-flow\">\n<h2 class=\"wp-block-heading\">Trappula &#8211; Falle<\/h2>\n\n\n\n<p><br>Wildfalle f\u00fcr F\u00fcchse, Wildschweine, Marder und Wildkatzen.<br>Wurde entlang von Wildtierpfaden aufgestellt und rastete ein, sobald das Tier mit den Pfoten eintrat.<\/p>\n\n\n\n<p><a href=\"https:\/\/catalogo.beniculturali.it\/detail\/DemoEthnoAnthropologicalHeritage\/2000250289\">https:\/\/catalogo.beniculturali.it\/detail\/DemoEthnoAnthropologicalHeritage\/2000250289<\/a><\/p>\n<\/div>\n<\/div>\n\n\n\n<div class=\"wp-block-columns alignfull is-layout-flex wp-container-core-columns-is-layout-9d6595d7 wp-block-columns-is-layout-flex\">\n<div class=\"wp-block-column txt is-layout-flow wp-block-column-is-layout-flow\">\n<h2 class=\"wp-block-heading\">Irf\u00e8rias chin cr\u00e0es &#8211; Fu\u00dffessel mit Schl\u00fcssel<\/h2>\n\n\n\n<p>Fu\u00dffessel zum Fixieren von Rindern beim Weiden.<br>Das Instrument wurde um die L\u00e4ufe des Tiers gebunden, um seinen Bewegungsspielraum einzuschr\u00e4nken, damit es nicht verloren ging oder gestohlen wurde.<\/p>\n\n\n\n<p><a href=\"https:\/\/catalogo.beniculturali.it\/detail\/DemoEthnoAnthropologicalHeritage\/2000250337\"><\/a><a href=\"https:\/\/catalogo.beniculturali.it\/detail\/DemoEthnoAnthropologicalHeritage\/2000250337\">https:\/\/catalogo.beniculturali.it\/detail\/DemoEthnoAnthropologicalHeritage\/2000250337<\/a><\/p>\n<\/div>\n\n\n\n<div class=\"wp-block-column is-layout-flow wp-block-column-is-layout-flow\">\n<figure class=\"wp-block-image size-full\"><img loading=\"lazy\" decoding=\"async\" width=\"1280\" height=\"853\" src=\"https:\/\/www.sabbafrisca.com\/wp-content\/uploads\/2025\/10\/Irferias-museo-dorgali.jpg\" alt=\"\" class=\"wp-image-3807\" srcset=\"https:\/\/www.sabbafrisca.com\/wp-content\/uploads\/2025\/10\/Irferias-museo-dorgali.jpg 1280w, https:\/\/www.sabbafrisca.com\/wp-content\/uploads\/2025\/10\/Irferias-museo-dorgali-1024x682.jpg 1024w, https:\/\/www.sabbafrisca.com\/wp-content\/uploads\/2025\/10\/Irferias-museo-dorgali-768x512.jpg 768w, https:\/\/www.sabbafrisca.com\/wp-content\/uploads\/2025\/10\/Irferias-museo-dorgali-209x139.jpg 209w, https:\/\/www.sabbafrisca.com\/wp-content\/uploads\/2025\/10\/Irferias-museo-dorgali-312x208.jpg 312w, https:\/\/www.sabbafrisca.com\/wp-content\/uploads\/2025\/10\/Irferias-museo-dorgali-416x277.jpg 416w, https:\/\/www.sabbafrisca.com\/wp-content\/uploads\/2025\/10\/Irferias-museo-dorgali-500x333.jpg 500w, https:\/\/www.sabbafrisca.com\/wp-content\/uploads\/2025\/10\/Irferias-museo-dorgali-666x444.jpg 666w, https:\/\/www.sabbafrisca.com\/wp-content\/uploads\/2025\/10\/Irferias-museo-dorgali-833x555.jpg 833w, https:\/\/www.sabbafrisca.com\/wp-content\/uploads\/2025\/10\/Irferias-museo-dorgali-936x624.jpg 936w, https:\/\/www.sabbafrisca.com\/wp-content\/uploads\/2025\/10\/Irferias-museo-dorgali-1040x693.jpg 1040w, https:\/\/www.sabbafrisca.com\/wp-content\/uploads\/2025\/10\/Irferias-museo-dorgali-1248x832.jpg 1248w, https:\/\/www.sabbafrisca.com\/wp-content\/uploads\/2025\/10\/Irferias-museo-dorgali-417x278.jpg 417w, https:\/\/www.sabbafrisca.com\/wp-content\/uploads\/2025\/10\/Irferias-museo-dorgali-624x416.jpg 624w, https:\/\/www.sabbafrisca.com\/wp-content\/uploads\/2025\/10\/Irferias-museo-dorgali-831x554.jpg 831w, https:\/\/www.sabbafrisca.com\/wp-content\/uploads\/2025\/10\/Irferias-museo-dorgali-999x666.jpg 999w\" sizes=\"auto, (max-width: 1280px) 100vw, 1280px\" \/><figcaption class=\"wp-element-caption\">Didascalia<\/figcaption><\/figure>\n<\/div>\n<\/div>\n\n\n\n<div class=\"wp-block-columns alignfull is-layout-flex wp-container-core-columns-is-layout-9d6595d7 wp-block-columns-is-layout-flex\">\n<div class=\"wp-block-column is-layout-flow wp-block-column-is-layout-flow\">\n<figure class=\"wp-block-image size-full\"><img loading=\"lazy\" decoding=\"async\" width=\"1280\" height=\"853\" src=\"https:\/\/www.sabbafrisca.com\/wp-content\/uploads\/2025\/10\/carru-museo-dorgali.jpg\" alt=\"\" class=\"wp-image-3815\" srcset=\"https:\/\/www.sabbafrisca.com\/wp-content\/uploads\/2025\/10\/carru-museo-dorgali.jpg 1280w, https:\/\/www.sabbafrisca.com\/wp-content\/uploads\/2025\/10\/carru-museo-dorgali-1024x682.jpg 1024w, https:\/\/www.sabbafrisca.com\/wp-content\/uploads\/2025\/10\/carru-museo-dorgali-768x512.jpg 768w, https:\/\/www.sabbafrisca.com\/wp-content\/uploads\/2025\/10\/carru-museo-dorgali-209x139.jpg 209w, https:\/\/www.sabbafrisca.com\/wp-content\/uploads\/2025\/10\/carru-museo-dorgali-312x208.jpg 312w, https:\/\/www.sabbafrisca.com\/wp-content\/uploads\/2025\/10\/carru-museo-dorgali-416x277.jpg 416w, https:\/\/www.sabbafrisca.com\/wp-content\/uploads\/2025\/10\/carru-museo-dorgali-500x333.jpg 500w, https:\/\/www.sabbafrisca.com\/wp-content\/uploads\/2025\/10\/carru-museo-dorgali-666x444.jpg 666w, https:\/\/www.sabbafrisca.com\/wp-content\/uploads\/2025\/10\/carru-museo-dorgali-833x555.jpg 833w, https:\/\/www.sabbafrisca.com\/wp-content\/uploads\/2025\/10\/carru-museo-dorgali-936x624.jpg 936w, https:\/\/www.sabbafrisca.com\/wp-content\/uploads\/2025\/10\/carru-museo-dorgali-1040x693.jpg 1040w, https:\/\/www.sabbafrisca.com\/wp-content\/uploads\/2025\/10\/carru-museo-dorgali-1248x832.jpg 1248w, https:\/\/www.sabbafrisca.com\/wp-content\/uploads\/2025\/10\/carru-museo-dorgali-417x278.jpg 417w, https:\/\/www.sabbafrisca.com\/wp-content\/uploads\/2025\/10\/carru-museo-dorgali-624x416.jpg 624w, https:\/\/www.sabbafrisca.com\/wp-content\/uploads\/2025\/10\/carru-museo-dorgali-831x554.jpg 831w, https:\/\/www.sabbafrisca.com\/wp-content\/uploads\/2025\/10\/carru-museo-dorgali-999x666.jpg 999w\" sizes=\"auto, (max-width: 1280px) 100vw, 1280px\" \/><figcaption class=\"wp-element-caption\">Didascalia<\/figcaption><\/figure>\n<\/div>\n\n\n\n<div class=\"wp-block-column txt is-layout-flow wp-block-column-is-layout-flow\">\n<h2 class=\"wp-block-heading\">Carru &#8211; Carro<\/h2>\n\n\n\n<p>Karren aus L\u00e4rchen- und Pappelholz, dessen R\u00e4der mit eisernen Lauffl\u00e4chen verst\u00e4rkt sind. Charakteristisch ist die aus einem St\u00fcck gearbeitete Deichsel, welche zugleich als Zugvorrichtung und tragendes Element dient und den Wagen unmittelbar mit dem Joch der Zugochsen verbindet. Am vorderen Ende der Deichsel, an dem die Ochsen eingespannt werden, sind L\u00f6cher f\u00fcr die Befestigung des Jochs mithilfe eines speziellen Schl\u00fcssels (crapica) eingelassen Etwa anderthalb Meter zum vorderen Ende hin gabelt sich der Wagen immer mehr auf, so dass am hinteren Ende die h\u00f6chstm\u00f6gliche Gabelung erreicht ist. Die beiden Seiten des Wagens werden von Planken zusammengehalten, die das \u201eBett des Wagens\u201c (\u201esu lettu de su carru\u201c) bilden. Diese werden im \u00f6rtlichen Dialekt \u201esas cost\u00e0nas\u201c genannt und bestehen aus drei Planken f\u00fcr die Beladung mit Holz oder Kohle. An den Seiten sind vier Haken und zwei Eisenringe zur Befestigung der Ladung eingelassen. Der in hellblauer Farbe gestrichene Karren weist auf der rechten Seite eine Blechplakette mit den Daten der Kraftfahrzeugsteuer auf. Die Bremsen sind unvollst\u00e4ndig.<\/p>\n\n\n\n<p><a href=\"https:\/\/catalogo.beniculturali.it\/detail\/DemoEthnoAnthropologicalHeritage\/2000250289\">https:\/\/catalogo.beniculturali.it\/detail\/DemoEthnoAnthropologicalHeritage\/2000250362<\/a><\/p>\n<\/div>\n<\/div>\n\n\n\n<div class=\"wp-block-columns alignfull is-layout-flex wp-container-core-columns-is-layout-9d6595d7 wp-block-columns-is-layout-flex\">\n<div class=\"wp-block-column txt is-layout-flow wp-block-column-is-layout-flow\">\n<h2 class=\"wp-block-heading\"> Pr\u00e8da de triulare &#8211; Pietra-trebbia,<br><\/h2>\n\n\n\n<p>Dreschstein, pr\u00e8da de triulare<br>Trapezf\u00f6rmiger Trachytstein mit Rillen und Eisenkette<\/p>\n\n\n\n<p><br><a href=\"https:\/\/catalogo.beniculturali.it\/detail\/DemoEthnoAnthropologicalHeritage\/2000250337\">https:\/\/catalogo.beniculturali.it\/detail\/DemoEthnoAnthropologicalHeritage\/2000250362<\/a><\/p>\n<\/div>\n\n\n\n<div class=\"wp-block-column is-layout-flow wp-block-column-is-layout-flow\">\n<figure class=\"wp-block-image size-full\"><img loading=\"lazy\" decoding=\"async\" width=\"853\" height=\"1280\" src=\"https:\/\/www.sabbafrisca.com\/wp-content\/uploads\/2025\/10\/preda-de-triulare-museo-dorgali.jpg\" alt=\"\" class=\"wp-image-3821\" srcset=\"https:\/\/www.sabbafrisca.com\/wp-content\/uploads\/2025\/10\/preda-de-triulare-museo-dorgali.jpg 853w, https:\/\/www.sabbafrisca.com\/wp-content\/uploads\/2025\/10\/preda-de-triulare-museo-dorgali-682x1024.jpg 682w, https:\/\/www.sabbafrisca.com\/wp-content\/uploads\/2025\/10\/preda-de-triulare-museo-dorgali-768x1152.jpg 768w, https:\/\/www.sabbafrisca.com\/wp-content\/uploads\/2025\/10\/preda-de-triulare-museo-dorgali-93x139.jpg 93w, https:\/\/www.sabbafrisca.com\/wp-content\/uploads\/2025\/10\/preda-de-triulare-museo-dorgali-139x208.jpg 139w, https:\/\/www.sabbafrisca.com\/wp-content\/uploads\/2025\/10\/preda-de-triulare-museo-dorgali-185x278.jpg 185w, https:\/\/www.sabbafrisca.com\/wp-content\/uploads\/2025\/10\/preda-de-triulare-museo-dorgali-222x333.jpg 222w, https:\/\/www.sabbafrisca.com\/wp-content\/uploads\/2025\/10\/preda-de-triulare-museo-dorgali-296x444.jpg 296w, https:\/\/www.sabbafrisca.com\/wp-content\/uploads\/2025\/10\/preda-de-triulare-museo-dorgali-370x555.jpg 370w, https:\/\/www.sabbafrisca.com\/wp-content\/uploads\/2025\/10\/preda-de-triulare-museo-dorgali-416x624.jpg 416w, https:\/\/www.sabbafrisca.com\/wp-content\/uploads\/2025\/10\/preda-de-triulare-museo-dorgali-462x693.jpg 462w, https:\/\/www.sabbafrisca.com\/wp-content\/uploads\/2025\/10\/preda-de-triulare-museo-dorgali-554x832.jpg 554w, https:\/\/www.sabbafrisca.com\/wp-content\/uploads\/2025\/10\/preda-de-triulare-museo-dorgali-277x416.jpg 277w, https:\/\/www.sabbafrisca.com\/wp-content\/uploads\/2025\/10\/preda-de-triulare-museo-dorgali-369x554.jpg 369w, https:\/\/www.sabbafrisca.com\/wp-content\/uploads\/2025\/10\/preda-de-triulare-museo-dorgali-444x666.jpg 444w, https:\/\/www.sabbafrisca.com\/wp-content\/uploads\/2025\/10\/preda-de-triulare-museo-dorgali-592x888.jpg 592w, https:\/\/www.sabbafrisca.com\/wp-content\/uploads\/2025\/10\/preda-de-triulare-museo-dorgali-740x1110.jpg 740w, https:\/\/www.sabbafrisca.com\/wp-content\/uploads\/2025\/10\/preda-de-triulare-museo-dorgali-832x1248.jpg 832w\" sizes=\"auto, (max-width: 853px) 100vw, 853px\" \/><figcaption class=\"wp-element-caption\">Didascalia<\/figcaption><\/figure>\n<\/div>\n<\/div>\n\n\n\n<div class=\"wp-block-columns alignfull is-layout-flex wp-container-core-columns-is-layout-9d6595d7 wp-block-columns-is-layout-flex\">\n<div class=\"wp-block-column is-layout-flow wp-block-column-is-layout-flow\">\n<figure class=\"wp-block-image size-full\"><img loading=\"lazy\" decoding=\"async\" width=\"853\" height=\"1280\" src=\"https:\/\/www.sabbafrisca.com\/wp-content\/uploads\/2025\/10\/ICCD16490383_catalogazione-0504.jpg\" alt=\"\" class=\"wp-image-3827\" srcset=\"https:\/\/www.sabbafrisca.com\/wp-content\/uploads\/2025\/10\/ICCD16490383_catalogazione-0504.jpg 853w, https:\/\/www.sabbafrisca.com\/wp-content\/uploads\/2025\/10\/ICCD16490383_catalogazione-0504-682x1024.jpg 682w, https:\/\/www.sabbafrisca.com\/wp-content\/uploads\/2025\/10\/ICCD16490383_catalogazione-0504-768x1152.jpg 768w, https:\/\/www.sabbafrisca.com\/wp-content\/uploads\/2025\/10\/ICCD16490383_catalogazione-0504-93x139.jpg 93w, https:\/\/www.sabbafrisca.com\/wp-content\/uploads\/2025\/10\/ICCD16490383_catalogazione-0504-139x208.jpg 139w, https:\/\/www.sabbafrisca.com\/wp-content\/uploads\/2025\/10\/ICCD16490383_catalogazione-0504-185x278.jpg 185w, https:\/\/www.sabbafrisca.com\/wp-content\/uploads\/2025\/10\/ICCD16490383_catalogazione-0504-222x333.jpg 222w, https:\/\/www.sabbafrisca.com\/wp-content\/uploads\/2025\/10\/ICCD16490383_catalogazione-0504-296x444.jpg 296w, https:\/\/www.sabbafrisca.com\/wp-content\/uploads\/2025\/10\/ICCD16490383_catalogazione-0504-370x555.jpg 370w, https:\/\/www.sabbafrisca.com\/wp-content\/uploads\/2025\/10\/ICCD16490383_catalogazione-0504-416x624.jpg 416w, https:\/\/www.sabbafrisca.com\/wp-content\/uploads\/2025\/10\/ICCD16490383_catalogazione-0504-462x693.jpg 462w, https:\/\/www.sabbafrisca.com\/wp-content\/uploads\/2025\/10\/ICCD16490383_catalogazione-0504-554x832.jpg 554w, https:\/\/www.sabbafrisca.com\/wp-content\/uploads\/2025\/10\/ICCD16490383_catalogazione-0504-277x416.jpg 277w, https:\/\/www.sabbafrisca.com\/wp-content\/uploads\/2025\/10\/ICCD16490383_catalogazione-0504-369x554.jpg 369w, https:\/\/www.sabbafrisca.com\/wp-content\/uploads\/2025\/10\/ICCD16490383_catalogazione-0504-444x666.jpg 444w, https:\/\/www.sabbafrisca.com\/wp-content\/uploads\/2025\/10\/ICCD16490383_catalogazione-0504-592x888.jpg 592w, https:\/\/www.sabbafrisca.com\/wp-content\/uploads\/2025\/10\/ICCD16490383_catalogazione-0504-740x1110.jpg 740w, https:\/\/www.sabbafrisca.com\/wp-content\/uploads\/2025\/10\/ICCD16490383_catalogazione-0504-832x1248.jpg 832w\" sizes=\"auto, (max-width: 853px) 100vw, 853px\" \/><figcaption class=\"wp-element-caption\">Didascalia<\/figcaption><\/figure>\n<\/div>\n\n\n\n<div class=\"wp-block-column txt is-layout-flow wp-block-column-is-layout-flow\">\n<h2 class=\"wp-block-heading\">Mola de su tricu &#8211; Mahlstein f\u00fcr Getreide<\/h2>\n\n\n\n<p>Runde Eselsm\u00fchle aus Basaltstein. Der Korpus des Instruments besteht aus zwei Komponenten: dem Zapfen (\u201emascr\u00f9\u201c) und dem Gegenst\u00fcck (\u201ecopercu\u201c). Letzterer ist der drehende Teil mit zwei seitlichen \u00d6sen an den Seiten, an denen \u00fcber Schn\u00fcre und Schl\u00fcssel aus Erdbeerbaumholz ein gro\u00dfer Gabelstock aus Wacholderholz befestigt war, an<br>dem der Esel angebunden wurde. Der Gabelstock besitzt zwei \u00d6ffnungen, in die zwei am Fu\u00df gelochte Stifte einpassen. In diese wird eine Lederschlinge eingesetzt, die den Hals des Tieres sch\u00fctzen, damit es nicht stranguliert wird. Der untere Teil (Zapfen) weist mit einem Hammer eingehauene Rillen auf, um die Rauheit zu erh\u00f6hen und die Haftung zu verbessern. Die runde Wanne aus Trachytgestein, auf der die M\u00fchle aufsitzt, weist eine quadratische \u00d6ffnung mit einem Klappenmechanismus f\u00fcr das Austreten des gemahlenen Getreides auf. Im oberen Teil befindet sich ein h\u00f6lzerner, an der Decke mit einem Schilfrohr befestigter Trichter namens \u201emaiolu\u201c, um das Getreide in die M\u00fchle zu f\u00fcllen.<\/p>\n\n\n\n<p><a href=\"https:\/\/catalogo.beniculturali.it\/detail\/DemoEthnoAnthropologicalHeritage\/2000250367\">https:\/\/catalogo.beniculturali.it\/detail\/DemoEthnoAnthropologicalHeritage\/2000250367<\/a><\/p>\n<\/div>\n<\/div>\n\n\n\n<div class=\"wp-block-columns is-layout-flex wp-container-core-columns-is-layout-9d6595d7 wp-block-columns-is-layout-flex\">\n<div class=\"wp-block-column has-small-font-size is-layout-flow wp-block-column-is-layout-flow\" style=\"flex-basis:66%\">\n<p>Sezione cofinanziata con:<br>INCENTIVO Decreto Direttoriale n. 385 del 19\/10\/2022<br>PROT. PROGETTO TOCC0002372<br>PNRR \u2013 Next Generation EU<br>COR 15910959<br>CUP C77J23000830008<\/p>\n<\/div>\n<\/div>\n\n\n\n<figure class=\"wp-block-image size-full\"><img loading=\"lazy\" decoding=\"async\" width=\"985\" height=\"60\" src=\"https:\/\/www.sabbafrisca.com\/wp-content\/uploads\/2026\/02\/Loghi-CULTURA_CRESCE-3.png\" alt=\"\" class=\"wp-image-4080\" srcset=\"https:\/\/www.sabbafrisca.com\/wp-content\/uploads\/2026\/02\/Loghi-CULTURA_CRESCE-3.png 985w, https:\/\/www.sabbafrisca.com\/wp-content\/uploads\/2026\/02\/Loghi-CULTURA_CRESCE-3-768x47.png 768w, https:\/\/www.sabbafrisca.com\/wp-content\/uploads\/2026\/02\/Loghi-CULTURA_CRESCE-3-320x19.png 320w, https:\/\/www.sabbafrisca.com\/wp-content\/uploads\/2026\/02\/Loghi-CULTURA_CRESCE-3-480x29.png 480w, https:\/\/www.sabbafrisca.com\/wp-content\/uploads\/2026\/02\/Loghi-CULTURA_CRESCE-3-640x39.png 640w, https:\/\/www.sabbafrisca.com\/wp-content\/uploads\/2026\/02\/Loghi-CULTURA_CRESCE-3-960x58.png 960w\" sizes=\"auto, (max-width: 985px) 100vw, 985px\" \/><\/figure>\n","protected":false},"excerpt":{"rendered":"<p>Mit \u00fcber 4.500 Ausstellungsst\u00fccken, die das Leben auf Sardinien zwischen 1650 und 1940 erz\u00e4hlen, ist S\u2019Abba Frisca das gr\u00f6\u00dfte ethnographische Museum der Insel. \u00dcber 500 dieser St\u00fccke sind bereits katalogisiert,&#8230;<\/p>\n","protected":false},"author":1,"featured_media":2500,"parent":0,"menu_order":0,"comment_status":"closed","ping_status":"closed","template":"page.php","meta":{"_acf_changed":false,"footnotes":""},"class_list":["post-3994","page","type-page","status-publish","has-post-thumbnail","hentry"],"acf":[],"yoast_head":"<!-- This site is optimized with the Yoast SEO plugin v25.9 - https:\/\/yoast.com\/wordpress\/plugins\/seo\/ -->\n<title>Die Sammlungen - S&#039;Abba Frisca Parco Museo<\/title>\n<meta name=\"robots\" content=\"index, follow, max-snippet:-1, max-image-preview:large, max-video-preview:-1\" \/>\n<link rel=\"canonical\" href=\"https:\/\/www.sabbafrisca.com\/de\/collezioni\/\" \/>\n<meta property=\"og:locale\" content=\"de_DE\" \/>\n<meta property=\"og:type\" content=\"article\" \/>\n<meta property=\"og:title\" content=\"Die Sammlungen - S&#039;Abba Frisca Parco Museo\" \/>\n<meta property=\"og:description\" content=\"Mit \u00fcber 4.500 Ausstellungsst\u00fccken, die das Leben auf Sardinien zwischen 1650 und 1940 erz\u00e4hlen, ist S\u2019Abba Frisca das gr\u00f6\u00dfte ethnographische Museum der Insel. \u00dcber 500 dieser St\u00fccke sind bereits katalogisiert,...\" \/>\n<meta property=\"og:url\" content=\"https:\/\/www.sabbafrisca.com\/de\/collezioni\/\" \/>\n<meta property=\"og:site_name\" content=\"S&#039;Abba Frisca Parco Museo\" \/>\n<meta property=\"article:publisher\" content=\"https:\/\/www.facebook.com\/sabbafrisca\" \/>\n<meta property=\"article:modified_time\" content=\"2026-02-13T09:45:22+00:00\" \/>\n<meta property=\"og:image\" content=\"https:\/\/www.sabbafrisca.com\/wp-content\/uploads\/2023\/03\/museoIMG_2720-HDR-rid-edited.jpg\" \/>\n\t<meta property=\"og:image:width\" content=\"1500\" \/>\n\t<meta property=\"og:image:height\" content=\"844\" \/>\n\t<meta property=\"og:image:type\" content=\"image\/jpeg\" \/>\n<meta name=\"twitter:card\" content=\"summary_large_image\" \/>\n<meta name=\"twitter:site\" content=\"@sabbafrisca\" \/>\n<meta name=\"twitter:label1\" content=\"Gesch\u00e4tzte Lesezeit\" \/>\n\t<meta name=\"twitter:data1\" content=\"9\u00a0Minuten\" \/>\n<script type=\"application\/ld+json\" class=\"yoast-schema-graph\">{\"@context\":\"https:\/\/schema.org\",\"@graph\":[{\"@type\":\"WebPage\",\"@id\":\"https:\/\/www.sabbafrisca.com\/de\/collezioni\/\",\"url\":\"https:\/\/www.sabbafrisca.com\/de\/collezioni\/\",\"name\":\"Die Sammlungen - S&#039;Abba Frisca Parco Museo\",\"isPartOf\":{\"@id\":\"https:\/\/www.sabbafrisca.com\/de\/#website\"},\"primaryImageOfPage\":{\"@id\":\"https:\/\/www.sabbafrisca.com\/de\/collezioni\/#primaryimage\"},\"image\":{\"@id\":\"https:\/\/www.sabbafrisca.com\/de\/collezioni\/#primaryimage\"},\"thumbnailUrl\":\"https:\/\/www.sabbafrisca.com\/wp-content\/uploads\/2023\/03\/museoIMG_2720-HDR-rid-edited.jpg\",\"datePublished\":\"2025-05-05T15:50:23+00:00\",\"dateModified\":\"2026-02-13T09:45:22+00:00\",\"breadcrumb\":{\"@id\":\"https:\/\/www.sabbafrisca.com\/de\/collezioni\/#breadcrumb\"},\"inLanguage\":\"de\",\"potentialAction\":[{\"@type\":\"ReadAction\",\"target\":[\"https:\/\/www.sabbafrisca.com\/de\/collezioni\/\"]}]},{\"@type\":\"ImageObject\",\"inLanguage\":\"de\",\"@id\":\"https:\/\/www.sabbafrisca.com\/de\/collezioni\/#primaryimage\",\"url\":\"https:\/\/www.sabbafrisca.com\/wp-content\/uploads\/2023\/03\/museoIMG_2720-HDR-rid-edited.jpg\",\"contentUrl\":\"https:\/\/www.sabbafrisca.com\/wp-content\/uploads\/2023\/03\/museoIMG_2720-HDR-rid-edited.jpg\",\"width\":1500,\"height\":844,\"caption\":\"Durante i viaggi d'istruzione a Cala Gonone gli alunni impareranno come vengono prodotti olio, vino e formaggio\"},{\"@type\":\"BreadcrumbList\",\"@id\":\"https:\/\/www.sabbafrisca.com\/de\/collezioni\/#breadcrumb\",\"itemListElement\":[{\"@type\":\"ListItem\",\"position\":1,\"name\":\"Home\",\"item\":\"https:\/\/www.sabbafrisca.com\/de\/\"},{\"@type\":\"ListItem\",\"position\":2,\"name\":\"Die Sammlungen\"}]},{\"@type\":\"WebSite\",\"@id\":\"https:\/\/www.sabbafrisca.com\/de\/#website\",\"url\":\"https:\/\/www.sabbafrisca.com\/de\/\",\"name\":\"S&#039;Abba Frisca Parco Museo\",\"description\":\"A Dorgali, il Parco Museo della Sardegna\",\"publisher\":{\"@id\":\"https:\/\/www.sabbafrisca.com\/de\/#organization\"},\"potentialAction\":[{\"@type\":\"SearchAction\",\"target\":{\"@type\":\"EntryPoint\",\"urlTemplate\":\"https:\/\/www.sabbafrisca.com\/de\/?s={search_term_string}\"},\"query-input\":{\"@type\":\"PropertyValueSpecification\",\"valueRequired\":true,\"valueName\":\"search_term_string\"}}],\"inLanguage\":\"de\"},{\"@type\":\"Organization\",\"@id\":\"https:\/\/www.sabbafrisca.com\/de\/#organization\",\"name\":\"Parco Museo S'Abba Frisca\",\"url\":\"https:\/\/www.sabbafrisca.com\/de\/\",\"logo\":{\"@type\":\"ImageObject\",\"inLanguage\":\"de\",\"@id\":\"https:\/\/www.sabbafrisca.com\/de\/#\/schema\/logo\/image\/\",\"url\":\"https:\/\/www.sabbafrisca.com\/wp-content\/uploads\/2022\/01\/Marchio-a-colori.png\",\"contentUrl\":\"https:\/\/www.sabbafrisca.com\/wp-content\/uploads\/2022\/01\/Marchio-a-colori.png\",\"width\":1500,\"height\":1572,\"caption\":\"Parco Museo S'Abba Frisca\"},\"image\":{\"@id\":\"https:\/\/www.sabbafrisca.com\/de\/#\/schema\/logo\/image\/\"},\"sameAs\":[\"https:\/\/www.facebook.com\/sabbafrisca\",\"https:\/\/x.com\/sabbafrisca\",\"https:\/\/www.instagram.com\/sabbafrisca\/\",\"https:\/\/twitter.com\/sabbafrisca\"]}]}<\/script>\n<!-- \/ Yoast SEO plugin. -->","yoast_head_json":{"title":"Die Sammlungen - S&#039;Abba Frisca Parco Museo","robots":{"index":"index","follow":"follow","max-snippet":"max-snippet:-1","max-image-preview":"max-image-preview:large","max-video-preview":"max-video-preview:-1"},"canonical":"https:\/\/www.sabbafrisca.com\/de\/collezioni\/","og_locale":"de_DE","og_type":"article","og_title":"Die Sammlungen - S&#039;Abba Frisca Parco Museo","og_description":"Mit \u00fcber 4.500 Ausstellungsst\u00fccken, die das Leben auf Sardinien zwischen 1650 und 1940 erz\u00e4hlen, ist S\u2019Abba Frisca das gr\u00f6\u00dfte ethnographische Museum der Insel. \u00dcber 500 dieser St\u00fccke sind bereits katalogisiert,...","og_url":"https:\/\/www.sabbafrisca.com\/de\/collezioni\/","og_site_name":"S&#039;Abba Frisca Parco Museo","article_publisher":"https:\/\/www.facebook.com\/sabbafrisca","article_modified_time":"2026-02-13T09:45:22+00:00","og_image":[{"width":1500,"height":844,"url":"https:\/\/www.sabbafrisca.com\/wp-content\/uploads\/2023\/03\/museoIMG_2720-HDR-rid-edited.jpg","type":"image\/jpeg"}],"twitter_card":"summary_large_image","twitter_site":"@sabbafrisca","twitter_misc":{"Gesch\u00e4tzte Lesezeit":"9\u00a0Minuten"},"schema":{"@context":"https:\/\/schema.org","@graph":[{"@type":"WebPage","@id":"https:\/\/www.sabbafrisca.com\/de\/collezioni\/","url":"https:\/\/www.sabbafrisca.com\/de\/collezioni\/","name":"Die Sammlungen - S&#039;Abba Frisca Parco Museo","isPartOf":{"@id":"https:\/\/www.sabbafrisca.com\/de\/#website"},"primaryImageOfPage":{"@id":"https:\/\/www.sabbafrisca.com\/de\/collezioni\/#primaryimage"},"image":{"@id":"https:\/\/www.sabbafrisca.com\/de\/collezioni\/#primaryimage"},"thumbnailUrl":"https:\/\/www.sabbafrisca.com\/wp-content\/uploads\/2023\/03\/museoIMG_2720-HDR-rid-edited.jpg","datePublished":"2025-05-05T15:50:23+00:00","dateModified":"2026-02-13T09:45:22+00:00","breadcrumb":{"@id":"https:\/\/www.sabbafrisca.com\/de\/collezioni\/#breadcrumb"},"inLanguage":"de","potentialAction":[{"@type":"ReadAction","target":["https:\/\/www.sabbafrisca.com\/de\/collezioni\/"]}]},{"@type":"ImageObject","inLanguage":"de","@id":"https:\/\/www.sabbafrisca.com\/de\/collezioni\/#primaryimage","url":"https:\/\/www.sabbafrisca.com\/wp-content\/uploads\/2023\/03\/museoIMG_2720-HDR-rid-edited.jpg","contentUrl":"https:\/\/www.sabbafrisca.com\/wp-content\/uploads\/2023\/03\/museoIMG_2720-HDR-rid-edited.jpg","width":1500,"height":844,"caption":"Durante i viaggi d'istruzione a Cala Gonone gli alunni impareranno come vengono prodotti olio, vino e formaggio"},{"@type":"BreadcrumbList","@id":"https:\/\/www.sabbafrisca.com\/de\/collezioni\/#breadcrumb","itemListElement":[{"@type":"ListItem","position":1,"name":"Home","item":"https:\/\/www.sabbafrisca.com\/de\/"},{"@type":"ListItem","position":2,"name":"Die Sammlungen"}]},{"@type":"WebSite","@id":"https:\/\/www.sabbafrisca.com\/de\/#website","url":"https:\/\/www.sabbafrisca.com\/de\/","name":"S&#039;Abba Frisca Parco Museo","description":"A Dorgali, il Parco Museo della Sardegna","publisher":{"@id":"https:\/\/www.sabbafrisca.com\/de\/#organization"},"potentialAction":[{"@type":"SearchAction","target":{"@type":"EntryPoint","urlTemplate":"https:\/\/www.sabbafrisca.com\/de\/?s={search_term_string}"},"query-input":{"@type":"PropertyValueSpecification","valueRequired":true,"valueName":"search_term_string"}}],"inLanguage":"de"},{"@type":"Organization","@id":"https:\/\/www.sabbafrisca.com\/de\/#organization","name":"Parco Museo S'Abba Frisca","url":"https:\/\/www.sabbafrisca.com\/de\/","logo":{"@type":"ImageObject","inLanguage":"de","@id":"https:\/\/www.sabbafrisca.com\/de\/#\/schema\/logo\/image\/","url":"https:\/\/www.sabbafrisca.com\/wp-content\/uploads\/2022\/01\/Marchio-a-colori.png","contentUrl":"https:\/\/www.sabbafrisca.com\/wp-content\/uploads\/2022\/01\/Marchio-a-colori.png","width":1500,"height":1572,"caption":"Parco Museo S'Abba Frisca"},"image":{"@id":"https:\/\/www.sabbafrisca.com\/de\/#\/schema\/logo\/image\/"},"sameAs":["https:\/\/www.facebook.com\/sabbafrisca","https:\/\/x.com\/sabbafrisca","https:\/\/www.instagram.com\/sabbafrisca\/","https:\/\/twitter.com\/sabbafrisca"]}]}},"_links":{"self":[{"href":"https:\/\/www.sabbafrisca.com\/de\/wp-json\/wp\/v2\/pages\/3994","targetHints":{"allow":["GET"]}}],"collection":[{"href":"https:\/\/www.sabbafrisca.com\/de\/wp-json\/wp\/v2\/pages"}],"about":[{"href":"https:\/\/www.sabbafrisca.com\/de\/wp-json\/wp\/v2\/types\/page"}],"author":[{"embeddable":true,"href":"https:\/\/www.sabbafrisca.com\/de\/wp-json\/wp\/v2\/users\/1"}],"replies":[{"embeddable":true,"href":"https:\/\/www.sabbafrisca.com\/de\/wp-json\/wp\/v2\/comments?post=3994"}],"version-history":[{"count":3,"href":"https:\/\/www.sabbafrisca.com\/de\/wp-json\/wp\/v2\/pages\/3994\/revisions"}],"predecessor-version":[{"id":4091,"href":"https:\/\/www.sabbafrisca.com\/de\/wp-json\/wp\/v2\/pages\/3994\/revisions\/4091"}],"wp:featuredmedia":[{"embeddable":true,"href":"https:\/\/www.sabbafrisca.com\/de\/wp-json\/wp\/v2\/media\/2500"}],"wp:attachment":[{"href":"https:\/\/www.sabbafrisca.com\/de\/wp-json\/wp\/v2\/media?parent=3994"}],"curies":[{"name":"wp","href":"https:\/\/api.w.org\/{rel}","templated":true}]}}