{"id":1192,"date":"2019-11-08T19:54:30","date_gmt":"2019-11-08T18:54:30","guid":{"rendered":"https:\/\/www.sabbafrisca.com\/a-propos-de-nous\/la-storia\/"},"modified":"2020-09-25T19:33:57","modified_gmt":"2020-09-25T17:33:57","slug":"histoire","status":"publish","type":"page","link":"https:\/\/www.sabbafrisca.com\/fr\/a-propos-de-nous\/histoire\/","title":{"rendered":"L&rsquo;histoire"},"content":{"rendered":"\n<div class=\"wp-block-columns alignfull is-layout-flex wp-container-core-columns-is-layout-9d6595d7 wp-block-columns-is-layout-flex\">\n<div class=\"wp-block-column txt is-layout-flow wp-block-column-is-layout-flow\">\n<h2 class=\"wp-block-heading\">L&rsquo;histoire<\/h2>\n\n\n\n<p>Le parc-mus\u00e9e S&rsquo;Abba Frisca se dresse sur une ferme transmise de g\u00e9n\u00e9ration en g\u00e9n\u00e9ration, active et productive sans interruption depuis plus de deux cents ans.<br>D\u00e9j\u00e0 dans son enfance, Portolu Secci, le propri\u00e9taire, passait une partie de son \u00e9t\u00e9 \u00e0 S\u2019Abba Frisca, nom qui avait \u00e9t\u00e9 attribu\u00e9 au site par son grand-p\u00e8re Antonio, en raison de l\u2019abondance des sources, et aussi pour le distinguer des autres fermes voisines dont il \u00e9tait propri\u00e9taire.<\/p>\n\n\n\n<p>C&rsquo;est alors qu&rsquo;il a appris \u00e0 appr\u00e9cier tout ce que son grand-p\u00e8re faisait: des murs en pierres s\u00e8ches soutenant des terrasses sur lesquelles il s&rsquo;amusait \u00e0 cr\u00e9er des effets d\u00e9coratifs avec des l\u00e9gumes, des plantes fruiti\u00e8res et des fleurs de toute saison.<\/p>\n\n\n\n<p>La transition de ferme \u00e0 parc-mus\u00e9e a eu lieu lorsque Portolu en est entr\u00e9 en possession.<br>Il l&rsquo;a agrandi, am\u00e9lior\u00e9 et, avec un soin m\u00e9ticuleux, il a sagement travaill\u00e9 au cours des quarante derni\u00e8res ann\u00e9es pour r\u00e9cup\u00e9rer la m\u00e9moire historique avec des interventions structurelles importantes, tout en pr\u00e9servant les objets existants qui \u00e9taient en \u00e9tat d&rsquo;abandon et qui se sont multipli\u00e9s au fil du temps gr\u00e2ce \u00e0 de nombreux dons.<\/p>\n<\/div>\n\n\n\n<div class=\"wp-block-column is-layout-flow wp-block-column-is-layout-flow\">\n<figure class=\"wp-block-image size-large\"><img loading=\"lazy\" decoding=\"async\" width=\"960\" height=\"800\" src=\"https:\/\/www.sabbafrisca.com\/wp-content\/uploads\/2020\/03\/01-chi-siamo-NG.jpg\" alt=\"\" class=\"wp-image-787\" srcset=\"https:\/\/www.sabbafrisca.com\/wp-content\/uploads\/2020\/03\/01-chi-siamo-NG.jpg 960w, https:\/\/www.sabbafrisca.com\/wp-content\/uploads\/2020\/03\/01-chi-siamo-NG-768x640.jpg 768w, https:\/\/www.sabbafrisca.com\/wp-content\/uploads\/2020\/03\/01-chi-siamo-NG-167x139.jpg 167w, https:\/\/www.sabbafrisca.com\/wp-content\/uploads\/2020\/03\/01-chi-siamo-NG-250x208.jpg 250w, https:\/\/www.sabbafrisca.com\/wp-content\/uploads\/2020\/03\/01-chi-siamo-NG-332x277.jpg 332w, https:\/\/www.sabbafrisca.com\/wp-content\/uploads\/2020\/03\/01-chi-siamo-NG-400x333.jpg 400w, https:\/\/www.sabbafrisca.com\/wp-content\/uploads\/2020\/03\/01-chi-siamo-NG-533x444.jpg 533w, https:\/\/www.sabbafrisca.com\/wp-content\/uploads\/2020\/03\/01-chi-siamo-NG-666x555.jpg 666w, https:\/\/www.sabbafrisca.com\/wp-content\/uploads\/2020\/03\/01-chi-siamo-NG-749x624.jpg 749w, https:\/\/www.sabbafrisca.com\/wp-content\/uploads\/2020\/03\/01-chi-siamo-NG-832x693.jpg 832w, https:\/\/www.sabbafrisca.com\/wp-content\/uploads\/2020\/03\/01-chi-siamo-NG-334x278.jpg 334w, https:\/\/www.sabbafrisca.com\/wp-content\/uploads\/2020\/03\/01-chi-siamo-NG-499x416.jpg 499w, https:\/\/www.sabbafrisca.com\/wp-content\/uploads\/2020\/03\/01-chi-siamo-NG-665x554.jpg 665w, https:\/\/www.sabbafrisca.com\/wp-content\/uploads\/2020\/03\/01-chi-siamo-NG-799x666.jpg 799w\" sizes=\"auto, (max-width: 960px) 100vw, 960px\" \/><figcaption>Pietro Andrea et Vincenzo Secci \u00e0 S\u2019Abba Frisca,<br>National Geographic, 1916. Photo de Charles Will Wright.<\/figcaption><\/figure>\n<\/div>\n<\/div>\n\n\n\n<hr class=\"wp-block-separator\"\/>\n\n\n\n<div class=\"wp-block-columns alignfull is-layout-flex wp-container-core-columns-is-layout-9d6595d7 wp-block-columns-is-layout-flex\">\n<div class=\"wp-block-column is-layout-flow wp-block-column-is-layout-flow\">\n<figure class=\"wp-block-image size-large\"><img loading=\"lazy\" decoding=\"async\" width=\"960\" height=\"640\" src=\"https:\/\/www.sabbafrisca.com\/wp-content\/uploads\/2020\/03\/02-chi-siamo-piante.jpg\" alt=\"\" class=\"wp-image-788\" srcset=\"https:\/\/www.sabbafrisca.com\/wp-content\/uploads\/2020\/03\/02-chi-siamo-piante.jpg 960w, https:\/\/www.sabbafrisca.com\/wp-content\/uploads\/2020\/03\/02-chi-siamo-piante-768x512.jpg 768w, https:\/\/www.sabbafrisca.com\/wp-content\/uploads\/2020\/03\/02-chi-siamo-piante-209x139.jpg 209w, https:\/\/www.sabbafrisca.com\/wp-content\/uploads\/2020\/03\/02-chi-siamo-piante-312x208.jpg 312w, https:\/\/www.sabbafrisca.com\/wp-content\/uploads\/2020\/03\/02-chi-siamo-piante-416x277.jpg 416w, https:\/\/www.sabbafrisca.com\/wp-content\/uploads\/2020\/03\/02-chi-siamo-piante-500x333.jpg 500w, https:\/\/www.sabbafrisca.com\/wp-content\/uploads\/2020\/03\/02-chi-siamo-piante-666x444.jpg 666w, https:\/\/www.sabbafrisca.com\/wp-content\/uploads\/2020\/03\/02-chi-siamo-piante-833x555.jpg 833w, https:\/\/www.sabbafrisca.com\/wp-content\/uploads\/2020\/03\/02-chi-siamo-piante-936x624.jpg 936w, https:\/\/www.sabbafrisca.com\/wp-content\/uploads\/2020\/03\/02-chi-siamo-piante-417x278.jpg 417w, https:\/\/www.sabbafrisca.com\/wp-content\/uploads\/2020\/03\/02-chi-siamo-piante-624x416.jpg 624w, https:\/\/www.sabbafrisca.com\/wp-content\/uploads\/2020\/03\/02-chi-siamo-piante-831x554.jpg 831w\" sizes=\"auto, (max-width: 960px) 100vw, 960px\" \/><\/figure>\n\n\n\n<figure class=\"wp-block-image size-large\"><img loading=\"lazy\" decoding=\"async\" width=\"960\" height=\"640\" src=\"https:\/\/www.sabbafrisca.com\/wp-content\/uploads\/2020\/03\/03-chi-siamo-portolu.jpg\" alt=\"\" class=\"wp-image-789\" srcset=\"https:\/\/www.sabbafrisca.com\/wp-content\/uploads\/2020\/03\/03-chi-siamo-portolu.jpg 960w, https:\/\/www.sabbafrisca.com\/wp-content\/uploads\/2020\/03\/03-chi-siamo-portolu-768x512.jpg 768w, https:\/\/www.sabbafrisca.com\/wp-content\/uploads\/2020\/03\/03-chi-siamo-portolu-209x139.jpg 209w, https:\/\/www.sabbafrisca.com\/wp-content\/uploads\/2020\/03\/03-chi-siamo-portolu-312x208.jpg 312w, https:\/\/www.sabbafrisca.com\/wp-content\/uploads\/2020\/03\/03-chi-siamo-portolu-416x277.jpg 416w, https:\/\/www.sabbafrisca.com\/wp-content\/uploads\/2020\/03\/03-chi-siamo-portolu-500x333.jpg 500w, https:\/\/www.sabbafrisca.com\/wp-content\/uploads\/2020\/03\/03-chi-siamo-portolu-666x444.jpg 666w, https:\/\/www.sabbafrisca.com\/wp-content\/uploads\/2020\/03\/03-chi-siamo-portolu-833x555.jpg 833w, https:\/\/www.sabbafrisca.com\/wp-content\/uploads\/2020\/03\/03-chi-siamo-portolu-936x624.jpg 936w, https:\/\/www.sabbafrisca.com\/wp-content\/uploads\/2020\/03\/03-chi-siamo-portolu-417x278.jpg 417w, https:\/\/www.sabbafrisca.com\/wp-content\/uploads\/2020\/03\/03-chi-siamo-portolu-624x416.jpg 624w, https:\/\/www.sabbafrisca.com\/wp-content\/uploads\/2020\/03\/03-chi-siamo-portolu-831x554.jpg 831w\" sizes=\"auto, (max-width: 960px) 100vw, 960px\" \/><\/figure>\n<\/div>\n\n\n\n<div class=\"wp-block-column txt is-layout-flow wp-block-column-is-layout-flow\">\n<p>La m\u00eame passion a pouss\u00e9 Portolu \u00e0 faire revivre ce lieu qui lui \u00e9tait cher, et dans lequel le vieux pressoir \u00e0 vin et le moulin \u00e0 huile avaient toujours jou\u00e9 un r\u00f4le central. Il a recherch\u00e9, \u00e9tudi\u00e9 et plant\u00e9 dans le parc les plantes tinctoriales, aromatiques et officinales du pass\u00e9, les m\u00eames qui \u00e9taient autrefois utilis\u00e9es par grand-m\u00e8re Zizza et Maria Antonia, sa m\u00e8re.<\/p>\n\n\n\n<p>Plus tard, avec son travail de terrassement, il a pu cr\u00e9er un v\u00e9ritable parc naturel qui, gr\u00e2ce aux anciennes sources qui y sont pr\u00e9sentes, s&rsquo;enrichit de coins suggestifs dont aujourd&rsquo;hui l&rsquo;eau est l&rsquo;\u00e9l\u00e9ment dominant.<\/p>\n\n\n\n<p>Plus tard dans les ann\u00e9es, avec la collaboration de son \u00e9pouse Laura et de ses enfants Gianluca, Marcello et Pierandrea, S&rsquo;Abba Frisca est devenu un \u00e9tablissement d&rsquo;h\u00e9bergement unique en son genre en Italie qui, tout en conservant les caract\u00e9ristiques d&rsquo;origine d&rsquo;une ferme, est aujourd&rsquo;hui l&rsquo;une des offres touristiques les plus importantes du territoire.<\/p>\n\n\n\n<p>C&rsquo;est ainsi que, en 2018, S&rsquo;Abba Frisca a \u00e9t\u00e9 reconnu en par la R\u00e9gion Sardaigne comme le mus\u00e9e ethnographique et naturaliste le plus complet de l&rsquo;\u00eele. Le premier mus\u00e9e priv\u00e9 \u00e0 \u00eatre inscrit \u00e0 part enti\u00e8re au registre r\u00e9gional des instituts et lieux culturels.<\/p>\n<\/div>\n<\/div>\n","protected":false},"excerpt":{"rendered":"<p>L&rsquo;histoire Le parc-mus\u00e9e S&rsquo;Abba Frisca se dresse sur une ferme transmise de g\u00e9n\u00e9ration en g\u00e9n\u00e9ration, active et productive sans interruption depuis plus de deux cents ans.D\u00e9j\u00e0 dans son enfance, Portolu&#8230;<\/p>\n","protected":false},"author":1,"featured_media":922,"parent":1189,"menu_order":0,"comment_status":"closed","ping_status":"closed","template":"page.php","meta":{"_acf_changed":false,"footnotes":""},"class_list":["post-1192","page","type-page","status-publish","has-post-thumbnail","hentry"],"acf":[],"yoast_head":"<!-- This site is optimized with the Yoast SEO plugin v25.9 - https:\/\/yoast.com\/wordpress\/plugins\/seo\/ -->\n<title>L&#039;histoire - S&#039;Abba Frisca Parco Museo<\/title>\n<meta name=\"robots\" content=\"index, follow, max-snippet:-1, max-image-preview:large, max-video-preview:-1\" \/>\n<link rel=\"canonical\" href=\"https:\/\/www.sabbafrisca.com\/fr\/a-propos-de-nous\/histoire\/\" \/>\n<meta property=\"og:locale\" content=\"fr_FR\" \/>\n<meta property=\"og:type\" content=\"article\" \/>\n<meta property=\"og:title\" content=\"L&#039;histoire - S&#039;Abba Frisca Parco Museo\" \/>\n<meta property=\"og:description\" content=\"L&rsquo;histoire Le parc-mus\u00e9e S&rsquo;Abba Frisca se dresse sur une ferme transmise de g\u00e9n\u00e9ration en g\u00e9n\u00e9ration, active et productive sans interruption depuis plus de deux cents ans.D\u00e9j\u00e0 dans son enfance, Portolu...\" \/>\n<meta property=\"og:url\" content=\"https:\/\/www.sabbafrisca.com\/fr\/a-propos-de-nous\/histoire\/\" \/>\n<meta property=\"og:site_name\" content=\"S&#039;Abba Frisca Parco Museo\" \/>\n<meta property=\"article:publisher\" content=\"https:\/\/www.facebook.com\/sabbafrisca\" \/>\n<meta property=\"article:modified_time\" content=\"2020-09-25T17:33:57+00:00\" \/>\n<meta property=\"og:image\" content=\"https:\/\/www.sabbafrisca.com\/wp-content\/uploads\/2019\/12\/chi_siamo-scaled.jpg\" \/>\n\t<meta property=\"og:image:width\" content=\"2560\" \/>\n\t<meta property=\"og:image:height\" content=\"1120\" \/>\n\t<meta property=\"og:image:type\" content=\"image\/jpeg\" \/>\n<meta name=\"twitter:card\" content=\"summary_large_image\" \/>\n<meta name=\"twitter:site\" content=\"@sabbafrisca\" \/>\n<meta name=\"twitter:label1\" content=\"Dur\u00e9e de lecture estim\u00e9e\" \/>\n\t<meta name=\"twitter:data1\" content=\"2 minutes\" \/>\n<script type=\"application\/ld+json\" class=\"yoast-schema-graph\">{\"@context\":\"https:\/\/schema.org\",\"@graph\":[{\"@type\":\"WebPage\",\"@id\":\"https:\/\/www.sabbafrisca.com\/fr\/a-propos-de-nous\/histoire\/\",\"url\":\"https:\/\/www.sabbafrisca.com\/fr\/a-propos-de-nous\/histoire\/\",\"name\":\"L'histoire - S&#039;Abba Frisca Parco Museo\",\"isPartOf\":{\"@id\":\"https:\/\/www.sabbafrisca.com\/fr\/#website\"},\"primaryImageOfPage\":{\"@id\":\"https:\/\/www.sabbafrisca.com\/fr\/a-propos-de-nous\/histoire\/#primaryimage\"},\"image\":{\"@id\":\"https:\/\/www.sabbafrisca.com\/fr\/a-propos-de-nous\/histoire\/#primaryimage\"},\"thumbnailUrl\":\"https:\/\/www.sabbafrisca.com\/wp-content\/uploads\/2019\/12\/chi_siamo-scaled.jpg\",\"datePublished\":\"2019-11-08T18:54:30+00:00\",\"dateModified\":\"2020-09-25T17:33:57+00:00\",\"breadcrumb\":{\"@id\":\"https:\/\/www.sabbafrisca.com\/fr\/a-propos-de-nous\/histoire\/#breadcrumb\"},\"inLanguage\":\"fr-FR\",\"potentialAction\":[{\"@type\":\"ReadAction\",\"target\":[\"https:\/\/www.sabbafrisca.com\/fr\/a-propos-de-nous\/histoire\/\"]}]},{\"@type\":\"ImageObject\",\"inLanguage\":\"fr-FR\",\"@id\":\"https:\/\/www.sabbafrisca.com\/fr\/a-propos-de-nous\/histoire\/#primaryimage\",\"url\":\"https:\/\/www.sabbafrisca.com\/wp-content\/uploads\/2019\/12\/chi_siamo-scaled.jpg\",\"contentUrl\":\"https:\/\/www.sabbafrisca.com\/wp-content\/uploads\/2019\/12\/chi_siamo-scaled.jpg\",\"width\":2560,\"height\":1120},{\"@type\":\"BreadcrumbList\",\"@id\":\"https:\/\/www.sabbafrisca.com\/fr\/a-propos-de-nous\/histoire\/#breadcrumb\",\"itemListElement\":[{\"@type\":\"ListItem\",\"position\":1,\"name\":\"Home\",\"item\":\"https:\/\/www.sabbafrisca.com\/fr\/\"},{\"@type\":\"ListItem\",\"position\":2,\"name\":\"\u00c0 propos de nous\",\"item\":\"https:\/\/www.sabbafrisca.com\/fr\/a-propos-de-nous\/\"},{\"@type\":\"ListItem\",\"position\":3,\"name\":\"L&#8217;histoire\"}]},{\"@type\":\"WebSite\",\"@id\":\"https:\/\/www.sabbafrisca.com\/fr\/#website\",\"url\":\"https:\/\/www.sabbafrisca.com\/fr\/\",\"name\":\"S&#039;Abba Frisca Parco Museo\",\"description\":\"A Dorgali, il Parco Museo della Sardegna\",\"publisher\":{\"@id\":\"https:\/\/www.sabbafrisca.com\/fr\/#organization\"},\"potentialAction\":[{\"@type\":\"SearchAction\",\"target\":{\"@type\":\"EntryPoint\",\"urlTemplate\":\"https:\/\/www.sabbafrisca.com\/fr\/?s={search_term_string}\"},\"query-input\":{\"@type\":\"PropertyValueSpecification\",\"valueRequired\":true,\"valueName\":\"search_term_string\"}}],\"inLanguage\":\"fr-FR\"},{\"@type\":\"Organization\",\"@id\":\"https:\/\/www.sabbafrisca.com\/fr\/#organization\",\"name\":\"Parco Museo S'Abba Frisca\",\"url\":\"https:\/\/www.sabbafrisca.com\/fr\/\",\"logo\":{\"@type\":\"ImageObject\",\"inLanguage\":\"fr-FR\",\"@id\":\"https:\/\/www.sabbafrisca.com\/fr\/#\/schema\/logo\/image\/\",\"url\":\"https:\/\/www.sabbafrisca.com\/wp-content\/uploads\/2022\/01\/Marchio-a-colori.png\",\"contentUrl\":\"https:\/\/www.sabbafrisca.com\/wp-content\/uploads\/2022\/01\/Marchio-a-colori.png\",\"width\":1500,\"height\":1572,\"caption\":\"Parco Museo S'Abba Frisca\"},\"image\":{\"@id\":\"https:\/\/www.sabbafrisca.com\/fr\/#\/schema\/logo\/image\/\"},\"sameAs\":[\"https:\/\/www.facebook.com\/sabbafrisca\",\"https:\/\/x.com\/sabbafrisca\",\"https:\/\/www.instagram.com\/sabbafrisca\/\",\"https:\/\/twitter.com\/sabbafrisca\"]}]}<\/script>\n<!-- \/ Yoast SEO plugin. -->","yoast_head_json":{"title":"L'histoire - S&#039;Abba Frisca Parco Museo","robots":{"index":"index","follow":"follow","max-snippet":"max-snippet:-1","max-image-preview":"max-image-preview:large","max-video-preview":"max-video-preview:-1"},"canonical":"https:\/\/www.sabbafrisca.com\/fr\/a-propos-de-nous\/histoire\/","og_locale":"fr_FR","og_type":"article","og_title":"L'histoire - S&#039;Abba Frisca Parco Museo","og_description":"L&rsquo;histoire Le parc-mus\u00e9e S&rsquo;Abba Frisca se dresse sur une ferme transmise de g\u00e9n\u00e9ration en g\u00e9n\u00e9ration, active et productive sans interruption depuis plus de deux cents ans.D\u00e9j\u00e0 dans son enfance, Portolu...","og_url":"https:\/\/www.sabbafrisca.com\/fr\/a-propos-de-nous\/histoire\/","og_site_name":"S&#039;Abba Frisca Parco Museo","article_publisher":"https:\/\/www.facebook.com\/sabbafrisca","article_modified_time":"2020-09-25T17:33:57+00:00","og_image":[{"width":2560,"height":1120,"url":"https:\/\/www.sabbafrisca.com\/wp-content\/uploads\/2019\/12\/chi_siamo-scaled.jpg","type":"image\/jpeg"}],"twitter_card":"summary_large_image","twitter_site":"@sabbafrisca","twitter_misc":{"Dur\u00e9e de lecture estim\u00e9e":"2 minutes"},"schema":{"@context":"https:\/\/schema.org","@graph":[{"@type":"WebPage","@id":"https:\/\/www.sabbafrisca.com\/fr\/a-propos-de-nous\/histoire\/","url":"https:\/\/www.sabbafrisca.com\/fr\/a-propos-de-nous\/histoire\/","name":"L'histoire - S&#039;Abba Frisca Parco Museo","isPartOf":{"@id":"https:\/\/www.sabbafrisca.com\/fr\/#website"},"primaryImageOfPage":{"@id":"https:\/\/www.sabbafrisca.com\/fr\/a-propos-de-nous\/histoire\/#primaryimage"},"image":{"@id":"https:\/\/www.sabbafrisca.com\/fr\/a-propos-de-nous\/histoire\/#primaryimage"},"thumbnailUrl":"https:\/\/www.sabbafrisca.com\/wp-content\/uploads\/2019\/12\/chi_siamo-scaled.jpg","datePublished":"2019-11-08T18:54:30+00:00","dateModified":"2020-09-25T17:33:57+00:00","breadcrumb":{"@id":"https:\/\/www.sabbafrisca.com\/fr\/a-propos-de-nous\/histoire\/#breadcrumb"},"inLanguage":"fr-FR","potentialAction":[{"@type":"ReadAction","target":["https:\/\/www.sabbafrisca.com\/fr\/a-propos-de-nous\/histoire\/"]}]},{"@type":"ImageObject","inLanguage":"fr-FR","@id":"https:\/\/www.sabbafrisca.com\/fr\/a-propos-de-nous\/histoire\/#primaryimage","url":"https:\/\/www.sabbafrisca.com\/wp-content\/uploads\/2019\/12\/chi_siamo-scaled.jpg","contentUrl":"https:\/\/www.sabbafrisca.com\/wp-content\/uploads\/2019\/12\/chi_siamo-scaled.jpg","width":2560,"height":1120},{"@type":"BreadcrumbList","@id":"https:\/\/www.sabbafrisca.com\/fr\/a-propos-de-nous\/histoire\/#breadcrumb","itemListElement":[{"@type":"ListItem","position":1,"name":"Home","item":"https:\/\/www.sabbafrisca.com\/fr\/"},{"@type":"ListItem","position":2,"name":"\u00c0 propos de nous","item":"https:\/\/www.sabbafrisca.com\/fr\/a-propos-de-nous\/"},{"@type":"ListItem","position":3,"name":"L&#8217;histoire"}]},{"@type":"WebSite","@id":"https:\/\/www.sabbafrisca.com\/fr\/#website","url":"https:\/\/www.sabbafrisca.com\/fr\/","name":"S&#039;Abba Frisca Parco Museo","description":"A Dorgali, il Parco Museo della Sardegna","publisher":{"@id":"https:\/\/www.sabbafrisca.com\/fr\/#organization"},"potentialAction":[{"@type":"SearchAction","target":{"@type":"EntryPoint","urlTemplate":"https:\/\/www.sabbafrisca.com\/fr\/?s={search_term_string}"},"query-input":{"@type":"PropertyValueSpecification","valueRequired":true,"valueName":"search_term_string"}}],"inLanguage":"fr-FR"},{"@type":"Organization","@id":"https:\/\/www.sabbafrisca.com\/fr\/#organization","name":"Parco Museo S'Abba Frisca","url":"https:\/\/www.sabbafrisca.com\/fr\/","logo":{"@type":"ImageObject","inLanguage":"fr-FR","@id":"https:\/\/www.sabbafrisca.com\/fr\/#\/schema\/logo\/image\/","url":"https:\/\/www.sabbafrisca.com\/wp-content\/uploads\/2022\/01\/Marchio-a-colori.png","contentUrl":"https:\/\/www.sabbafrisca.com\/wp-content\/uploads\/2022\/01\/Marchio-a-colori.png","width":1500,"height":1572,"caption":"Parco Museo S'Abba Frisca"},"image":{"@id":"https:\/\/www.sabbafrisca.com\/fr\/#\/schema\/logo\/image\/"},"sameAs":["https:\/\/www.facebook.com\/sabbafrisca","https:\/\/x.com\/sabbafrisca","https:\/\/www.instagram.com\/sabbafrisca\/","https:\/\/twitter.com\/sabbafrisca"]}]}},"_links":{"self":[{"href":"https:\/\/www.sabbafrisca.com\/fr\/wp-json\/wp\/v2\/pages\/1192","targetHints":{"allow":["GET"]}}],"collection":[{"href":"https:\/\/www.sabbafrisca.com\/fr\/wp-json\/wp\/v2\/pages"}],"about":[{"href":"https:\/\/www.sabbafrisca.com\/fr\/wp-json\/wp\/v2\/types\/page"}],"author":[{"embeddable":true,"href":"https:\/\/www.sabbafrisca.com\/fr\/wp-json\/wp\/v2\/users\/1"}],"replies":[{"embeddable":true,"href":"https:\/\/www.sabbafrisca.com\/fr\/wp-json\/wp\/v2\/comments?post=1192"}],"version-history":[{"count":0,"href":"https:\/\/www.sabbafrisca.com\/fr\/wp-json\/wp\/v2\/pages\/1192\/revisions"}],"up":[{"embeddable":true,"href":"https:\/\/www.sabbafrisca.com\/fr\/wp-json\/wp\/v2\/pages\/1189"}],"wp:featuredmedia":[{"embeddable":true,"href":"https:\/\/www.sabbafrisca.com\/fr\/wp-json\/wp\/v2\/media\/922"}],"wp:attachment":[{"href":"https:\/\/www.sabbafrisca.com\/fr\/wp-json\/wp\/v2\/media?parent=1192"}],"curies":[{"name":"wp","href":"https:\/\/api.w.org\/{rel}","templated":true}]}}