{"id":1266,"date":"2019-11-08T19:57:42","date_gmt":"2019-11-08T18:57:42","guid":{"rendered":"https:\/\/www.sabbafrisca.com\/territoire\/orosei\/"},"modified":"2020-09-26T14:35:21","modified_gmt":"2020-09-26T12:35:21","slug":"orosei","status":"publish","type":"page","link":"https:\/\/www.sabbafrisca.com\/fr\/territoire\/orosei\/","title":{"rendered":"Orosei"},"content":{"rendered":"\n<div class=\"wp-block-columns alignfull is-layout-flex wp-container-core-columns-is-layout-9d6595d7 wp-block-columns-is-layout-flex\">\n<div class=\"wp-block-column is-layout-flow wp-block-column-is-layout-flow\">\n<figure class=\"wp-block-image size-large\"><img loading=\"lazy\" decoding=\"async\" width=\"1920\" height=\"1333\" src=\"https:\/\/www.sabbafrisca.com\/wp-content\/uploads\/2019\/12\/Territorio-Orosei-A-1920x1333.jpg\" alt=\"\" class=\"wp-image-399\" srcset=\"https:\/\/www.sabbafrisca.com\/wp-content\/uploads\/2019\/12\/Territorio-Orosei-A-1920x1333.jpg 1920w, https:\/\/www.sabbafrisca.com\/wp-content\/uploads\/2019\/12\/Territorio-Orosei-A-1024x711.jpg 1024w, https:\/\/www.sabbafrisca.com\/wp-content\/uploads\/2019\/12\/Territorio-Orosei-A-768x533.jpg 768w, https:\/\/www.sabbafrisca.com\/wp-content\/uploads\/2019\/12\/Territorio-Orosei-A-1536x1066.jpg 1536w, https:\/\/www.sabbafrisca.com\/wp-content\/uploads\/2019\/12\/Territorio-Orosei-A-2048x1422.jpg 2048w, https:\/\/www.sabbafrisca.com\/wp-content\/uploads\/2019\/12\/Territorio-Orosei-A-200x139.jpg 200w, https:\/\/www.sabbafrisca.com\/wp-content\/uploads\/2019\/12\/Territorio-Orosei-A-300x208.jpg 300w, https:\/\/www.sabbafrisca.com\/wp-content\/uploads\/2019\/12\/Territorio-Orosei-A-399x277.jpg 399w, https:\/\/www.sabbafrisca.com\/wp-content\/uploads\/2019\/12\/Territorio-Orosei-A-480x333.jpg 480w, https:\/\/www.sabbafrisca.com\/wp-content\/uploads\/2019\/12\/Territorio-Orosei-A-640x444.jpg 640w, https:\/\/www.sabbafrisca.com\/wp-content\/uploads\/2019\/12\/Territorio-Orosei-A-799x555.jpg 799w, https:\/\/www.sabbafrisca.com\/wp-content\/uploads\/2019\/12\/Territorio-Orosei-A-899x624.jpg 899w, https:\/\/www.sabbafrisca.com\/wp-content\/uploads\/2019\/12\/Territorio-Orosei-A-998x693.jpg 998w, https:\/\/www.sabbafrisca.com\/wp-content\/uploads\/2019\/12\/Territorio-Orosei-A-1198x832.jpg 1198w, https:\/\/www.sabbafrisca.com\/wp-content\/uploads\/2019\/12\/Territorio-Orosei-A-400x278.jpg 400w, https:\/\/www.sabbafrisca.com\/wp-content\/uploads\/2019\/12\/Territorio-Orosei-A-599x416.jpg 599w, https:\/\/www.sabbafrisca.com\/wp-content\/uploads\/2019\/12\/Territorio-Orosei-A-798x554.jpg 798w, https:\/\/www.sabbafrisca.com\/wp-content\/uploads\/2019\/12\/Territorio-Orosei-A-959x666.jpg 959w, https:\/\/www.sabbafrisca.com\/wp-content\/uploads\/2019\/12\/Territorio-Orosei-A-1279x888.jpg 1279w, https:\/\/www.sabbafrisca.com\/wp-content\/uploads\/2019\/12\/Territorio-Orosei-A-1599x1110.jpg 1599w, https:\/\/www.sabbafrisca.com\/wp-content\/uploads\/2019\/12\/Territorio-Orosei-A-1798x1248.jpg 1798w, https:\/\/www.sabbafrisca.com\/wp-content\/uploads\/2019\/12\/Territorio-Orosei-A-1996x1386.jpg 1996w\" sizes=\"auto, (max-width: 1920px) 100vw, 1920px\" \/><\/figure>\n<\/div>\n\n\n\n<div class=\"wp-block-column txt is-layout-flow wp-block-column-is-layout-flow\">\n<h2 class=\"wp-block-heading\">Orosei<\/h2>\n\n\n\n<p>Orosei, situ\u00e9e sur la c\u00f4te orientale de la Sardaigne, \u00e0 l&#8217;embouchure de la rivi\u00e8re Cedrino et sur les pentes du mont Tuttavista, est le centre principal de la basse Baronie. De vocation touristique r\u00e9cente, elle a conserv\u00e9 au fil du temps les usages et pratiques de la civilisation paysanne. Ville avec un centre historique caract\u00e9ristique, elle fonde actuellement son \u00e9conomie sur l&rsquo;extraction du pr\u00e9cieux marbre.<br>D&rsquo;origine romaine, la ville a connu un d\u00e9veloppement important au Moyen \u00c2ge, sous le Giudicato de Gallura. Elle est ensuite devenue pisane et enfin aragonaise.<br>Les \u00e9glises de San Giacomo, San Gavino et Sant\u2019Antonio sont m\u00e9di\u00e9vales. La derni\u00e8re, situ\u00e9e sur la place homonyme, est entour\u00e9e de cumbessias, petites maisons servant \u00e0 accueillir les fid\u00e8les.<br>\u00c0 l&rsquo;occasion de la f\u00eate en l&rsquo;honneur du saint (16 janvier), un grand feu de branches de romarin est allum\u00e9 devant le sanctuaire. Tous les participants se voient offrir le dessert typique (su pistiddhu et su pane nieddhu).<br>Le 25 juillet, la f\u00eate de San Giacomo, patron de la ville, est accompagn\u00e9e de performances musicales et d&rsquo;expositions.<\/p>\n<\/div>\n<\/div>\n\n\n\n<div class=\"wp-block-columns alignfull is-layout-flex wp-container-core-columns-is-layout-9d6595d7 wp-block-columns-is-layout-flex\">\n<div class=\"wp-block-column txt is-layout-flow wp-block-column-is-layout-flow\">\n<p>Le sanctuaire de la Madonna del Rimedio, dans lequel l&rsquo;\u00e9crivaine Grazia Deledda a mis en sc\u00e8ne le roman Canne al vento avec lequel elle a re\u00e7u le prix Nobel de litt\u00e9rature en 1926, rev\u00eat une importance particuli\u00e8re.<br>En septembre, la F\u00eate du Rimedio dure dix-huit jours pendant lesquels les fid\u00e8les assistent aux c\u00e9l\u00e9brations religieuses et sont accueillis dans les nombreuses cumbessias, o\u00f9 se consomment des repas et g\u00e2teaux traditionnels.<br>Le dernier dimanche de mai, pour la f\u00eate de la Madonna del Mare, sur Piazza del Popolo, les p\u00eacheurs d\u00e9corent les bateaux avec des fleurs et les emm\u00e8nent \u00e0 la rivi\u00e8re Cedrino. Ensuite, ils arrivent en procession jusqu&rsquo;\u00e0 l&#8217;embouchure, dans la petite \u00e9glise de Santa Maria &lsquo;e Mare, d&rsquo;origine pisane.<br>Sur son territoire, il y a plusieurs hameaux touristiques: Cala Liberotto, Marina di Orosei, Sas Linnas Siccas, Sos Alinos, particuli\u00e8rement c\u00e9l\u00e8bre est la plage de la zone prot\u00e9g\u00e9e de Biderosa.<\/p>\n\n\n\n<h3 class=\"wp-block-heading\"><strong>\u00c0 VOIR<\/strong><\/h3>\n\n\n\n<h4 class=\"wp-block-heading\">Oasi Biderosa<\/h4>\n\n\n\n<p>L&rsquo;Oasis de Biderosa est situ\u00e9e au nord de la ville d&rsquo;Orosei et de son hameau de Cala Liberotto. Elle comprend celle qui est certainement l&rsquo;une des plus belles plages de la r\u00e9gion. L&rsquo;entr\u00e9e \u00e0 l&rsquo;oasis est payante et avec un acc\u00e8s limit\u00e9 \u00e0 un nombre restreint de visiteurs.<\/p>\n<\/div>\n\n\n\n<div class=\"wp-block-column is-layout-flow wp-block-column-is-layout-flow\">\n<figure class=\"wp-block-image size-large\"><img loading=\"lazy\" decoding=\"async\" width=\"1920\" height=\"1334\" src=\"https:\/\/www.sabbafrisca.com\/wp-content\/uploads\/2019\/12\/Territorio-Orosei-B-1920x1334.jpg\" alt=\"\" class=\"wp-image-400\" srcset=\"https:\/\/www.sabbafrisca.com\/wp-content\/uploads\/2019\/12\/Territorio-Orosei-B-1920x1334.jpg 1920w, https:\/\/www.sabbafrisca.com\/wp-content\/uploads\/2019\/12\/Territorio-Orosei-B-1024x711.jpg 1024w, https:\/\/www.sabbafrisca.com\/wp-content\/uploads\/2019\/12\/Territorio-Orosei-B-768x533.jpg 768w, https:\/\/www.sabbafrisca.com\/wp-content\/uploads\/2019\/12\/Territorio-Orosei-B-1536x1067.jpg 1536w, https:\/\/www.sabbafrisca.com\/wp-content\/uploads\/2019\/12\/Territorio-Orosei-B-2048x1422.jpg 2048w, https:\/\/www.sabbafrisca.com\/wp-content\/uploads\/2019\/12\/Territorio-Orosei-B-200x139.jpg 200w, https:\/\/www.sabbafrisca.com\/wp-content\/uploads\/2019\/12\/Territorio-Orosei-B-299x208.jpg 299w, https:\/\/www.sabbafrisca.com\/wp-content\/uploads\/2019\/12\/Territorio-Orosei-B-399x277.jpg 399w, https:\/\/www.sabbafrisca.com\/wp-content\/uploads\/2019\/12\/Territorio-Orosei-B-479x333.jpg 479w, https:\/\/www.sabbafrisca.com\/wp-content\/uploads\/2019\/12\/Territorio-Orosei-B-639x444.jpg 639w, https:\/\/www.sabbafrisca.com\/wp-content\/uploads\/2019\/12\/Territorio-Orosei-B-799x555.jpg 799w, https:\/\/www.sabbafrisca.com\/wp-content\/uploads\/2019\/12\/Territorio-Orosei-B-898x624.jpg 898w, https:\/\/www.sabbafrisca.com\/wp-content\/uploads\/2019\/12\/Territorio-Orosei-B-998x693.jpg 998w, https:\/\/www.sabbafrisca.com\/wp-content\/uploads\/2019\/12\/Territorio-Orosei-B-1198x832.jpg 1198w, https:\/\/www.sabbafrisca.com\/wp-content\/uploads\/2019\/12\/Territorio-Orosei-B-400x278.jpg 400w, https:\/\/www.sabbafrisca.com\/wp-content\/uploads\/2019\/12\/Territorio-Orosei-B-599x416.jpg 599w, https:\/\/www.sabbafrisca.com\/wp-content\/uploads\/2019\/12\/Territorio-Orosei-B-798x554.jpg 798w, https:\/\/www.sabbafrisca.com\/wp-content\/uploads\/2019\/12\/Territorio-Orosei-B-959x666.jpg 959w, https:\/\/www.sabbafrisca.com\/wp-content\/uploads\/2019\/12\/Territorio-Orosei-B-1279x888.jpg 1279w, https:\/\/www.sabbafrisca.com\/wp-content\/uploads\/2019\/12\/Territorio-Orosei-B-1598x1110.jpg 1598w, https:\/\/www.sabbafrisca.com\/wp-content\/uploads\/2019\/12\/Territorio-Orosei-B-1797x1248.jpg 1797w, https:\/\/www.sabbafrisca.com\/wp-content\/uploads\/2019\/12\/Territorio-Orosei-B-1996x1386.jpg 1996w\" sizes=\"auto, (max-width: 1920px) 100vw, 1920px\" \/><\/figure>\n<\/div>\n<\/div>\n\n\n\n<div class=\"wp-block-columns alignfull is-layout-flex wp-container-core-columns-is-layout-9d6595d7 wp-block-columns-is-layout-flex\">\n<div class=\"wp-block-column is-layout-flow wp-block-column-is-layout-flow\">\n<figure class=\"wp-block-image size-large\"><img loading=\"lazy\" decoding=\"async\" width=\"1920\" height=\"1334\" src=\"https:\/\/www.sabbafrisca.com\/wp-content\/uploads\/2019\/12\/Territorio-Orosei-C-1920x1334.jpg\" alt=\"\" class=\"wp-image-398\" srcset=\"https:\/\/www.sabbafrisca.com\/wp-content\/uploads\/2019\/12\/Territorio-Orosei-C-1920x1334.jpg 1920w, https:\/\/www.sabbafrisca.com\/wp-content\/uploads\/2019\/12\/Territorio-Orosei-C-1024x711.jpg 1024w, https:\/\/www.sabbafrisca.com\/wp-content\/uploads\/2019\/12\/Territorio-Orosei-C-768x533.jpg 768w, https:\/\/www.sabbafrisca.com\/wp-content\/uploads\/2019\/12\/Territorio-Orosei-C-1536x1067.jpg 1536w, https:\/\/www.sabbafrisca.com\/wp-content\/uploads\/2019\/12\/Territorio-Orosei-C-2048x1422.jpg 2048w, https:\/\/www.sabbafrisca.com\/wp-content\/uploads\/2019\/12\/Territorio-Orosei-C-200x139.jpg 200w, https:\/\/www.sabbafrisca.com\/wp-content\/uploads\/2019\/12\/Territorio-Orosei-C-299x208.jpg 299w, https:\/\/www.sabbafrisca.com\/wp-content\/uploads\/2019\/12\/Territorio-Orosei-C-399x277.jpg 399w, https:\/\/www.sabbafrisca.com\/wp-content\/uploads\/2019\/12\/Territorio-Orosei-C-479x333.jpg 479w, https:\/\/www.sabbafrisca.com\/wp-content\/uploads\/2019\/12\/Territorio-Orosei-C-639x444.jpg 639w, https:\/\/www.sabbafrisca.com\/wp-content\/uploads\/2019\/12\/Territorio-Orosei-C-799x555.jpg 799w, https:\/\/www.sabbafrisca.com\/wp-content\/uploads\/2019\/12\/Territorio-Orosei-C-898x624.jpg 898w, https:\/\/www.sabbafrisca.com\/wp-content\/uploads\/2019\/12\/Territorio-Orosei-C-998x693.jpg 998w, https:\/\/www.sabbafrisca.com\/wp-content\/uploads\/2019\/12\/Territorio-Orosei-C-1198x832.jpg 1198w, https:\/\/www.sabbafrisca.com\/wp-content\/uploads\/2019\/12\/Territorio-Orosei-C-400x278.jpg 400w, https:\/\/www.sabbafrisca.com\/wp-content\/uploads\/2019\/12\/Territorio-Orosei-C-599x416.jpg 599w, https:\/\/www.sabbafrisca.com\/wp-content\/uploads\/2019\/12\/Territorio-Orosei-C-798x554.jpg 798w, https:\/\/www.sabbafrisca.com\/wp-content\/uploads\/2019\/12\/Territorio-Orosei-C-959x666.jpg 959w, https:\/\/www.sabbafrisca.com\/wp-content\/uploads\/2019\/12\/Territorio-Orosei-C-1279x888.jpg 1279w, https:\/\/www.sabbafrisca.com\/wp-content\/uploads\/2019\/12\/Territorio-Orosei-C-1598x1110.jpg 1598w, https:\/\/www.sabbafrisca.com\/wp-content\/uploads\/2019\/12\/Territorio-Orosei-C-1797x1248.jpg 1797w, https:\/\/www.sabbafrisca.com\/wp-content\/uploads\/2019\/12\/Territorio-Orosei-C-1996x1386.jpg 1996w\" sizes=\"auto, (max-width: 1920px) 100vw, 1920px\" \/><\/figure>\n<\/div>\n\n\n\n<div class=\"wp-block-column txt is-layout-flow wp-block-column-is-layout-flow\">\n<h4 class=\"wp-block-heading\">Plage Osala de Orosei<\/h4>\n\n\n\n<p>La plage est situ\u00e9e dans la partie nord du golfe d&rsquo;Orosei au sud de la ville, sa plage est large et caract\u00e9ris\u00e9e par du sable fin et blanc. Osala est une plage facilement accessible et offre de grands espaces ombrag\u00e9s gr\u00e2ce \u00e0 la pin\u00e8de qui se trouve juste en face. Pas tr\u00e8s loin de la plage Osala de Orosei, s\u00e9par\u00e9 par un pic basaltique qui forme la fronti\u00e8re entre les deux municipalit\u00e9s, se trouve la plage Osala de Dorgali. En passant par un chemin assez facile qui relie les deux plages, et qui ne peut \u00eatre parcouru qu\u2019en v\u00e9lo ou \u00e0 pied, il est possible d\u2019acc\u00e9der au parc-mus\u00e9e S&rsquo;Abba Frisca depuis Orosei sur 20 km de route.<\/p>\n\n\n\n<h4 class=\"wp-block-heading\">Maison-mus\u00e9e Soddu<\/h4>\n\n\n\n<p>La Maison-mus\u00e9e Soddu est situ\u00e9e dans le centre historique d&rsquo;Orosei et abrite une petite collection de statuettes en terre cuite repr\u00e9sentant des bronzes nuragiques. Le mus\u00e9e est priv\u00e9 et raconte l&rsquo;histoire de la Sardaigne nuragique.<\/p>\n\n\n\n<h4 class=\"wp-block-heading\">Mus\u00e9e Don Nanni Guiso<\/h4>\n\n\n\n<p>Le mus\u00e9e Don Nanni Guiso est situ\u00e9 \u00e0 Orosei dans un b\u00e2timent \u00e9l\u00e9gant du 17e si\u00e8cle. Vous y trouverez une int\u00e9ressante collection de th\u00e9\u00e2tres en miniature du 18e si\u00e8cle, de livres pr\u00e9cieux et de costumes anciens de l&rsquo;\u00c9cole Romaine. Don Nanni Guiso est n\u00e9 dans une famille noble d&rsquo;Orosei et a d\u00e9m\u00e9nag\u00e9 \u00e0 Sienne pour s&rsquo;engager aux \u00e9tudes. Malgr\u00e9 la distance, il est toujours rest\u00e9 li\u00e9 \u00e0 la Sardaigne et \u00e0 Orosei.<\/p>\n<\/div>\n<\/div>\n","protected":false},"excerpt":{"rendered":"<p>Orosei Orosei, situ\u00e9e sur la c\u00f4te orientale de la Sardaigne, \u00e0 l&#8217;embouchure de la rivi\u00e8re Cedrino et sur les pentes du mont Tuttavista, est le centre principal de la basse&#8230;<\/p>\n","protected":false},"author":1,"featured_media":926,"parent":1253,"menu_order":0,"comment_status":"closed","ping_status":"closed","template":"page-comuni.php","meta":{"_acf_changed":false,"footnotes":""},"class_list":["post-1266","page","type-page","status-publish","has-post-thumbnail","hentry"],"acf":[],"yoast_head":"<!-- This site is optimized with the Yoast SEO plugin v25.9 - https:\/\/yoast.com\/wordpress\/plugins\/seo\/ -->\n<title>Orosei - S&#039;Abba Frisca Parco Museo<\/title>\n<meta name=\"robots\" content=\"index, follow, max-snippet:-1, max-image-preview:large, max-video-preview:-1\" \/>\n<link rel=\"canonical\" href=\"https:\/\/www.sabbafrisca.com\/fr\/territoire\/orosei\/\" \/>\n<meta property=\"og:locale\" content=\"fr_FR\" \/>\n<meta property=\"og:type\" content=\"article\" \/>\n<meta property=\"og:title\" content=\"Orosei - S&#039;Abba Frisca Parco Museo\" \/>\n<meta property=\"og:description\" content=\"Orosei Orosei, situ\u00e9e sur la c\u00f4te orientale de la Sardaigne, \u00e0 l&#8217;embouchure de la rivi\u00e8re Cedrino et sur les pentes du mont Tuttavista, est le centre principal de la basse...\" \/>\n<meta property=\"og:url\" content=\"https:\/\/www.sabbafrisca.com\/fr\/territoire\/orosei\/\" \/>\n<meta property=\"og:site_name\" content=\"S&#039;Abba Frisca Parco Museo\" \/>\n<meta property=\"article:publisher\" content=\"https:\/\/www.facebook.com\/sabbafrisca\" \/>\n<meta property=\"article:modified_time\" content=\"2020-09-26T12:35:21+00:00\" \/>\n<meta property=\"og:image\" content=\"https:\/\/www.sabbafrisca.com\/wp-content\/uploads\/2019\/12\/Territorio-scaled.jpg\" \/>\n\t<meta property=\"og:image:width\" content=\"2560\" \/>\n\t<meta property=\"og:image:height\" content=\"1121\" \/>\n\t<meta property=\"og:image:type\" content=\"image\/jpeg\" \/>\n<meta name=\"twitter:card\" content=\"summary_large_image\" \/>\n<meta name=\"twitter:site\" content=\"@sabbafrisca\" \/>\n<meta name=\"twitter:label1\" content=\"Dur\u00e9e de lecture estim\u00e9e\" \/>\n\t<meta name=\"twitter:data1\" content=\"3 minutes\" \/>\n<script type=\"application\/ld+json\" class=\"yoast-schema-graph\">{\"@context\":\"https:\/\/schema.org\",\"@graph\":[{\"@type\":\"WebPage\",\"@id\":\"https:\/\/www.sabbafrisca.com\/fr\/territoire\/orosei\/\",\"url\":\"https:\/\/www.sabbafrisca.com\/fr\/territoire\/orosei\/\",\"name\":\"Orosei - S&#039;Abba Frisca Parco Museo\",\"isPartOf\":{\"@id\":\"https:\/\/www.sabbafrisca.com\/fr\/#website\"},\"primaryImageOfPage\":{\"@id\":\"https:\/\/www.sabbafrisca.com\/fr\/territoire\/orosei\/#primaryimage\"},\"image\":{\"@id\":\"https:\/\/www.sabbafrisca.com\/fr\/territoire\/orosei\/#primaryimage\"},\"thumbnailUrl\":\"https:\/\/www.sabbafrisca.com\/wp-content\/uploads\/2019\/12\/Territorio-scaled.jpg\",\"datePublished\":\"2019-11-08T18:57:42+00:00\",\"dateModified\":\"2020-09-26T12:35:21+00:00\",\"breadcrumb\":{\"@id\":\"https:\/\/www.sabbafrisca.com\/fr\/territoire\/orosei\/#breadcrumb\"},\"inLanguage\":\"fr-FR\",\"potentialAction\":[{\"@type\":\"ReadAction\",\"target\":[\"https:\/\/www.sabbafrisca.com\/fr\/territoire\/orosei\/\"]}]},{\"@type\":\"ImageObject\",\"inLanguage\":\"fr-FR\",\"@id\":\"https:\/\/www.sabbafrisca.com\/fr\/territoire\/orosei\/#primaryimage\",\"url\":\"https:\/\/www.sabbafrisca.com\/wp-content\/uploads\/2019\/12\/Territorio-scaled.jpg\",\"contentUrl\":\"https:\/\/www.sabbafrisca.com\/wp-content\/uploads\/2019\/12\/Territorio-scaled.jpg\",\"width\":2560,\"height\":1121,\"caption\":\"DCIM100MEDIA\"},{\"@type\":\"BreadcrumbList\",\"@id\":\"https:\/\/www.sabbafrisca.com\/fr\/territoire\/orosei\/#breadcrumb\",\"itemListElement\":[{\"@type\":\"ListItem\",\"position\":1,\"name\":\"Home\",\"item\":\"https:\/\/www.sabbafrisca.com\/fr\/\"},{\"@type\":\"ListItem\",\"position\":2,\"name\":\"Le territoire\",\"item\":\"https:\/\/www.sabbafrisca.com\/fr\/territoire\/\"},{\"@type\":\"ListItem\",\"position\":3,\"name\":\"Orosei\"}]},{\"@type\":\"WebSite\",\"@id\":\"https:\/\/www.sabbafrisca.com\/fr\/#website\",\"url\":\"https:\/\/www.sabbafrisca.com\/fr\/\",\"name\":\"S&#039;Abba Frisca Parco Museo\",\"description\":\"A Dorgali, il Parco Museo della Sardegna\",\"publisher\":{\"@id\":\"https:\/\/www.sabbafrisca.com\/fr\/#organization\"},\"potentialAction\":[{\"@type\":\"SearchAction\",\"target\":{\"@type\":\"EntryPoint\",\"urlTemplate\":\"https:\/\/www.sabbafrisca.com\/fr\/?s={search_term_string}\"},\"query-input\":{\"@type\":\"PropertyValueSpecification\",\"valueRequired\":true,\"valueName\":\"search_term_string\"}}],\"inLanguage\":\"fr-FR\"},{\"@type\":\"Organization\",\"@id\":\"https:\/\/www.sabbafrisca.com\/fr\/#organization\",\"name\":\"Parco Museo S'Abba Frisca\",\"url\":\"https:\/\/www.sabbafrisca.com\/fr\/\",\"logo\":{\"@type\":\"ImageObject\",\"inLanguage\":\"fr-FR\",\"@id\":\"https:\/\/www.sabbafrisca.com\/fr\/#\/schema\/logo\/image\/\",\"url\":\"https:\/\/www.sabbafrisca.com\/wp-content\/uploads\/2022\/01\/Marchio-a-colori.png\",\"contentUrl\":\"https:\/\/www.sabbafrisca.com\/wp-content\/uploads\/2022\/01\/Marchio-a-colori.png\",\"width\":1500,\"height\":1572,\"caption\":\"Parco Museo S'Abba Frisca\"},\"image\":{\"@id\":\"https:\/\/www.sabbafrisca.com\/fr\/#\/schema\/logo\/image\/\"},\"sameAs\":[\"https:\/\/www.facebook.com\/sabbafrisca\",\"https:\/\/x.com\/sabbafrisca\",\"https:\/\/www.instagram.com\/sabbafrisca\/\",\"https:\/\/twitter.com\/sabbafrisca\"]}]}<\/script>\n<!-- \/ Yoast SEO plugin. -->","yoast_head_json":{"title":"Orosei - S&#039;Abba Frisca Parco Museo","robots":{"index":"index","follow":"follow","max-snippet":"max-snippet:-1","max-image-preview":"max-image-preview:large","max-video-preview":"max-video-preview:-1"},"canonical":"https:\/\/www.sabbafrisca.com\/fr\/territoire\/orosei\/","og_locale":"fr_FR","og_type":"article","og_title":"Orosei - S&#039;Abba Frisca Parco Museo","og_description":"Orosei Orosei, situ\u00e9e sur la c\u00f4te orientale de la Sardaigne, \u00e0 l&#8217;embouchure de la rivi\u00e8re Cedrino et sur les pentes du mont Tuttavista, est le centre principal de la basse...","og_url":"https:\/\/www.sabbafrisca.com\/fr\/territoire\/orosei\/","og_site_name":"S&#039;Abba Frisca Parco Museo","article_publisher":"https:\/\/www.facebook.com\/sabbafrisca","article_modified_time":"2020-09-26T12:35:21+00:00","og_image":[{"width":2560,"height":1121,"url":"https:\/\/www.sabbafrisca.com\/wp-content\/uploads\/2019\/12\/Territorio-scaled.jpg","type":"image\/jpeg"}],"twitter_card":"summary_large_image","twitter_site":"@sabbafrisca","twitter_misc":{"Dur\u00e9e de lecture estim\u00e9e":"3 minutes"},"schema":{"@context":"https:\/\/schema.org","@graph":[{"@type":"WebPage","@id":"https:\/\/www.sabbafrisca.com\/fr\/territoire\/orosei\/","url":"https:\/\/www.sabbafrisca.com\/fr\/territoire\/orosei\/","name":"Orosei - S&#039;Abba Frisca Parco Museo","isPartOf":{"@id":"https:\/\/www.sabbafrisca.com\/fr\/#website"},"primaryImageOfPage":{"@id":"https:\/\/www.sabbafrisca.com\/fr\/territoire\/orosei\/#primaryimage"},"image":{"@id":"https:\/\/www.sabbafrisca.com\/fr\/territoire\/orosei\/#primaryimage"},"thumbnailUrl":"https:\/\/www.sabbafrisca.com\/wp-content\/uploads\/2019\/12\/Territorio-scaled.jpg","datePublished":"2019-11-08T18:57:42+00:00","dateModified":"2020-09-26T12:35:21+00:00","breadcrumb":{"@id":"https:\/\/www.sabbafrisca.com\/fr\/territoire\/orosei\/#breadcrumb"},"inLanguage":"fr-FR","potentialAction":[{"@type":"ReadAction","target":["https:\/\/www.sabbafrisca.com\/fr\/territoire\/orosei\/"]}]},{"@type":"ImageObject","inLanguage":"fr-FR","@id":"https:\/\/www.sabbafrisca.com\/fr\/territoire\/orosei\/#primaryimage","url":"https:\/\/www.sabbafrisca.com\/wp-content\/uploads\/2019\/12\/Territorio-scaled.jpg","contentUrl":"https:\/\/www.sabbafrisca.com\/wp-content\/uploads\/2019\/12\/Territorio-scaled.jpg","width":2560,"height":1121,"caption":"DCIM100MEDIA"},{"@type":"BreadcrumbList","@id":"https:\/\/www.sabbafrisca.com\/fr\/territoire\/orosei\/#breadcrumb","itemListElement":[{"@type":"ListItem","position":1,"name":"Home","item":"https:\/\/www.sabbafrisca.com\/fr\/"},{"@type":"ListItem","position":2,"name":"Le territoire","item":"https:\/\/www.sabbafrisca.com\/fr\/territoire\/"},{"@type":"ListItem","position":3,"name":"Orosei"}]},{"@type":"WebSite","@id":"https:\/\/www.sabbafrisca.com\/fr\/#website","url":"https:\/\/www.sabbafrisca.com\/fr\/","name":"S&#039;Abba Frisca Parco Museo","description":"A Dorgali, il Parco Museo della Sardegna","publisher":{"@id":"https:\/\/www.sabbafrisca.com\/fr\/#organization"},"potentialAction":[{"@type":"SearchAction","target":{"@type":"EntryPoint","urlTemplate":"https:\/\/www.sabbafrisca.com\/fr\/?s={search_term_string}"},"query-input":{"@type":"PropertyValueSpecification","valueRequired":true,"valueName":"search_term_string"}}],"inLanguage":"fr-FR"},{"@type":"Organization","@id":"https:\/\/www.sabbafrisca.com\/fr\/#organization","name":"Parco Museo S'Abba Frisca","url":"https:\/\/www.sabbafrisca.com\/fr\/","logo":{"@type":"ImageObject","inLanguage":"fr-FR","@id":"https:\/\/www.sabbafrisca.com\/fr\/#\/schema\/logo\/image\/","url":"https:\/\/www.sabbafrisca.com\/wp-content\/uploads\/2022\/01\/Marchio-a-colori.png","contentUrl":"https:\/\/www.sabbafrisca.com\/wp-content\/uploads\/2022\/01\/Marchio-a-colori.png","width":1500,"height":1572,"caption":"Parco Museo S'Abba Frisca"},"image":{"@id":"https:\/\/www.sabbafrisca.com\/fr\/#\/schema\/logo\/image\/"},"sameAs":["https:\/\/www.facebook.com\/sabbafrisca","https:\/\/x.com\/sabbafrisca","https:\/\/www.instagram.com\/sabbafrisca\/","https:\/\/twitter.com\/sabbafrisca"]}]}},"_links":{"self":[{"href":"https:\/\/www.sabbafrisca.com\/fr\/wp-json\/wp\/v2\/pages\/1266","targetHints":{"allow":["GET"]}}],"collection":[{"href":"https:\/\/www.sabbafrisca.com\/fr\/wp-json\/wp\/v2\/pages"}],"about":[{"href":"https:\/\/www.sabbafrisca.com\/fr\/wp-json\/wp\/v2\/types\/page"}],"author":[{"embeddable":true,"href":"https:\/\/www.sabbafrisca.com\/fr\/wp-json\/wp\/v2\/users\/1"}],"replies":[{"embeddable":true,"href":"https:\/\/www.sabbafrisca.com\/fr\/wp-json\/wp\/v2\/comments?post=1266"}],"version-history":[{"count":0,"href":"https:\/\/www.sabbafrisca.com\/fr\/wp-json\/wp\/v2\/pages\/1266\/revisions"}],"up":[{"embeddable":true,"href":"https:\/\/www.sabbafrisca.com\/fr\/wp-json\/wp\/v2\/pages\/1253"}],"wp:featuredmedia":[{"embeddable":true,"href":"https:\/\/www.sabbafrisca.com\/fr\/wp-json\/wp\/v2\/media\/926"}],"wp:attachment":[{"href":"https:\/\/www.sabbafrisca.com\/fr\/wp-json\/wp\/v2\/media?parent=1266"}],"curies":[{"name":"wp","href":"https:\/\/api.w.org\/{rel}","templated":true}]}}