{"id":3975,"date":"2025-10-06T13:06:26","date_gmt":"2025-10-06T11:06:26","guid":{"rendered":"https:\/\/www.sabbafrisca.com\/faq\/"},"modified":"2026-02-13T10:39:44","modified_gmt":"2026-02-13T09:39:44","slug":"faq","status":"publish","type":"page","link":"https:\/\/www.sabbafrisca.com\/fr\/faq\/","title":{"rendered":"F.A.Q."},"content":{"rendered":"\n<div class=\"wp-block-group boxed-1024\"><div class=\"wp-block-group__inner-container is-layout-constrained wp-block-group-is-layout-constrained\">\n<div style=\"height:36px\" aria-hidden=\"true\" class=\"wp-block-spacer\"><\/div>\n\n\n\n<div class=\"wp-block-group faq-elenco is-nowrap is-layout-flex wp-container-core-group-is-layout-64989fb1 wp-block-group-is-layout-flex\">\n<figure class=\"wp-block-image size-full is-resized\"><img loading=\"lazy\" decoding=\"async\" width=\"179\" height=\"230\" src=\"https:\/\/www.sabbafrisca.com\/wp-content\/uploads\/2025\/11\/faq-fiore.png\" alt=\"\" class=\"wp-image-3913\" style=\"width:36px;height:auto\" srcset=\"https:\/\/www.sabbafrisca.com\/wp-content\/uploads\/2025\/11\/faq-fiore.png 179w, https:\/\/www.sabbafrisca.com\/wp-content\/uploads\/2025\/11\/faq-fiore-108x139.png 108w, https:\/\/www.sabbafrisca.com\/wp-content\/uploads\/2025\/11\/faq-fiore-162x208.png 162w\" sizes=\"auto, (max-width: 179px) 100vw, 179px\" \/><\/figure>\n\n\n\n<p><strong>La r\u00e9servation est-elle n\u00e9cessaire pour visiter le Parc Mus\u00e9e ?<\/strong><br>Du <strong>1er avril au 2 novembre<\/strong>, la r\u00e9servation n\u2019est pas n\u00e9cessaire. Le reste de l\u2019ann\u00e9e, un rendez-vous est requis.<\/p>\n<\/div>\n\n\n\n<div style=\"height:2em\" aria-hidden=\"true\" class=\"wp-block-spacer\"><\/div>\n\n\n\n<div class=\"wp-block-group faq-elenco is-nowrap is-layout-flex wp-container-core-group-is-layout-64989fb1 wp-block-group-is-layout-flex\">\n<figure class=\"wp-block-image size-full is-resized\"><img loading=\"lazy\" decoding=\"async\" width=\"179\" height=\"230\" src=\"https:\/\/www.sabbafrisca.com\/wp-content\/uploads\/2025\/11\/faq-fiore.png\" alt=\"\" class=\"wp-image-3913\" style=\"width:36px;height:auto\" srcset=\"https:\/\/www.sabbafrisca.com\/wp-content\/uploads\/2025\/11\/faq-fiore.png 179w, https:\/\/www.sabbafrisca.com\/wp-content\/uploads\/2025\/11\/faq-fiore-108x139.png 108w, https:\/\/www.sabbafrisca.com\/wp-content\/uploads\/2025\/11\/faq-fiore-162x208.png 162w\" sizes=\"auto, (max-width: 179px) 100vw, 179px\" \/><\/figure>\n\n\n\n<p><strong>Peut-on visiter S\u2019Abba Frisca en autonomie ?<\/strong><br>La premi\u00e8re partie se fait avec une <strong>visite guid\u00e9e<\/strong>, qui raconte l\u2019histoire du mus\u00e9e et pr\u00e9sente les espaces d\u2019une ancienne ferme. La seconde partie, d\u00e9di\u00e9e au <strong>parc et aux animaux<\/strong>, se visite <strong>librement<\/strong>.<\/p>\n<\/div>\n\n\n\n<div style=\"height:2em\" aria-hidden=\"true\" class=\"wp-block-spacer\"><\/div>\n\n\n\n<div class=\"wp-block-group faq-elenco is-nowrap is-layout-flex wp-container-core-group-is-layout-64989fb1 wp-block-group-is-layout-flex\">\n<figure class=\"wp-block-image size-full is-resized\"><img loading=\"lazy\" decoding=\"async\" width=\"179\" height=\"230\" src=\"https:\/\/www.sabbafrisca.com\/wp-content\/uploads\/2025\/11\/faq-fiore.png\" alt=\"\" class=\"wp-image-3913\" style=\"width:36px;height:auto\" srcset=\"https:\/\/www.sabbafrisca.com\/wp-content\/uploads\/2025\/11\/faq-fiore.png 179w, https:\/\/www.sabbafrisca.com\/wp-content\/uploads\/2025\/11\/faq-fiore-108x139.png 108w, https:\/\/www.sabbafrisca.com\/wp-content\/uploads\/2025\/11\/faq-fiore-162x208.png 162w\" sizes=\"auto, (max-width: 179px) 100vw, 179px\" \/><\/figure>\n\n\n\n<p><strong>Combien de temps dure la visite ?<\/strong><br>La visite guid\u00e9e dure environ <strong>45\u201350 minutes<\/strong>, la partie libre environ <strong>20\u201330 minutes<\/strong>.<\/p>\n<\/div>\n\n\n\n<div style=\"height:2em\" aria-hidden=\"true\" class=\"wp-block-spacer\"><\/div>\n\n\n\n<div class=\"wp-block-group faq-elenco is-nowrap is-layout-flex wp-container-core-group-is-layout-64989fb1 wp-block-group-is-layout-flex\">\n<figure class=\"wp-block-image size-full is-resized\"><img loading=\"lazy\" decoding=\"async\" width=\"179\" height=\"230\" src=\"https:\/\/www.sabbafrisca.com\/wp-content\/uploads\/2025\/11\/faq-fiore.png\" alt=\"\" class=\"wp-image-3913\" style=\"width:36px;height:auto\" srcset=\"https:\/\/www.sabbafrisca.com\/wp-content\/uploads\/2025\/11\/faq-fiore.png 179w, https:\/\/www.sabbafrisca.com\/wp-content\/uploads\/2025\/11\/faq-fiore-108x139.png 108w, https:\/\/www.sabbafrisca.com\/wp-content\/uploads\/2025\/11\/faq-fiore-162x208.png 162w\" sizes=\"auto, (max-width: 179px) 100vw, 179px\" \/><\/figure>\n\n\n\n<p><strong>Comment acheter les billets ?<\/strong><br>Les billets peuvent \u00eatre achet\u00e9s <strong>directement sur place<\/strong>. Tous les moyens de paiement sont accept\u00e9s.<\/p>\n<\/div>\n\n\n\n<div style=\"height:2em\" aria-hidden=\"true\" class=\"wp-block-spacer\"><\/div>\n\n\n\n<div class=\"wp-block-group faq-elenco is-nowrap is-layout-flex wp-container-core-group-is-layout-64989fb1 wp-block-group-is-layout-flex\">\n<figure class=\"wp-block-image size-full is-resized\"><img loading=\"lazy\" decoding=\"async\" width=\"179\" height=\"230\" src=\"https:\/\/www.sabbafrisca.com\/wp-content\/uploads\/2025\/11\/faq-fiore.png\" alt=\"\" class=\"wp-image-3913\" style=\"width:36px;height:auto\" srcset=\"https:\/\/www.sabbafrisca.com\/wp-content\/uploads\/2025\/11\/faq-fiore.png 179w, https:\/\/www.sabbafrisca.com\/wp-content\/uploads\/2025\/11\/faq-fiore-108x139.png 108w, https:\/\/www.sabbafrisca.com\/wp-content\/uploads\/2025\/11\/faq-fiore-162x208.png 162w\" sizes=\"auto, (max-width: 179px) 100vw, 179px\" \/><\/figure>\n\n\n\n<p><strong>Puis-je visiter le Parc Mus\u00e9e avec mon chien ?<\/strong><br>Les chiens sont accept\u00e9s dans le parc <strong>tenus en laisse<\/strong>. Dans les espaces int\u00e9rieurs du mus\u00e9e, seuls les <strong>petits chiens<\/strong> sont admis s\u2019ils sont port\u00e9s dans les bras ; les autres doivent rester \u00e0 l\u2019ext\u00e9rieur.<\/p>\n<\/div>\n\n\n\n<div style=\"height:2em\" aria-hidden=\"true\" class=\"wp-block-spacer\"><\/div>\n\n\n\n<div class=\"wp-block-group faq-elenco is-nowrap is-layout-flex wp-container-core-group-is-layout-64989fb1 wp-block-group-is-layout-flex\">\n<figure class=\"wp-block-image size-full is-resized\"><img loading=\"lazy\" decoding=\"async\" width=\"179\" height=\"230\" src=\"https:\/\/www.sabbafrisca.com\/wp-content\/uploads\/2025\/11\/faq-fiore.png\" alt=\"\" class=\"wp-image-3913\" style=\"width:36px;height:auto\" srcset=\"https:\/\/www.sabbafrisca.com\/wp-content\/uploads\/2025\/11\/faq-fiore.png 179w, https:\/\/www.sabbafrisca.com\/wp-content\/uploads\/2025\/11\/faq-fiore-108x139.png 108w, https:\/\/www.sabbafrisca.com\/wp-content\/uploads\/2025\/11\/faq-fiore-162x208.png 162w\" sizes=\"auto, (max-width: 179px) 100vw, 179px\" \/><\/figure>\n\n\n\n<p><strong>Y a-t-il un point de restauration dans le parc ?<\/strong><br>\u00c0 l\u2019int\u00e9rieur du parc, un <strong>snack-bar<\/strong> propose des plateaux de charcuterie et fromages locaux, <em>casadinas<\/em>, pizzettes, boissons et glaces. Il est accessible <strong>sans billet d\u2019entr\u00e9e<\/strong>.<\/p>\n<\/div>\n\n\n\n<div style=\"height:2em\" aria-hidden=\"true\" class=\"wp-block-spacer\"><\/div>\n\n\n\n<div class=\"wp-block-group faq-elenco is-nowrap is-layout-flex wp-container-core-group-is-layout-64989fb1 wp-block-group-is-layout-flex\">\n<figure class=\"wp-block-image size-full is-resized\"><img loading=\"lazy\" decoding=\"async\" width=\"179\" height=\"230\" src=\"https:\/\/www.sabbafrisca.com\/wp-content\/uploads\/2025\/11\/faq-fiore.png\" alt=\"\" class=\"wp-image-3913\" style=\"width:36px;height:auto\" srcset=\"https:\/\/www.sabbafrisca.com\/wp-content\/uploads\/2025\/11\/faq-fiore.png 179w, https:\/\/www.sabbafrisca.com\/wp-content\/uploads\/2025\/11\/faq-fiore-108x139.png 108w, https:\/\/www.sabbafrisca.com\/wp-content\/uploads\/2025\/11\/faq-fiore-162x208.png 162w\" sizes=\"auto, (max-width: 179px) 100vw, 179px\" \/><\/figure>\n\n\n\n<p><strong>Y a-t-il une boutique ?<\/strong><br>La boutique se trouve pr\u00e8s de la billetterie et propose des gadgets du mus\u00e9e et des produits de l\u2019artisanat local. Elle est accessible <strong>sans billet d\u2019entr\u00e9e<\/strong>.<\/p>\n<\/div>\n\n\n\n<div style=\"height:2em\" aria-hidden=\"true\" class=\"wp-block-spacer\"><\/div>\n\n\n\n<div class=\"wp-block-group faq-elenco is-nowrap is-layout-flex wp-container-core-group-is-layout-64989fb1 wp-block-group-is-layout-flex\">\n<figure class=\"wp-block-image size-full is-resized\"><img loading=\"lazy\" decoding=\"async\" width=\"179\" height=\"230\" src=\"https:\/\/www.sabbafrisca.com\/wp-content\/uploads\/2025\/11\/faq-fiore.png\" alt=\"\" class=\"wp-image-3913\" style=\"width:36px;height:auto\" srcset=\"https:\/\/www.sabbafrisca.com\/wp-content\/uploads\/2025\/11\/faq-fiore.png 179w, https:\/\/www.sabbafrisca.com\/wp-content\/uploads\/2025\/11\/faq-fiore-108x139.png 108w, https:\/\/www.sabbafrisca.com\/wp-content\/uploads\/2025\/11\/faq-fiore-162x208.png 162w\" sizes=\"auto, (max-width: 179px) 100vw, 179px\" \/><\/figure>\n\n\n\n<p><strong>Le Parc Mus\u00e9e est-il accessible en bus ou en camping-car ?<\/strong><br>Le Parc Mus\u00e9e est accessible en bus ou en camping-car <strong>uniquement par la route SS 125<\/strong>, sortie Parc Mus\u00e9e et <strong>Grotte d\u2019Ispinigoli<\/strong>, au km <strong>209.400<\/strong>.<\/p>\n<\/div>\n\n\n\n<div style=\"height:2em\" aria-hidden=\"true\" class=\"wp-block-spacer\"><\/div>\n\n\n\n<div class=\"wp-block-group faq-elenco is-nowrap is-layout-flex wp-container-core-group-is-layout-64989fb1 wp-block-group-is-layout-flex\">\n<figure class=\"wp-block-image size-full is-resized\"><img loading=\"lazy\" decoding=\"async\" width=\"179\" height=\"230\" src=\"https:\/\/www.sabbafrisca.com\/wp-content\/uploads\/2025\/11\/faq-fiore.png\" alt=\"\" class=\"wp-image-3913\" style=\"width:36px;height:auto\" srcset=\"https:\/\/www.sabbafrisca.com\/wp-content\/uploads\/2025\/11\/faq-fiore.png 179w, https:\/\/www.sabbafrisca.com\/wp-content\/uploads\/2025\/11\/faq-fiore-108x139.png 108w, https:\/\/www.sabbafrisca.com\/wp-content\/uploads\/2025\/11\/faq-fiore-162x208.png 162w\" sizes=\"auto, (max-width: 179px) 100vw, 179px\" \/><\/figure>\n\n\n\n<p><strong>Les photos et vid\u00e9os sont-elles autoris\u00e9es dans le mus\u00e9e ?<\/strong><br>Oui, les photos et vid\u00e9os sont autoris\u00e9es. Le partage est permis, sauf pour un <strong>usage professionnel<\/strong>, qui n\u00e9cessite une autorisation.<\/p>\n<\/div>\n\n\n\n<div style=\"height:2em\" aria-hidden=\"true\" class=\"wp-block-spacer\"><\/div>\n\n\n\n<div class=\"wp-block-group faq-elenco is-nowrap is-layout-flex wp-container-core-group-is-layout-64989fb1 wp-block-group-is-layout-flex\">\n<figure class=\"wp-block-image size-full is-resized\"><img loading=\"lazy\" decoding=\"async\" width=\"179\" height=\"230\" src=\"https:\/\/www.sabbafrisca.com\/wp-content\/uploads\/2025\/11\/faq-fiore.png\" alt=\"\" class=\"wp-image-3913\" style=\"width:36px;height:auto\" srcset=\"https:\/\/www.sabbafrisca.com\/wp-content\/uploads\/2025\/11\/faq-fiore.png 179w, https:\/\/www.sabbafrisca.com\/wp-content\/uploads\/2025\/11\/faq-fiore-108x139.png 108w, https:\/\/www.sabbafrisca.com\/wp-content\/uploads\/2025\/11\/faq-fiore-162x208.png 162w\" sizes=\"auto, (max-width: 179px) 100vw, 179px\" \/><\/figure>\n\n\n\n<p><strong>Quelle est la distance entre le Parc Mus\u00e9e et Dorgali ?<\/strong><br>Le Parc Mus\u00e9e S\u2019Abba Frisca se trouve \u00e0 <strong>5 km<\/strong> de Dorgali.<\/p>\n<\/div>\n\n\n\n<div style=\"height:2em\" aria-hidden=\"true\" class=\"wp-block-spacer\"><\/div>\n\n\n\n<div class=\"wp-block-group faq-elenco is-nowrap is-layout-flex wp-container-core-group-is-layout-64989fb1 wp-block-group-is-layout-flex\">\n<figure class=\"wp-block-image size-full is-resized\"><img loading=\"lazy\" decoding=\"async\" width=\"179\" height=\"230\" src=\"https:\/\/www.sabbafrisca.com\/wp-content\/uploads\/2025\/11\/faq-fiore.png\" alt=\"\" class=\"wp-image-3913\" style=\"width:36px;height:auto\" srcset=\"https:\/\/www.sabbafrisca.com\/wp-content\/uploads\/2025\/11\/faq-fiore.png 179w, https:\/\/www.sabbafrisca.com\/wp-content\/uploads\/2025\/11\/faq-fiore-108x139.png 108w, https:\/\/www.sabbafrisca.com\/wp-content\/uploads\/2025\/11\/faq-fiore-162x208.png 162w\" sizes=\"auto, (max-width: 179px) 100vw, 179px\" \/><\/figure>\n\n\n\n<p><strong>Quelle est la distance entre le Parc Mus\u00e9e et Cala Gonone ?<\/strong><br>Le Parc Mus\u00e9e S\u2019Abba Frisca se trouve \u00e0 <strong>4,5 km<\/strong> de Cala Gonone.<\/p>\n<\/div>\n\n\n\n<div style=\"height:2em\" aria-hidden=\"true\" class=\"wp-block-spacer\"><\/div>\n\n\n\n<div class=\"wp-block-group faq-elenco is-nowrap is-layout-flex wp-container-core-group-is-layout-64989fb1 wp-block-group-is-layout-flex\">\n<figure class=\"wp-block-image size-full is-resized\"><img loading=\"lazy\" decoding=\"async\" width=\"179\" height=\"230\" src=\"https:\/\/www.sabbafrisca.com\/wp-content\/uploads\/2025\/11\/faq-fiore.png\" alt=\"\" class=\"wp-image-3913\" style=\"width:36px;height:auto\" srcset=\"https:\/\/www.sabbafrisca.com\/wp-content\/uploads\/2025\/11\/faq-fiore.png 179w, https:\/\/www.sabbafrisca.com\/wp-content\/uploads\/2025\/11\/faq-fiore-108x139.png 108w, https:\/\/www.sabbafrisca.com\/wp-content\/uploads\/2025\/11\/faq-fiore-162x208.png 162w\" sizes=\"auto, (max-width: 179px) 100vw, 179px\" \/><\/figure>\n\n\n\n<p><strong>Quelle est la distance entre le Parc Mus\u00e9e et Orosei ?<\/strong><br>Le Parc Mus\u00e9e S\u2019Abba Frisca se trouve \u00e0 <strong>19 km<\/strong> d\u2019Orosei.<\/p>\n<\/div>\n\n\n\n<div style=\"height:2em\" aria-hidden=\"true\" class=\"wp-block-spacer\"><\/div>\n\n\n\n<div class=\"wp-block-group faq-elenco is-nowrap is-layout-flex wp-container-core-group-is-layout-64989fb1 wp-block-group-is-layout-flex\">\n<figure class=\"wp-block-image size-full is-resized\"><img loading=\"lazy\" decoding=\"async\" width=\"179\" height=\"230\" src=\"https:\/\/www.sabbafrisca.com\/wp-content\/uploads\/2025\/11\/faq-fiore.png\" alt=\"\" class=\"wp-image-3913\" style=\"width:36px;height:auto\" srcset=\"https:\/\/www.sabbafrisca.com\/wp-content\/uploads\/2025\/11\/faq-fiore.png 179w, https:\/\/www.sabbafrisca.com\/wp-content\/uploads\/2025\/11\/faq-fiore-108x139.png 108w, https:\/\/www.sabbafrisca.com\/wp-content\/uploads\/2025\/11\/faq-fiore-162x208.png 162w\" sizes=\"auto, (max-width: 179px) 100vw, 179px\" \/><\/figure>\n\n\n\n<p><strong>La visite est-elle conseill\u00e9e les jours de vent ?<\/strong><br>Le Parc Mus\u00e9e est situ\u00e9 dans une <strong>vall\u00e9e bien abrit\u00e9e du vent<\/strong>. Lorsque le vent souffle fort sur la c\u00f4te, les montagnes environnantes att\u00e9nuent les rafales. C\u2019est l\u2019une des <strong>meilleures activit\u00e9s \u00e0 faire en Sardaigne par temps venteux<\/strong>.<\/p>\n<\/div>\n\n\n\n<div style=\"height:2em\" aria-hidden=\"true\" class=\"wp-block-spacer\"><\/div>\n\n\n\n<div class=\"wp-block-group faq-elenco is-nowrap is-layout-flex wp-container-core-group-is-layout-64989fb1 wp-block-group-is-layout-flex\">\n<figure class=\"wp-block-image size-full is-resized\"><img loading=\"lazy\" decoding=\"async\" width=\"179\" height=\"230\" src=\"https:\/\/www.sabbafrisca.com\/wp-content\/uploads\/2025\/11\/faq-fiore.png\" alt=\"\" class=\"wp-image-3913\" style=\"width:36px;height:auto\" srcset=\"https:\/\/www.sabbafrisca.com\/wp-content\/uploads\/2025\/11\/faq-fiore.png 179w, https:\/\/www.sabbafrisca.com\/wp-content\/uploads\/2025\/11\/faq-fiore-108x139.png 108w, https:\/\/www.sabbafrisca.com\/wp-content\/uploads\/2025\/11\/faq-fiore-162x208.png 162w\" sizes=\"auto, (max-width: 179px) 100vw, 179px\" \/><\/figure>\n\n\n\n<p><strong>La visite est-elle conseill\u00e9e les jours de pluie ?<\/strong><br>Le parcours alterne <strong>espaces int\u00e9rieurs et ext\u00e9rieurs<\/strong>. Le Parc Mus\u00e9e est donc une activit\u00e9 id\u00e9ale en Sardaigne lorsqu\u2019il pleut. Avec un parapluie, la visite reste agr\u00e9able.<\/p>\n<\/div>\n\n\n\n<div style=\"height:2em\" aria-hidden=\"true\" class=\"wp-block-spacer\"><\/div>\n\n\n\n<div class=\"wp-block-group faq-elenco is-nowrap is-layout-flex wp-container-core-group-is-layout-64989fb1 wp-block-group-is-layout-flex\">\n<figure class=\"wp-block-image size-full is-resized\"><img loading=\"lazy\" decoding=\"async\" width=\"179\" height=\"230\" src=\"https:\/\/www.sabbafrisca.com\/wp-content\/uploads\/2025\/11\/faq-fiore.png\" alt=\"\" class=\"wp-image-3913\" style=\"width:36px;height:auto\" srcset=\"https:\/\/www.sabbafrisca.com\/wp-content\/uploads\/2025\/11\/faq-fiore.png 179w, https:\/\/www.sabbafrisca.com\/wp-content\/uploads\/2025\/11\/faq-fiore-108x139.png 108w, https:\/\/www.sabbafrisca.com\/wp-content\/uploads\/2025\/11\/faq-fiore-162x208.png 162w\" sizes=\"auto, (max-width: 179px) 100vw, 179px\" \/><\/figure>\n\n\n\n<p><strong>Quel est le prix du billet ?<\/strong><br>Le billet d\u2019entr\u00e9e co\u00fbte <strong>14,00 \u20ac pour les adultes<\/strong> et <strong>7,00 \u20ac pour les enfants<\/strong>.<\/p>\n<\/div>\n\n\n\n<div style=\"height:2em\" aria-hidden=\"true\" class=\"wp-block-spacer\"><\/div>\n<\/div><\/div>\n\n\n\n<div class=\"wp-block-columns is-layout-flex wp-container-core-columns-is-layout-9d6595d7 wp-block-columns-is-layout-flex\">\n<div class=\"wp-block-column has-small-font-size is-layout-flow wp-block-column-is-layout-flow\" style=\"flex-basis:66%\">\n<p>Sezione cofinanziata con:<br>INCENTIVO Decreto Direttoriale n. 385 del 19\/10\/2022<br>PROT. PROGETTO TOCC0002372<br>PNRR \u2013 Next Generation EU<br>COR 15910959<br>CUP C77J23000830008<\/p>\n<\/div>\n<\/div>\n\n\n\n<figure class=\"wp-block-image size-full\"><img loading=\"lazy\" decoding=\"async\" width=\"985\" height=\"60\" src=\"https:\/\/www.sabbafrisca.com\/wp-content\/uploads\/2026\/02\/Loghi-CULTURA_CRESCE-3.png\" alt=\"\" class=\"wp-image-4079\" srcset=\"https:\/\/www.sabbafrisca.com\/wp-content\/uploads\/2026\/02\/Loghi-CULTURA_CRESCE-3.png 985w, https:\/\/www.sabbafrisca.com\/wp-content\/uploads\/2026\/02\/Loghi-CULTURA_CRESCE-3-768x47.png 768w, https:\/\/www.sabbafrisca.com\/wp-content\/uploads\/2026\/02\/Loghi-CULTURA_CRESCE-3-320x19.png 320w, https:\/\/www.sabbafrisca.com\/wp-content\/uploads\/2026\/02\/Loghi-CULTURA_CRESCE-3-480x29.png 480w, https:\/\/www.sabbafrisca.com\/wp-content\/uploads\/2026\/02\/Loghi-CULTURA_CRESCE-3-640x39.png 640w, https:\/\/www.sabbafrisca.com\/wp-content\/uploads\/2026\/02\/Loghi-CULTURA_CRESCE-3-960x58.png 960w\" sizes=\"auto, (max-width: 985px) 100vw, 985px\" \/><\/figure>\n\n\n\n<figure class=\"wp-block-embed is-type-video is-provider-youtube wp-block-embed-youtube wp-embed-aspect-16-9 wp-has-aspect-ratio\"><div class=\"wp-block-embed__wrapper\">\n<iframe loading=\"lazy\" title=\"Virtual Tour al Parco Museo S&#039;Abba Frisca\" width=\"500\" height=\"281\" src=\"https:\/\/www.youtube.com\/embed\/gODBCNUHCf8?feature=oembed\" frameborder=\"0\" allow=\"accelerometer; autoplay; clipboard-write; encrypted-media; gyroscope; picture-in-picture; web-share\" referrerpolicy=\"strict-origin-when-cross-origin\" allowfullscreen><\/iframe>\n<\/div><\/figure>\n\n\n\n<figure class=\"wp-block-image size-large\"><a href=\"https:\/\/www.sabbafrisca.com\/wp-content\/uploads\/2025\/11\/mappa-claudia-piras-bilingue-scaled.png\" target=\"_blank\" rel=\" noreferrer noopener\"><img loading=\"lazy\" decoding=\"async\" width=\"1639\" height=\"1920\" src=\"https:\/\/www.sabbafrisca.com\/wp-content\/uploads\/2025\/11\/mappa-claudia-piras-bilingue-1639x1920.png\" alt=\"\" class=\"wp-image-3905\" srcset=\"https:\/\/www.sabbafrisca.com\/wp-content\/uploads\/2025\/11\/mappa-claudia-piras-bilingue-1639x1920.png 1639w, https:\/\/www.sabbafrisca.com\/wp-content\/uploads\/2025\/11\/mappa-claudia-piras-bilingue-874x1024.png 874w, https:\/\/www.sabbafrisca.com\/wp-content\/uploads\/2025\/11\/mappa-claudia-piras-bilingue-768x900.png 768w, https:\/\/www.sabbafrisca.com\/wp-content\/uploads\/2025\/11\/mappa-claudia-piras-bilingue-1311x1536.png 1311w, https:\/\/www.sabbafrisca.com\/wp-content\/uploads\/2025\/11\/mappa-claudia-piras-bilingue-1748x2048.png 1748w, https:\/\/www.sabbafrisca.com\/wp-content\/uploads\/2025\/11\/mappa-claudia-piras-bilingue-119x139.png 119w, https:\/\/www.sabbafrisca.com\/wp-content\/uploads\/2025\/11\/mappa-claudia-piras-bilingue-178x208.png 178w, https:\/\/www.sabbafrisca.com\/wp-content\/uploads\/2025\/11\/mappa-claudia-piras-bilingue-236x277.png 236w, https:\/\/www.sabbafrisca.com\/wp-content\/uploads\/2025\/11\/mappa-claudia-piras-bilingue-284x333.png 284w, https:\/\/www.sabbafrisca.com\/wp-content\/uploads\/2025\/11\/mappa-claudia-piras-bilingue-379x444.png 379w, https:\/\/www.sabbafrisca.com\/wp-content\/uploads\/2025\/11\/mappa-claudia-piras-bilingue-474x555.png 474w, https:\/\/www.sabbafrisca.com\/wp-content\/uploads\/2025\/11\/mappa-claudia-piras-bilingue-533x624.png 533w, https:\/\/www.sabbafrisca.com\/wp-content\/uploads\/2025\/11\/mappa-claudia-piras-bilingue-592x693.png 592w, https:\/\/www.sabbafrisca.com\/wp-content\/uploads\/2025\/11\/mappa-claudia-piras-bilingue-710x832.png 710w, https:\/\/www.sabbafrisca.com\/wp-content\/uploads\/2025\/11\/mappa-claudia-piras-bilingue-237x278.png 237w, https:\/\/www.sabbafrisca.com\/wp-content\/uploads\/2025\/11\/mappa-claudia-piras-bilingue-355x416.png 355w, https:\/\/www.sabbafrisca.com\/wp-content\/uploads\/2025\/11\/mappa-claudia-piras-bilingue-473x554.png 473w, https:\/\/www.sabbafrisca.com\/wp-content\/uploads\/2025\/11\/mappa-claudia-piras-bilingue-569x666.png 569w, https:\/\/www.sabbafrisca.com\/wp-content\/uploads\/2025\/11\/mappa-claudia-piras-bilingue-758x888.png 758w, https:\/\/www.sabbafrisca.com\/wp-content\/uploads\/2025\/11\/mappa-claudia-piras-bilingue-948x1110.png 948w, https:\/\/www.sabbafrisca.com\/wp-content\/uploads\/2025\/11\/mappa-claudia-piras-bilingue-1065x1248.png 1065w, https:\/\/www.sabbafrisca.com\/wp-content\/uploads\/2025\/11\/mappa-claudia-piras-bilingue-1183x1386.png 1183w, https:\/\/www.sabbafrisca.com\/wp-content\/uploads\/2025\/11\/mappa-claudia-piras-bilingue-1421x1664.png 1421w\" sizes=\"auto, (max-width: 1639px) 100vw, 1639px\" \/><\/a><\/figure>\n","protected":false},"excerpt":{"rendered":"<p>La r\u00e9servation est-elle n\u00e9cessaire pour visiter le Parc Mus\u00e9e ?Du 1er avril au 2 novembre, la r\u00e9servation n\u2019est pas n\u00e9cessaire. Le reste de l\u2019ann\u00e9e, un rendez-vous est requis. Peut-on visiter&#8230;<\/p>\n","protected":false},"author":1,"featured_media":3818,"parent":0,"menu_order":0,"comment_status":"closed","ping_status":"closed","template":"page.php","meta":{"_acf_changed":false,"footnotes":""},"class_list":["post-3975","page","type-page","status-publish","has-post-thumbnail","hentry"],"acf":[],"yoast_head":"<!-- This site is optimized with the Yoast SEO plugin v25.9 - https:\/\/yoast.com\/wordpress\/plugins\/seo\/ -->\n<title>F.A.Q. - S&#039;Abba Frisca Parco Museo<\/title>\n<meta name=\"robots\" content=\"index, follow, max-snippet:-1, max-image-preview:large, max-video-preview:-1\" \/>\n<link rel=\"canonical\" href=\"https:\/\/www.sabbafrisca.com\/fr\/faq\/\" \/>\n<meta property=\"og:locale\" content=\"fr_FR\" \/>\n<meta property=\"og:type\" content=\"article\" \/>\n<meta property=\"og:title\" content=\"F.A.Q. - S&#039;Abba Frisca Parco Museo\" \/>\n<meta property=\"og:description\" content=\"La r\u00e9servation est-elle n\u00e9cessaire pour visiter le Parc Mus\u00e9e ?Du 1er avril au 2 novembre, la r\u00e9servation n\u2019est pas n\u00e9cessaire. Le reste de l\u2019ann\u00e9e, un rendez-vous est requis. Peut-on visiter...\" \/>\n<meta property=\"og:url\" content=\"https:\/\/www.sabbafrisca.com\/fr\/faq\/\" \/>\n<meta property=\"og:site_name\" content=\"S&#039;Abba Frisca Parco Museo\" \/>\n<meta property=\"article:publisher\" content=\"https:\/\/www.facebook.com\/sabbafrisca\" \/>\n<meta property=\"article:modified_time\" content=\"2026-02-13T09:39:44+00:00\" \/>\n<meta property=\"og:image\" content=\"https:\/\/www.sabbafrisca.com\/wp-content\/uploads\/2025\/10\/carru-museo-dorgali.jpg\" \/>\n\t<meta property=\"og:image:width\" content=\"1280\" \/>\n\t<meta property=\"og:image:height\" content=\"853\" \/>\n\t<meta property=\"og:image:type\" content=\"image\/jpeg\" \/>\n<meta name=\"twitter:card\" content=\"summary_large_image\" \/>\n<meta name=\"twitter:site\" content=\"@sabbafrisca\" \/>\n<meta name=\"twitter:label1\" content=\"Dur\u00e9e de lecture estim\u00e9e\" \/>\n\t<meta name=\"twitter:data1\" content=\"7 minutes\" \/>\n<script type=\"application\/ld+json\" class=\"yoast-schema-graph\">{\"@context\":\"https:\/\/schema.org\",\"@graph\":[{\"@type\":\"WebPage\",\"@id\":\"https:\/\/www.sabbafrisca.com\/fr\/faq\/\",\"url\":\"https:\/\/www.sabbafrisca.com\/fr\/faq\/\",\"name\":\"F.A.Q. - S&#039;Abba Frisca Parco Museo\",\"isPartOf\":{\"@id\":\"https:\/\/www.sabbafrisca.com\/fr\/#website\"},\"primaryImageOfPage\":{\"@id\":\"https:\/\/www.sabbafrisca.com\/fr\/faq\/#primaryimage\"},\"image\":{\"@id\":\"https:\/\/www.sabbafrisca.com\/fr\/faq\/#primaryimage\"},\"thumbnailUrl\":\"https:\/\/www.sabbafrisca.com\/wp-content\/uploads\/2025\/10\/carru-museo-dorgali.jpg\",\"datePublished\":\"2025-10-06T11:06:26+00:00\",\"dateModified\":\"2026-02-13T09:39:44+00:00\",\"breadcrumb\":{\"@id\":\"https:\/\/www.sabbafrisca.com\/fr\/faq\/#breadcrumb\"},\"inLanguage\":\"fr-FR\",\"potentialAction\":[{\"@type\":\"ReadAction\",\"target\":[\"https:\/\/www.sabbafrisca.com\/fr\/faq\/\"]}]},{\"@type\":\"ImageObject\",\"inLanguage\":\"fr-FR\",\"@id\":\"https:\/\/www.sabbafrisca.com\/fr\/faq\/#primaryimage\",\"url\":\"https:\/\/www.sabbafrisca.com\/wp-content\/uploads\/2025\/10\/carru-museo-dorgali.jpg\",\"contentUrl\":\"https:\/\/www.sabbafrisca.com\/wp-content\/uploads\/2025\/10\/carru-museo-dorgali.jpg\",\"width\":1280,\"height\":853},{\"@type\":\"BreadcrumbList\",\"@id\":\"https:\/\/www.sabbafrisca.com\/fr\/faq\/#breadcrumb\",\"itemListElement\":[{\"@type\":\"ListItem\",\"position\":1,\"name\":\"Home\",\"item\":\"https:\/\/www.sabbafrisca.com\/fr\/\"},{\"@type\":\"ListItem\",\"position\":2,\"name\":\"F.A.Q.\"}]},{\"@type\":\"WebSite\",\"@id\":\"https:\/\/www.sabbafrisca.com\/fr\/#website\",\"url\":\"https:\/\/www.sabbafrisca.com\/fr\/\",\"name\":\"S&#039;Abba Frisca Parco Museo\",\"description\":\"A Dorgali, il Parco Museo della Sardegna\",\"publisher\":{\"@id\":\"https:\/\/www.sabbafrisca.com\/fr\/#organization\"},\"potentialAction\":[{\"@type\":\"SearchAction\",\"target\":{\"@type\":\"EntryPoint\",\"urlTemplate\":\"https:\/\/www.sabbafrisca.com\/fr\/?s={search_term_string}\"},\"query-input\":{\"@type\":\"PropertyValueSpecification\",\"valueRequired\":true,\"valueName\":\"search_term_string\"}}],\"inLanguage\":\"fr-FR\"},{\"@type\":\"Organization\",\"@id\":\"https:\/\/www.sabbafrisca.com\/fr\/#organization\",\"name\":\"Parco Museo S'Abba Frisca\",\"url\":\"https:\/\/www.sabbafrisca.com\/fr\/\",\"logo\":{\"@type\":\"ImageObject\",\"inLanguage\":\"fr-FR\",\"@id\":\"https:\/\/www.sabbafrisca.com\/fr\/#\/schema\/logo\/image\/\",\"url\":\"https:\/\/www.sabbafrisca.com\/wp-content\/uploads\/2022\/01\/Marchio-a-colori.png\",\"contentUrl\":\"https:\/\/www.sabbafrisca.com\/wp-content\/uploads\/2022\/01\/Marchio-a-colori.png\",\"width\":1500,\"height\":1572,\"caption\":\"Parco Museo S'Abba Frisca\"},\"image\":{\"@id\":\"https:\/\/www.sabbafrisca.com\/fr\/#\/schema\/logo\/image\/\"},\"sameAs\":[\"https:\/\/www.facebook.com\/sabbafrisca\",\"https:\/\/x.com\/sabbafrisca\",\"https:\/\/www.instagram.com\/sabbafrisca\/\",\"https:\/\/twitter.com\/sabbafrisca\"]}]}<\/script>\n<!-- \/ Yoast SEO plugin. -->","yoast_head_json":{"title":"F.A.Q. - S&#039;Abba Frisca Parco Museo","robots":{"index":"index","follow":"follow","max-snippet":"max-snippet:-1","max-image-preview":"max-image-preview:large","max-video-preview":"max-video-preview:-1"},"canonical":"https:\/\/www.sabbafrisca.com\/fr\/faq\/","og_locale":"fr_FR","og_type":"article","og_title":"F.A.Q. - S&#039;Abba Frisca Parco Museo","og_description":"La r\u00e9servation est-elle n\u00e9cessaire pour visiter le Parc Mus\u00e9e ?Du 1er avril au 2 novembre, la r\u00e9servation n\u2019est pas n\u00e9cessaire. Le reste de l\u2019ann\u00e9e, un rendez-vous est requis. Peut-on visiter...","og_url":"https:\/\/www.sabbafrisca.com\/fr\/faq\/","og_site_name":"S&#039;Abba Frisca Parco Museo","article_publisher":"https:\/\/www.facebook.com\/sabbafrisca","article_modified_time":"2026-02-13T09:39:44+00:00","og_image":[{"width":1280,"height":853,"url":"https:\/\/www.sabbafrisca.com\/wp-content\/uploads\/2025\/10\/carru-museo-dorgali.jpg","type":"image\/jpeg"}],"twitter_card":"summary_large_image","twitter_site":"@sabbafrisca","twitter_misc":{"Dur\u00e9e de lecture estim\u00e9e":"7 minutes"},"schema":{"@context":"https:\/\/schema.org","@graph":[{"@type":"WebPage","@id":"https:\/\/www.sabbafrisca.com\/fr\/faq\/","url":"https:\/\/www.sabbafrisca.com\/fr\/faq\/","name":"F.A.Q. - S&#039;Abba Frisca Parco Museo","isPartOf":{"@id":"https:\/\/www.sabbafrisca.com\/fr\/#website"},"primaryImageOfPage":{"@id":"https:\/\/www.sabbafrisca.com\/fr\/faq\/#primaryimage"},"image":{"@id":"https:\/\/www.sabbafrisca.com\/fr\/faq\/#primaryimage"},"thumbnailUrl":"https:\/\/www.sabbafrisca.com\/wp-content\/uploads\/2025\/10\/carru-museo-dorgali.jpg","datePublished":"2025-10-06T11:06:26+00:00","dateModified":"2026-02-13T09:39:44+00:00","breadcrumb":{"@id":"https:\/\/www.sabbafrisca.com\/fr\/faq\/#breadcrumb"},"inLanguage":"fr-FR","potentialAction":[{"@type":"ReadAction","target":["https:\/\/www.sabbafrisca.com\/fr\/faq\/"]}]},{"@type":"ImageObject","inLanguage":"fr-FR","@id":"https:\/\/www.sabbafrisca.com\/fr\/faq\/#primaryimage","url":"https:\/\/www.sabbafrisca.com\/wp-content\/uploads\/2025\/10\/carru-museo-dorgali.jpg","contentUrl":"https:\/\/www.sabbafrisca.com\/wp-content\/uploads\/2025\/10\/carru-museo-dorgali.jpg","width":1280,"height":853},{"@type":"BreadcrumbList","@id":"https:\/\/www.sabbafrisca.com\/fr\/faq\/#breadcrumb","itemListElement":[{"@type":"ListItem","position":1,"name":"Home","item":"https:\/\/www.sabbafrisca.com\/fr\/"},{"@type":"ListItem","position":2,"name":"F.A.Q."}]},{"@type":"WebSite","@id":"https:\/\/www.sabbafrisca.com\/fr\/#website","url":"https:\/\/www.sabbafrisca.com\/fr\/","name":"S&#039;Abba Frisca Parco Museo","description":"A Dorgali, il Parco Museo della Sardegna","publisher":{"@id":"https:\/\/www.sabbafrisca.com\/fr\/#organization"},"potentialAction":[{"@type":"SearchAction","target":{"@type":"EntryPoint","urlTemplate":"https:\/\/www.sabbafrisca.com\/fr\/?s={search_term_string}"},"query-input":{"@type":"PropertyValueSpecification","valueRequired":true,"valueName":"search_term_string"}}],"inLanguage":"fr-FR"},{"@type":"Organization","@id":"https:\/\/www.sabbafrisca.com\/fr\/#organization","name":"Parco Museo S'Abba Frisca","url":"https:\/\/www.sabbafrisca.com\/fr\/","logo":{"@type":"ImageObject","inLanguage":"fr-FR","@id":"https:\/\/www.sabbafrisca.com\/fr\/#\/schema\/logo\/image\/","url":"https:\/\/www.sabbafrisca.com\/wp-content\/uploads\/2022\/01\/Marchio-a-colori.png","contentUrl":"https:\/\/www.sabbafrisca.com\/wp-content\/uploads\/2022\/01\/Marchio-a-colori.png","width":1500,"height":1572,"caption":"Parco Museo S'Abba Frisca"},"image":{"@id":"https:\/\/www.sabbafrisca.com\/fr\/#\/schema\/logo\/image\/"},"sameAs":["https:\/\/www.facebook.com\/sabbafrisca","https:\/\/x.com\/sabbafrisca","https:\/\/www.instagram.com\/sabbafrisca\/","https:\/\/twitter.com\/sabbafrisca"]}]}},"_links":{"self":[{"href":"https:\/\/www.sabbafrisca.com\/fr\/wp-json\/wp\/v2\/pages\/3975","targetHints":{"allow":["GET"]}}],"collection":[{"href":"https:\/\/www.sabbafrisca.com\/fr\/wp-json\/wp\/v2\/pages"}],"about":[{"href":"https:\/\/www.sabbafrisca.com\/fr\/wp-json\/wp\/v2\/types\/page"}],"author":[{"embeddable":true,"href":"https:\/\/www.sabbafrisca.com\/fr\/wp-json\/wp\/v2\/users\/1"}],"replies":[{"embeddable":true,"href":"https:\/\/www.sabbafrisca.com\/fr\/wp-json\/wp\/v2\/comments?post=3975"}],"version-history":[{"count":4,"href":"https:\/\/www.sabbafrisca.com\/fr\/wp-json\/wp\/v2\/pages\/3975\/revisions"}],"predecessor-version":[{"id":4087,"href":"https:\/\/www.sabbafrisca.com\/fr\/wp-json\/wp\/v2\/pages\/3975\/revisions\/4087"}],"wp:featuredmedia":[{"embeddable":true,"href":"https:\/\/www.sabbafrisca.com\/fr\/wp-json\/wp\/v2\/media\/3818"}],"wp:attachment":[{"href":"https:\/\/www.sabbafrisca.com\/fr\/wp-json\/wp\/v2\/media?parent=3975"}],"curies":[{"name":"wp","href":"https:\/\/api.w.org\/{rel}","templated":true}]}}