{"id":3988,"date":"2025-05-05T17:50:23","date_gmt":"2025-05-05T15:50:23","guid":{"rendered":"https:\/\/www.sabbafrisca.com\/collezioni\/"},"modified":"2026-02-13T10:44:26","modified_gmt":"2026-02-13T09:44:26","slug":"collezioni","status":"publish","type":"page","link":"https:\/\/www.sabbafrisca.com\/fr\/collezioni\/","title":{"rendered":"Les collections"},"content":{"rendered":"\n<div style=\"height:2em\" aria-hidden=\"true\" class=\"wp-block-spacer\"><\/div>\n\n\n\n<p class=\"testim-intro\">Avec plus de 4 500 pi\u00e8ces expos\u00e9es qui retracent la vie en Sardaigne entre 1650 et 1940, S\u2019Abba Frisca est le plus grand mus\u00e9e ethnographique de l\u2019\u00eele. Plus de 500 de ces pi\u00e8ces ont \u00e9t\u00e9 catalogu\u00e9es, faisant de S\u2019Abba Frisca le mus\u00e9e ethnographique de Sardaigne disposant du plus grand patrimoine num\u00e9ris\u00e9, consultable dans le Catalogue g\u00e9n\u00e9ral des biens culturels. Le mus\u00e9e, qui est de plus en plus une r\u00e9f\u00e9rence pour l\u2019\u00e9tude de l\u2019histoire de la Sardaigne au cours des trois derniers si\u00e8cles, met \u00e0 la disposition de la communaut\u00e9 scientifique et des citoyens une s\u00e9rie de fiches catalographiques qui ne repr\u00e9sentent qu\u2019une partie de l\u2019immense collection de S\u2019Abba Frisca. La partie la plus pr\u00e9cieuse de la collection ethnographique du mus\u00e9e concerne la collection d\u2019armes blanches et \u00e0 feu qui a re\u00e7u en 2017 la d\u00e9claration d\u2019int\u00e9r\u00eat culturel du MiC (minist\u00e8re Italien de la Culture).<\/p>\n\n\n\n<p class=\"testim-intro\"><\/p>\n\n\n\n<div class=\"wp-block-columns alignfull is-layout-flex wp-container-core-columns-is-layout-9d6595d7 wp-block-columns-is-layout-flex\">\n<div class=\"wp-block-column txt is-layout-flow wp-block-column-is-layout-flow\">\n<h2 class=\"wp-block-heading\">Archibugio a pietra focaia &#8211; Cannetta<br><\/h2>\n\n\n\n<p>Arquebuse \u00e0 silex &#8211; Cannetta<br>Vers la fin du XVIIIe si\u00e8cle, Antonio Angelo Barbuti signe plusieurs fusils conserv\u00e9s dans des collections publiques et priv\u00e9es : de la collection du mus\u00e9e de Liverpool \u00e0 celles d\u2019importants antiquaires italiens ; comme dans notre cas, son sigle appara\u00eet sur deux arquebuses du mus\u00e9e Poldi Pezzoli de Milan, et sur une arme appartenant aux collections du mus\u00e9e national G.A. Sanna de Sassari. Les collections royales poss\u00e8dent \u00e9galement quelques exemplaires de grande valeur (Turin, Armeria Reale). La famille Barbuti est originaire de Lancusi (Salerne) et s\u2019est install\u00e9e \u00e0 Tempio Pausania ; dans le village en province de Salerne, il existait depuis 1763 une fabrique de fusils \u00e0 canon court, la Reale Manifattura dei Piastrinari, dirig\u00e9e par un administrateur militaire du d\u00e9partement d\u2019artillerie. L\u2019origine de la Campanie, r\u00e9gion qui, au XVIIIe si\u00e8cle, a vu se d\u00e9velopper une production d\u2019armes autonome et renomm\u00e9e gr\u00e2ce aux Bourbons, et o\u00f9 plusieurs manufactures \u00e9taient actives, explique pourquoi le silex \u00ab \u00e0 la sarde \u00bb n\u2019est autre qu\u2019une variante du silex \u00ab \u00e0 la napolitaine \u00bb, dont il diff\u00e8re par la forme de la cartouche et du chien. Au fil du temps, les m\u00e9canismes d\u2019allumage ont en effet subi une s\u00e9rie continue d\u2019am\u00e9liorations, parfois uniquement techniques ; les bo\u00eetiers ont quant \u00e0 eux chang\u00e9 de forme, de configuration et de dimensions en fonction de la mode et pr\u00e9cis\u00e9ment des modifications apport\u00e9es aux m\u00e9canismes d\u2019allumage. Les canons, souvent originaires de Brescia, se sont perfectionn\u00e9s au fur et \u00e0 mesure que la technique de filage progressait, malgr\u00e9 une variation beaucoup plus lente que celle des autres pi\u00e8ces.<br>Le premier \u00e0 s\u2019int\u00e9resser aux habiles artisans\/artistes de la branche sarde de la famille Barbuti fut l\u2019arch\u00e9ologue milanais Carlo Albizzati qui, dans un bref article paru en 1928 dans la revue \u00ab Mediterranea \u00bb, d\u00e9crivait le travail minutieux de rev\u00eatement des fusils, en partie obtenu \u00e0 l\u2019aide d\u2019un moule et fini au burin, en partie cisel\u00e9. Les sites sardes de production d\u2019armes \u00e9taient : Dorgali, Fonni, Gavoi et, bien s\u00fbr, Tempio, o\u00f9 r\u00e9sidait Barbuti ; il concluait en d\u00e9plorant que beaucoup de ces armes avaient \u00e9t\u00e9 emport\u00e9es hors de l\u2019\u00eele, comme \u00ab souvenirs de voyage \u00bb. C\u2019est pr\u00e9cis\u00e9ment pour cette raison que les exemplaires rest\u00e9s en Sardaigne sont d\u2019autant plus pr\u00e9cieux.<\/p>\n\n\n\n<p><a href=\"https:\/\/catalogo.beniculturali.it\/detail\/HistoricOrArtisticProperty\/2000246819\" target=\"_blank\" rel=\"noreferrer noopener\">https:\/\/catalogo.beniculturali.it\/detail\/HistoricOrArtisticProperty\/2000246819<\/a><\/p>\n\n\n\n<p><\/p>\n<\/div>\n\n\n\n<div class=\"wp-block-column is-layout-flow wp-block-column-is-layout-flow\">\n<figure class=\"wp-block-image size-full\"><img loading=\"lazy\" decoding=\"async\" width=\"1100\" height=\"262\" src=\"https:\/\/www.sabbafrisca.com\/wp-content\/uploads\/2025\/10\/fucile-barbuti-museo-dorgali-1.jpg\" alt=\"\" class=\"wp-image-3787\" srcset=\"https:\/\/www.sabbafrisca.com\/wp-content\/uploads\/2025\/10\/fucile-barbuti-museo-dorgali-1.jpg 1100w, https:\/\/www.sabbafrisca.com\/wp-content\/uploads\/2025\/10\/fucile-barbuti-museo-dorgali-1-1024x244.jpg 1024w, https:\/\/www.sabbafrisca.com\/wp-content\/uploads\/2025\/10\/fucile-barbuti-museo-dorgali-1-768x183.jpg 768w, https:\/\/www.sabbafrisca.com\/wp-content\/uploads\/2025\/10\/fucile-barbuti-museo-dorgali-1-320x76.jpg 320w, https:\/\/www.sabbafrisca.com\/wp-content\/uploads\/2025\/10\/fucile-barbuti-museo-dorgali-1-480x114.jpg 480w, https:\/\/www.sabbafrisca.com\/wp-content\/uploads\/2025\/10\/fucile-barbuti-museo-dorgali-1-640x152.jpg 640w, https:\/\/www.sabbafrisca.com\/wp-content\/uploads\/2025\/10\/fucile-barbuti-museo-dorgali-1-960x229.jpg 960w\" sizes=\"auto, (max-width: 1100px) 100vw, 1100px\" \/><\/figure>\n<\/div>\n<\/div>\n\n\n\n<div class=\"wp-block-columns alignfull is-layout-flex wp-container-core-columns-is-layout-9d6595d7 wp-block-columns-is-layout-flex\">\n<div class=\"wp-block-column is-layout-flow wp-block-column-is-layout-flow\">\n<figure class=\"wp-block-image size-full\"><img loading=\"lazy\" decoding=\"async\" width=\"2560\" height=\"436\" src=\"https:\/\/www.sabbafrisca.com\/wp-content\/uploads\/2025\/10\/leppa-de-chittu-dorgali-scaled.jpg\" alt=\"\" class=\"wp-image-3793\" srcset=\"https:\/\/www.sabbafrisca.com\/wp-content\/uploads\/2025\/10\/leppa-de-chittu-dorgali-scaled.jpg 2560w, https:\/\/www.sabbafrisca.com\/wp-content\/uploads\/2025\/10\/leppa-de-chittu-dorgali-1024x174.jpg 1024w, https:\/\/www.sabbafrisca.com\/wp-content\/uploads\/2025\/10\/leppa-de-chittu-dorgali-1920x327.jpg 1920w, https:\/\/www.sabbafrisca.com\/wp-content\/uploads\/2025\/10\/leppa-de-chittu-dorgali-768x131.jpg 768w, https:\/\/www.sabbafrisca.com\/wp-content\/uploads\/2025\/10\/leppa-de-chittu-dorgali-1536x262.jpg 1536w, https:\/\/www.sabbafrisca.com\/wp-content\/uploads\/2025\/10\/leppa-de-chittu-dorgali-2048x349.jpg 2048w, https:\/\/www.sabbafrisca.com\/wp-content\/uploads\/2025\/10\/leppa-de-chittu-dorgali-320x55.jpg 320w, https:\/\/www.sabbafrisca.com\/wp-content\/uploads\/2025\/10\/leppa-de-chittu-dorgali-480x82.jpg 480w, https:\/\/www.sabbafrisca.com\/wp-content\/uploads\/2025\/10\/leppa-de-chittu-dorgali-640x109.jpg 640w, https:\/\/www.sabbafrisca.com\/wp-content\/uploads\/2025\/10\/leppa-de-chittu-dorgali-1280x218.jpg 1280w, https:\/\/www.sabbafrisca.com\/wp-content\/uploads\/2025\/10\/leppa-de-chittu-dorgali-1440x245.jpg 1440w, https:\/\/www.sabbafrisca.com\/wp-content\/uploads\/2025\/10\/leppa-de-chittu-dorgali-1600x273.jpg 1600w, https:\/\/www.sabbafrisca.com\/wp-content\/uploads\/2025\/10\/leppa-de-chittu-dorgali-960x164.jpg 960w\" sizes=\"auto, (max-width: 2560px) 100vw, 2560px\" \/><figcaption class=\"wp-element-caption\">Didascalia<\/figcaption><\/figure>\n<\/div>\n\n\n\n<div class=\"wp-block-column txt is-layout-flow wp-block-column-is-layout-flow\">\n<h2 class=\"wp-block-heading\">Leppa de Chittu &#8211; Sabre<\/h2>\n\n\n\n<p>Lame monofilaire courb\u00e9e, aff\u00fbt\u00e9e sur le c\u00f4t\u00e9 convexe, avec une section triangulaire \u00e0 faces creuses. La nervure atteint une \u00e9paisseur importante \u00e0 la jonction de la soie. Sur le premier tiers, pr\u00e8s du talon, sur les deux profils frontaux de la lame, figure une gravure au burin repr\u00e9sentant un croissant de lune stylis\u00e9. Sur le c\u00f4t\u00e9 gauche, deux \u00e9toiles sont pr\u00e9sentes sous le croissant et deux autres au-dessus. Sur le c\u00f4t\u00e9 droit, deux \u00e9toiles sont pr\u00e9sentes sous le croissant et trois autres au-dessus. Manche en bois en forme de t\u00eate de f\u00e9lin, recouvert d\u2019une feuille de laiton finement travaill\u00e9e au burin avec des motifs g\u00e9om\u00e9triques,<br>des sarments et des motifs floraux. La partie droite du manche est plus travaill\u00e9e : les trois rivets sont plaqu\u00e9s d\u2019argent et ont une forme de coquillage (le rivet le plus proche de la lame) et de fleur (les deux autres). Les rivets sont reli\u00e9s par un motif d\u00e9coratif en forme de corde qui rejoint la t\u00eate de f\u00e9lin situ\u00e9e \u00e0 l\u2019extr\u00e9mit\u00e9 du manche. L\u2019oeillet est \u00e9galement plaqu\u00e9 argent. Dans la partie inf\u00e9rieure du manche apparaissent les lettres MLBD et la date 1871.<\/p>\n\n\n\n<p><a href=\"https:\/\/catalogo.beniculturali.it\/detail\/HistoricOrArtisticProperty\/2000246826\">https:\/\/catalogo.beniculturali.it\/detail\/HistoricOrArtisticProperty\/2000246826<\/a><\/p>\n<\/div>\n<\/div>\n\n\n\n<div class=\"wp-block-columns alignfull is-layout-flex wp-container-core-columns-is-layout-9d6595d7 wp-block-columns-is-layout-flex\">\n<div class=\"wp-block-column txt is-layout-flow wp-block-column-is-layout-flow\">\n<h2 class=\"wp-block-heading\">Garriera &#8211; Ceinture porte-poudre<\/h2>\n\n\n\n<p>Ceinture porte-poudre appel\u00e9e \u00ab Garriera \u00bb en dialecte de Dorgali, destin\u00e9e \u00e0 contenir les doses de poudre \u00e0 canon pour les fusils \u00e0 chargement par la bouche, \u00e0 m\u00e8che ou \u00e0 silex. Elle contient vingt-six mesurettes en \u00e9tain appel\u00e9es \u00ab attessos \u00bb qui, au besoin, \u00e9taient extraites de la ceinture en tirant sur la ficelle qui ferme le porte-poudre dans sa partie sup\u00e9rieure. La partie avant de la ceinture est finement d\u00e9cor\u00e9e de broderies en fil de soie avec des motifs g\u00e9om\u00e9triques dans la partie centrale et des motifs floraux dans les parties terminales. La boucle en laiton de forme rectangulaire, grav\u00e9e de motifs floraux aux angles, reli\u00e9s par des tresses des deux c\u00f4t\u00e9s, a \u00e9t\u00e9 r\u00e9alis\u00e9e dans l\u2019atelier des fr\u00e8res Bacchitta, sp\u00e9cialis\u00e9s dans la fabrication de manches de sabres. L\u2019auteur de la ceinture est le maroquinier et c\u00e9ramiste Giovanni Cucca, qui a travaill\u00e9 \u00e0 Dorgali entre 1890 et 1963.<\/p>\n\n\n\n<p><a href=\"https:\/\/catalogo.beniculturali.it\/detail\/DemoEthnoAnthropologicalHeritage\/2000246820\">https:\/\/catalogo.beniculturali.it\/detail\/DemoEthnoAnthropologicalHeritage\/2000246820<\/a><\/p>\n<\/div>\n\n\n\n<div class=\"wp-block-column is-layout-flow wp-block-column-is-layout-flow\">\n<figure class=\"wp-block-image size-large\"><img loading=\"lazy\" decoding=\"async\" width=\"1920\" height=\"1254\" src=\"https:\/\/www.sabbafrisca.com\/wp-content\/uploads\/2025\/10\/Garriera-museo-Dorgali-1920x1254.jpg\" alt=\"\" class=\"wp-image-3775\" srcset=\"https:\/\/www.sabbafrisca.com\/wp-content\/uploads\/2025\/10\/Garriera-museo-Dorgali-1920x1254.jpg 1920w, https:\/\/www.sabbafrisca.com\/wp-content\/uploads\/2025\/10\/Garriera-museo-Dorgali-1024x669.jpg 1024w, https:\/\/www.sabbafrisca.com\/wp-content\/uploads\/2025\/10\/Garriera-museo-Dorgali-768x502.jpg 768w, https:\/\/www.sabbafrisca.com\/wp-content\/uploads\/2025\/10\/Garriera-museo-Dorgali-1536x1003.jpg 1536w, https:\/\/www.sabbafrisca.com\/wp-content\/uploads\/2025\/10\/Garriera-museo-Dorgali-2048x1338.jpg 2048w, https:\/\/www.sabbafrisca.com\/wp-content\/uploads\/2025\/10\/Garriera-museo-Dorgali-213x139.jpg 213w, https:\/\/www.sabbafrisca.com\/wp-content\/uploads\/2025\/10\/Garriera-museo-Dorgali-318x208.jpg 318w, https:\/\/www.sabbafrisca.com\/wp-content\/uploads\/2025\/10\/Garriera-museo-Dorgali-424x277.jpg 424w, https:\/\/www.sabbafrisca.com\/wp-content\/uploads\/2025\/10\/Garriera-museo-Dorgali-510x333.jpg 510w, https:\/\/www.sabbafrisca.com\/wp-content\/uploads\/2025\/10\/Garriera-museo-Dorgali-680x444.jpg 680w, https:\/\/www.sabbafrisca.com\/wp-content\/uploads\/2025\/10\/Garriera-museo-Dorgali-850x555.jpg 850w, https:\/\/www.sabbafrisca.com\/wp-content\/uploads\/2025\/10\/Garriera-museo-Dorgali-955x624.jpg 955w, https:\/\/www.sabbafrisca.com\/wp-content\/uploads\/2025\/10\/Garriera-museo-Dorgali-1061x693.jpg 1061w, https:\/\/www.sabbafrisca.com\/wp-content\/uploads\/2025\/10\/Garriera-museo-Dorgali-1274x832.jpg 1274w, https:\/\/www.sabbafrisca.com\/wp-content\/uploads\/2025\/10\/Garriera-museo-Dorgali-426x278.jpg 426w, https:\/\/www.sabbafrisca.com\/wp-content\/uploads\/2025\/10\/Garriera-museo-Dorgali-637x416.jpg 637w, https:\/\/www.sabbafrisca.com\/wp-content\/uploads\/2025\/10\/Garriera-museo-Dorgali-848x554.jpg 848w, https:\/\/www.sabbafrisca.com\/wp-content\/uploads\/2025\/10\/Garriera-museo-Dorgali-1020x666.jpg 1020w, https:\/\/www.sabbafrisca.com\/wp-content\/uploads\/2025\/10\/Garriera-museo-Dorgali-1360x888.jpg 1360w, https:\/\/www.sabbafrisca.com\/wp-content\/uploads\/2025\/10\/Garriera-museo-Dorgali-1699x1110.jpg 1699w, https:\/\/www.sabbafrisca.com\/wp-content\/uploads\/2025\/10\/Garriera-museo-Dorgali-1911x1248.jpg 1911w\" sizes=\"auto, (max-width: 1920px) 100vw, 1920px\" \/><figcaption class=\"wp-element-caption\">Didascalia<\/figcaption><\/figure>\n<\/div>\n<\/div>\n\n\n\n<div class=\"wp-block-columns alignfull is-layout-flex wp-container-core-columns-is-layout-9d6595d7 wp-block-columns-is-layout-flex\">\n<div class=\"wp-block-column is-layout-flow wp-block-column-is-layout-flow\">\n<figure class=\"wp-block-image size-full\"><img loading=\"lazy\" decoding=\"async\" width=\"1280\" height=\"872\" src=\"https:\/\/www.sabbafrisca.com\/wp-content\/uploads\/2025\/10\/trappula-museo-dorgali.jpg\" alt=\"\" class=\"wp-image-3801\" srcset=\"https:\/\/www.sabbafrisca.com\/wp-content\/uploads\/2025\/10\/trappula-museo-dorgali.jpg 1280w, https:\/\/www.sabbafrisca.com\/wp-content\/uploads\/2025\/10\/trappula-museo-dorgali-1024x698.jpg 1024w, https:\/\/www.sabbafrisca.com\/wp-content\/uploads\/2025\/10\/trappula-museo-dorgali-768x523.jpg 768w, https:\/\/www.sabbafrisca.com\/wp-content\/uploads\/2025\/10\/trappula-museo-dorgali-204x139.jpg 204w, https:\/\/www.sabbafrisca.com\/wp-content\/uploads\/2025\/10\/trappula-museo-dorgali-305x208.jpg 305w, https:\/\/www.sabbafrisca.com\/wp-content\/uploads\/2025\/10\/trappula-museo-dorgali-407x277.jpg 407w, https:\/\/www.sabbafrisca.com\/wp-content\/uploads\/2025\/10\/trappula-museo-dorgali-489x333.jpg 489w, https:\/\/www.sabbafrisca.com\/wp-content\/uploads\/2025\/10\/trappula-museo-dorgali-652x444.jpg 652w, https:\/\/www.sabbafrisca.com\/wp-content\/uploads\/2025\/10\/trappula-museo-dorgali-815x555.jpg 815w, https:\/\/www.sabbafrisca.com\/wp-content\/uploads\/2025\/10\/trappula-museo-dorgali-916x624.jpg 916w, https:\/\/www.sabbafrisca.com\/wp-content\/uploads\/2025\/10\/trappula-museo-dorgali-1017x693.jpg 1017w, https:\/\/www.sabbafrisca.com\/wp-content\/uploads\/2025\/10\/trappula-museo-dorgali-1221x832.jpg 1221w, https:\/\/www.sabbafrisca.com\/wp-content\/uploads\/2025\/10\/trappula-museo-dorgali-408x278.jpg 408w, https:\/\/www.sabbafrisca.com\/wp-content\/uploads\/2025\/10\/trappula-museo-dorgali-611x416.jpg 611w, https:\/\/www.sabbafrisca.com\/wp-content\/uploads\/2025\/10\/trappula-museo-dorgali-813x554.jpg 813w, https:\/\/www.sabbafrisca.com\/wp-content\/uploads\/2025\/10\/trappula-museo-dorgali-978x666.jpg 978w\" sizes=\"auto, (max-width: 1280px) 100vw, 1280px\" \/><figcaption class=\"wp-element-caption\">Didascalia<\/figcaption><\/figure>\n<\/div>\n\n\n\n<div class=\"wp-block-column txt is-layout-flow wp-block-column-is-layout-flow\">\n<h2 class=\"wp-block-heading\">Trappula &#8211; Pi\u00e8ge<\/h2>\n\n\n\n<p>Pi\u00e8ge pour capturer des renards, des sangliers, des martres et des chats sauvages<br>Il \u00e9tait plac\u00e9 dans les passages oblig\u00e9s et se refermait d\u00e8s que la patte de l\u2019animal \u00e0 pi\u00e9ger s\u2019y trouvait.<\/p>\n\n\n\n<p><a href=\"https:\/\/catalogo.beniculturali.it\/detail\/DemoEthnoAnthropologicalHeritage\/2000250289\">https:\/\/catalogo.beniculturali.it\/detail\/DemoEthnoAnthropologicalHeritage\/2000250289<\/a><\/p>\n<\/div>\n<\/div>\n\n\n\n<div class=\"wp-block-columns alignfull is-layout-flex wp-container-core-columns-is-layout-9d6595d7 wp-block-columns-is-layout-flex\">\n<div class=\"wp-block-column txt is-layout-flow wp-block-column-is-layout-flow\">\n<h2 class=\"wp-block-heading\">Irf\u00e8rias chin cr\u00e0es &#8211; Entraves avec cl\u00e9<\/h2>\n\n\n\n<p>Pastoia per legare le zampe dei bovini al pascolo<\/p>\n\n\n\n<p>Entraves pour attacher les pattes des bovins au p\u00e2turage<br>L\u2019instrument \u00e9tait attach\u00e9 aux pattes de l\u2019animal pour limiter ses mouvements, \u00e9vitant ainsi le risque de fuite et de vol.<\/p>\n\n\n\n<p><a href=\"https:\/\/catalogo.beniculturali.it\/detail\/DemoEthnoAnthropologicalHeritage\/2000250337\"><\/a><a href=\"https:\/\/catalogo.beniculturali.it\/detail\/DemoEthnoAnthropologicalHeritage\/2000250337\">https:\/\/catalogo.beniculturali.it\/detail\/DemoEthnoAnthropologicalHeritage\/2000250337<\/a><\/p>\n<\/div>\n\n\n\n<div class=\"wp-block-column is-layout-flow wp-block-column-is-layout-flow\">\n<figure class=\"wp-block-image size-full\"><img loading=\"lazy\" decoding=\"async\" width=\"1280\" height=\"853\" src=\"https:\/\/www.sabbafrisca.com\/wp-content\/uploads\/2025\/10\/Irferias-museo-dorgali.jpg\" alt=\"\" class=\"wp-image-3807\" srcset=\"https:\/\/www.sabbafrisca.com\/wp-content\/uploads\/2025\/10\/Irferias-museo-dorgali.jpg 1280w, https:\/\/www.sabbafrisca.com\/wp-content\/uploads\/2025\/10\/Irferias-museo-dorgali-1024x682.jpg 1024w, https:\/\/www.sabbafrisca.com\/wp-content\/uploads\/2025\/10\/Irferias-museo-dorgali-768x512.jpg 768w, https:\/\/www.sabbafrisca.com\/wp-content\/uploads\/2025\/10\/Irferias-museo-dorgali-209x139.jpg 209w, https:\/\/www.sabbafrisca.com\/wp-content\/uploads\/2025\/10\/Irferias-museo-dorgali-312x208.jpg 312w, https:\/\/www.sabbafrisca.com\/wp-content\/uploads\/2025\/10\/Irferias-museo-dorgali-416x277.jpg 416w, https:\/\/www.sabbafrisca.com\/wp-content\/uploads\/2025\/10\/Irferias-museo-dorgali-500x333.jpg 500w, https:\/\/www.sabbafrisca.com\/wp-content\/uploads\/2025\/10\/Irferias-museo-dorgali-666x444.jpg 666w, https:\/\/www.sabbafrisca.com\/wp-content\/uploads\/2025\/10\/Irferias-museo-dorgali-833x555.jpg 833w, https:\/\/www.sabbafrisca.com\/wp-content\/uploads\/2025\/10\/Irferias-museo-dorgali-936x624.jpg 936w, https:\/\/www.sabbafrisca.com\/wp-content\/uploads\/2025\/10\/Irferias-museo-dorgali-1040x693.jpg 1040w, https:\/\/www.sabbafrisca.com\/wp-content\/uploads\/2025\/10\/Irferias-museo-dorgali-1248x832.jpg 1248w, https:\/\/www.sabbafrisca.com\/wp-content\/uploads\/2025\/10\/Irferias-museo-dorgali-417x278.jpg 417w, https:\/\/www.sabbafrisca.com\/wp-content\/uploads\/2025\/10\/Irferias-museo-dorgali-624x416.jpg 624w, https:\/\/www.sabbafrisca.com\/wp-content\/uploads\/2025\/10\/Irferias-museo-dorgali-831x554.jpg 831w, https:\/\/www.sabbafrisca.com\/wp-content\/uploads\/2025\/10\/Irferias-museo-dorgali-999x666.jpg 999w\" sizes=\"auto, (max-width: 1280px) 100vw, 1280px\" \/><figcaption class=\"wp-element-caption\">Didascalia<\/figcaption><\/figure>\n<\/div>\n<\/div>\n\n\n\n<div class=\"wp-block-columns alignfull is-layout-flex wp-container-core-columns-is-layout-9d6595d7 wp-block-columns-is-layout-flex\">\n<div class=\"wp-block-column is-layout-flow wp-block-column-is-layout-flow\">\n<figure class=\"wp-block-image size-full\"><img loading=\"lazy\" decoding=\"async\" width=\"1280\" height=\"853\" src=\"https:\/\/www.sabbafrisca.com\/wp-content\/uploads\/2025\/10\/carru-museo-dorgali.jpg\" alt=\"\" class=\"wp-image-3815\" srcset=\"https:\/\/www.sabbafrisca.com\/wp-content\/uploads\/2025\/10\/carru-museo-dorgali.jpg 1280w, https:\/\/www.sabbafrisca.com\/wp-content\/uploads\/2025\/10\/carru-museo-dorgali-1024x682.jpg 1024w, https:\/\/www.sabbafrisca.com\/wp-content\/uploads\/2025\/10\/carru-museo-dorgali-768x512.jpg 768w, https:\/\/www.sabbafrisca.com\/wp-content\/uploads\/2025\/10\/carru-museo-dorgali-209x139.jpg 209w, https:\/\/www.sabbafrisca.com\/wp-content\/uploads\/2025\/10\/carru-museo-dorgali-312x208.jpg 312w, https:\/\/www.sabbafrisca.com\/wp-content\/uploads\/2025\/10\/carru-museo-dorgali-416x277.jpg 416w, https:\/\/www.sabbafrisca.com\/wp-content\/uploads\/2025\/10\/carru-museo-dorgali-500x333.jpg 500w, https:\/\/www.sabbafrisca.com\/wp-content\/uploads\/2025\/10\/carru-museo-dorgali-666x444.jpg 666w, https:\/\/www.sabbafrisca.com\/wp-content\/uploads\/2025\/10\/carru-museo-dorgali-833x555.jpg 833w, https:\/\/www.sabbafrisca.com\/wp-content\/uploads\/2025\/10\/carru-museo-dorgali-936x624.jpg 936w, https:\/\/www.sabbafrisca.com\/wp-content\/uploads\/2025\/10\/carru-museo-dorgali-1040x693.jpg 1040w, https:\/\/www.sabbafrisca.com\/wp-content\/uploads\/2025\/10\/carru-museo-dorgali-1248x832.jpg 1248w, https:\/\/www.sabbafrisca.com\/wp-content\/uploads\/2025\/10\/carru-museo-dorgali-417x278.jpg 417w, https:\/\/www.sabbafrisca.com\/wp-content\/uploads\/2025\/10\/carru-museo-dorgali-624x416.jpg 624w, https:\/\/www.sabbafrisca.com\/wp-content\/uploads\/2025\/10\/carru-museo-dorgali-831x554.jpg 831w, https:\/\/www.sabbafrisca.com\/wp-content\/uploads\/2025\/10\/carru-museo-dorgali-999x666.jpg 999w\" sizes=\"auto, (max-width: 1280px) 100vw, 1280px\" \/><figcaption class=\"wp-element-caption\">Didascalia<\/figcaption><\/figure>\n<\/div>\n\n\n\n<div class=\"wp-block-column txt is-layout-flow wp-block-column-is-layout-flow\">\n<h2 class=\"wp-block-heading\">Carru <\/h2>\n\n\n\n<p>Moyen de transport en bois de ch\u00eane vert et de peuplier avec des roues \u00e0 bandages en fer. La partie avant d\u2019attelage et la partie porteuse sont constitu\u00e9es d\u2019un timon monobloc (isc\u00e0la &lsquo;e carru). L\u2019extr\u00e9mit\u00e9 avant, qui est la partie d\u2019attelage pour les boeufs, est munie de trous qui servent \u00e0 fixer le joug \u00e0 l\u2019aide d\u2019une cl\u00e9 sp\u00e9ciale (crap\u00ecca). \u00c0 environ un m\u00e8tre et demi de l\u2019extr\u00e9mit\u00e9 avant, le chariot se divise progressivement en deux parties, la bifurcation atteignant son maximum \u00e0 l\u2019arri\u00e8re. Les deux c\u00f4t\u00e9s sont maintenus ensemble par des essieux qui forment \u00ab su lettu de su carru \u00bb et par des ridelles, appel\u00e9es \u00ab sas cost\u00e0nas \u00bb, compos\u00e9es de trois essieux, destin\u00e9es \u00e0 contenir des charges de bois ou de charbon. Quatre crochets et deux anneaux en fer sont fix\u00e9s sur les c\u00f4t\u00e9s pour assurer le chargement. Peint en bleu, il pr\u00e9sente sur le c\u00f4t\u00e9 droit une plaque en t\u00f4le indiquant les donn\u00e9es relatives \u00e0 la taxe de circulation. Les freins sont incomplets.<\/p>\n\n\n\n<p><a href=\"https:\/\/catalogo.beniculturali.it\/detail\/DemoEthnoAnthropologicalHeritage\/2000250289\">https:\/\/catalogo.beniculturali.it\/detail\/DemoEthnoAnthropologicalHeritage\/2000250362<\/a><\/p>\n<\/div>\n<\/div>\n\n\n\n<div class=\"wp-block-columns alignfull is-layout-flex wp-container-core-columns-is-layout-9d6595d7 wp-block-columns-is-layout-flex\">\n<div class=\"wp-block-column txt is-layout-flow wp-block-column-is-layout-flow\">\n<h2 class=\"wp-block-heading\">Pierre \u00e0 battre, pr\u00e8da da triulare<\/h2>\n\n\n\n<p>Bloc de trachyte de forme trap\u00e9zo\u00efdale avec rainures et cha\u00eene en fer.<\/p>\n\n\n\n<p><a href=\"https:\/\/catalogo.beniculturali.it\/detail\/DemoEthnoAnthropologicalHeritage\/2000250337\">https:\/\/catalogo.beniculturali.it\/detail\/DemoEthnoAnthropologicalHeritage\/2000250362<\/a><\/p>\n<\/div>\n\n\n\n<div class=\"wp-block-column is-layout-flow wp-block-column-is-layout-flow\">\n<figure class=\"wp-block-image size-full\"><img loading=\"lazy\" decoding=\"async\" width=\"853\" height=\"1280\" src=\"https:\/\/www.sabbafrisca.com\/wp-content\/uploads\/2025\/10\/preda-de-triulare-museo-dorgali.jpg\" alt=\"\" class=\"wp-image-3821\" srcset=\"https:\/\/www.sabbafrisca.com\/wp-content\/uploads\/2025\/10\/preda-de-triulare-museo-dorgali.jpg 853w, https:\/\/www.sabbafrisca.com\/wp-content\/uploads\/2025\/10\/preda-de-triulare-museo-dorgali-682x1024.jpg 682w, https:\/\/www.sabbafrisca.com\/wp-content\/uploads\/2025\/10\/preda-de-triulare-museo-dorgali-768x1152.jpg 768w, https:\/\/www.sabbafrisca.com\/wp-content\/uploads\/2025\/10\/preda-de-triulare-museo-dorgali-93x139.jpg 93w, https:\/\/www.sabbafrisca.com\/wp-content\/uploads\/2025\/10\/preda-de-triulare-museo-dorgali-139x208.jpg 139w, https:\/\/www.sabbafrisca.com\/wp-content\/uploads\/2025\/10\/preda-de-triulare-museo-dorgali-185x278.jpg 185w, https:\/\/www.sabbafrisca.com\/wp-content\/uploads\/2025\/10\/preda-de-triulare-museo-dorgali-222x333.jpg 222w, https:\/\/www.sabbafrisca.com\/wp-content\/uploads\/2025\/10\/preda-de-triulare-museo-dorgali-296x444.jpg 296w, https:\/\/www.sabbafrisca.com\/wp-content\/uploads\/2025\/10\/preda-de-triulare-museo-dorgali-370x555.jpg 370w, https:\/\/www.sabbafrisca.com\/wp-content\/uploads\/2025\/10\/preda-de-triulare-museo-dorgali-416x624.jpg 416w, https:\/\/www.sabbafrisca.com\/wp-content\/uploads\/2025\/10\/preda-de-triulare-museo-dorgali-462x693.jpg 462w, https:\/\/www.sabbafrisca.com\/wp-content\/uploads\/2025\/10\/preda-de-triulare-museo-dorgali-554x832.jpg 554w, https:\/\/www.sabbafrisca.com\/wp-content\/uploads\/2025\/10\/preda-de-triulare-museo-dorgali-277x416.jpg 277w, https:\/\/www.sabbafrisca.com\/wp-content\/uploads\/2025\/10\/preda-de-triulare-museo-dorgali-369x554.jpg 369w, https:\/\/www.sabbafrisca.com\/wp-content\/uploads\/2025\/10\/preda-de-triulare-museo-dorgali-444x666.jpg 444w, https:\/\/www.sabbafrisca.com\/wp-content\/uploads\/2025\/10\/preda-de-triulare-museo-dorgali-592x888.jpg 592w, https:\/\/www.sabbafrisca.com\/wp-content\/uploads\/2025\/10\/preda-de-triulare-museo-dorgali-740x1110.jpg 740w, https:\/\/www.sabbafrisca.com\/wp-content\/uploads\/2025\/10\/preda-de-triulare-museo-dorgali-832x1248.jpg 832w\" sizes=\"auto, (max-width: 853px) 100vw, 853px\" \/><figcaption class=\"wp-element-caption\">Didascalia<\/figcaption><\/figure>\n<\/div>\n<\/div>\n\n\n\n<div class=\"wp-block-columns alignfull is-layout-flex wp-container-core-columns-is-layout-9d6595d7 wp-block-columns-is-layout-flex\">\n<div class=\"wp-block-column is-layout-flow wp-block-column-is-layout-flow\">\n<figure class=\"wp-block-image size-full\"><img loading=\"lazy\" decoding=\"async\" width=\"853\" height=\"1280\" src=\"https:\/\/www.sabbafrisca.com\/wp-content\/uploads\/2025\/10\/ICCD16490383_catalogazione-0504.jpg\" alt=\"\" class=\"wp-image-3827\" srcset=\"https:\/\/www.sabbafrisca.com\/wp-content\/uploads\/2025\/10\/ICCD16490383_catalogazione-0504.jpg 853w, https:\/\/www.sabbafrisca.com\/wp-content\/uploads\/2025\/10\/ICCD16490383_catalogazione-0504-682x1024.jpg 682w, https:\/\/www.sabbafrisca.com\/wp-content\/uploads\/2025\/10\/ICCD16490383_catalogazione-0504-768x1152.jpg 768w, https:\/\/www.sabbafrisca.com\/wp-content\/uploads\/2025\/10\/ICCD16490383_catalogazione-0504-93x139.jpg 93w, https:\/\/www.sabbafrisca.com\/wp-content\/uploads\/2025\/10\/ICCD16490383_catalogazione-0504-139x208.jpg 139w, https:\/\/www.sabbafrisca.com\/wp-content\/uploads\/2025\/10\/ICCD16490383_catalogazione-0504-185x278.jpg 185w, https:\/\/www.sabbafrisca.com\/wp-content\/uploads\/2025\/10\/ICCD16490383_catalogazione-0504-222x333.jpg 222w, https:\/\/www.sabbafrisca.com\/wp-content\/uploads\/2025\/10\/ICCD16490383_catalogazione-0504-296x444.jpg 296w, https:\/\/www.sabbafrisca.com\/wp-content\/uploads\/2025\/10\/ICCD16490383_catalogazione-0504-370x555.jpg 370w, https:\/\/www.sabbafrisca.com\/wp-content\/uploads\/2025\/10\/ICCD16490383_catalogazione-0504-416x624.jpg 416w, https:\/\/www.sabbafrisca.com\/wp-content\/uploads\/2025\/10\/ICCD16490383_catalogazione-0504-462x693.jpg 462w, https:\/\/www.sabbafrisca.com\/wp-content\/uploads\/2025\/10\/ICCD16490383_catalogazione-0504-554x832.jpg 554w, https:\/\/www.sabbafrisca.com\/wp-content\/uploads\/2025\/10\/ICCD16490383_catalogazione-0504-277x416.jpg 277w, https:\/\/www.sabbafrisca.com\/wp-content\/uploads\/2025\/10\/ICCD16490383_catalogazione-0504-369x554.jpg 369w, https:\/\/www.sabbafrisca.com\/wp-content\/uploads\/2025\/10\/ICCD16490383_catalogazione-0504-444x666.jpg 444w, https:\/\/www.sabbafrisca.com\/wp-content\/uploads\/2025\/10\/ICCD16490383_catalogazione-0504-592x888.jpg 592w, https:\/\/www.sabbafrisca.com\/wp-content\/uploads\/2025\/10\/ICCD16490383_catalogazione-0504-740x1110.jpg 740w, https:\/\/www.sabbafrisca.com\/wp-content\/uploads\/2025\/10\/ICCD16490383_catalogazione-0504-832x1248.jpg 832w\" sizes=\"auto, (max-width: 853px) 100vw, 853px\" \/><figcaption class=\"wp-element-caption\">Didascalia<\/figcaption><\/figure>\n<\/div>\n\n\n\n<div class=\"wp-block-column txt is-layout-flow wp-block-column-is-layout-flow\">\n<h2 class=\"wp-block-heading\">Mola de su tricu &#8211; meule \u00e0 grain<\/h2>\n\n\n\n<p>Meule \u00e0 \u00e2ne en pierre basaltique de forme circulaire. Le corps de l\u2019instrument est compos\u00e9 de deux \u00e9l\u00e9ments : le m\u00e2le (\u00ab mascru \u00bb) et la femelle (\u00ab copercu \u00bb). Cette derni\u00e8re est la partie rotative qui, gr\u00e2ce \u00e0 deux oeillets sur les c\u00f4t\u00e9s, \u00e9tait reli\u00e9e \u00e0 un gros b\u00e2ton en forme de fourche, en bois de gen\u00e9vrier, \u00e0 l\u2019aide de cordes et de cl\u00e9s en bois d\u2019arbousier, o\u00f9 l\u2019\u00e2ne \u00e9tait attach\u00e9. Le b\u00e2ton fourchu comporte deux trous dans lesquels passent deux goupilles perc\u00e9es \u00e0 la base, o\u00f9 l\u2019on ins\u00e8re un lacet en cuir qui sert \u00e0 attacher le cou de l\u2019animal sans l\u2019\u00e9trangler. La partie inf\u00e9rieure (m\u00e2le) pr\u00e9sente des rainures faites \u00e0 l\u2019aide d\u2019un marteau afin d\u2019augmenter la rugosit\u00e9 et am\u00e9liorer l\u2019adh\u00e9rence. La cuve circulaire en trachyte sur laquelle repose la meule pr\u00e9sente une ouverture de section carr\u00e9e pour l\u2019\u00e9vacuation du grain moulu, \u00e9quip\u00e9e d\u2019une porte en bois \u00e0 guillotine. \u00c0 l\u2019extr\u00e9mit\u00e9 sup\u00e9rieure est fix\u00e9 un entonnoir en bois, appel\u00e9 \u00ab maiolu \u00bb, pour faire descendre le grain dans la meule, suspendu au plafond \u00e0 l\u2019aide d\u2019un b\u00e2ton en roseau.<\/p>\n\n\n\n<p><a href=\"https:\/\/catalogo.beniculturali.it\/detail\/DemoEthnoAnthropologicalHeritage\/2000250367\">https:\/\/catalogo.beniculturali.it\/detail\/DemoEthnoAnthropologicalHeritage\/2000250367<\/a><\/p>\n<\/div>\n<\/div>\n\n\n\n<div class=\"wp-block-columns is-layout-flex wp-container-core-columns-is-layout-9d6595d7 wp-block-columns-is-layout-flex\">\n<div class=\"wp-block-column has-small-font-size is-layout-flow wp-block-column-is-layout-flow\" style=\"flex-basis:66%\">\n<p>Sezione cofinanziata con:<br>INCENTIVO Decreto Direttoriale n. 385 del 19\/10\/2022<br>PROT. PROGETTO TOCC0002372<br>PNRR \u2013 Next Generation EU<br>COR 15910959<br>CUP C77J23000830008<\/p>\n<\/div>\n<\/div>\n\n\n\n<figure class=\"wp-block-image size-full\"><img loading=\"lazy\" decoding=\"async\" width=\"985\" height=\"60\" src=\"https:\/\/www.sabbafrisca.com\/wp-content\/uploads\/2026\/02\/Loghi-CULTURA_CRESCE-3.png\" alt=\"\" class=\"wp-image-4079\" srcset=\"https:\/\/www.sabbafrisca.com\/wp-content\/uploads\/2026\/02\/Loghi-CULTURA_CRESCE-3.png 985w, https:\/\/www.sabbafrisca.com\/wp-content\/uploads\/2026\/02\/Loghi-CULTURA_CRESCE-3-768x47.png 768w, https:\/\/www.sabbafrisca.com\/wp-content\/uploads\/2026\/02\/Loghi-CULTURA_CRESCE-3-320x19.png 320w, https:\/\/www.sabbafrisca.com\/wp-content\/uploads\/2026\/02\/Loghi-CULTURA_CRESCE-3-480x29.png 480w, https:\/\/www.sabbafrisca.com\/wp-content\/uploads\/2026\/02\/Loghi-CULTURA_CRESCE-3-640x39.png 640w, https:\/\/www.sabbafrisca.com\/wp-content\/uploads\/2026\/02\/Loghi-CULTURA_CRESCE-3-960x58.png 960w\" sizes=\"auto, (max-width: 985px) 100vw, 985px\" \/><\/figure>\n","protected":false},"excerpt":{"rendered":"<p>Avec plus de 4 500 pi\u00e8ces expos\u00e9es qui retracent la vie en Sardaigne entre 1650 et 1940, S\u2019Abba Frisca est le plus grand mus\u00e9e ethnographique de l\u2019\u00eele. Plus de 500&#8230;<\/p>\n","protected":false},"author":1,"featured_media":2499,"parent":0,"menu_order":0,"comment_status":"closed","ping_status":"closed","template":"page.php","meta":{"_acf_changed":false,"footnotes":""},"class_list":["post-3988","page","type-page","status-publish","has-post-thumbnail","hentry"],"acf":[],"yoast_head":"<!-- This site is optimized with the Yoast SEO plugin v25.9 - https:\/\/yoast.com\/wordpress\/plugins\/seo\/ -->\n<title>Les collections - S&#039;Abba Frisca Parco Museo<\/title>\n<meta name=\"robots\" content=\"index, follow, max-snippet:-1, max-image-preview:large, max-video-preview:-1\" \/>\n<link rel=\"canonical\" href=\"https:\/\/www.sabbafrisca.com\/fr\/collezioni\/\" \/>\n<meta property=\"og:locale\" content=\"fr_FR\" \/>\n<meta property=\"og:type\" content=\"article\" \/>\n<meta property=\"og:title\" content=\"Les collections - S&#039;Abba Frisca Parco Museo\" \/>\n<meta property=\"og:description\" content=\"Avec plus de 4 500 pi\u00e8ces expos\u00e9es qui retracent la vie en Sardaigne entre 1650 et 1940, S\u2019Abba Frisca est le plus grand mus\u00e9e ethnographique de l\u2019\u00eele. Plus de 500...\" \/>\n<meta property=\"og:url\" content=\"https:\/\/www.sabbafrisca.com\/fr\/collezioni\/\" \/>\n<meta property=\"og:site_name\" content=\"S&#039;Abba Frisca Parco Museo\" \/>\n<meta property=\"article:publisher\" content=\"https:\/\/www.facebook.com\/sabbafrisca\" \/>\n<meta property=\"article:modified_time\" content=\"2026-02-13T09:44:26+00:00\" \/>\n<meta property=\"og:image\" content=\"https:\/\/www.sabbafrisca.com\/wp-content\/uploads\/2023\/03\/museoIMG_2720-HDR-rid-edited.jpg\" \/>\n\t<meta property=\"og:image:width\" content=\"1500\" \/>\n\t<meta property=\"og:image:height\" content=\"844\" \/>\n\t<meta property=\"og:image:type\" content=\"image\/jpeg\" \/>\n<meta name=\"twitter:card\" content=\"summary_large_image\" \/>\n<meta name=\"twitter:site\" content=\"@sabbafrisca\" \/>\n<meta name=\"twitter:label1\" content=\"Dur\u00e9e de lecture estim\u00e9e\" \/>\n\t<meta name=\"twitter:data1\" content=\"10 minutes\" \/>\n<script type=\"application\/ld+json\" class=\"yoast-schema-graph\">{\"@context\":\"https:\/\/schema.org\",\"@graph\":[{\"@type\":\"WebPage\",\"@id\":\"https:\/\/www.sabbafrisca.com\/fr\/collezioni\/\",\"url\":\"https:\/\/www.sabbafrisca.com\/fr\/collezioni\/\",\"name\":\"Les collections - S&#039;Abba Frisca Parco Museo\",\"isPartOf\":{\"@id\":\"https:\/\/www.sabbafrisca.com\/fr\/#website\"},\"primaryImageOfPage\":{\"@id\":\"https:\/\/www.sabbafrisca.com\/fr\/collezioni\/#primaryimage\"},\"image\":{\"@id\":\"https:\/\/www.sabbafrisca.com\/fr\/collezioni\/#primaryimage\"},\"thumbnailUrl\":\"https:\/\/www.sabbafrisca.com\/wp-content\/uploads\/2023\/03\/museoIMG_2720-HDR-rid-edited.jpg\",\"datePublished\":\"2025-05-05T15:50:23+00:00\",\"dateModified\":\"2026-02-13T09:44:26+00:00\",\"breadcrumb\":{\"@id\":\"https:\/\/www.sabbafrisca.com\/fr\/collezioni\/#breadcrumb\"},\"inLanguage\":\"fr-FR\",\"potentialAction\":[{\"@type\":\"ReadAction\",\"target\":[\"https:\/\/www.sabbafrisca.com\/fr\/collezioni\/\"]}]},{\"@type\":\"ImageObject\",\"inLanguage\":\"fr-FR\",\"@id\":\"https:\/\/www.sabbafrisca.com\/fr\/collezioni\/#primaryimage\",\"url\":\"https:\/\/www.sabbafrisca.com\/wp-content\/uploads\/2023\/03\/museoIMG_2720-HDR-rid-edited.jpg\",\"contentUrl\":\"https:\/\/www.sabbafrisca.com\/wp-content\/uploads\/2023\/03\/museoIMG_2720-HDR-rid-edited.jpg\",\"width\":1500,\"height\":844,\"caption\":\"Durante i viaggi d'istruzione a Cala Gonone gli alunni impareranno come vengono prodotti olio, vino e formaggio\"},{\"@type\":\"BreadcrumbList\",\"@id\":\"https:\/\/www.sabbafrisca.com\/fr\/collezioni\/#breadcrumb\",\"itemListElement\":[{\"@type\":\"ListItem\",\"position\":1,\"name\":\"Home\",\"item\":\"https:\/\/www.sabbafrisca.com\/fr\/\"},{\"@type\":\"ListItem\",\"position\":2,\"name\":\"Les collections\"}]},{\"@type\":\"WebSite\",\"@id\":\"https:\/\/www.sabbafrisca.com\/fr\/#website\",\"url\":\"https:\/\/www.sabbafrisca.com\/fr\/\",\"name\":\"S&#039;Abba Frisca Parco Museo\",\"description\":\"A Dorgali, il Parco Museo della Sardegna\",\"publisher\":{\"@id\":\"https:\/\/www.sabbafrisca.com\/fr\/#organization\"},\"potentialAction\":[{\"@type\":\"SearchAction\",\"target\":{\"@type\":\"EntryPoint\",\"urlTemplate\":\"https:\/\/www.sabbafrisca.com\/fr\/?s={search_term_string}\"},\"query-input\":{\"@type\":\"PropertyValueSpecification\",\"valueRequired\":true,\"valueName\":\"search_term_string\"}}],\"inLanguage\":\"fr-FR\"},{\"@type\":\"Organization\",\"@id\":\"https:\/\/www.sabbafrisca.com\/fr\/#organization\",\"name\":\"Parco Museo S'Abba Frisca\",\"url\":\"https:\/\/www.sabbafrisca.com\/fr\/\",\"logo\":{\"@type\":\"ImageObject\",\"inLanguage\":\"fr-FR\",\"@id\":\"https:\/\/www.sabbafrisca.com\/fr\/#\/schema\/logo\/image\/\",\"url\":\"https:\/\/www.sabbafrisca.com\/wp-content\/uploads\/2022\/01\/Marchio-a-colori.png\",\"contentUrl\":\"https:\/\/www.sabbafrisca.com\/wp-content\/uploads\/2022\/01\/Marchio-a-colori.png\",\"width\":1500,\"height\":1572,\"caption\":\"Parco Museo S'Abba Frisca\"},\"image\":{\"@id\":\"https:\/\/www.sabbafrisca.com\/fr\/#\/schema\/logo\/image\/\"},\"sameAs\":[\"https:\/\/www.facebook.com\/sabbafrisca\",\"https:\/\/x.com\/sabbafrisca\",\"https:\/\/www.instagram.com\/sabbafrisca\/\",\"https:\/\/twitter.com\/sabbafrisca\"]}]}<\/script>\n<!-- \/ Yoast SEO plugin. -->","yoast_head_json":{"title":"Les collections - S&#039;Abba Frisca Parco Museo","robots":{"index":"index","follow":"follow","max-snippet":"max-snippet:-1","max-image-preview":"max-image-preview:large","max-video-preview":"max-video-preview:-1"},"canonical":"https:\/\/www.sabbafrisca.com\/fr\/collezioni\/","og_locale":"fr_FR","og_type":"article","og_title":"Les collections - S&#039;Abba Frisca Parco Museo","og_description":"Avec plus de 4 500 pi\u00e8ces expos\u00e9es qui retracent la vie en Sardaigne entre 1650 et 1940, S\u2019Abba Frisca est le plus grand mus\u00e9e ethnographique de l\u2019\u00eele. Plus de 500...","og_url":"https:\/\/www.sabbafrisca.com\/fr\/collezioni\/","og_site_name":"S&#039;Abba Frisca Parco Museo","article_publisher":"https:\/\/www.facebook.com\/sabbafrisca","article_modified_time":"2026-02-13T09:44:26+00:00","og_image":[{"width":1500,"height":844,"url":"https:\/\/www.sabbafrisca.com\/wp-content\/uploads\/2023\/03\/museoIMG_2720-HDR-rid-edited.jpg","type":"image\/jpeg"}],"twitter_card":"summary_large_image","twitter_site":"@sabbafrisca","twitter_misc":{"Dur\u00e9e de lecture estim\u00e9e":"10 minutes"},"schema":{"@context":"https:\/\/schema.org","@graph":[{"@type":"WebPage","@id":"https:\/\/www.sabbafrisca.com\/fr\/collezioni\/","url":"https:\/\/www.sabbafrisca.com\/fr\/collezioni\/","name":"Les collections - S&#039;Abba Frisca Parco Museo","isPartOf":{"@id":"https:\/\/www.sabbafrisca.com\/fr\/#website"},"primaryImageOfPage":{"@id":"https:\/\/www.sabbafrisca.com\/fr\/collezioni\/#primaryimage"},"image":{"@id":"https:\/\/www.sabbafrisca.com\/fr\/collezioni\/#primaryimage"},"thumbnailUrl":"https:\/\/www.sabbafrisca.com\/wp-content\/uploads\/2023\/03\/museoIMG_2720-HDR-rid-edited.jpg","datePublished":"2025-05-05T15:50:23+00:00","dateModified":"2026-02-13T09:44:26+00:00","breadcrumb":{"@id":"https:\/\/www.sabbafrisca.com\/fr\/collezioni\/#breadcrumb"},"inLanguage":"fr-FR","potentialAction":[{"@type":"ReadAction","target":["https:\/\/www.sabbafrisca.com\/fr\/collezioni\/"]}]},{"@type":"ImageObject","inLanguage":"fr-FR","@id":"https:\/\/www.sabbafrisca.com\/fr\/collezioni\/#primaryimage","url":"https:\/\/www.sabbafrisca.com\/wp-content\/uploads\/2023\/03\/museoIMG_2720-HDR-rid-edited.jpg","contentUrl":"https:\/\/www.sabbafrisca.com\/wp-content\/uploads\/2023\/03\/museoIMG_2720-HDR-rid-edited.jpg","width":1500,"height":844,"caption":"Durante i viaggi d'istruzione a Cala Gonone gli alunni impareranno come vengono prodotti olio, vino e formaggio"},{"@type":"BreadcrumbList","@id":"https:\/\/www.sabbafrisca.com\/fr\/collezioni\/#breadcrumb","itemListElement":[{"@type":"ListItem","position":1,"name":"Home","item":"https:\/\/www.sabbafrisca.com\/fr\/"},{"@type":"ListItem","position":2,"name":"Les collections"}]},{"@type":"WebSite","@id":"https:\/\/www.sabbafrisca.com\/fr\/#website","url":"https:\/\/www.sabbafrisca.com\/fr\/","name":"S&#039;Abba Frisca Parco Museo","description":"A Dorgali, il Parco Museo della Sardegna","publisher":{"@id":"https:\/\/www.sabbafrisca.com\/fr\/#organization"},"potentialAction":[{"@type":"SearchAction","target":{"@type":"EntryPoint","urlTemplate":"https:\/\/www.sabbafrisca.com\/fr\/?s={search_term_string}"},"query-input":{"@type":"PropertyValueSpecification","valueRequired":true,"valueName":"search_term_string"}}],"inLanguage":"fr-FR"},{"@type":"Organization","@id":"https:\/\/www.sabbafrisca.com\/fr\/#organization","name":"Parco Museo S'Abba Frisca","url":"https:\/\/www.sabbafrisca.com\/fr\/","logo":{"@type":"ImageObject","inLanguage":"fr-FR","@id":"https:\/\/www.sabbafrisca.com\/fr\/#\/schema\/logo\/image\/","url":"https:\/\/www.sabbafrisca.com\/wp-content\/uploads\/2022\/01\/Marchio-a-colori.png","contentUrl":"https:\/\/www.sabbafrisca.com\/wp-content\/uploads\/2022\/01\/Marchio-a-colori.png","width":1500,"height":1572,"caption":"Parco Museo S'Abba Frisca"},"image":{"@id":"https:\/\/www.sabbafrisca.com\/fr\/#\/schema\/logo\/image\/"},"sameAs":["https:\/\/www.facebook.com\/sabbafrisca","https:\/\/x.com\/sabbafrisca","https:\/\/www.instagram.com\/sabbafrisca\/","https:\/\/twitter.com\/sabbafrisca"]}]}},"_links":{"self":[{"href":"https:\/\/www.sabbafrisca.com\/fr\/wp-json\/wp\/v2\/pages\/3988","targetHints":{"allow":["GET"]}}],"collection":[{"href":"https:\/\/www.sabbafrisca.com\/fr\/wp-json\/wp\/v2\/pages"}],"about":[{"href":"https:\/\/www.sabbafrisca.com\/fr\/wp-json\/wp\/v2\/types\/page"}],"author":[{"embeddable":true,"href":"https:\/\/www.sabbafrisca.com\/fr\/wp-json\/wp\/v2\/users\/1"}],"replies":[{"embeddable":true,"href":"https:\/\/www.sabbafrisca.com\/fr\/wp-json\/wp\/v2\/comments?post=3988"}],"version-history":[{"count":4,"href":"https:\/\/www.sabbafrisca.com\/fr\/wp-json\/wp\/v2\/pages\/3988\/revisions"}],"predecessor-version":[{"id":4090,"href":"https:\/\/www.sabbafrisca.com\/fr\/wp-json\/wp\/v2\/pages\/3988\/revisions\/4090"}],"wp:featuredmedia":[{"embeddable":true,"href":"https:\/\/www.sabbafrisca.com\/fr\/wp-json\/wp\/v2\/media\/2499"}],"wp:attachment":[{"href":"https:\/\/www.sabbafrisca.com\/fr\/wp-json\/wp\/v2\/media?parent=3988"}],"curies":[{"name":"wp","href":"https:\/\/api.w.org\/{rel}","templated":true}]}}