{"id":4001,"date":"2025-10-06T12:39:24","date_gmt":"2025-10-06T10:39:24","guid":{"rendered":"https:\/\/www.sabbafrisca.com\/accessibilita\/"},"modified":"2025-12-27T11:40:22","modified_gmt":"2025-12-27T10:40:22","slug":"accessibilita","status":"publish","type":"page","link":"https:\/\/www.sabbafrisca.com\/fr\/accessibilita\/","title":{"rendered":"Accessibilit\u00e9 au parc-mus\u00e9e S\u2019Abba Frisca"},"content":{"rendered":"\n<div class=\"wp-block-group boxed-1024\"><div class=\"wp-block-group__inner-container is-layout-constrained wp-block-group-is-layout-constrained\">\n<div style=\"height:2em\" aria-hidden=\"true\" class=\"wp-block-spacer\"><\/div>\n\n\n\n<p>Le parc-mus\u00e9e S\u2019Abba Frisca, en tant que structure historique, s\u2019engage chaque ann\u00e9e \u00e0 am\u00e9liorer l\u2019accessibilit\u00e9 pour tous les visiteurs. La structure est situ\u00e9e dans une vall\u00e9e fra\u00eeche et ventil\u00e9e, ce qui rend la visite agr\u00e9able m\u00eame pendant les journ\u00e9es les plus chaudes. Nous travaillons constamment \u00e0 \u00e9liminer les barri\u00e8res architecturales et \u00e0 rendre notre exp\u00e9rience toujours plus accueillante, tout en respectant l\u2019histoire et les particularit\u00e9s du site.<\/p>\n\n\n\n<div style=\"height:2em\" aria-hidden=\"true\" class=\"wp-block-spacer\"><\/div>\n\n\n\n<figure class=\"wp-block-image size-full is-resized access-icon\"><img loading=\"lazy\" decoding=\"async\" width=\"64\" height=\"64\" src=\"https:\/\/www.sabbafrisca.com\/wp-content\/uploads\/2025\/10\/wheelchair.png\" alt=\"\" class=\"wp-image-3861\" style=\"width:40px\"\/><\/figure>\n\n\n\n<div style=\"height:1em\" aria-hidden=\"true\" class=\"wp-block-spacer\"><\/div>\n\n\n\n<h2 class=\"wp-block-heading\">Accessibilit\u00e9 pour les personnes \u00e0 mobilit\u00e9 r\u00e9duite<\/h2>\n\n\n\n<p>Nous sommes conscients que la nature de notre site historique peut pr\u00e9senter certaines difficult\u00e9s. Le parcours est accessible presque partout, mais certains passages peuvent \u00eatre difficiles pour les fauteuils roulants en raison de pentes ou de sections au sol irr\u00e9gulier. Nous nous engageons \u00e0 am\u00e9liorer constamment le parcours et les structures afin de r\u00e9duire au minimum ces obstacles, ann\u00e9e apr\u00e8s ann\u00e9e, afin de garantir une visite aussi agr\u00e9able que possible pour tous. Actuellement, les plus grandes salles du mus\u00e9e sont enti\u00e8rement accessibles aux personnes en fauteuil roulant. Elles peuvent \u00eatre visit\u00e9es dans le cadre d\u2019une visite guid\u00e9e et de mani\u00e8re autonome pour ce qui concerne les espaces consacr\u00e9s aux animaux, le parcours des plantes aromatiques et le potager.<\/p>\n\n\n\n<div style=\"height:2em\" aria-hidden=\"true\" class=\"wp-block-spacer\"><\/div>\n\n\n\n<figure class=\"wp-block-image size-full is-resized access-icon\"><img loading=\"lazy\" decoding=\"async\" width=\"64\" height=\"64\" src=\"https:\/\/www.sabbafrisca.com\/wp-content\/uploads\/2025\/10\/family.png\" alt=\"\" class=\"wp-image-3867\" style=\"width:40px\"\/><\/figure>\n\n\n\n<div style=\"height:1em\" aria-hidden=\"true\" class=\"wp-block-spacer\"><\/div>\n\n\n\n<h2 class=\"wp-block-heading\">Pour les familles<\/h2>\n\n\n\n<p>Le parc-mus\u00e9e S\u2019Abba Frisca est un lieu id\u00e9al pour les familles. Le parcours de visite est simple et facile \u00e0 suivre, adapt\u00e9 aux poussettes et aux enfants de tous \u00e2ges, et offre une exp\u00e9rience relaxante et divertissante en contact avec la nature et l\u2019histoire. Les espaces sont con\u00e7us pour les enfants et sont visit\u00e9s chaque ann\u00e9e par des milliers d\u2019\u00e9coliers.<\/p>\n\n\n\n<div style=\"height:2em\" aria-hidden=\"true\" class=\"wp-block-spacer\"><\/div>\n\n\n\n<figure class=\"wp-block-image size-full is-resized access-icon\"><img loading=\"lazy\" decoding=\"async\" width=\"64\" height=\"64\" src=\"https:\/\/www.sabbafrisca.com\/wp-content\/uploads\/2025\/10\/braille-hand.png\" alt=\"\" class=\"wp-image-3873\" style=\"width:40px\"\/><\/figure>\n\n\n\n<div style=\"height:1em\" aria-hidden=\"true\" class=\"wp-block-spacer\"><\/div>\n\n\n\n<h2 class=\"wp-block-heading\">Pour les visiteurs malvoyants et aveugles<\/h2>\n\n\n\n<p>La visite est principalement guid\u00e9e, la plupart des informations sont fournies oralement par le guide en sarde, italien, anglais ou fran\u00e7ais. Dans la zone de la ferme, un parcours sensoriel avec des herbes aromatiques a \u00e9t\u00e9 am\u00e9nag\u00e9. Les visiteurs sont invit\u00e9s \u00e0 explorer les diff\u00e9rentes esp\u00e8ces par le toucher et l\u2019odorat, et peuvent les reconna\u00eetre gr\u00e2ce \u00e0 des panneaux d\u2019information qui comprennent \u00e9galement des descriptions en braille.<\/p>\n\n\n\n<div style=\"height:2em\" aria-hidden=\"true\" class=\"wp-block-spacer\"><\/div>\n\n\n\n<figure class=\"wp-block-image size-full is-resized access-icon\"><img loading=\"lazy\" decoding=\"async\" width=\"64\" height=\"64\" src=\"https:\/\/www.sabbafrisca.com\/wp-content\/uploads\/2025\/10\/ear-sound.png\" alt=\"\" class=\"wp-image-3879\" style=\"width:40px\"\/><\/figure>\n\n\n\n<div style=\"height:1em\" aria-hidden=\"true\" class=\"wp-block-spacer\"><\/div>\n\n\n\n<h2 class=\"wp-block-heading\">Pour les visiteurs sourds<\/h2>\n\n\n\n<p>Sur demande, il est possible de recevoir un texte descriptif \u00e0 suivre tout au long de la visite guid\u00e9e. \u00c0 l\u2019int\u00e9rieur de la ferme, de nombreux panneaux descriptifs sont disponibles en italien, anglais, fran\u00e7ais et allemand. Nos guides et notre personnel sont toujours disponibles pour fournir des explications suppl\u00e9mentaires et une assistance par \u00e9crit ou par d\u2019autres moyens.<\/p>\n\n\n\n<div style=\"height:2em\" aria-hidden=\"true\" class=\"wp-block-spacer\"><\/div>\n\n\n\n<figure class=\"wp-block-image size-full is-resized access-icon\"><img loading=\"lazy\" decoding=\"async\" width=\"64\" height=\"64\" src=\"https:\/\/www.sabbafrisca.com\/wp-content\/uploads\/2025\/10\/paw.png\" alt=\"\" class=\"wp-image-3885\" style=\"width:40px\"\/><\/figure>\n\n\n\n<div style=\"height:1em\" aria-hidden=\"true\" class=\"wp-block-spacer\"><\/div>\n\n\n\n<h2 class=\"wp-block-heading\">Nos amis \u00e0 quatre pattes<\/h2>\n\n\n\n<p>Les chiens sont les bienvenus au parc-mus\u00e9e S\u2019Abba Frisca, \u00e0 condition d\u2019\u00eatre tenus en laisse. Il est essentiel que les propri\u00e9taires prennent soin de leurs compagnons \u00e0 quatre pattes, en veillant \u00e0 ce qu\u2019ils ne d\u00e9rangent pas les autres animaux et les visiteurs, et en maintenant les espaces et les<br>chemins propres. Les chiens de petite taille peuvent m\u00eame acc\u00e9der aux espaces clos s\u2019ils sont tenus dans les bras, les autres doivent attendre \u00e0 l\u2019ext\u00e9rieur.<\/p>\n<\/div><\/div>\n\n\n\n<div class=\"wp-block-columns is-layout-flex wp-container-core-columns-is-layout-9d6595d7 wp-block-columns-is-layout-flex\">\n<div class=\"wp-block-column has-small-font-size is-layout-flow wp-block-column-is-layout-flow\" style=\"flex-basis:66%\">\n<p>Sezione cofinanziata con:<br>INCENTIVO Decreto Direttoriale n. 385 del 19\/10\/2022<br>PROT. PROGETTO TOCC0002372<br>PNRR \u2013 Next Generation EU<br>COR 15910959<br>CUP C77J23000830008<\/p>\n<\/div>\n\n\n\n<div class=\"wp-block-column is-layout-flow wp-block-column-is-layout-flow\" style=\"flex-basis:33.33%\">\n<figure class=\"wp-block-image size-large is-resized\"><img loading=\"lazy\" decoding=\"async\" width=\"1920\" height=\"460\" src=\"https:\/\/www.sabbafrisca.com\/wp-content\/uploads\/2025\/12\/EN_Funded_by_the_European_Union_RGB_POS-1920x460.png\" alt=\"\" class=\"wp-image-3943\" style=\"width:134px;height:auto\" srcset=\"https:\/\/www.sabbafrisca.com\/wp-content\/uploads\/2025\/12\/EN_Funded_by_the_European_Union_RGB_POS-1920x460.png 1920w, https:\/\/www.sabbafrisca.com\/wp-content\/uploads\/2025\/12\/EN_Funded_by_the_European_Union_RGB_POS-1024x246.png 1024w, https:\/\/www.sabbafrisca.com\/wp-content\/uploads\/2025\/12\/EN_Funded_by_the_European_Union_RGB_POS-768x184.png 768w, https:\/\/www.sabbafrisca.com\/wp-content\/uploads\/2025\/12\/EN_Funded_by_the_European_Union_RGB_POS-1536x368.png 1536w, https:\/\/www.sabbafrisca.com\/wp-content\/uploads\/2025\/12\/EN_Funded_by_the_European_Union_RGB_POS-2048x491.png 2048w, https:\/\/www.sabbafrisca.com\/wp-content\/uploads\/2025\/12\/EN_Funded_by_the_European_Union_RGB_POS-320x77.png 320w, https:\/\/www.sabbafrisca.com\/wp-content\/uploads\/2025\/12\/EN_Funded_by_the_European_Union_RGB_POS-480x115.png 480w, https:\/\/www.sabbafrisca.com\/wp-content\/uploads\/2025\/12\/EN_Funded_by_the_European_Union_RGB_POS-640x153.png 640w, https:\/\/www.sabbafrisca.com\/wp-content\/uploads\/2025\/12\/EN_Funded_by_the_European_Union_RGB_POS-1280x307.png 1280w, https:\/\/www.sabbafrisca.com\/wp-content\/uploads\/2025\/12\/EN_Funded_by_the_European_Union_RGB_POS-1440x345.png 1440w, https:\/\/www.sabbafrisca.com\/wp-content\/uploads\/2025\/12\/EN_Funded_by_the_European_Union_RGB_POS-1600x384.png 1600w, https:\/\/www.sabbafrisca.com\/wp-content\/uploads\/2025\/12\/EN_Funded_by_the_European_Union_RGB_POS-960x230.png 960w\" sizes=\"auto, (max-width: 1920px) 100vw, 1920px\" \/><\/figure>\n\n\n\n<figure class=\"wp-block-image size-full is-resized\"><img loading=\"lazy\" decoding=\"async\" width=\"1536\" height=\"1024\" src=\"https:\/\/www.sabbafrisca.com\/wp-content\/uploads\/2025\/12\/TOCC-Transizione-digitale-15x10-1-1536x1024-1.jpg\" alt=\"\" class=\"wp-image-3949\" style=\"width:80px;height:auto\" srcset=\"https:\/\/www.sabbafrisca.com\/wp-content\/uploads\/2025\/12\/TOCC-Transizione-digitale-15x10-1-1536x1024-1.jpg 1536w, https:\/\/www.sabbafrisca.com\/wp-content\/uploads\/2025\/12\/TOCC-Transizione-digitale-15x10-1-1536x1024-1-1024x683.jpg 1024w, https:\/\/www.sabbafrisca.com\/wp-content\/uploads\/2025\/12\/TOCC-Transizione-digitale-15x10-1-1536x1024-1-768x512.jpg 768w, https:\/\/www.sabbafrisca.com\/wp-content\/uploads\/2025\/12\/TOCC-Transizione-digitale-15x10-1-1536x1024-1-209x139.jpg 209w, https:\/\/www.sabbafrisca.com\/wp-content\/uploads\/2025\/12\/TOCC-Transizione-digitale-15x10-1-1536x1024-1-312x208.jpg 312w, https:\/\/www.sabbafrisca.com\/wp-content\/uploads\/2025\/12\/TOCC-Transizione-digitale-15x10-1-1536x1024-1-416x277.jpg 416w, https:\/\/www.sabbafrisca.com\/wp-content\/uploads\/2025\/12\/TOCC-Transizione-digitale-15x10-1-1536x1024-1-500x333.jpg 500w, https:\/\/www.sabbafrisca.com\/wp-content\/uploads\/2025\/12\/TOCC-Transizione-digitale-15x10-1-1536x1024-1-666x444.jpg 666w, https:\/\/www.sabbafrisca.com\/wp-content\/uploads\/2025\/12\/TOCC-Transizione-digitale-15x10-1-1536x1024-1-833x555.jpg 833w, https:\/\/www.sabbafrisca.com\/wp-content\/uploads\/2025\/12\/TOCC-Transizione-digitale-15x10-1-1536x1024-1-936x624.jpg 936w, https:\/\/www.sabbafrisca.com\/wp-content\/uploads\/2025\/12\/TOCC-Transizione-digitale-15x10-1-1536x1024-1-1040x693.jpg 1040w, https:\/\/www.sabbafrisca.com\/wp-content\/uploads\/2025\/12\/TOCC-Transizione-digitale-15x10-1-1536x1024-1-1248x832.jpg 1248w, https:\/\/www.sabbafrisca.com\/wp-content\/uploads\/2025\/12\/TOCC-Transizione-digitale-15x10-1-1536x1024-1-417x278.jpg 417w, https:\/\/www.sabbafrisca.com\/wp-content\/uploads\/2025\/12\/TOCC-Transizione-digitale-15x10-1-1536x1024-1-624x416.jpg 624w, https:\/\/www.sabbafrisca.com\/wp-content\/uploads\/2025\/12\/TOCC-Transizione-digitale-15x10-1-1536x1024-1-831x554.jpg 831w, https:\/\/www.sabbafrisca.com\/wp-content\/uploads\/2025\/12\/TOCC-Transizione-digitale-15x10-1-1536x1024-1-999x666.jpg 999w, https:\/\/www.sabbafrisca.com\/wp-content\/uploads\/2025\/12\/TOCC-Transizione-digitale-15x10-1-1536x1024-1-1332x888.jpg 1332w\" sizes=\"auto, (max-width: 1536px) 100vw, 1536px\" \/><\/figure>\n\n\n\n<figure class=\"wp-block-image size-full is-resized\"><img loading=\"lazy\" decoding=\"async\" width=\"450\" height=\"112\" src=\"https:\/\/www.sabbafrisca.com\/wp-content\/uploads\/2025\/12\/images.jpeg\" alt=\"\" class=\"wp-image-3955\" style=\"width:137px;height:auto\" srcset=\"https:\/\/www.sabbafrisca.com\/wp-content\/uploads\/2025\/12\/images.jpeg 450w, https:\/\/www.sabbafrisca.com\/wp-content\/uploads\/2025\/12\/images-320x80.jpeg 320w\" sizes=\"auto, (max-width: 450px) 100vw, 450px\" \/><\/figure>\n<\/div>\n<\/div>\n","protected":false},"excerpt":{"rendered":"<p>Le parc-mus\u00e9e S\u2019Abba Frisca, en tant que structure historique, s\u2019engage chaque ann\u00e9e \u00e0 am\u00e9liorer l\u2019accessibilit\u00e9 pour tous les visiteurs. La structure est situ\u00e9e dans une vall\u00e9e fra\u00eeche et ventil\u00e9e, ce&#8230;<\/p>\n","protected":false},"author":1,"featured_media":2271,"parent":0,"menu_order":0,"comment_status":"closed","ping_status":"closed","template":"page.php","meta":{"_acf_changed":false,"footnotes":""},"class_list":["post-4001","page","type-page","status-publish","has-post-thumbnail","hentry"],"acf":[],"yoast_head":"<!-- This site is optimized with the Yoast SEO plugin v25.9 - https:\/\/yoast.com\/wordpress\/plugins\/seo\/ -->\n<title>Accessibilit\u00e9 au parc-mus\u00e9e S\u2019Abba Frisca - S&#039;Abba Frisca Parco Museo<\/title>\n<meta name=\"robots\" content=\"index, follow, max-snippet:-1, max-image-preview:large, max-video-preview:-1\" \/>\n<link rel=\"canonical\" href=\"https:\/\/www.sabbafrisca.com\/fr\/accessibilita\/\" \/>\n<meta property=\"og:locale\" content=\"fr_FR\" \/>\n<meta property=\"og:type\" content=\"article\" \/>\n<meta property=\"og:title\" content=\"Accessibilit\u00e9 au parc-mus\u00e9e S\u2019Abba Frisca - S&#039;Abba Frisca Parco Museo\" \/>\n<meta property=\"og:description\" content=\"Le parc-mus\u00e9e S\u2019Abba Frisca, en tant que structure historique, s\u2019engage chaque ann\u00e9e \u00e0 am\u00e9liorer l\u2019accessibilit\u00e9 pour tous les visiteurs. La structure est situ\u00e9e dans une vall\u00e9e fra\u00eeche et ventil\u00e9e, ce...\" \/>\n<meta property=\"og:url\" content=\"https:\/\/www.sabbafrisca.com\/fr\/accessibilita\/\" \/>\n<meta property=\"og:site_name\" content=\"S&#039;Abba Frisca Parco Museo\" \/>\n<meta property=\"article:publisher\" content=\"https:\/\/www.facebook.com\/sabbafrisca\" \/>\n<meta property=\"article:modified_time\" content=\"2025-12-27T10:40:22+00:00\" \/>\n<meta property=\"og:image\" content=\"https:\/\/www.sabbafrisca.com\/wp-content\/uploads\/2022\/10\/MG_7167.jpg\" \/>\n\t<meta property=\"og:image:width\" content=\"1000\" \/>\n\t<meta property=\"og:image:height\" content=\"1500\" \/>\n\t<meta property=\"og:image:type\" content=\"image\/jpeg\" \/>\n<meta name=\"twitter:card\" content=\"summary_large_image\" \/>\n<meta name=\"twitter:site\" content=\"@sabbafrisca\" \/>\n<meta name=\"twitter:label1\" content=\"Dur\u00e9e de lecture estim\u00e9e\" \/>\n\t<meta name=\"twitter:data1\" content=\"5 minutes\" \/>\n<script type=\"application\/ld+json\" class=\"yoast-schema-graph\">{\"@context\":\"https:\/\/schema.org\",\"@graph\":[{\"@type\":\"WebPage\",\"@id\":\"https:\/\/www.sabbafrisca.com\/fr\/accessibilita\/\",\"url\":\"https:\/\/www.sabbafrisca.com\/fr\/accessibilita\/\",\"name\":\"Accessibilit\u00e9 au parc-mus\u00e9e S\u2019Abba Frisca - S&#039;Abba Frisca Parco Museo\",\"isPartOf\":{\"@id\":\"https:\/\/www.sabbafrisca.com\/fr\/#website\"},\"primaryImageOfPage\":{\"@id\":\"https:\/\/www.sabbafrisca.com\/fr\/accessibilita\/#primaryimage\"},\"image\":{\"@id\":\"https:\/\/www.sabbafrisca.com\/fr\/accessibilita\/#primaryimage\"},\"thumbnailUrl\":\"https:\/\/www.sabbafrisca.com\/wp-content\/uploads\/2022\/10\/MG_7167.jpg\",\"datePublished\":\"2025-10-06T10:39:24+00:00\",\"dateModified\":\"2025-12-27T10:40:22+00:00\",\"breadcrumb\":{\"@id\":\"https:\/\/www.sabbafrisca.com\/fr\/accessibilita\/#breadcrumb\"},\"inLanguage\":\"fr-FR\",\"potentialAction\":[{\"@type\":\"ReadAction\",\"target\":[\"https:\/\/www.sabbafrisca.com\/fr\/accessibilita\/\"]}]},{\"@type\":\"ImageObject\",\"inLanguage\":\"fr-FR\",\"@id\":\"https:\/\/www.sabbafrisca.com\/fr\/accessibilita\/#primaryimage\",\"url\":\"https:\/\/www.sabbafrisca.com\/wp-content\/uploads\/2022\/10\/MG_7167.jpg\",\"contentUrl\":\"https:\/\/www.sabbafrisca.com\/wp-content\/uploads\/2022\/10\/MG_7167.jpg\",\"width\":1000,\"height\":1500},{\"@type\":\"BreadcrumbList\",\"@id\":\"https:\/\/www.sabbafrisca.com\/fr\/accessibilita\/#breadcrumb\",\"itemListElement\":[{\"@type\":\"ListItem\",\"position\":1,\"name\":\"Home\",\"item\":\"https:\/\/www.sabbafrisca.com\/fr\/\"},{\"@type\":\"ListItem\",\"position\":2,\"name\":\"Accessibilit\u00e9 au parc-mus\u00e9e S\u2019Abba Frisca\"}]},{\"@type\":\"WebSite\",\"@id\":\"https:\/\/www.sabbafrisca.com\/fr\/#website\",\"url\":\"https:\/\/www.sabbafrisca.com\/fr\/\",\"name\":\"S&#039;Abba Frisca Parco Museo\",\"description\":\"A Dorgali, il Parco Museo della Sardegna\",\"publisher\":{\"@id\":\"https:\/\/www.sabbafrisca.com\/fr\/#organization\"},\"potentialAction\":[{\"@type\":\"SearchAction\",\"target\":{\"@type\":\"EntryPoint\",\"urlTemplate\":\"https:\/\/www.sabbafrisca.com\/fr\/?s={search_term_string}\"},\"query-input\":{\"@type\":\"PropertyValueSpecification\",\"valueRequired\":true,\"valueName\":\"search_term_string\"}}],\"inLanguage\":\"fr-FR\"},{\"@type\":\"Organization\",\"@id\":\"https:\/\/www.sabbafrisca.com\/fr\/#organization\",\"name\":\"Parco Museo S'Abba Frisca\",\"url\":\"https:\/\/www.sabbafrisca.com\/fr\/\",\"logo\":{\"@type\":\"ImageObject\",\"inLanguage\":\"fr-FR\",\"@id\":\"https:\/\/www.sabbafrisca.com\/fr\/#\/schema\/logo\/image\/\",\"url\":\"https:\/\/www.sabbafrisca.com\/wp-content\/uploads\/2022\/01\/Marchio-a-colori.png\",\"contentUrl\":\"https:\/\/www.sabbafrisca.com\/wp-content\/uploads\/2022\/01\/Marchio-a-colori.png\",\"width\":1500,\"height\":1572,\"caption\":\"Parco Museo S'Abba Frisca\"},\"image\":{\"@id\":\"https:\/\/www.sabbafrisca.com\/fr\/#\/schema\/logo\/image\/\"},\"sameAs\":[\"https:\/\/www.facebook.com\/sabbafrisca\",\"https:\/\/x.com\/sabbafrisca\",\"https:\/\/www.instagram.com\/sabbafrisca\/\",\"https:\/\/twitter.com\/sabbafrisca\"]}]}<\/script>\n<!-- \/ Yoast SEO plugin. -->","yoast_head_json":{"title":"Accessibilit\u00e9 au parc-mus\u00e9e S\u2019Abba Frisca - S&#039;Abba Frisca Parco Museo","robots":{"index":"index","follow":"follow","max-snippet":"max-snippet:-1","max-image-preview":"max-image-preview:large","max-video-preview":"max-video-preview:-1"},"canonical":"https:\/\/www.sabbafrisca.com\/fr\/accessibilita\/","og_locale":"fr_FR","og_type":"article","og_title":"Accessibilit\u00e9 au parc-mus\u00e9e S\u2019Abba Frisca - S&#039;Abba Frisca Parco Museo","og_description":"Le parc-mus\u00e9e S\u2019Abba Frisca, en tant que structure historique, s\u2019engage chaque ann\u00e9e \u00e0 am\u00e9liorer l\u2019accessibilit\u00e9 pour tous les visiteurs. La structure est situ\u00e9e dans une vall\u00e9e fra\u00eeche et ventil\u00e9e, ce...","og_url":"https:\/\/www.sabbafrisca.com\/fr\/accessibilita\/","og_site_name":"S&#039;Abba Frisca Parco Museo","article_publisher":"https:\/\/www.facebook.com\/sabbafrisca","article_modified_time":"2025-12-27T10:40:22+00:00","og_image":[{"width":1000,"height":1500,"url":"https:\/\/www.sabbafrisca.com\/wp-content\/uploads\/2022\/10\/MG_7167.jpg","type":"image\/jpeg"}],"twitter_card":"summary_large_image","twitter_site":"@sabbafrisca","twitter_misc":{"Dur\u00e9e de lecture estim\u00e9e":"5 minutes"},"schema":{"@context":"https:\/\/schema.org","@graph":[{"@type":"WebPage","@id":"https:\/\/www.sabbafrisca.com\/fr\/accessibilita\/","url":"https:\/\/www.sabbafrisca.com\/fr\/accessibilita\/","name":"Accessibilit\u00e9 au parc-mus\u00e9e S\u2019Abba Frisca - S&#039;Abba Frisca Parco Museo","isPartOf":{"@id":"https:\/\/www.sabbafrisca.com\/fr\/#website"},"primaryImageOfPage":{"@id":"https:\/\/www.sabbafrisca.com\/fr\/accessibilita\/#primaryimage"},"image":{"@id":"https:\/\/www.sabbafrisca.com\/fr\/accessibilita\/#primaryimage"},"thumbnailUrl":"https:\/\/www.sabbafrisca.com\/wp-content\/uploads\/2022\/10\/MG_7167.jpg","datePublished":"2025-10-06T10:39:24+00:00","dateModified":"2025-12-27T10:40:22+00:00","breadcrumb":{"@id":"https:\/\/www.sabbafrisca.com\/fr\/accessibilita\/#breadcrumb"},"inLanguage":"fr-FR","potentialAction":[{"@type":"ReadAction","target":["https:\/\/www.sabbafrisca.com\/fr\/accessibilita\/"]}]},{"@type":"ImageObject","inLanguage":"fr-FR","@id":"https:\/\/www.sabbafrisca.com\/fr\/accessibilita\/#primaryimage","url":"https:\/\/www.sabbafrisca.com\/wp-content\/uploads\/2022\/10\/MG_7167.jpg","contentUrl":"https:\/\/www.sabbafrisca.com\/wp-content\/uploads\/2022\/10\/MG_7167.jpg","width":1000,"height":1500},{"@type":"BreadcrumbList","@id":"https:\/\/www.sabbafrisca.com\/fr\/accessibilita\/#breadcrumb","itemListElement":[{"@type":"ListItem","position":1,"name":"Home","item":"https:\/\/www.sabbafrisca.com\/fr\/"},{"@type":"ListItem","position":2,"name":"Accessibilit\u00e9 au parc-mus\u00e9e S\u2019Abba Frisca"}]},{"@type":"WebSite","@id":"https:\/\/www.sabbafrisca.com\/fr\/#website","url":"https:\/\/www.sabbafrisca.com\/fr\/","name":"S&#039;Abba Frisca Parco Museo","description":"A Dorgali, il Parco Museo della Sardegna","publisher":{"@id":"https:\/\/www.sabbafrisca.com\/fr\/#organization"},"potentialAction":[{"@type":"SearchAction","target":{"@type":"EntryPoint","urlTemplate":"https:\/\/www.sabbafrisca.com\/fr\/?s={search_term_string}"},"query-input":{"@type":"PropertyValueSpecification","valueRequired":true,"valueName":"search_term_string"}}],"inLanguage":"fr-FR"},{"@type":"Organization","@id":"https:\/\/www.sabbafrisca.com\/fr\/#organization","name":"Parco Museo S'Abba Frisca","url":"https:\/\/www.sabbafrisca.com\/fr\/","logo":{"@type":"ImageObject","inLanguage":"fr-FR","@id":"https:\/\/www.sabbafrisca.com\/fr\/#\/schema\/logo\/image\/","url":"https:\/\/www.sabbafrisca.com\/wp-content\/uploads\/2022\/01\/Marchio-a-colori.png","contentUrl":"https:\/\/www.sabbafrisca.com\/wp-content\/uploads\/2022\/01\/Marchio-a-colori.png","width":1500,"height":1572,"caption":"Parco Museo S'Abba Frisca"},"image":{"@id":"https:\/\/www.sabbafrisca.com\/fr\/#\/schema\/logo\/image\/"},"sameAs":["https:\/\/www.facebook.com\/sabbafrisca","https:\/\/x.com\/sabbafrisca","https:\/\/www.instagram.com\/sabbafrisca\/","https:\/\/twitter.com\/sabbafrisca"]}]}},"_links":{"self":[{"href":"https:\/\/www.sabbafrisca.com\/fr\/wp-json\/wp\/v2\/pages\/4001","targetHints":{"allow":["GET"]}}],"collection":[{"href":"https:\/\/www.sabbafrisca.com\/fr\/wp-json\/wp\/v2\/pages"}],"about":[{"href":"https:\/\/www.sabbafrisca.com\/fr\/wp-json\/wp\/v2\/types\/page"}],"author":[{"embeddable":true,"href":"https:\/\/www.sabbafrisca.com\/fr\/wp-json\/wp\/v2\/users\/1"}],"replies":[{"embeddable":true,"href":"https:\/\/www.sabbafrisca.com\/fr\/wp-json\/wp\/v2\/comments?post=4001"}],"version-history":[{"count":2,"href":"https:\/\/www.sabbafrisca.com\/fr\/wp-json\/wp\/v2\/pages\/4001\/revisions"}],"predecessor-version":[{"id":4010,"href":"https:\/\/www.sabbafrisca.com\/fr\/wp-json\/wp\/v2\/pages\/4001\/revisions\/4010"}],"wp:featuredmedia":[{"embeddable":true,"href":"https:\/\/www.sabbafrisca.com\/fr\/wp-json\/wp\/v2\/media\/2271"}],"wp:attachment":[{"href":"https:\/\/www.sabbafrisca.com\/fr\/wp-json\/wp\/v2\/media?parent=4001"}],"curies":[{"name":"wp","href":"https:\/\/api.w.org\/{rel}","templated":true}]}}